{"id":9885,"date":"2013-09-02T19:16:23","date_gmt":"2013-09-02T17:16:23","guid":{"rendered":"http:\/\/www.schachbezirk-mittelbaden.de\/wp\/?page_id=9885"},"modified":"2017-01-22T20:40:49","modified_gmt":"2017-01-22T19:40:49","slug":"archiv","status":"publish","type":"page","link":"https:\/\/www.schachbezirk-mittelbaden.de\/wp\/?page_id=9885","title":{"rendered":"Archiv"},"content":{"rendered":"<div class=\"clean-my-archives\"><h2 class=\"month-year\"><a href=\"https:\/\/www.schachbezirk-mittelbaden.de\/wp\/?m=202604\">April 2026<\/a><\/h2><ul><li><span class=\"day\">06:<\/span> <a href=\"https:\/\/www.schachbezirk-mittelbaden.de\/wp\/?p=15414\" rel=\"bookmark\">Achertalpokal-Turnier 2026<\/a> <span class=\"comments-number\">(0)<\/span><\/li><\/ul><h2 class=\"month-year\"><a href=\"https:\/\/www.schachbezirk-mittelbaden.de\/wp\/?m=202603\">M\u00e4rz 2026<\/a><\/h2><ul><li><span class=\"day\">10:<\/span> <a href=\"https:\/\/www.schachbezirk-mittelbaden.de\/wp\/?p=15409\" rel=\"bookmark\">Nachruf Bernhard Ast<\/a> <span class=\"comments-number\">(0)<\/span><\/li><\/ul><h2 class=\"month-year\"><a href=\"https:\/\/www.schachbezirk-mittelbaden.de\/wp\/?m=202602\">Februar 2026<\/a><\/h2><ul><li><span class=\"day\">13:<\/span> <a href=\"https:\/\/www.schachbezirk-mittelbaden.de\/wp\/?p=15403\" rel=\"bookmark\">Einladung Achertalpokal 2026<\/a> <span class=\"comments-number\">(0)<\/span><\/li><\/ul><h2 class=\"month-year\"><a href=\"https:\/\/www.schachbezirk-mittelbaden.de\/wp\/?m=202510\">Oktober 2025<\/a><\/h2><ul><li><span class=\"day\">23:<\/span> <a href=\"https:\/\/www.schachbezirk-mittelbaden.de\/wp\/?p=15394\" rel=\"bookmark\">Ausschreibung Mittelbadische Jugendmannschaftsmeisterschaften U14, U16 und U18<\/a> <span class=\"comments-number\">(0)<\/span><\/li><\/ul><h2 class=\"month-year\"><a href=\"https:\/\/www.schachbezirk-mittelbaden.de\/wp\/?m=202509\">September 2025<\/a><\/h2><ul><li><span class=\"day\">29:<\/span> <a href=\"https:\/\/www.schachbezirk-mittelbaden.de\/wp\/?p=15389\" rel=\"bookmark\">Blitzmeisterschaften des Bezirks am 03.10.2025<\/a> <span class=\"comments-number\">(0)<\/span><\/li><li class=\"day-duplicate\"><span class=\"day\">29:<\/span> <a href=\"https:\/\/www.schachbezirk-mittelbaden.de\/wp\/?p=15387\" rel=\"bookmark\">Ausrichter f&#252;r die mittelbadische Meisterschaften 2025<\/a> <span class=\"comments-number\">(0)<\/span><\/li><li class=\"day-duplicate\"><span class=\"day\">29:<\/span> <a href=\"https:\/\/www.schachbezirk-mittelbaden.de\/wp\/?p=15384\" rel=\"bookmark\">Ausschreibung Jugendmannschaftsmeisterschaften 2025<\/a> <span class=\"comments-number\">(0)<\/span><\/li><li><span class=\"day\">04:<\/span> <a href=\"https:\/\/www.schachbezirk-mittelbaden.de\/wp\/?p=15374\" rel=\"bookmark\">Reminder Mannschaftspokal<\/a> <span class=\"comments-number\">(0)<\/span><\/li><\/ul><h2 class=\"month-year\"><a href=\"https:\/\/www.schachbezirk-mittelbaden.de\/wp\/?m=202508\">August 2025<\/a><\/h2><ul><li><span class=\"day\">27:<\/span> <a href=\"https:\/\/www.schachbezirk-mittelbaden.de\/wp\/?p=15370\" rel=\"bookmark\">Spielpl&#228;ne Bezirksklasse + Kreisklasse 1 + 2, Rangliste und Kurzinfo Mannschaftspokal<\/a> <span class=\"comments-number\">(0)<\/span><\/li><li><span class=\"day\">16:<\/span> <a href=\"https:\/\/www.schachbezirk-mittelbaden.de\/wp\/?p=15364\" rel=\"bookmark\">Klasseneinteilung Bezirksliga und Kreisklasse und kurze Info zum Mannschaftspokal<\/a> <span class=\"comments-number\">(0)<\/span><\/li><\/ul><h2 class=\"month-year\"><a href=\"https:\/\/www.schachbezirk-mittelbaden.de\/wp\/?m=202507\">Juli 2025<\/a><\/h2><ul><li><span class=\"day\">25:<\/span> <a href=\"https:\/\/www.schachbezirk-mittelbaden.de\/wp\/?p=15347\" rel=\"bookmark\">Sentef-Sch&#252;ler Andrei Ioan Trifan gewinnt 1. Sentef-Ged&#228;chtnisturnier<\/a> <span class=\"comments-number\">(0)<\/span><\/li><li><span class=\"day\">23:<\/span> <a href=\"https:\/\/www.schachbezirk-mittelbaden.de\/wp\/?p=15333\" rel=\"bookmark\">Infos zur neuen Saison<\/a> <span class=\"comments-number\">(0)<\/span><\/li><li class=\"day-duplicate\"><span class=\"day\">23:<\/span> <a href=\"https:\/\/www.schachbezirk-mittelbaden.de\/wp\/?p=15339\" rel=\"bookmark\">Protokoll der Bezirksversammlung des Schachbezirks Mittelbaden e. V.<\/a> <span class=\"comments-number\">(0)<\/span><\/li><li><span class=\"day\">07:<\/span> <a href=\"https:\/\/www.schachbezirk-mittelbaden.de\/wp\/?p=15313\" rel=\"bookmark\">Reminder: 1. Nikolaus &#8211; Sentef &#8211; Ged&#228;chtnisturnier<\/a> <span class=\"comments-number\">(0)<\/span><\/li><li><span class=\"day\">06:<\/span> <a href=\"https:\/\/www.schachbezirk-mittelbaden.de\/wp\/?p=15329\" rel=\"bookmark\">Abgabe Mannschaftsmeldung in nuLiga<\/a> <span class=\"comments-number\">(0)<\/span><\/li><\/ul><h2 class=\"month-year\"><a href=\"https:\/\/www.schachbezirk-mittelbaden.de\/wp\/?m=202506\">Juni 2025<\/a><\/h2><ul><li><span class=\"day\">30:<\/span> <a href=\"https:\/\/www.schachbezirk-mittelbaden.de\/wp\/?p=15325\" rel=\"bookmark\">Antr&#228;ge zur Bezirksversammlung<\/a> <span class=\"comments-number\">(0)<\/span><\/li><li><span class=\"day\">26:<\/span> <a href=\"https:\/\/www.schachbezirk-mittelbaden.de\/wp\/?p=15316\" rel=\"bookmark\">Antr&#228;ge zur Bezirksversammlung<\/a> <span class=\"comments-number\">(0)<\/span><\/li><li><span class=\"day\">12:<\/span> <a href=\"https:\/\/www.schachbezirk-mittelbaden.de\/wp\/?p=15308\" rel=\"bookmark\">Einladung zur Bezirksversammlung 2025<\/a> <span class=\"comments-number\">(0)<\/span><\/li><\/ul><h2 class=\"month-year\"><a href=\"https:\/\/www.schachbezirk-mittelbaden.de\/wp\/?m=202505\">Mai 2025<\/a><\/h2><ul><li><span class=\"day\">07:<\/span> <a href=\"https:\/\/www.schachbezirk-mittelbaden.de\/wp\/?p=15298\" rel=\"bookmark\">U25 Jugend Sommerturnier<\/a> <span class=\"comments-number\">(0)<\/span><\/li><li><span class=\"day\">03:<\/span> <a href=\"https:\/\/www.schachbezirk-mittelbaden.de\/wp\/?p=15287\" rel=\"bookmark\">1. Mai Jugendturniere OSG<\/a> <span class=\"comments-number\">(0)<\/span><\/li><\/ul><h2 class=\"month-year\"><a href=\"https:\/\/www.schachbezirk-mittelbaden.de\/wp\/?m=202504\">April 2025<\/a><\/h2><ul><li><span class=\"day\">09:<\/span> <a href=\"https:\/\/www.schachbezirk-mittelbaden.de\/wp\/?p=15270\" rel=\"bookmark\">Mykola Luzhniy ist neuer Achertalpokal-Sieger<\/a> <span class=\"comments-number\">(0)<\/span><\/li><\/ul><h2 class=\"month-year\"><a href=\"https:\/\/www.schachbezirk-mittelbaden.de\/wp\/?m=202503\">M\u00e4rz 2025<\/a><\/h2><ul><li><span class=\"day\">29:<\/span> <a href=\"https:\/\/www.schachbezirk-mittelbaden.de\/wp\/?p=13366\" rel=\"bookmark\">8. Verbandsrunde 2024\/25<\/a> <span class=\"comments-number\">(0)<\/span><\/li><li><span class=\"day\">16:<\/span> <a href=\"https:\/\/www.schachbezirk-mittelbaden.de\/wp\/?p=15263\" rel=\"bookmark\">Rochade braucht \u201ezweiten Thilo\u201c<\/a> <span class=\"comments-number\">(0)<\/span><\/li><\/ul><h2 class=\"month-year\"><a href=\"https:\/\/www.schachbezirk-mittelbaden.de\/wp\/?m=202502\">Februar 2025<\/a><\/h2><ul><li><span class=\"day\">25:<\/span> <a href=\"https:\/\/www.schachbezirk-mittelbaden.de\/wp\/?p=15258\" rel=\"bookmark\">Rochade gelingt Pokal-Hattrick<\/a> <span class=\"comments-number\">(0)<\/span><\/li><\/ul><h2 class=\"month-year\"><a href=\"https:\/\/www.schachbezirk-mittelbaden.de\/wp\/?m=202501\">Januar 2025<\/a><\/h2><ul><li><span class=\"day\">27:<\/span> <a href=\"https:\/\/www.schachbezirk-mittelbaden.de\/wp\/?p=15251\" rel=\"bookmark\">Goldene Ehrennadel f&#252;r \u201eMister Website\u201c<\/a> <span class=\"comments-number\">(0)<\/span><\/li><li><span class=\"day\">23:<\/span> <a href=\"https:\/\/www.schachbezirk-mittelbaden.de\/wp\/?p=15242\" rel=\"bookmark\">Einladung Achertalpokal 2025<\/a> <span class=\"comments-number\">(0)<\/span><\/li><li><span class=\"day\">21:<\/span> <a href=\"https:\/\/www.schachbezirk-mittelbaden.de\/wp\/?p=15234\" rel=\"bookmark\">Schulschachmeisterschaften: 16 Teams am Start<\/a> <span class=\"comments-number\">(0)<\/span><\/li><li><span class=\"day\">16:<\/span> <a href=\"https:\/\/www.schachbezirk-mittelbaden.de\/wp\/?p=15225\" rel=\"bookmark\">SC B&#252;hlertal ist U12 &#8211; Jugendmannschaftsmeister<\/a> <span class=\"comments-number\">(0)<\/span><\/li><li><span class=\"day\">03:<\/span> <a href=\"https:\/\/www.schachbezirk-mittelbaden.de\/wp\/?p=15221\" rel=\"bookmark\">OSG Baden-Baden ist deutscher U16 Meister !<\/a> <span class=\"comments-number\">(0)<\/span><\/li><\/ul><h2 class=\"month-year\"><a href=\"https:\/\/www.schachbezirk-mittelbaden.de\/wp\/?m=202412\">Dezember 2024<\/a><\/h2><ul><li><span class=\"day\">16:<\/span> <a href=\"https:\/\/www.schachbezirk-mittelbaden.de\/wp\/?p=15217\" rel=\"bookmark\">U14-Bezirksjugendmannschaftsmeisterschaften<\/a> <span class=\"comments-number\">(0)<\/span><\/li><li><span class=\"day\">08:<\/span> <a href=\"https:\/\/www.schachbezirk-mittelbaden.de\/wp\/?p=15211\" rel=\"bookmark\">Schulschachmeisterschaften des Bezirks 2024\/25<\/a> <span class=\"comments-number\">(0)<\/span><\/li><\/ul><h2 class=\"month-year\"><a href=\"https:\/\/www.schachbezirk-mittelbaden.de\/wp\/?m=202411\">November 2024<\/a><\/h2><ul><li><span class=\"day\">27:<\/span> <a href=\"https:\/\/www.schachbezirk-mittelbaden.de\/wp\/?p=15196\" rel=\"bookmark\">Mittelbadische Einzelmeisterschaften U14-U18 Baden-Baden<\/a> <span class=\"comments-number\">(0)<\/span><\/li><li><span class=\"day\">10:<\/span> <a href=\"https:\/\/www.schachbezirk-mittelbaden.de\/wp\/?p=15182\" rel=\"bookmark\">Jugendeinzelmeisterschaften U10 und U12<\/a> <span class=\"comments-number\">(0)<\/span><\/li><\/ul><h2 class=\"month-year\"><a href=\"https:\/\/www.schachbezirk-mittelbaden.de\/wp\/?m=202410\">Oktober 2024<\/a><\/h2><ul><li><span class=\"day\">24:<\/span> <a href=\"https:\/\/www.schachbezirk-mittelbaden.de\/wp\/?p=15179\" rel=\"bookmark\">Es sind noch Pl&#228;tze frei!<\/a> <span class=\"comments-number\">(0)<\/span><\/li><li><span class=\"day\">22:<\/span> <a href=\"https:\/\/www.schachbezirk-mittelbaden.de\/wp\/?p=15176\" rel=\"bookmark\">Reminder: 1. Runde Mittelbadischer Einzelpokal (S&#252;d)<\/a> <span class=\"comments-number\">(0)<\/span><\/li><li><span class=\"day\">20:<\/span> <a href=\"https:\/\/www.schachbezirk-mittelbaden.de\/wp\/?p=15172\" rel=\"bookmark\">Mittelbaden trauert um Nikolaus Sentef<\/a> <span class=\"comments-number\">(0)<\/span><\/li><li><span class=\"day\">14:<\/span> <a href=\"https:\/\/www.schachbezirk-mittelbaden.de\/wp\/?p=15168\" rel=\"bookmark\">SC&#214; &#8211; Monatsblitz am 18.10.<\/a> <span class=\"comments-number\">(0)<\/span><\/li><li><span class=\"day\">12:<\/span> <a href=\"https:\/\/www.schachbezirk-mittelbaden.de\/wp\/?p=15160\" rel=\"bookmark\">Der Schachbezirk Mittelbaden trauert um Nikolaus Sentef<\/a> <span class=\"comments-number\">(0)<\/span><\/li><li><span class=\"day\">05:<\/span> <a href=\"https:\/\/www.schachbezirk-mittelbaden.de\/wp\/?p=15155\" rel=\"bookmark\">Nachruf f&#252;r SF Herbert Hauser.<\/a> <span class=\"comments-number\">(0)<\/span><\/li><li><span class=\"day\">02:<\/span> <a href=\"https:\/\/www.schachbezirk-mittelbaden.de\/wp\/?p=15152\" rel=\"bookmark\">Einladung Einzel U14, U16, U18 23.11.2024<\/a> <span class=\"comments-number\">(0)<\/span><\/li><li class=\"day-duplicate\"><span class=\"day\">02:<\/span> <a href=\"https:\/\/www.schachbezirk-mittelbaden.de\/wp\/?p=15149\" rel=\"bookmark\">Ausschreibung Jugendeinzel 2024 U10 und U12<\/a> <span class=\"comments-number\">(0)<\/span><\/li><li><span class=\"day\">01:<\/span> <a href=\"https:\/\/www.schachbezirk-mittelbaden.de\/wp\/?p=15143\" rel=\"bookmark\">Ausschreibung Jugendmannschaften 2024<\/a> <span class=\"comments-number\">(0)<\/span><\/li><\/ul><h2 class=\"month-year\"><a href=\"https:\/\/www.schachbezirk-mittelbaden.de\/wp\/?m=202409\">September 2024<\/a><\/h2><ul><li><span class=\"day\">22:<\/span> <a href=\"https:\/\/www.schachbezirk-mittelbaden.de\/wp\/?p=15134\" rel=\"bookmark\">Ausrichter f&#252;r U10 und U12 Einzel gesucht!<\/a> <span class=\"comments-number\">(0)<\/span><\/li><li><span class=\"day\">18:<\/span> <a href=\"https:\/\/www.schachbezirk-mittelbaden.de\/wp\/?p=15127\" rel=\"bookmark\">Rochade zum 25. Mal mittelbadischer Mannschafts-Blitzmeister!<\/a> <span class=\"comments-number\">(0)<\/span><\/li><li><span class=\"day\">09:<\/span> <a href=\"https:\/\/www.schachbezirk-mittelbaden.de\/wp\/?p=15123\" rel=\"bookmark\">Blitzmeisterschaften, Klasseneinteilung und neuer Jugendleiter<\/a> <span class=\"comments-number\">(0)<\/span><\/li><\/ul><h2 class=\"month-year\"><a href=\"https:\/\/www.schachbezirk-mittelbaden.de\/wp\/?m=202408\">August 2024<\/a><\/h2><ul><li><span class=\"day\">24:<\/span> <a href=\"https:\/\/www.schachbezirk-mittelbaden.de\/wp\/?p=15120\" rel=\"bookmark\">Position des Jugendleiters noch offen<\/a> <span class=\"comments-number\">(0)<\/span><\/li><li><span class=\"day\">14:<\/span> <a href=\"https:\/\/www.schachbezirk-mittelbaden.de\/wp\/?p=15116\" rel=\"bookmark\">Turnier Mittelbadische Blitzmeisterschaft am 14.9.24 in &#214;tigheim<\/a> <span class=\"comments-number\">(0)<\/span><\/li><li><span class=\"day\">04:<\/span> <a href=\"https:\/\/www.schachbezirk-mittelbaden.de\/wp\/?p=15112\" rel=\"bookmark\">Mittelbadische Blitzmeisterschaften 2024 in &#214;tigheim<\/a> <span class=\"comments-number\">(0)<\/span><\/li><\/ul><h2 class=\"month-year\"><a href=\"https:\/\/www.schachbezirk-mittelbaden.de\/wp\/?m=202407\">Juli 2024<\/a><\/h2><ul><li><span class=\"day\">25:<\/span> <a href=\"https:\/\/www.schachbezirk-mittelbaden.de\/wp\/?p=15104\" rel=\"bookmark\">Einladung zum Blitzschach<\/a> <span class=\"comments-number\">(0)<\/span><\/li><li><span class=\"day\">14:<\/span> <a href=\"https:\/\/www.schachbezirk-mittelbaden.de\/wp\/?p=15099\" rel=\"bookmark\">Kurzbericht zur Bezirksversammlung<\/a> <span class=\"comments-number\">(0)<\/span><\/li><\/ul><h2 class=\"month-year\"><a href=\"https:\/\/www.schachbezirk-mittelbaden.de\/wp\/?m=202406\">Juni 2024<\/a><\/h2><ul><li><span class=\"day\">19:<\/span> <a href=\"https:\/\/www.schachbezirk-mittelbaden.de\/wp\/?p=15096\" rel=\"bookmark\">40. Deutsche Mannschaftsmeisterschaft im Blitzschach am 29. 06 2024 in Neum&#252;hl<\/a> <span class=\"comments-number\">(0)<\/span><\/li><\/ul><h2 class=\"month-year\"><a href=\"https:\/\/www.schachbezirk-mittelbaden.de\/wp\/?m=202405\">Mai 2024<\/a><\/h2><ul><li><span class=\"day\">21:<\/span> <a href=\"https:\/\/www.schachbezirk-mittelbaden.de\/wp\/?p=15089\" rel=\"bookmark\">Einladung zur Bezirksversammlung<\/a> <span class=\"comments-number\">(0)<\/span><\/li><\/ul><h2 class=\"month-year\"><a href=\"https:\/\/www.schachbezirk-mittelbaden.de\/wp\/?m=202404\">April 2024<\/a><\/h2><ul><li><span class=\"day\">16:<\/span> <a href=\"https:\/\/www.schachbezirk-mittelbaden.de\/wp\/?p=15082\" rel=\"bookmark\">Kevin Gadzali gewinnt Achertalpokal 2024<\/a> <span class=\"comments-number\">(0)<\/span><\/li><li><span class=\"day\">13:<\/span> <a href=\"https:\/\/www.schachbezirk-mittelbaden.de\/wp\/?p=15078\" rel=\"bookmark\">Einladung U25 Jugendopen 01.+02.06.2024<\/a> <span class=\"comments-number\">(0)<\/span><\/li><li><span class=\"day\">09:<\/span> <a href=\"https:\/\/www.schachbezirk-mittelbaden.de\/wp\/?p=15021\" rel=\"bookmark\">Einladung Achertalpokal 2024<\/a> <span class=\"comments-number\">(0)<\/span><\/li><li><span class=\"day\">05:<\/span> <a href=\"https:\/\/www.schachbezirk-mittelbaden.de\/wp\/?p=15067\" rel=\"bookmark\">Antonius Balzert verteidigt Fernschachtitel<\/a> <span class=\"comments-number\">(0)<\/span><\/li><\/ul><h2 class=\"month-year\"><a href=\"https:\/\/www.schachbezirk-mittelbaden.de\/wp\/?m=202403\">M\u00e4rz 2024<\/a><\/h2><ul><li><span class=\"day\">28:<\/span> <a href=\"https:\/\/www.schachbezirk-mittelbaden.de\/wp\/?p=15059\" rel=\"bookmark\">Jugend Schnellturniere Baden-Baden 24.03.2024<\/a> <span class=\"comments-number\">(0)<\/span><\/li><li><span class=\"day\">17:<\/span> <a href=\"https:\/\/www.schachbezirk-mittelbaden.de\/wp\/?p=15055\" rel=\"bookmark\">Seniorenmeisterschaften f&#252;r Mannschaften<\/a> <span class=\"comments-number\">(0)<\/span><\/li><li><span class=\"day\">15:<\/span> <a href=\"https:\/\/www.schachbezirk-mittelbaden.de\/wp\/?p=15049\" rel=\"bookmark\">Erinnerung, sp&#228;ter Nachruf und W&#252;rdigung<\/a> <span class=\"comments-number\">(0)<\/span><\/li><\/ul><h2 class=\"month-year\"><a href=\"https:\/\/www.schachbezirk-mittelbaden.de\/wp\/?m=202402\">Februar 2024<\/a><\/h2><ul><li><span class=\"day\">27:<\/span> <a href=\"https:\/\/www.schachbezirk-mittelbaden.de\/wp\/?p=15032\" rel=\"bookmark\">11 Kinder erspielen ihre erste DWZ in Baden-Baden!<\/a> <span class=\"comments-number\">(0)<\/span><\/li><li><span class=\"day\">22:<\/span> <a href=\"https:\/\/www.schachbezirk-mittelbaden.de\/wp\/?p=15026\" rel=\"bookmark\">Schachturnier der Jugenddelegation Rastatt<\/a> <span class=\"comments-number\">(0)<\/span><\/li><\/ul><h2 class=\"month-year\"><a href=\"https:\/\/www.schachbezirk-mittelbaden.de\/wp\/?m=202401\">Januar 2024<\/a><\/h2><ul><li><span class=\"day\">19:<\/span> <a href=\"https:\/\/www.schachbezirk-mittelbaden.de\/wp\/?p=15014\" rel=\"bookmark\">Badische Blitzeinzelmeisterschaft am 09.03. (und Mannschaft am 10.03.)<\/a> <span class=\"comments-number\">(0)<\/span><\/li><li><span class=\"day\">18:<\/span> <a href=\"https:\/\/www.schachbezirk-mittelbaden.de\/wp\/?p=14961\" rel=\"bookmark\">Reminder: Schulschachmeisterschaften im Bezirk<\/a> <span class=\"comments-number\">(0)<\/span><\/li><li><span class=\"day\">17:<\/span> <a href=\"https:\/\/www.schachbezirk-mittelbaden.de\/wp\/?p=15002\" rel=\"bookmark\">DWZ-Gruppenturnier OSG Baden-Baden<\/a> <span class=\"comments-number\">(0)<\/span><\/li><li><span class=\"day\">11:<\/span> <a href=\"https:\/\/www.schachbezirk-mittelbaden.de\/wp\/?p=14998\" rel=\"bookmark\">Metz kommentiert Bundesliga live mit FC Bayern<\/a> <span class=\"comments-number\">(0)<\/span><\/li><li><span class=\"day\">05:<\/span> <a href=\"https:\/\/www.schachbezirk-mittelbaden.de\/wp\/?p=14993\" rel=\"bookmark\">Ausschreibungen Jugendturniere 14.01.2024 und 25.02.2024<\/a> <span class=\"comments-number\">(0)<\/span><\/li><\/ul><h2 class=\"month-year\"><a href=\"https:\/\/www.schachbezirk-mittelbaden.de\/wp\/?m=202312\">Dezember 2023<\/a><\/h2><ul><li><span class=\"day\">29:<\/span> <a href=\"https:\/\/www.schachbezirk-mittelbaden.de\/wp\/?p=14970\" rel=\"bookmark\">SC Ottenh&#246;fen trauert um Hubert Decker<\/a> <span class=\"comments-number\">(0)<\/span><\/li><li><span class=\"day\">22:<\/span> <a href=\"https:\/\/www.schachbezirk-mittelbaden.de\/wp\/?p=14966\" rel=\"bookmark\">3. Int. Baden-Badener Faschingsopen 2024<\/a> <span class=\"comments-number\">(0)<\/span><\/li><li><span class=\"day\">06:<\/span> <a href=\"https:\/\/www.schachbezirk-mittelbaden.de\/wp\/?p=14951\" rel=\"bookmark\">&#214;tigheim Mannschaftsmeister U14<\/a> <span class=\"comments-number\">(0)<\/span><\/li><\/ul><h2 class=\"month-year\"><a href=\"https:\/\/www.schachbezirk-mittelbaden.de\/wp\/?m=202311\">November 2023<\/a><\/h2><ul><li><span class=\"day\">28:<\/span> <a href=\"https:\/\/www.schachbezirk-mittelbaden.de\/wp\/?p=14939\" rel=\"bookmark\">Jugendmannschaften U12: OSG Baden-Baden holt souver&#228;n den Titel<\/a> <span class=\"comments-number\">(0)<\/span><\/li><li><span class=\"day\">20:<\/span> <a href=\"https:\/\/www.schachbezirk-mittelbaden.de\/wp\/?p=14923\" rel=\"bookmark\">Mittelbadische Einzel U14, U16 und U18<\/a> <span class=\"comments-number\">(0)<\/span><\/li><li><span class=\"day\">06:<\/span> <a href=\"https:\/\/www.schachbezirk-mittelbaden.de\/wp\/?p=14908\" rel=\"bookmark\">U10 und U12 Einzelmeisterschaft<\/a> <span class=\"comments-number\">(0)<\/span><\/li><\/ul><h2 class=\"month-year\"><a href=\"https:\/\/www.schachbezirk-mittelbaden.de\/wp\/?m=202310\">Oktober 2023<\/a><\/h2><ul><li><span class=\"day\">31:<\/span> <a href=\"https:\/\/www.schachbezirk-mittelbaden.de\/wp\/?p=14906\" rel=\"bookmark\">Schachclub Weitenung sortiert sich neu<\/a> <span class=\"comments-number\">(0)<\/span><\/li><li><span class=\"day\">27:<\/span> <a href=\"https:\/\/www.schachbezirk-mittelbaden.de\/wp\/?p=14900\" rel=\"bookmark\">Ausschreibung OSG Baden-Baden Jugend-Winterturnier<\/a> <span class=\"comments-number\">(0)<\/span><\/li><li class=\"day-duplicate\"><span class=\"day\">27:<\/span> <a href=\"https:\/\/www.schachbezirk-mittelbaden.de\/wp\/?p=14896\" rel=\"bookmark\">Jugendeinzel Ausschreibung<\/a> <span class=\"comments-number\">(0)<\/span><\/li><li><span class=\"day\">23:<\/span> <a href=\"https:\/\/www.schachbezirk-mittelbaden.de\/wp\/?p=14892\" rel=\"bookmark\">Baden-Badener Herbstopen 2023<\/a> <span class=\"comments-number\">(0)<\/span><\/li><li><span class=\"day\">22:<\/span> <a href=\"https:\/\/www.schachbezirk-mittelbaden.de\/wp\/?p=14888\" rel=\"bookmark\">Erinnerung: 1. Runde des Einzelpokals (Nord)<\/a> <span class=\"comments-number\">(0)<\/span><\/li><li class=\"day-duplicate\"><span class=\"day\">22:<\/span> <a href=\"https:\/\/www.schachbezirk-mittelbaden.de\/wp\/?p=14885\" rel=\"bookmark\">Miba-Jugend-Einzelmeisterschaften,U14, U16 und U18<\/a> <span class=\"comments-number\">(0)<\/span><\/li><li><span class=\"day\">17:<\/span> <a href=\"https:\/\/www.schachbezirk-mittelbaden.de\/wp\/?p=14881\" rel=\"bookmark\">Monats-Blitzturnier in &#214;tigheim<\/a> <span class=\"comments-number\">(0)<\/span><\/li><li><span class=\"day\">07:<\/span> <a href=\"https:\/\/www.schachbezirk-mittelbaden.de\/wp\/?p=14877\" rel=\"bookmark\">Mannschaftspokal, 2.Runde am 24.11.23<\/a> <span class=\"comments-number\">(0)<\/span><\/li><li><span class=\"day\">01:<\/span> <a href=\"https:\/\/www.schachbezirk-mittelbaden.de\/wp\/?p=14873\" rel=\"bookmark\">Vimbuch trauert um Anton Haun&#223;<\/a> <span class=\"comments-number\">(0)<\/span><\/li><\/ul><h2 class=\"month-year\"><a href=\"https:\/\/www.schachbezirk-mittelbaden.de\/wp\/?m=202309\">September 2023<\/a><\/h2><ul><li><span class=\"day\">27:<\/span> <a href=\"https:\/\/www.schachbezirk-mittelbaden.de\/wp\/?p=14844\" rel=\"bookmark\">Reminder: Bezirksblitz am 03.10.23 in H&#246;rden<\/a> <span class=\"comments-number\">(0)<\/span><\/li><li><span class=\"day\">22:<\/span> <a href=\"https:\/\/www.schachbezirk-mittelbaden.de\/wp\/?p=14859\" rel=\"bookmark\">Mittelbadische Jugend-Mannschafts- und Einzelmeisterschaften 2023<\/a> <span class=\"comments-number\">(0)<\/span><\/li><li><span class=\"day\">17:<\/span> <a href=\"https:\/\/www.schachbezirk-mittelbaden.de\/wp\/?p=14856\" rel=\"bookmark\">Schach &#8211; Monatsblitz startet wieder<\/a> <span class=\"comments-number\">(0)<\/span><\/li><li><span class=\"day\">13:<\/span> <a href=\"https:\/\/www.schachbezirk-mittelbaden.de\/wp\/?p=14852\" rel=\"bookmark\">Christian Bauer kaum zu schlagen<\/a> <span class=\"comments-number\">(0)<\/span><\/li><li class=\"day-duplicate\"><span class=\"day\">13:<\/span> <a href=\"https:\/\/www.schachbezirk-mittelbaden.de\/wp\/?p=14850\" rel=\"bookmark\">Ausschreibung des Mittelbadischen Einzelpokals 2023\/2024<\/a> <span class=\"comments-number\">(0)<\/span><\/li><li><span class=\"day\">12:<\/span> <a href=\"https:\/\/www.schachbezirk-mittelbaden.de\/wp\/?p=14847\" rel=\"bookmark\">Ausschreibung des Mittelbadischen Mannschaftspokals 2023\/2024<\/a> <span class=\"comments-number\">(0)<\/span><\/li><li><span class=\"day\">07:<\/span> <a href=\"https:\/\/www.schachbezirk-mittelbaden.de\/wp\/?p=14841\" rel=\"bookmark\">Einteilung Kreisklassen<\/a> <span class=\"comments-number\">(0)<\/span><\/li><\/ul><h2 class=\"month-year\"><a href=\"https:\/\/www.schachbezirk-mittelbaden.de\/wp\/?m=202308\">August 2023<\/a><\/h2><ul><li><span class=\"day\">31:<\/span> <a href=\"https:\/\/www.schachbezirk-mittelbaden.de\/wp\/?p=14839\" rel=\"bookmark\">Simultan in &#214;tigheim<\/a> <span class=\"comments-number\">(0)<\/span><\/li><li><span class=\"day\">02:<\/span> <a href=\"https:\/\/www.schachbezirk-mittelbaden.de\/wp\/?p=14835\" rel=\"bookmark\">Einladung zum Mixmarkt-Turnier<\/a> <span class=\"comments-number\">(0)<\/span><\/li><li><span class=\"day\">01:<\/span> <a href=\"https:\/\/www.schachbezirk-mittelbaden.de\/wp\/?p=14830\" rel=\"bookmark\">Protokoll der Bezirksversammlung vom 20.07.2023 in Vimbuch<\/a> <span class=\"comments-number\">(0)<\/span><\/li><\/ul><h2 class=\"month-year\"><a href=\"https:\/\/www.schachbezirk-mittelbaden.de\/wp\/?m=202307\">Juli 2023<\/a><\/h2><ul><li><span class=\"day\">30:<\/span> <a href=\"https:\/\/www.schachbezirk-mittelbaden.de\/wp\/?p=14827\" rel=\"bookmark\">Hartmut Metz deutscher Meister<\/a> <span class=\"comments-number\">(0)<\/span><\/li><li><span class=\"day\">17:<\/span> <a href=\"https:\/\/www.schachbezirk-mittelbaden.de\/wp\/?p=14814\" rel=\"bookmark\">Reminder: Einladung zur Bezirksversammlung 2023<\/a> <span class=\"comments-number\">(0)<\/span><\/li><li><span class=\"day\">01:<\/span> <a href=\"https:\/\/www.schachbezirk-mittelbaden.de\/wp\/?p=14819\" rel=\"bookmark\">Auf den Spuren von Bobby Fischer<\/a> <span class=\"comments-number\">(0)<\/span><\/li><\/ul><h2 class=\"month-year\"><a href=\"https:\/\/www.schachbezirk-mittelbaden.de\/wp\/?m=202306\">Juni 2023<\/a><\/h2><ul><li><span class=\"day\">28:<\/span> <a href=\"https:\/\/www.schachbezirk-mittelbaden.de\/wp\/?p=14817\" rel=\"bookmark\">Ausschreibung: Schulschachpokal 2023 in Deizisau<\/a> <span class=\"comments-number\">(0)<\/span><\/li><li><span class=\"day\">07:<\/span> <a href=\"https:\/\/www.schachbezirk-mittelbaden.de\/wp\/?p=14810\" rel=\"bookmark\">Ausschreibung Jugend Sommerturnier in Baden-Baden<\/a> <span class=\"comments-number\">(0)<\/span><\/li><\/ul><h2 class=\"month-year\"><a href=\"https:\/\/www.schachbezirk-mittelbaden.de\/wp\/?m=202305\">Mai 2023<\/a><\/h2><ul><li><span class=\"day\">30:<\/span> <a href=\"https:\/\/www.schachbezirk-mittelbaden.de\/wp\/?p=14803\" rel=\"bookmark\">Schachclub Rastatt trauert um Helmut Wolf<\/a> <span class=\"comments-number\">(0)<\/span><\/li><li><span class=\"day\">15:<\/span> <a href=\"https:\/\/www.schachbezirk-mittelbaden.de\/wp\/?p=14799\" rel=\"bookmark\">Monatsblitz Mai in &#214;tigheim<\/a> <span class=\"comments-number\">(0)<\/span><\/li><li><span class=\"day\">04:<\/span> <a href=\"https:\/\/www.schachbezirk-mittelbaden.de\/wp\/?p=14792\" rel=\"bookmark\">Endrunde Deutscher Mannschaftspokal am 06. + 07.Mai in Baden-Baden<\/a> <span class=\"comments-number\">(0)<\/span><\/li><\/ul><h2 class=\"month-year\"><a href=\"https:\/\/www.schachbezirk-mittelbaden.de\/wp\/?m=202304\">April 2023<\/a><\/h2><ul><li><span class=\"day\">11:<\/span> <a href=\"https:\/\/www.schachbezirk-mittelbaden.de\/wp\/?p=14787\" rel=\"bookmark\">Einladung zum Schnellschach-Open am 13. Mai<\/a> <span class=\"comments-number\">(0)<\/span><\/li><li><span class=\"day\">08:<\/span> <a href=\"https:\/\/www.schachbezirk-mittelbaden.de\/wp\/?p=14783\" rel=\"bookmark\">Rochade mittelbadischer Pokalsieger<\/a> <span class=\"comments-number\">(0)<\/span><\/li><li><span class=\"day\">06:<\/span> <a href=\"https:\/\/www.schachbezirk-mittelbaden.de\/wp\/?p=14781\" rel=\"bookmark\">Monatsblitz beim SC &#214;tigheim<\/a> <span class=\"comments-number\">(0)<\/span><\/li><\/ul><h2 class=\"month-year\"><a href=\"https:\/\/www.schachbezirk-mittelbaden.de\/wp\/?m=202303\">M\u00e4rz 2023<\/a><\/h2><ul><li><span class=\"day\">23:<\/span> <a href=\"https:\/\/www.schachbezirk-mittelbaden.de\/wp\/?p=14775\" rel=\"bookmark\">Thomas Schemel vom SC Hornberg erfolgreich<\/a> <span class=\"comments-number\">(0)<\/span><\/li><li><span class=\"day\">14:<\/span> <a href=\"https:\/\/www.schachbezirk-mittelbaden.de\/wp\/?p=14771\" rel=\"bookmark\">Ausschreibung 20. Int. Neckar-Open in Deizisau<\/a> <span class=\"comments-number\">(0)<\/span><\/li><\/ul><h2 class=\"month-year\"><a href=\"https:\/\/www.schachbezirk-mittelbaden.de\/wp\/?m=202302\">Februar 2023<\/a><\/h2><ul><li><span class=\"day\">15:<\/span> <a href=\"https:\/\/www.schachbezirk-mittelbaden.de\/wp\/?p=14767\" rel=\"bookmark\">Langeweile kennt er auch im Alter nicht<\/a> <span class=\"comments-number\">(0)<\/span><\/li><li class=\"day-duplicate\"><span class=\"day\">15:<\/span> <a href=\"https:\/\/www.schachbezirk-mittelbaden.de\/wp\/?p=14763\" rel=\"bookmark\">1. Offene Baden-W&#252;rttembergische Chess960-Schnellschach-Meisterschaft<\/a> <span class=\"comments-number\">(0)<\/span><\/li><li class=\"day-duplicate\"><span class=\"day\">15:<\/span> <a href=\"https:\/\/www.schachbezirk-mittelbaden.de\/wp\/?p=14760\" rel=\"bookmark\">SC &#214;tigheim e.V.: Einladung zum Monatsblitzturnier<\/a> <span class=\"comments-number\">(0)<\/span><\/li><li><span class=\"day\">04:<\/span> <a href=\"https:\/\/www.schachbezirk-mittelbaden.de\/wp\/?p=14749\" rel=\"bookmark\">Badische Blitzeinzelmeisterschaft am 11.03. (und Mannschaft am 12.03.)<\/a> <span class=\"comments-number\">(0)<\/span><\/li><\/ul><h2 class=\"month-year\"><a href=\"https:\/\/www.schachbezirk-mittelbaden.de\/wp\/?m=202301\">Januar 2023<\/a><\/h2><ul><li><span class=\"day\">21:<\/span> <a href=\"https:\/\/www.schachbezirk-mittelbaden.de\/wp\/?p=14744\" rel=\"bookmark\">1. Runde Mannschaftspokal 2022\/23<\/a> <span class=\"comments-number\">(0)<\/span><\/li><li><span class=\"day\">18:<\/span> <a href=\"https:\/\/www.schachbezirk-mittelbaden.de\/wp\/?p=14735\" rel=\"bookmark\">Einladung Achertalpokal 2023<\/a> <span class=\"comments-number\">(0)<\/span><\/li><li><span class=\"day\">13:<\/span> <a href=\"https:\/\/www.schachbezirk-mittelbaden.de\/wp\/?p=14729\" rel=\"bookmark\">2. Int. Baden-Badener Faschingsopen<\/a> <span class=\"comments-number\">(0)<\/span><\/li><li><span class=\"day\">11:<\/span> <a href=\"https:\/\/www.schachbezirk-mittelbaden.de\/wp\/?p=14723\" rel=\"bookmark\">Einladung zum Mannschaftspokal 2023<\/a> <span class=\"comments-number\">(0)<\/span><\/li><li><span class=\"day\">09:<\/span> <a href=\"https:\/\/www.schachbezirk-mittelbaden.de\/wp\/?p=14720\" rel=\"bookmark\">Update: Ausschreibung Schulschach am 25.01.2023<\/a> <span class=\"comments-number\">(0)<\/span><\/li><\/ul><h2 class=\"month-year\"><a href=\"https:\/\/www.schachbezirk-mittelbaden.de\/wp\/?m=202211\">November 2022<\/a><\/h2><ul><li><span class=\"day\">15:<\/span> <a href=\"https:\/\/www.schachbezirk-mittelbaden.de\/wp\/?p=14700\" rel=\"bookmark\">Bericht Jugendeinzelmeisterschaft 2022 U14\/U16\/U18<\/a> <span class=\"comments-number\">(0)<\/span><\/li><li><span class=\"day\">11:<\/span> <a href=\"https:\/\/www.schachbezirk-mittelbaden.de\/wp\/?p=14693\" rel=\"bookmark\">Bericht Jugendeinzelmeisterschaften U10 und U12 2022<\/a> <span class=\"comments-number\">(0)<\/span><\/li><li><span class=\"day\">08:<\/span> <a href=\"https:\/\/www.schachbezirk-mittelbaden.de\/wp\/?p=14690\" rel=\"bookmark\">Offenes Frauen\/M&#228;dchen Schnellschachturnier 100 Jahre OSG Baden-Baden 2022<\/a> <span class=\"comments-number\">(0)<\/span><\/li><li><span class=\"day\">07:<\/span> <a href=\"https:\/\/www.schachbezirk-mittelbaden.de\/wp\/?p=14687\" rel=\"bookmark\">Kinder- und Jugendschutzordnung<\/a> <span class=\"comments-number\">(0)<\/span><\/li><\/ul><h2 class=\"month-year\"><a href=\"https:\/\/www.schachbezirk-mittelbaden.de\/wp\/?m=202210\">Oktober 2022<\/a><\/h2><ul><li><span class=\"day\">29:<\/span> <a href=\"https:\/\/www.schachbezirk-mittelbaden.de\/wp\/?p=14684\" rel=\"bookmark\">Mittelbadische Jugendeinzeleisterschaft U14, U16 und U18<\/a> <span class=\"comments-number\">(0)<\/span><\/li><li><span class=\"day\">28:<\/span> <a href=\"https:\/\/www.schachbezirk-mittelbaden.de\/wp\/?p=14680\" rel=\"bookmark\">&#214;tigheim r&#228;umt ab beim Blitz<\/a> <span class=\"comments-number\">(0)<\/span><\/li><li><span class=\"day\">25:<\/span> <a href=\"https:\/\/www.schachbezirk-mittelbaden.de\/wp\/?p=14678\" rel=\"bookmark\">Mittelbadische Jugendeinzeleisterschaft U10 und U12<\/a> <span class=\"comments-number\">(0)<\/span><\/li><li><span class=\"day\">23:<\/span> <a href=\"https:\/\/www.schachbezirk-mittelbaden.de\/wp\/?p=14673\" rel=\"bookmark\">Senioren-Mannschaftsmeisterschaft 2022\/23<\/a> <span class=\"comments-number\">(0)<\/span><\/li><li><span class=\"day\">11:<\/span> <a href=\"https:\/\/www.schachbezirk-mittelbaden.de\/wp\/?p=14670\" rel=\"bookmark\">Portr&#228;t von Ehmann im Schach-Magazin 64<\/a> <span class=\"comments-number\">(0)<\/span><\/li><\/ul><h2 class=\"month-year\"><a href=\"https:\/\/www.schachbezirk-mittelbaden.de\/wp\/?m=202209\">September 2022<\/a><\/h2><ul><li><span class=\"day\">28:<\/span> <a href=\"https:\/\/www.schachbezirk-mittelbaden.de\/wp\/?p=14666\" rel=\"bookmark\">SC Weitenung trauert um sein langj&#228;hriges Mitglied J&#252;rgen Heyse<\/a> <span class=\"comments-number\">(1)<\/span><\/li><li><span class=\"day\">24:<\/span> <a href=\"https:\/\/www.schachbezirk-mittelbaden.de\/wp\/?p=14659\" rel=\"bookmark\">Ausschreibung Mittelbadische Jugendmeisterschaften 22\/23<\/a> <span class=\"comments-number\">(0)<\/span><\/li><li><span class=\"day\">22:<\/span> <a href=\"https:\/\/www.schachbezirk-mittelbaden.de\/wp\/?p=14655\" rel=\"bookmark\">Einladung zur mittelbadischen Blitzmeisterschaft 2022<\/a> <span class=\"comments-number\">(0)<\/span><\/li><li class=\"day-duplicate\"><span class=\"day\">22:<\/span> <a href=\"https:\/\/www.schachbezirk-mittelbaden.de\/wp\/?p=14651\" rel=\"bookmark\">Ausschreibung Einzelpokal 2022\/2023<\/a> <span class=\"comments-number\">(0)<\/span><\/li><li><span class=\"day\">20:<\/span> <a href=\"https:\/\/www.schachbezirk-mittelbaden.de\/wp\/?p=14645\" rel=\"bookmark\">Bericht von der Bezirks-versammlung und neue Vorstandsmitglieder<\/a> <span class=\"comments-number\">(0)<\/span><\/li><li><span class=\"day\">19:<\/span> <a href=\"https:\/\/www.schachbezirk-mittelbaden.de\/wp\/?p=14643\" rel=\"bookmark\">Blitzmeisterschaften wahrscheinlich am 3. Oktober in &#214;tigheim<\/a> <span class=\"comments-number\">(0)<\/span><\/li><li><span class=\"day\">18:<\/span> <a href=\"https:\/\/www.schachbezirk-mittelbaden.de\/wp\/?p=14641\" rel=\"bookmark\">Neue Auslosung Kreisklasse 2<\/a> <span class=\"comments-number\">(0)<\/span><\/li><li><span class=\"day\">11:<\/span> <a href=\"https:\/\/www.schachbezirk-mittelbaden.de\/wp\/?p=14637\" rel=\"bookmark\">BTL-Info: finale Klasseneinteilung<\/a> <span class=\"comments-number\">(0)<\/span><\/li><li><span class=\"day\">05:<\/span> <a href=\"https:\/\/www.schachbezirk-mittelbaden.de\/wp\/?p=14634\" rel=\"bookmark\">BTL-Info: &#196;nderung m&#246;gliche Klasseneinteilung<\/a> <span class=\"comments-number\">(0)<\/span><\/li><li><span class=\"day\">01:<\/span> <a href=\"https:\/\/www.schachbezirk-mittelbaden.de\/wp\/?p=14631\" rel=\"bookmark\">BTL-Info: M&#246;gliche Klasseneinteilung<\/a> <span class=\"comments-number\">(0)<\/span><\/li><\/ul><h2 class=\"month-year\"><a href=\"https:\/\/www.schachbezirk-mittelbaden.de\/wp\/?m=202208\">August 2022<\/a><\/h2><ul><li><span class=\"day\">26:<\/span> <a href=\"https:\/\/www.schachbezirk-mittelbaden.de\/wp\/?p=14627\" rel=\"bookmark\">Einteilung der Spielklassen 2022\/23<\/a> <span class=\"comments-number\">(0)<\/span><\/li><li><span class=\"day\">25:<\/span> <a href=\"https:\/\/www.schachbezirk-mittelbaden.de\/wp\/?p=14623\" rel=\"bookmark\">Thilo Ehmann deutscher Pokalsieger!!!<\/a> <span class=\"comments-number\">(2)<\/span><\/li><li><span class=\"day\">24:<\/span> <a href=\"https:\/\/www.schachbezirk-mittelbaden.de\/wp\/?p=14619\" rel=\"bookmark\">BTL-Info: Ranglistenabgabe und Einzelpokal<\/a> <span class=\"comments-number\">(0)<\/span><\/li><li><span class=\"day\">17:<\/span> <a href=\"https:\/\/www.schachbezirk-mittelbaden.de\/wp\/?p=14614\" rel=\"bookmark\">5. Mix-Markt Turnier beim Schachclub Rastatt<\/a> <span class=\"comments-number\">(0)<\/span><\/li><li><span class=\"day\">13:<\/span> <a href=\"https:\/\/www.schachbezirk-mittelbaden.de\/wp\/?p=14610\" rel=\"bookmark\">Mitgliederversammlung des Schachbezirks Mittelbaden<\/a> <span class=\"comments-number\">(0)<\/span><\/li><li><span class=\"day\">12:<\/span> <a href=\"https:\/\/www.schachbezirk-mittelbaden.de\/wp\/?p=14602\" rel=\"bookmark\">Thilo Ehmann gewinnt Turnier in Bodenmais<\/a> <span class=\"comments-number\">(0)<\/span><\/li><li><span class=\"day\">08:<\/span> <a href=\"https:\/\/www.schachbezirk-mittelbaden.de\/wp\/?p=14597\" rel=\"bookmark\">Sommerschach in &#214;tigheim<\/a> <span class=\"comments-number\">(0)<\/span><\/li><li><span class=\"day\">07:<\/span> <a href=\"https:\/\/www.schachbezirk-mittelbaden.de\/wp\/?p=14592\" rel=\"bookmark\">Protokoll zur Vorstandssitzung<\/a> <span class=\"comments-number\">(0)<\/span><\/li><li><span class=\"day\">05:<\/span> <a href=\"https:\/\/www.schachbezirk-mittelbaden.de\/wp\/?p=14588\" rel=\"bookmark\">Einladung 5.MIX-MARKT-Turnier<\/a> <span class=\"comments-number\">(0)<\/span><\/li><\/ul><h2 class=\"month-year\"><a href=\"https:\/\/www.schachbezirk-mittelbaden.de\/wp\/?m=202207\">Juli 2022<\/a><\/h2><ul><li><span class=\"day\">20:<\/span> <a href=\"https:\/\/www.schachbezirk-mittelbaden.de\/wp\/?p=14580\" rel=\"bookmark\">SC B&#252;hlertal ehrt seine langj&#228;hrigen Vereinsmitglieder<\/a> <span class=\"comments-number\">(0)<\/span><\/li><li><span class=\"day\">18:<\/span> <a href=\"https:\/\/www.schachbezirk-mittelbaden.de\/wp\/?p=14578\" rel=\"bookmark\">Mannschaftsmeldungen 2022\/23<\/a> <span class=\"comments-number\">(0)<\/span><\/li><li><span class=\"day\">12:<\/span> <a href=\"https:\/\/www.schachbezirk-mittelbaden.de\/wp\/?p=14573\" rel=\"bookmark\">Achertalpokal 2022: Der DWZ-st&#228;rkste Teilnehmer setzte sich durch!<\/a> <span class=\"comments-number\">(0)<\/span><\/li><li><span class=\"day\">07:<\/span> <a href=\"https:\/\/www.schachbezirk-mittelbaden.de\/wp\/?p=14571\" rel=\"bookmark\">SF Sasbach sind Pokalsieger<\/a> <span class=\"comments-number\">(0)<\/span><\/li><\/ul><h2 class=\"month-year\"><a href=\"https:\/\/www.schachbezirk-mittelbaden.de\/wp\/?m=202206\">Juni 2022<\/a><\/h2><ul><li><span class=\"day\">30:<\/span> <a href=\"https:\/\/www.schachbezirk-mittelbaden.de\/wp\/?p=14568\" rel=\"bookmark\">Vorstand-Info Schachbezirk<\/a> <span class=\"comments-number\">(0)<\/span><\/li><\/ul><h2 class=\"month-year\"><a href=\"https:\/\/www.schachbezirk-mittelbaden.de\/wp\/?m=202205\">Mai 2022<\/a><\/h2><ul><li><span class=\"day\">16:<\/span> <a href=\"https:\/\/www.schachbezirk-mittelbaden.de\/wp\/?p=14561\" rel=\"bookmark\">Einladung 26. Achertalpokal 2022<\/a> <span class=\"comments-number\">(0)<\/span><\/li><li><span class=\"day\">08:<\/span> <a href=\"https:\/\/www.schachbezirk-mittelbaden.de\/wp\/?p=14557\" rel=\"bookmark\">Halbfinale Einzelpokal und Mannschaftspokal<\/a> <span class=\"comments-number\">(0)<\/span><\/li><li><span class=\"day\">06:<\/span> <a href=\"https:\/\/www.schachbezirk-mittelbaden.de\/wp\/?p=14554\" rel=\"bookmark\">Termine Pokal Halbfinale Einzel und Mannschaft<\/a> <span class=\"comments-number\">(0)<\/span><\/li><\/ul><h2 class=\"month-year\"><a href=\"https:\/\/www.schachbezirk-mittelbaden.de\/wp\/?m=202203\">M\u00e4rz 2022<\/a><\/h2><ul><li><span class=\"day\">29:<\/span> <a href=\"https:\/\/www.schachbezirk-mittelbaden.de\/wp\/?p=14547\" rel=\"bookmark\">Hattrick f\u00c3\u00bcr Thilo Ehmann<\/a> <span class=\"comments-number\">(0)<\/span><\/li><li><span class=\"day\">05:<\/span> <a href=\"https:\/\/www.schachbezirk-mittelbaden.de\/wp\/?p=14540\" rel=\"bookmark\">Badische Jugendmeisterschaft 2022 Einzel<\/a> <span class=\"comments-number\">(0)<\/span><\/li><\/ul><h2 class=\"month-year\"><a href=\"https:\/\/www.schachbezirk-mittelbaden.de\/wp\/?m=202202\">Februar 2022<\/a><\/h2><ul><li><span class=\"day\">21:<\/span> <a href=\"https:\/\/www.schachbezirk-mittelbaden.de\/wp\/?p=14537\" rel=\"bookmark\">Die Saison geht weiter<\/a> <span class=\"comments-number\">(0)<\/span><\/li><li><span class=\"day\">14:<\/span> <a href=\"https:\/\/www.schachbezirk-mittelbaden.de\/wp\/?p=14528\" rel=\"bookmark\">Krimi statt zweites Schachbuch<\/a> <span class=\"comments-number\">(0)<\/span><\/li><\/ul><h2 class=\"month-year\"><a href=\"https:\/\/www.schachbezirk-mittelbaden.de\/wp\/?m=202201\">Januar 2022<\/a><\/h2><ul><li><span class=\"day\">29:<\/span> <a href=\"https:\/\/www.schachbezirk-mittelbaden.de\/wp\/?p=14523\" rel=\"bookmark\">Open de Bischwiller 19\/20 f\u00c3\u00a9vrier 2022<\/a> <span class=\"comments-number\">(0)<\/span><\/li><li><span class=\"day\">24:<\/span> <a href=\"https:\/\/www.schachbezirk-mittelbaden.de\/wp\/?p=14520\" rel=\"bookmark\">14520<\/a> <span class=\"comments-number\">(0)<\/span><\/li><li class=\"day-duplicate\"><span class=\"day\">24:<\/span> <a href=\"https:\/\/www.schachbezirk-mittelbaden.de\/wp\/?p=14518\" rel=\"bookmark\">Aussetzung des Spielbetriebs auch im Februar 2022<\/a> <span class=\"comments-number\">(0)<\/span><\/li><li><span class=\"day\">17:<\/span> <a href=\"https:\/\/www.schachbezirk-mittelbaden.de\/wp\/?p=14514\" rel=\"bookmark\">SC\u00c3\u2013 veranstaltet Online-Blitzturnier am 21.01.<\/a> <span class=\"comments-number\">(0)<\/span><\/li><li><span class=\"day\">03:<\/span> <a href=\"https:\/\/www.schachbezirk-mittelbaden.de\/wp\/?p=14511\" rel=\"bookmark\">Spielbetrieb Januar 2022<\/a> <span class=\"comments-number\">(0)<\/span><\/li><\/ul><h2 class=\"month-year\"><a href=\"https:\/\/www.schachbezirk-mittelbaden.de\/wp\/?m=202112\">Dezember 2021<\/a><\/h2><ul><li><span class=\"day\">06:<\/span> <a href=\"https:\/\/www.schachbezirk-mittelbaden.de\/wp\/?p=14505\" rel=\"bookmark\">Trauer um Ferdinand B\u00c3\u00a4uerle<\/a> <span class=\"comments-number\">(2)<\/span><\/li><\/ul><h2 class=\"month-year\"><a href=\"https:\/\/www.schachbezirk-mittelbaden.de\/wp\/?m=202111\">November 2021<\/a><\/h2><ul><li><span class=\"day\">28:<\/span> <a href=\"https:\/\/www.schachbezirk-mittelbaden.de\/wp\/?p=14502\" rel=\"bookmark\">Aussetzung Spielbetrieb<\/a> <span class=\"comments-number\">(0)<\/span><\/li><li><span class=\"day\">23:<\/span> <a href=\"https:\/\/www.schachbezirk-mittelbaden.de\/wp\/?p=14495\" rel=\"bookmark\">TOA Sitzung am Donnerstag<\/a> <span class=\"comments-number\">(0)<\/span><\/li><li><span class=\"day\">19:<\/span> <a href=\"https:\/\/www.schachbezirk-mittelbaden.de\/wp\/?p=14491\" rel=\"bookmark\">Auslosung Zwischenrunde und Info Blitz<\/a> <span class=\"comments-number\">(0)<\/span><\/li><li><span class=\"day\">14:<\/span> <a href=\"https:\/\/www.schachbezirk-mittelbaden.de\/wp\/?p=14480\" rel=\"bookmark\">Jugendeinzelmeisterschaften des Schachbezirk Mittelbaden<\/a> <span class=\"comments-number\">(0)<\/span><\/li><li><span class=\"day\">09:<\/span> <a href=\"https:\/\/www.schachbezirk-mittelbaden.de\/wp\/?p=14475\" rel=\"bookmark\">Mittelbadische Einzelmeisterschaften U10-U12<\/a> <span class=\"comments-number\">(0)<\/span><\/li><li><span class=\"day\">08:<\/span> <a href=\"https:\/\/www.schachbezirk-mittelbaden.de\/wp\/?p=14468\" rel=\"bookmark\">Jugendeinzelmeisterschaften U14-U18 2021<\/a> <span class=\"comments-number\">(0)<\/span><\/li><li class=\"day-duplicate\"><span class=\"day\">08:<\/span> <a href=\"https:\/\/www.schachbezirk-mittelbaden.de\/wp\/?p=14466\" rel=\"bookmark\">Zweiter Teil der ersten Runde des Einzelpokals<\/a> <span class=\"comments-number\">(0)<\/span><\/li><li><span class=\"day\">04:<\/span> <a href=\"https:\/\/www.schachbezirk-mittelbaden.de\/wp\/?p=14462\" rel=\"bookmark\">Mittelbadische Jugend-Einzelmeisterschaften<\/a> <span class=\"comments-number\">(0)<\/span><\/li><\/ul><h2 class=\"month-year\"><a href=\"https:\/\/www.schachbezirk-mittelbaden.de\/wp\/?m=202110\">Oktober 2021<\/a><\/h2><ul><li><span class=\"day\">31:<\/span> <a href=\"https:\/\/www.schachbezirk-mittelbaden.de\/wp\/?p=14457\" rel=\"bookmark\">Update: Auslosung 1. Rd. Mannschaftspokal<\/a> <span class=\"comments-number\">(0)<\/span><\/li><li><span class=\"day\">25:<\/span> <a href=\"https:\/\/www.schachbezirk-mittelbaden.de\/wp\/?p=14453\" rel=\"bookmark\">Wenig Teilnehmer beim Einzelpokal<\/a> <span class=\"comments-number\">(0)<\/span><\/li><li><span class=\"day\">13:<\/span> <a href=\"https:\/\/www.schachbezirk-mittelbaden.de\/wp\/?p=14449\" rel=\"bookmark\">Ausschreibung der diesj\u00c3\u00a4hrigen Jugendeinzelmeisterschaft<\/a> <span class=\"comments-number\">(0)<\/span><\/li><li><span class=\"day\">12:<\/span> <a href=\"https:\/\/www.schachbezirk-mittelbaden.de\/wp\/?p=14443\" rel=\"bookmark\">Ausschreibung Einzelpokal und Mannschaftspokal<\/a> <span class=\"comments-number\">(0)<\/span><\/li><li><span class=\"day\">06:<\/span> <a href=\"https:\/\/www.schachbezirk-mittelbaden.de\/wp\/?p=14436\" rel=\"bookmark\">Protokoll zur Bezirksversammlung vom 29.09.2021<\/a> <span class=\"comments-number\">(0)<\/span><\/li><\/ul><h2 class=\"month-year\"><a href=\"https:\/\/www.schachbezirk-mittelbaden.de\/wp\/?m=202109\">September 2021<\/a><\/h2><ul><li><span class=\"day\">25:<\/span> <a href=\"https:\/\/www.schachbezirk-mittelbaden.de\/wp\/?p=14432\" rel=\"bookmark\">BTL-Info: Auslosung Bezirksklasse und Kreisklassen<\/a> <span class=\"comments-number\">(0)<\/span><\/li><li><span class=\"day\">19:<\/span> <a href=\"https:\/\/www.schachbezirk-mittelbaden.de\/wp\/?p=14427\" rel=\"bookmark\">BTL-Info: M\u00c3\u00b6gliche Klasseneinteilung<\/a> <span class=\"comments-number\">(0)<\/span><\/li><li><span class=\"day\">01:<\/span> <a href=\"https:\/\/www.schachbezirk-mittelbaden.de\/wp\/?p=14400\" rel=\"bookmark\">Toni Balzert verliebt in Kombinationen<\/a> <span class=\"comments-number\">(0)<\/span><\/li><\/ul><h2 class=\"month-year\"><a href=\"https:\/\/www.schachbezirk-mittelbaden.de\/wp\/?m=202108\">August 2021<\/a><\/h2><ul><li><span class=\"day\">30:<\/span> <a href=\"https:\/\/www.schachbezirk-mittelbaden.de\/wp\/?p=14394\" rel=\"bookmark\">Einladung zur Bezirksmitgliederversammlung 2021<\/a> <span class=\"comments-number\">(0)<\/span><\/li><li><span class=\"day\">29:<\/span> <a href=\"https:\/\/www.schachbezirk-mittelbaden.de\/wp\/?p=14391\" rel=\"bookmark\">SC \u00c3\u2013tigheim Jugendfreundlicher Verein<\/a> <span class=\"comments-number\">(0)<\/span><\/li><li><span class=\"day\">27:<\/span> <a href=\"https:\/\/www.schachbezirk-mittelbaden.de\/wp\/?p=14381\" rel=\"bookmark\">W\u00c3\u00bcrdigung und Trauer um J\u00c3\u00bcrgen Besener<\/a> <span class=\"comments-number\">(1)<\/span><\/li><li><span class=\"day\">21:<\/span> <a href=\"https:\/\/www.schachbezirk-mittelbaden.de\/wp\/?p=14374\" rel=\"bookmark\">Ferienfreizeit und 4. Mix-Markt Turnier beim SC Rastatt<\/a> <span class=\"comments-number\">(0)<\/span><\/li><li><span class=\"day\">17:<\/span> <a href=\"https:\/\/www.schachbezirk-mittelbaden.de\/wp\/?p=14371\" rel=\"bookmark\">BTL-Info: Neue Schachsaison<\/a> <span class=\"comments-number\">(0)<\/span><\/li><li><span class=\"day\">12:<\/span> <a href=\"https:\/\/www.schachbezirk-mittelbaden.de\/wp\/?p=14369\" rel=\"bookmark\">4.MIX-MARKT-Turnier in Rastatt<\/a> <span class=\"comments-number\">(0)<\/span><\/li><\/ul><h2 class=\"month-year\"><a href=\"https:\/\/www.schachbezirk-mittelbaden.de\/wp\/?m=202107\">Juli 2021<\/a><\/h2><ul><li><span class=\"day\">08:<\/span> <a href=\"https:\/\/www.schachbezirk-mittelbaden.de\/wp\/?p=14360\" rel=\"bookmark\">Neuwahl der Vorstandschaft des SC B\u00c3\u00bchlertal<\/a> <span class=\"comments-number\">(0)<\/span><\/li><\/ul><h2 class=\"month-year\"><a href=\"https:\/\/www.schachbezirk-mittelbaden.de\/wp\/?m=202106\">Juni 2021<\/a><\/h2><ul><li><span class=\"day\">28:<\/span> <a href=\"https:\/\/www.schachbezirk-mittelbaden.de\/wp\/?p=14350\" rel=\"bookmark\">Der Spielbetrieb geht weiter<\/a> <span class=\"comments-number\">(0)<\/span><\/li><\/ul><h2 class=\"month-year\"><a href=\"https:\/\/www.schachbezirk-mittelbaden.de\/wp\/?m=202105\">Mai 2021<\/a><\/h2><ul><li><span class=\"day\">30:<\/span> <a href=\"https:\/\/www.schachbezirk-mittelbaden.de\/wp\/?p=14345\" rel=\"bookmark\">BTL-Info: Infos zum Spielbetrieb<\/a> <span class=\"comments-number\">(0)<\/span><\/li><\/ul><h2 class=\"month-year\"><a href=\"https:\/\/www.schachbezirk-mittelbaden.de\/wp\/?m=202103\">M\u00e4rz 2021<\/a><\/h2><ul><li><span class=\"day\">19:<\/span> <a href=\"https:\/\/www.schachbezirk-mittelbaden.de\/wp\/?p=14339\" rel=\"bookmark\">U8 Badische Mannschaftsmeisterschaft online?<\/a> <span class=\"comments-number\">(0)<\/span><\/li><li><span class=\"day\">08:<\/span> <a href=\"https:\/\/www.schachbezirk-mittelbaden.de\/wp\/?p=14334\" rel=\"bookmark\">LiChess Einzelturnier startet n\u00c3\u00a4chsten Samstag, 13.03.2021<\/a> <span class=\"comments-number\">(0)<\/span><\/li><li><span class=\"day\">07:<\/span> <a href=\"https:\/\/www.schachbezirk-mittelbaden.de\/wp\/?p=14330\" rel=\"bookmark\">Deutscher Schulschach-Teamcup 2021 + eventueller badischer Vorausscheid 27.3.\/28.3.2021 \u00c3\u00bcber lichess<\/a> <span class=\"comments-number\">(0)<\/span><\/li><li><span class=\"day\">01:<\/span> <a href=\"https:\/\/www.schachbezirk-mittelbaden.de\/wp\/?p=14326\" rel=\"bookmark\">Ausschreibung LiChess Einzel-Turnier<\/a> <span class=\"comments-number\">(0)<\/span><\/li><\/ul><h2 class=\"month-year\"><a href=\"https:\/\/www.schachbezirk-mittelbaden.de\/wp\/?m=202102\">Februar 2021<\/a><\/h2><ul><li><span class=\"day\">24:<\/span> <a href=\"https:\/\/www.schachbezirk-mittelbaden.de\/wp\/?p=14324\" rel=\"bookmark\">OSG gewinnt LiChess Zwischenrunde<\/a> <span class=\"comments-number\">(0)<\/span><\/li><li><span class=\"day\">11:<\/span> <a href=\"https:\/\/www.schachbezirk-mittelbaden.de\/wp\/?p=14320\" rel=\"bookmark\">Letzte Runde auf Lichess am Samstag<\/a> <span class=\"comments-number\">(0)<\/span><\/li><li><span class=\"day\">07:<\/span> <a href=\"https:\/\/www.schachbezirk-mittelbaden.de\/wp\/?p=14316\" rel=\"bookmark\">Trauer um G\u00c3\u00b6tz Bubenhofer<\/a> <span class=\"comments-number\">(2)<\/span><\/li><\/ul><h2 class=\"month-year\"><a href=\"https:\/\/www.schachbezirk-mittelbaden.de\/wp\/?m=202101\">Januar 2021<\/a><\/h2><ul><li><span class=\"day\">25:<\/span> <a href=\"https:\/\/www.schachbezirk-mittelbaden.de\/wp\/?p=14310\" rel=\"bookmark\">Lichess: Hochspannung pur<\/a> <span class=\"comments-number\">(0)<\/span><\/li><li><span class=\"day\">24:<\/span> <a href=\"https:\/\/www.schachbezirk-mittelbaden.de\/wp\/?p=14305\" rel=\"bookmark\">BTL-Info: Neuigkeiten vom TOA<\/a> <span class=\"comments-number\">(0)<\/span><\/li><li><span class=\"day\">18:<\/span> <a href=\"https:\/\/www.schachbezirk-mittelbaden.de\/wp\/?p=14301\" rel=\"bookmark\">Mittelbaden mit doppeltem Aufstieg am Start!<\/a> <span class=\"comments-number\">(0)<\/span><\/li><li><span class=\"day\">16:<\/span> <a href=\"https:\/\/www.schachbezirk-mittelbaden.de\/wp\/?p=14298\" rel=\"bookmark\">Schulschachmeisterschaften online<\/a> <span class=\"comments-number\">(0)<\/span><\/li><li><span class=\"day\">11:<\/span> <a href=\"https:\/\/www.schachbezirk-mittelbaden.de\/wp\/?p=14295\" rel=\"bookmark\">Auslosung Lichess Zwischenrunde 3<\/a> <span class=\"comments-number\">(0)<\/span><\/li><li><span class=\"day\">04:<\/span> <a href=\"https:\/\/www.schachbezirk-mittelbaden.de\/wp\/?p=14291\" rel=\"bookmark\">Aktion Neujahrsbrezel<\/a> <span class=\"comments-number\">(0)<\/span><\/li><li class=\"day-duplicate\"><span class=\"day\">04:<\/span> <a href=\"https:\/\/www.schachbezirk-mittelbaden.de\/wp\/?p=14289\" rel=\"bookmark\">Termine Lichess Zwischenrunde<\/a> <span class=\"comments-number\">(0)<\/span><\/li><\/ul><h2 class=\"month-year\"><a href=\"https:\/\/www.schachbezirk-mittelbaden.de\/wp\/?m=202012\">Dezember 2020<\/a><\/h2><ul><li><span class=\"day\">21:<\/span> <a href=\"https:\/\/www.schachbezirk-mittelbaden.de\/wp\/?p=14281\" rel=\"bookmark\">GRENKE Chess Kids meets Faszination Schach mit GM Sebastian Siebrecht<\/a> <span class=\"comments-number\">(0)<\/span><\/li><li><span class=\"day\">14:<\/span> <a href=\"https:\/\/www.schachbezirk-mittelbaden.de\/wp\/?p=14277\" rel=\"bookmark\">Marathon-Blitzturnier n\u00c3\u00a4chsten Samstag online!<\/a> <span class=\"comments-number\">(0)<\/span><\/li><li><span class=\"day\">08:<\/span> <a href=\"https:\/\/www.schachbezirk-mittelbaden.de\/wp\/?p=14273\" rel=\"bookmark\">N\u00c3\u00a4chste Runde bei Lichess<\/a> <span class=\"comments-number\">(0)<\/span><\/li><li><span class=\"day\">04:<\/span> <a href=\"https:\/\/www.schachbezirk-mittelbaden.de\/wp\/?p=14270\" rel=\"bookmark\">Dezemberblitzturnier des SC \u00c3\u2013tigheim bei lichess<\/a> <span class=\"comments-number\">(0)<\/span><\/li><\/ul><h2 class=\"month-year\"><a href=\"https:\/\/www.schachbezirk-mittelbaden.de\/wp\/?m=202011\">November 2020<\/a><\/h2><ul><li><span class=\"day\">15:<\/span> <a href=\"https:\/\/www.schachbezirk-mittelbaden.de\/wp\/?p=14263\" rel=\"bookmark\">Ergebnisse der ersten Runde im Online Turnier<\/a> <span class=\"comments-number\">(0)<\/span><\/li><li><span class=\"day\">14:<\/span> <a href=\"https:\/\/www.schachbezirk-mittelbaden.de\/wp\/?p=14260\" rel=\"bookmark\">Auslosung erste Runde Turnier bei Lichess<\/a> <span class=\"comments-number\">(0)<\/span><\/li><li><span class=\"day\">11:<\/span> <a href=\"https:\/\/www.schachbezirk-mittelbaden.de\/wp\/?p=14258\" rel=\"bookmark\">Online Zwischenrunde Bezirk Mittelbaden<\/a> <span class=\"comments-number\">(0)<\/span><\/li><li><span class=\"day\">04:<\/span> <a href=\"https:\/\/www.schachbezirk-mittelbaden.de\/wp\/?p=14253\" rel=\"bookmark\">BTL-Info: Spielbetrieb dieses Jahr<\/a> <span class=\"comments-number\">(0)<\/span><\/li><li><span class=\"day\">03:<\/span> <a href=\"https:\/\/www.schachbezirk-mittelbaden.de\/wp\/?p=14251\" rel=\"bookmark\">Novemberblitzturnier des SC \u00c3\u2013tigheim bei lichess<\/a> <span class=\"comments-number\">(0)<\/span><\/li><\/ul><h2 class=\"month-year\"><a href=\"https:\/\/www.schachbezirk-mittelbaden.de\/wp\/?m=202010\">Oktober 2020<\/a><\/h2><ul><li><span class=\"day\">29:<\/span> <a href=\"https:\/\/www.schachbezirk-mittelbaden.de\/wp\/?p=14246\" rel=\"bookmark\">Aussetzung Spielbetrieb November 2020<\/a> <span class=\"comments-number\">(0)<\/span><\/li><li><span class=\"day\">24:<\/span> <a href=\"https:\/\/www.schachbezirk-mittelbaden.de\/wp\/?p=14244\" rel=\"bookmark\">Auslosung Zwischenrunde Einzelpokal und Hinweis Zwischenspielbetrieb<\/a> <span class=\"comments-number\">(0)<\/span><\/li><li><span class=\"day\">22:<\/span> <a href=\"https:\/\/www.schachbezirk-mittelbaden.de\/wp\/?p=14242\" rel=\"bookmark\">Zwischenspielbetrieb Bezirk<\/a> <span class=\"comments-number\">(0)<\/span><\/li><li class=\"day-duplicate\"><span class=\"day\">22:<\/span> <a href=\"https:\/\/www.schachbezirk-mittelbaden.de\/wp\/?p=14240\" rel=\"bookmark\">Ergebnisse 1. Runde Einzelpokal (Nord)<\/a> <span class=\"comments-number\">(0)<\/span><\/li><li><span class=\"day\">13:<\/span> <a href=\"https:\/\/www.schachbezirk-mittelbaden.de\/wp\/?p=14235\" rel=\"bookmark\">Mittelbadische Blitzmeisterschaften in Rastatt<\/a> <span class=\"comments-number\">(0)<\/span><\/li><li><span class=\"day\">10:<\/span> <a href=\"https:\/\/www.schachbezirk-mittelbaden.de\/wp\/?p=14230\" rel=\"bookmark\">Bezirkliche Jugendeinzel-Meisterschaft<\/a> <span class=\"comments-number\">(0)<\/span><\/li><li><span class=\"day\">05:<\/span> <a href=\"https:\/\/www.schachbezirk-mittelbaden.de\/wp\/?p=14226\" rel=\"bookmark\">Ergebnisse 1. Runde Einzelpokal (S\u00c3\u00bcd) und Auslosung 1. Runde Mannschaftspokal<\/a> <span class=\"comments-number\">(0)<\/span><\/li><\/ul><h2 class=\"month-year\"><a href=\"https:\/\/www.schachbezirk-mittelbaden.de\/wp\/?m=202009\">September 2020<\/a><\/h2><ul><li><span class=\"day\">30:<\/span> <a href=\"https:\/\/www.schachbezirk-mittelbaden.de\/wp\/?p=14224\" rel=\"bookmark\">Marcus Wormuth \u00c3\u00bcbernimmt als Bezirksturnierleiter<\/a> <span class=\"comments-number\">(0)<\/span><\/li><li><span class=\"day\">23:<\/span> <a href=\"https:\/\/www.schachbezirk-mittelbaden.de\/wp\/?p=14218\" rel=\"bookmark\">Blitzmeisterschaft 2020 Bezirk Mittelbaden<\/a> <span class=\"comments-number\">(0)<\/span><\/li><li><span class=\"day\">20:<\/span> <a href=\"https:\/\/www.schachbezirk-mittelbaden.de\/wp\/?p=14212\" rel=\"bookmark\">Zwischenspielbetrieb im Bezirk und Badischen Schachverband<\/a> <span class=\"comments-number\">(0)<\/span><\/li><li><span class=\"day\">14:<\/span> <a href=\"https:\/\/www.schachbezirk-mittelbaden.de\/wp\/?p=14202\" rel=\"bookmark\">Ausschreibung Einzel- und Mannschaftspokal<\/a> <span class=\"comments-number\">(0)<\/span><\/li><li class=\"day-duplicate\"><span class=\"day\">14:<\/span> <a href=\"https:\/\/www.schachbezirk-mittelbaden.de\/wp\/?p=14196\" rel=\"bookmark\">Kampf um die Deutsche Meisterschaft<\/a> <span class=\"comments-number\">(0)<\/span><\/li><li class=\"day-duplicate\"><span class=\"day\">14:<\/span> <a href=\"https:\/\/www.schachbezirk-mittelbaden.de\/wp\/?p=14193\" rel=\"bookmark\">Protokoll unserer Bezirksversammlung 2020<\/a> <span class=\"comments-number\">(0)<\/span><\/li><li><span class=\"day\">12:<\/span> <a href=\"https:\/\/www.schachbezirk-mittelbaden.de\/wp\/?p=14190\" rel=\"bookmark\">Saisonabschluss\/neue Saison<\/a> <span class=\"comments-number\">(2)<\/span><\/li><li class=\"day-duplicate\"><span class=\"day\">12:<\/span> <a href=\"https:\/\/www.schachbezirk-mittelbaden.de\/wp\/?p=14184\" rel=\"bookmark\">Delegierte zum Verbandstag<\/a> <span class=\"comments-number\">(0)<\/span><\/li><li><span class=\"day\">09:<\/span> <a href=\"https:\/\/www.schachbezirk-mittelbaden.de\/wp\/?p=14177\" rel=\"bookmark\">Jugend Mannschaften 2020: Ausschreibung<\/a> <span class=\"comments-number\">(0)<\/span><\/li><li><span class=\"day\">07:<\/span> <a href=\"https:\/\/www.schachbezirk-mittelbaden.de\/wp\/?p=14173\" rel=\"bookmark\">Bezirksversammlung: Abstimmungsbogen Vereine<\/a> <span class=\"comments-number\">(0)<\/span><\/li><\/ul><h2 class=\"month-year\"><a href=\"https:\/\/www.schachbezirk-mittelbaden.de\/wp\/?m=202008\">August 2020<\/a><\/h2><ul><li><span class=\"day\">19:<\/span> <a href=\"https:\/\/www.schachbezirk-mittelbaden.de\/wp\/?p=14169\" rel=\"bookmark\">Mailverteiler aktualisieren<\/a> <span class=\"comments-number\">(0)<\/span><\/li><li><span class=\"day\">16:<\/span> <a href=\"https:\/\/www.schachbezirk-mittelbaden.de\/wp\/?p=14166\" rel=\"bookmark\">Einladung zur Bezirksversammlung 2020<\/a> <span class=\"comments-number\">(0)<\/span><\/li><li><span class=\"day\">03:<\/span> <a href=\"https:\/\/www.schachbezirk-mittelbaden.de\/wp\/?p=14161\" rel=\"bookmark\">Acht Vereine k\u00c3\u00a4mpfen im SBL-Meisterschaftsturnier um den Titel<\/a> <span class=\"comments-number\">(0)<\/span><\/li><\/ul><h2 class=\"month-year\"><a href=\"https:\/\/www.schachbezirk-mittelbaden.de\/wp\/?m=202007\">Juli 2020<\/a><\/h2><ul><li><span class=\"day\">29:<\/span> <a href=\"https:\/\/www.schachbezirk-mittelbaden.de\/wp\/?p=14158\" rel=\"bookmark\">2. &#8222;Corona-Face-to-Face-Blitzturnier&#8220;<\/a> <span class=\"comments-number\">(0)<\/span><\/li><li><span class=\"day\">18:<\/span> <a href=\"https:\/\/www.schachbezirk-mittelbaden.de\/wp\/?p=14154\" rel=\"bookmark\">BTL-Info: Vorbereitung Runde 8 und 9<\/a> <span class=\"comments-number\">(0)<\/span><\/li><li><span class=\"day\">10:<\/span> <a href=\"https:\/\/www.schachbezirk-mittelbaden.de\/wp\/?p=14150\" rel=\"bookmark\">Schachclub \u00c3\u2013tigheim e.V. \u00e2\u20ac\u201c Monatsblitz im Juli<\/a> <span class=\"comments-number\">(0)<\/span><\/li><\/ul><h2 class=\"month-year\"><a href=\"https:\/\/www.schachbezirk-mittelbaden.de\/wp\/?m=202006\">Juni 2020<\/a><\/h2><ul><li><span class=\"day\">28:<\/span> <a href=\"https:\/\/www.schachbezirk-mittelbaden.de\/wp\/?p=14145\" rel=\"bookmark\">Termine Runde 8 und 9 laufende Saison<\/a> <span class=\"comments-number\">(0)<\/span><\/li><li><span class=\"day\">15:<\/span> <a href=\"https:\/\/www.schachbezirk-mittelbaden.de\/wp\/?p=14142\" rel=\"bookmark\">Schachclub \u00c3\u2013tigheim e.V. &#8211; Blitzturnier im Juni<\/a> <span class=\"comments-number\">(0)<\/span><\/li><\/ul><h2 class=\"month-year\"><a href=\"https:\/\/www.schachbezirk-mittelbaden.de\/wp\/?m=202005\">Mai 2020<\/a><\/h2><ul><li><span class=\"day\">30:<\/span> <a href=\"https:\/\/www.schachbezirk-mittelbaden.de\/wp\/?p=14139\" rel=\"bookmark\">BTL-Info: Saison 2019\/2020 Stand<\/a> <span class=\"comments-number\">(0)<\/span><\/li><li><span class=\"day\">29:<\/span> <a href=\"https:\/\/www.schachbezirk-mittelbaden.de\/wp\/?p=14133\" rel=\"bookmark\">DSB-Spielleiterinfo &#8211; Deutsche Online-Schach-Liga<\/a> <span class=\"comments-number\">(0)<\/span><\/li><li><span class=\"day\">18:<\/span> <a href=\"https:\/\/www.schachbezirk-mittelbaden.de\/wp\/?p=14129\" rel=\"bookmark\">Corona-DWZ<\/a> <span class=\"comments-number\">(0)<\/span><\/li><li><span class=\"day\">17:<\/span> <a href=\"https:\/\/www.schachbezirk-mittelbaden.de\/wp\/?p=14126\" rel=\"bookmark\">Vergleichskampf mit W\u00c3\u00bcrttemberg \u00c3\u00bcber Lichess<\/a> <span class=\"comments-number\">(0)<\/span><\/li><li><span class=\"day\">10:<\/span> <a href=\"https:\/\/www.schachbezirk-mittelbaden.de\/wp\/?p=14118\" rel=\"bookmark\">BSV-Corona-Infos<\/a> <span class=\"comments-number\">(0)<\/span><\/li><\/ul><h2 class=\"month-year\"><a href=\"https:\/\/www.schachbezirk-mittelbaden.de\/wp\/?m=202004\">April 2020<\/a><\/h2><ul><li><span class=\"day\">27:<\/span> <a href=\"https:\/\/www.schachbezirk-mittelbaden.de\/wp\/?p=14113\" rel=\"bookmark\">LiChess schl\u00c3\u00a4gt Corona<\/a> <span class=\"comments-number\">(0)<\/span><\/li><li class=\"day-duplicate\"><span class=\"day\">27:<\/span> <a href=\"https:\/\/www.schachbezirk-mittelbaden.de\/wp\/?p=14111\" rel=\"bookmark\">BTL-Info: Bezirksrunde &#8211; Stand<\/a> <span class=\"comments-number\">(0)<\/span><\/li><li><span class=\"day\">15:<\/span> <a href=\"https:\/\/www.schachbezirk-mittelbaden.de\/wp\/?p=14105\" rel=\"bookmark\">Sparkassen-Cup 2020 abgesagt<\/a> <span class=\"comments-number\">(0)<\/span><\/li><li><span class=\"day\">05:<\/span> <a href=\"https:\/\/www.schachbezirk-mittelbaden.de\/wp\/?p=14102\" rel=\"bookmark\">Absage Verbandsrunde 9<\/a> <span class=\"comments-number\">(0)<\/span><\/li><\/ul><h2 class=\"month-year\"><a href=\"https:\/\/www.schachbezirk-mittelbaden.de\/wp\/?m=202003\">M\u00e4rz 2020<\/a><\/h2><ul><li><span class=\"day\">24:<\/span> <a href=\"https:\/\/www.schachbezirk-mittelbaden.de\/wp\/?p=14099\" rel=\"bookmark\">WEITERE OSG INTERNET-BLITZTURNIERE<\/a> <span class=\"comments-number\">(0)<\/span><\/li><li><span class=\"day\">19:<\/span> <a href=\"https:\/\/www.schachbezirk-mittelbaden.de\/wp\/?p=14096\" rel=\"bookmark\">OSG INTERNET-BLITZTURNIER AM FREITAG, 20.03. UM 19.00 UHR<\/a> <span class=\"comments-number\">(1)<\/span><\/li><li><span class=\"day\">14:<\/span> <a href=\"https:\/\/www.schachbezirk-mittelbaden.de\/wp\/?p=14092\" rel=\"bookmark\">Runde 8 der Verbandsrunde am 21.\/22.3. wird verschoben<\/a> <span class=\"comments-number\">(0)<\/span><\/li><li class=\"day-duplicate\"><span class=\"day\">14:<\/span> <a href=\"https:\/\/www.schachbezirk-mittelbaden.de\/wp\/?p=14089\" rel=\"bookmark\">GRENKE Chess Open 2020 wird abgesagt!<\/a> <span class=\"comments-number\">(0)<\/span><\/li><li><span class=\"day\">13:<\/span> <a href=\"https:\/\/www.schachbezirk-mittelbaden.de\/wp\/?p=14084\" rel=\"bookmark\">Absage der kommenden Verbandsrunde<\/a> <span class=\"comments-number\">(0)<\/span><\/li><li><span class=\"day\">11:<\/span> <a href=\"https:\/\/www.schachbezirk-mittelbaden.de\/wp\/?p=14080\" rel=\"bookmark\">Freizeitassistenz gesucht<\/a> <span class=\"comments-number\">(0)<\/span><\/li><li><span class=\"day\">08:<\/span> <a href=\"https:\/\/www.schachbezirk-mittelbaden.de\/wp\/?p=14076\" rel=\"bookmark\">Mehr Mitglieder f\u00c3\u00bcr Schachvereine<\/a> <span class=\"comments-number\">(0)<\/span><\/li><\/ul><h2 class=\"month-year\"><a href=\"https:\/\/www.schachbezirk-mittelbaden.de\/wp\/?m=202002\">Februar 2020<\/a><\/h2><ul><li><span class=\"day\">23:<\/span> <a href=\"https:\/\/www.schachbezirk-mittelbaden.de\/wp\/?p=14062\" rel=\"bookmark\">FM Thilo Ehmann Sieger im bezirklichen Einzelpokal<\/a> <span class=\"comments-number\">(0)<\/span><\/li><\/ul><h2 class=\"month-year\"><a href=\"https:\/\/www.schachbezirk-mittelbaden.de\/wp\/?m=202001\">Januar 2020<\/a><\/h2><ul><li><span class=\"day\">28:<\/span> <a href=\"https:\/\/www.schachbezirk-mittelbaden.de\/wp\/?p=14054\" rel=\"bookmark\">Spiele Schach neben dem Weltmeister<\/a> <span class=\"comments-number\">(0)<\/span><\/li><li><span class=\"day\">26:<\/span> <a href=\"https:\/\/www.schachbezirk-mittelbaden.de\/wp\/?p=14048\" rel=\"bookmark\">WGM Hanna Marie Klek er\u00c3\u00b6ffnet die Rapid-Chess-Wanderpokal<\/a> <span class=\"comments-number\">(0)<\/span><\/li><li><span class=\"day\">24:<\/span> <a href=\"https:\/\/www.schachbezirk-mittelbaden.de\/wp\/?p=14044\" rel=\"bookmark\">Faschings-Open in Baden-Baden<\/a> <span class=\"comments-number\">(0)<\/span><\/li><li><span class=\"day\">21:<\/span> <a href=\"https:\/\/www.schachbezirk-mittelbaden.de\/wp\/?p=14037\" rel=\"bookmark\">Ergebnisse Einzelpokal Halbfinale und Auslosung Finale<\/a> <span class=\"comments-number\">(0)<\/span><\/li><li><span class=\"day\">14:<\/span> <a href=\"https:\/\/www.schachbezirk-mittelbaden.de\/wp\/?p=14029\" rel=\"bookmark\">Monatsblitz in \u00c3\u2013tigheim<\/a> <span class=\"comments-number\">(0)<\/span><\/li><li class=\"day-duplicate\"><span class=\"day\">14:<\/span> <a href=\"https:\/\/www.schachbezirk-mittelbaden.de\/wp\/?p=14025\" rel=\"bookmark\">Schnellschach-Monatswanderpokal<\/a> <span class=\"comments-number\">(0)<\/span><\/li><li><span class=\"day\">07:<\/span> <a href=\"https:\/\/www.schachbezirk-mittelbaden.de\/wp\/?p=14018\" rel=\"bookmark\">Schachkurs f\u00c3\u00bcr Kinder ab Januar 2020<\/a> <span class=\"comments-number\">(0)<\/span><\/li><\/ul><h2 class=\"month-year\"><a href=\"https:\/\/www.schachbezirk-mittelbaden.de\/wp\/?m=201912\">Dezember 2019<\/a><\/h2><ul><li><span class=\"day\">28:<\/span> <a href=\"https:\/\/www.schachbezirk-mittelbaden.de\/wp\/?p=14014\" rel=\"bookmark\">Rapid-Chess Weihnachtspokal, 26.12. 2019 &#8211; Turnierergebnis.<\/a> <span class=\"comments-number\">(0)<\/span><\/li><li><span class=\"day\">21:<\/span> <a href=\"https:\/\/www.schachbezirk-mittelbaden.de\/wp\/?p=14010\" rel=\"bookmark\">Einladung zum Rapid-Chess-Weihnachtspokal 2019<\/a> <span class=\"comments-number\">(0)<\/span><\/li><li><span class=\"day\">11:<\/span> <a href=\"https:\/\/www.schachbezirk-mittelbaden.de\/wp\/?p=14004\" rel=\"bookmark\">Schnellschach-Nikolauspokal 2019 &#8211; Turnierergebnis.<\/a> <span class=\"comments-number\">(0)<\/span><\/li><li><span class=\"day\">09:<\/span> <a href=\"https:\/\/www.schachbezirk-mittelbaden.de\/wp\/?p=14002\" rel=\"bookmark\">Ergebnisse Einzelpokal Viertelfinale und Auslosungen Einzel- und Mannschaftspokal<\/a> <span class=\"comments-number\">(0)<\/span><\/li><\/ul><h2 class=\"month-year\"><a href=\"https:\/\/www.schachbezirk-mittelbaden.de\/wp\/?m=201911\">November 2019<\/a><\/h2><ul><li><span class=\"day\">30:<\/span> <a href=\"https:\/\/www.schachbezirk-mittelbaden.de\/wp\/?p=13992\" rel=\"bookmark\">Chessfestival Kleinturnierreihe Baden-Baden<\/a> <span class=\"comments-number\">(0)<\/span><\/li><li><span class=\"day\">25:<\/span> <a href=\"https:\/\/www.schachbezirk-mittelbaden.de\/wp\/?p=13988\" rel=\"bookmark\">U12-Jugendmannschaftsmeisterschaften<\/a> <span class=\"comments-number\">(0)<\/span><\/li><li class=\"day-duplicate\"><span class=\"day\">25:<\/span> <a href=\"https:\/\/www.schachbezirk-mittelbaden.de\/wp\/?p=13986\" rel=\"bookmark\">Auslosung Mannschaftspokal und Ausblick Viertelfinale Einzelpokal<\/a> <span class=\"comments-number\">(0)<\/span><\/li><li><span class=\"day\">24:<\/span> <a href=\"https:\/\/www.schachbezirk-mittelbaden.de\/wp\/?p=13972\" rel=\"bookmark\">Mittelbadische Jugendeinzelmeisterschaften 2019 in Gernsbach<\/a> <span class=\"comments-number\">(0)<\/span><\/li><li><span class=\"day\">21:<\/span> <a href=\"https:\/\/www.schachbezirk-mittelbaden.de\/wp\/?p=13969\" rel=\"bookmark\">Monatsblitz in \u00c3\u2013tigheim<\/a> <span class=\"comments-number\">(0)<\/span><\/li><li><span class=\"day\">13:<\/span> <a href=\"https:\/\/www.schachbezirk-mittelbaden.de\/wp\/?p=13963\" rel=\"bookmark\">Schulschachmeisterschaften 2020<\/a> <span class=\"comments-number\">(0)<\/span><\/li><li><span class=\"day\">12:<\/span> <a href=\"https:\/\/www.schachbezirk-mittelbaden.de\/wp\/?p=13960\" rel=\"bookmark\">Reminder: Mittelbadische Jugendeinzelmeisterschaften 2019<\/a> <span class=\"comments-number\">(0)<\/span><\/li><\/ul><h2 class=\"month-year\"><a href=\"https:\/\/www.schachbezirk-mittelbaden.de\/wp\/?m=201910\">Oktober 2019<\/a><\/h2><ul><li><span class=\"day\">31:<\/span> <a href=\"https:\/\/www.schachbezirk-mittelbaden.de\/wp\/?p=13948\" rel=\"bookmark\">Daniel Schmitt aus Ottenau neuer Mittelbadischer Meister<\/a> <span class=\"comments-number\">(0)<\/span><\/li><li><span class=\"day\">28:<\/span> <a href=\"https:\/\/www.schachbezirk-mittelbaden.de\/wp\/?p=13944\" rel=\"bookmark\">Ergebnisse und Auslosung Einzelpokal, Auslosung Mannschaftspokal<\/a> <span class=\"comments-number\">(0)<\/span><\/li><li><span class=\"day\">24:<\/span> <a href=\"https:\/\/www.schachbezirk-mittelbaden.de\/wp\/?p=13939\" rel=\"bookmark\">Monatsblitz in \u00c3\u2013tigheim<\/a> <span class=\"comments-number\">(0)<\/span><\/li><li><span class=\"day\">15:<\/span> <a href=\"https:\/\/www.schachbezirk-mittelbaden.de\/wp\/?p=13927\" rel=\"bookmark\">Seniorenmeisterschaften 2019 \/ 2020<\/a> <span class=\"comments-number\">(0)<\/span><\/li><li><span class=\"day\">14:<\/span> <a href=\"https:\/\/www.schachbezirk-mittelbaden.de\/wp\/?p=13924\" rel=\"bookmark\">BTL-Info: Einzelmeisterschaft des Bezirks<\/a> <span class=\"comments-number\">(0)<\/span><\/li><li><span class=\"day\">13:<\/span> <a href=\"https:\/\/www.schachbezirk-mittelbaden.de\/wp\/?p=13918\" rel=\"bookmark\">Einzelpokal 1. Runde Teil 2 Ergebnisse<\/a> <span class=\"comments-number\">(0)<\/span><\/li><li class=\"day-duplicate\"><span class=\"day\">13:<\/span> <a href=\"https:\/\/www.schachbezirk-mittelbaden.de\/wp\/?p=13897\" rel=\"bookmark\">Ausschreibung Mittelbadischer Schachkongress 2019<\/a> <span class=\"comments-number\">(0)<\/span><\/li><li><span class=\"day\">10:<\/span> <a href=\"https:\/\/www.schachbezirk-mittelbaden.de\/wp\/?p=13895\" rel=\"bookmark\">U14 Mannschaftsmeisterschaften<\/a> <span class=\"comments-number\">(0)<\/span><\/li><li><span class=\"day\">08:<\/span> <a href=\"https:\/\/www.schachbezirk-mittelbaden.de\/wp\/?p=13891\" rel=\"bookmark\">Gehirn-Jogging f\u00c3\u00bcr Senioren<\/a> <span class=\"comments-number\">(0)<\/span><\/li><li><span class=\"day\">07:<\/span> <a href=\"https:\/\/www.schachbezirk-mittelbaden.de\/wp\/?p=13886\" rel=\"bookmark\">Ergebnisse 1. Runde Einzelpokal 2019\/20<\/a> <span class=\"comments-number\">(0)<\/span><\/li><li><span class=\"day\">05:<\/span> <a href=\"https:\/\/www.schachbezirk-mittelbaden.de\/wp\/?p=13882\" rel=\"bookmark\">5. Ettlinger Sparkassen 12h-Blitzmarathon<\/a> <span class=\"comments-number\">(0)<\/span><\/li><li><span class=\"day\">04:<\/span> <a href=\"https:\/\/www.schachbezirk-mittelbaden.de\/wp\/?p=13868\" rel=\"bookmark\">Einzel- und Mannschafts-Blitzmeisterschaften<\/a> <span class=\"comments-number\">(0)<\/span><\/li><\/ul><h2 class=\"month-year\"><a href=\"https:\/\/www.schachbezirk-mittelbaden.de\/wp\/?m=201909\">September 2019<\/a><\/h2><ul><li><span class=\"day\">30:<\/span> <a href=\"https:\/\/www.schachbezirk-mittelbaden.de\/wp\/?p=13866\" rel=\"bookmark\">Erinnerung! Baden-W\u00c3\u00bcrttembergische Familienmeisterschaft<\/a> <span class=\"comments-number\">(0)<\/span><\/li><li><span class=\"day\">28:<\/span> <a href=\"https:\/\/www.schachbezirk-mittelbaden.de\/wp\/?p=13863\" rel=\"bookmark\">Auslosung Mannschaftspokal<\/a> <span class=\"comments-number\">(0)<\/span><\/li><li><span class=\"day\">25:<\/span> <a href=\"https:\/\/www.schachbezirk-mittelbaden.de\/wp\/?p=13861\" rel=\"bookmark\">\u00c3\u2013tigheimer Monats-Blitz<\/a> <span class=\"comments-number\">(0)<\/span><\/li><li><span class=\"day\">24:<\/span> <a href=\"https:\/\/www.schachbezirk-mittelbaden.de\/wp\/?p=13857\" rel=\"bookmark\">Ausschreibung Mittelbadische Jugendeinzelmeisterschaften 2019<\/a> <span class=\"comments-number\">(0)<\/span><\/li><li class=\"day-duplicate\"><span class=\"day\">24:<\/span> <a href=\"https:\/\/www.schachbezirk-mittelbaden.de\/wp\/?p=13848\" rel=\"bookmark\">Rapid Chess Einladungen<\/a> <span class=\"comments-number\">(0)<\/span><\/li><li class=\"day-duplicate\"><span class=\"day\">24:<\/span> <a href=\"https:\/\/www.schachbezirk-mittelbaden.de\/wp\/?p=13844\" rel=\"bookmark\">Update Termine Jugendmannschaften<\/a> <span class=\"comments-number\">(0)<\/span><\/li><li><span class=\"day\">22:<\/span> <a href=\"https:\/\/www.schachbezirk-mittelbaden.de\/wp\/?p=13842\" rel=\"bookmark\">Schulung Mannschaftsf\u00c3\u00bchrer<\/a> <span class=\"comments-number\">(0)<\/span><\/li><li><span class=\"day\">15:<\/span> <a href=\"https:\/\/www.schachbezirk-mittelbaden.de\/wp\/?p=13838\" rel=\"bookmark\">BTL-Info: Kreisklassen Saison 2019\/2020<\/a> <span class=\"comments-number\">(0)<\/span><\/li><li class=\"day-duplicate\"><span class=\"day\">15:<\/span> <a href=\"https:\/\/www.schachbezirk-mittelbaden.de\/wp\/?p=13833\" rel=\"bookmark\">Ausschreibungen f\u00c3\u00bcr den Mannschafts- und Einzelpokal<\/a> <span class=\"comments-number\">(0)<\/span><\/li><li><span class=\"day\">09:<\/span> <a href=\"https:\/\/www.schachbezirk-mittelbaden.de\/wp\/?p=13829\" rel=\"bookmark\">Einladung Blitzmeisterschaften<\/a> <span class=\"comments-number\">(0)<\/span><\/li><li><span class=\"day\">04:<\/span> <a href=\"https:\/\/www.schachbezirk-mittelbaden.de\/wp\/?p=13826\" rel=\"bookmark\">Ged\u00c3\u00a4chtnisturnier SF Sigmund Greis<\/a> <span class=\"comments-number\">(0)<\/span><\/li><\/ul><h2 class=\"month-year\"><a href=\"https:\/\/www.schachbezirk-mittelbaden.de\/wp\/?m=201908\">August 2019<\/a><\/h2><ul><li><span class=\"day\">27:<\/span> <a href=\"https:\/\/www.schachbezirk-mittelbaden.de\/wp\/?p=13816\" rel=\"bookmark\">Rudolf M\u00c3\u00bcller und J\u00c3\u00b6rg Hanisch Sieger bei den offenen Mittelbadischen Senioren\/Jungsenioren Schnellschach-Meisterschaften<\/a> <span class=\"comments-number\">(0)<\/span><\/li><li><span class=\"day\">25:<\/span> <a href=\"https:\/\/www.schachbezirk-mittelbaden.de\/wp\/?p=13808\" rel=\"bookmark\">Ausschreibung Jugendmannschaftsmeisterschaften 2019<\/a> <span class=\"comments-number\">(0)<\/span><\/li><li><span class=\"day\">21:<\/span> <a href=\"https:\/\/www.schachbezirk-mittelbaden.de\/wp\/?p=13805\" rel=\"bookmark\">Bericht SZ\/OSG\/JSSG Doppelturnier-Sommerpokale<\/a> <span class=\"comments-number\">(0)<\/span><\/li><li><span class=\"day\">18:<\/span> <a href=\"https:\/\/www.schachbezirk-mittelbaden.de\/wp\/?p=13801\" rel=\"bookmark\">Talentst\u00c3\u00bctzpunkt Mittelbaden\/Murgtal<\/a> <span class=\"comments-number\">(0)<\/span><\/li><li><span class=\"day\">11:<\/span> <a href=\"https:\/\/www.schachbezirk-mittelbaden.de\/wp\/?p=13794\" rel=\"bookmark\">2. Mix-Markt-Blitzturnier<\/a> <span class=\"comments-number\">(0)<\/span><\/li><li><span class=\"day\">09:<\/span> <a href=\"https:\/\/www.schachbezirk-mittelbaden.de\/wp\/?p=13787\" rel=\"bookmark\">Chessfestival-Kleinturnierreihe in LA8, Baden-Baden<\/a> <span class=\"comments-number\">(0)<\/span><\/li><li><span class=\"day\">08:<\/span> <a href=\"https:\/\/www.schachbezirk-mittelbaden.de\/wp\/?p=13780\" rel=\"bookmark\">10. Offene BW Familien-Schachmeisterschaft 2019<\/a> <span class=\"comments-number\">(0)<\/span><\/li><li><span class=\"day\">02:<\/span> <a href=\"https:\/\/www.schachbezirk-mittelbaden.de\/wp\/?p=13731\" rel=\"bookmark\">Gro\u00c3\u0178meister Sebastien Maz\u00c3\u00a9 holt Weltmeistertitel erneut nach Frankreich<\/a> <span class=\"comments-number\">(0)<\/span><\/li><\/ul><h2 class=\"month-year\"><a href=\"https:\/\/www.schachbezirk-mittelbaden.de\/wp\/?m=201907\">Juli 2019<\/a><\/h2><ul><li><span class=\"day\">30:<\/span> <a href=\"https:\/\/www.schachbezirk-mittelbaden.de\/wp\/?p=13728\" rel=\"bookmark\">Spiel, Schach und Sieg in Baden-Baden<\/a> <span class=\"comments-number\">(0)<\/span><\/li><li><span class=\"day\">20:<\/span> <a href=\"https:\/\/www.schachbezirk-mittelbaden.de\/wp\/?p=13722\" rel=\"bookmark\">Einladung zum 2.MIX-MARKT-Turnier<\/a> <span class=\"comments-number\">(0)<\/span><\/li><li><span class=\"day\">18:<\/span> <a href=\"https:\/\/www.schachbezirk-mittelbaden.de\/wp\/?p=13719\" rel=\"bookmark\">Offene Mittelbadische Senioren-Jungsenioren-Schnellschach-Meisterschaft<\/a> <span class=\"comments-number\">(0)<\/span><\/li><li><span class=\"day\">08:<\/span> <a href=\"https:\/\/www.schachbezirk-mittelbaden.de\/wp\/?p=13713\" rel=\"bookmark\">Vorstandssitzungen des Schachbezirks Mittelbaden e. V.<\/a> <span class=\"comments-number\">(0)<\/span><\/li><\/ul><h2 class=\"month-year\"><a href=\"https:\/\/www.schachbezirk-mittelbaden.de\/wp\/?m=201906\">Juni 2019<\/a><\/h2><ul><li><span class=\"day\">30:<\/span> <a href=\"https:\/\/www.schachbezirk-mittelbaden.de\/wp\/?p=13701\" rel=\"bookmark\">Antr\u00c3\u00a4ge zur Bezirksversammlung<\/a> <span class=\"comments-number\">(0)<\/span><\/li><li><span class=\"day\">19:<\/span> <a href=\"https:\/\/www.schachbezirk-mittelbaden.de\/wp\/?p=13696\" rel=\"bookmark\">Schach auf dem Marktplatz<\/a> <span class=\"comments-number\">(0)<\/span><\/li><li><span class=\"day\">18:<\/span> <a href=\"https:\/\/www.schachbezirk-mittelbaden.de\/wp\/?p=13692\" rel=\"bookmark\">Sieben auf einen Streich durch Dauner und Schmitt<\/a> <span class=\"comments-number\">(0)<\/span><\/li><li><span class=\"day\">04:<\/span> <a href=\"https:\/\/www.schachbezirk-mittelbaden.de\/wp\/?p=13680\" rel=\"bookmark\">Einladung zur Bezirksversammlung 2019<\/a> <span class=\"comments-number\">(0)<\/span><\/li><\/ul><h2 class=\"month-year\"><a href=\"https:\/\/www.schachbezirk-mittelbaden.de\/wp\/?m=201905\">Mai 2019<\/a><\/h2><ul><li><span class=\"day\">29:<\/span> <a href=\"https:\/\/www.schachbezirk-mittelbaden.de\/wp\/?p=13676\" rel=\"bookmark\">Jugendturnier der Rochade am 15. Juni<\/a> <span class=\"comments-number\">(0)<\/span><\/li><li><span class=\"day\">27:<\/span> <a href=\"https:\/\/www.schachbezirk-mittelbaden.de\/wp\/?p=13671\" rel=\"bookmark\">Beliebte Serie mit Jean-Luc Roos<\/a> <span class=\"comments-number\">(0)<\/span><\/li><li class=\"day-duplicate\"><span class=\"day\">27:<\/span> <a href=\"https:\/\/www.schachbezirk-mittelbaden.de\/wp\/?p=13665\" rel=\"bookmark\">Joachim Stoll neuer Mittelbadischer Meister<\/a> <span class=\"comments-number\">(0)<\/span><\/li><li><span class=\"day\">19:<\/span> <a href=\"https:\/\/www.schachbezirk-mittelbaden.de\/wp\/?p=13656\" rel=\"bookmark\">Siebter Titel f\u00c3\u00bcr Metz nach Stichkampf<\/a> <span class=\"comments-number\">(0)<\/span><\/li><li><span class=\"day\">15:<\/span> <a href=\"https:\/\/www.schachbezirk-mittelbaden.de\/wp\/?p=13649\" rel=\"bookmark\">Schachevent zum Abschluss in H\u00c3\u00b6rden<\/a> <span class=\"comments-number\">(0)<\/span><\/li><li><span class=\"day\">08:<\/span> <a href=\"https:\/\/www.schachbezirk-mittelbaden.de\/wp\/?p=13643\" rel=\"bookmark\">Mittelbadischer Schachkongress vom 24.-26.05.2019<\/a> <span class=\"comments-number\">(0)<\/span><\/li><li><span class=\"day\">07:<\/span> <a href=\"https:\/\/www.schachbezirk-mittelbaden.de\/wp\/?p=13638\" rel=\"bookmark\">Schachkurs erfolgreich beendet<\/a> <span class=\"comments-number\">(0)<\/span><\/li><li><span class=\"day\">03:<\/span> <a href=\"https:\/\/www.schachbezirk-mittelbaden.de\/wp\/?p=13626\" rel=\"bookmark\">Nachruf auf Dieter Schmidt<\/a> <span class=\"comments-number\">(0)<\/span><\/li><\/ul><h2 class=\"month-year\"><a href=\"https:\/\/www.schachbezirk-mittelbaden.de\/wp\/?m=201904\">April 2019<\/a><\/h2><ul><li><span class=\"day\">30:<\/span> <a href=\"https:\/\/www.schachbezirk-mittelbaden.de\/wp\/?p=13620\" rel=\"bookmark\">H\u00c3\u00b6rdener \u00c3\u00bcben mit Trainer des Jahres<\/a> <span class=\"comments-number\">(0)<\/span><\/li><li class=\"day-duplicate\"><span class=\"day\">30:<\/span> <a href=\"https:\/\/www.schachbezirk-mittelbaden.de\/wp\/?p=13615\" rel=\"bookmark\">Magnus Carlsen gewinnt GRENKE Chess Classic 2019<\/a> <span class=\"comments-number\">(0)<\/span><\/li><li><span class=\"day\">29:<\/span> <a href=\"https:\/\/www.schachbezirk-mittelbaden.de\/wp\/?p=13610\" rel=\"bookmark\">Bis zum letzten Zug Spannung im Abstiegskampf<\/a> <span class=\"comments-number\">(0)<\/span><\/li><li><span class=\"day\">28:<\/span> <a href=\"https:\/\/www.schachbezirk-mittelbaden.de\/wp\/?p=13606\" rel=\"bookmark\">Rochade richtet Schnellschach-Meisterschaft aus<\/a> <span class=\"comments-number\">(0)<\/span><\/li><li><span class=\"day\">26:<\/span> <a href=\"https:\/\/www.schachbezirk-mittelbaden.de\/wp\/?p=13601\" rel=\"bookmark\">Rapid-Chess-Cup &#8211; Maipokal<\/a> <span class=\"comments-number\">(0)<\/span><\/li><li><span class=\"day\">24:<\/span> <a href=\"https:\/\/www.schachbezirk-mittelbaden.de\/wp\/?p=13596\" rel=\"bookmark\">Daniel Fridman gewinnt das GRENKE Chess Open 2019<\/a> <span class=\"comments-number\">(0)<\/span><\/li><li><span class=\"day\">21:<\/span> <a href=\"https:\/\/www.schachbezirk-mittelbaden.de\/wp\/?p=13592\" rel=\"bookmark\">Zentrale Endrunde in der Landesliga S\u00c3\u00bcd 1 und Bereichsliga S\u00c3\u00bcd 1<\/a> <span class=\"comments-number\">(0)<\/span><\/li><li><span class=\"day\">17:<\/span> <a href=\"https:\/\/www.schachbezirk-mittelbaden.de\/wp\/?p=13587\" rel=\"bookmark\">Einladung zur GRENKE Chess Classic<\/a> <span class=\"comments-number\">(0)<\/span><\/li><li><span class=\"day\">14:<\/span> <a href=\"https:\/\/www.schachbezirk-mittelbaden.de\/wp\/?p=13584\" rel=\"bookmark\">Vorstandsitzung des Schachbezirk Mittelbaden e. V.<\/a> <span class=\"comments-number\">(0)<\/span><\/li><li><span class=\"day\">08:<\/span> <a href=\"https:\/\/www.schachbezirk-mittelbaden.de\/wp\/?p=13579\" rel=\"bookmark\">OSG Baden-Baden ist Rekordmeister der Schachbundesliga<\/a> <span class=\"comments-number\">(0)<\/span><\/li><li><span class=\"day\">03:<\/span> <a href=\"https:\/\/www.schachbezirk-mittelbaden.de\/wp\/?p=13575\" rel=\"bookmark\">\u00e2\u20ac\u017eM\u00c3\u00a4rchenonkel\u00e2\u20ac\u0153 erz\u00c3\u00a4hlt gerne von Tantalusqualen<\/a> <span class=\"comments-number\">(0)<\/span><\/li><li><span class=\"day\">01:<\/span> <a href=\"https:\/\/www.schachbezirk-mittelbaden.de\/wp\/?p=13570\" rel=\"bookmark\">Ergebnisse Einzelpokal der Saison 2018\/19<\/a> <span class=\"comments-number\">(0)<\/span><\/li><\/ul><h2 class=\"month-year\"><a href=\"https:\/\/www.schachbezirk-mittelbaden.de\/wp\/?m=201903\">M\u00e4rz 2019<\/a><\/h2><ul><li><span class=\"day\">20:<\/span> <a href=\"https:\/\/www.schachbezirk-mittelbaden.de\/wp\/?p=13562\" rel=\"bookmark\">Freiwilliges Soziales Jahr im Schach bei der OSG Baden-Baden<\/a> <span class=\"comments-number\">(0)<\/span><\/li><li><span class=\"day\">19:<\/span> <a href=\"https:\/\/www.schachbezirk-mittelbaden.de\/wp\/?p=13555\" rel=\"bookmark\">Achertalpokal: Der vierte Streich<\/a> <span class=\"comments-number\">(0)<\/span><\/li><li><span class=\"day\">18:<\/span> <a href=\"https:\/\/www.schachbezirk-mittelbaden.de\/wp\/?p=13552\" rel=\"bookmark\">Simultan mit Helmut Pfleger zum Jubil\u00c3\u00a4um<\/a> <span class=\"comments-number\">(0)<\/span><\/li><li><span class=\"day\">14:<\/span> <a href=\"https:\/\/www.schachbezirk-mittelbaden.de\/wp\/?p=13546\" rel=\"bookmark\">Schachprojekt 8000plus<\/a> <span class=\"comments-number\">(0)<\/span><\/li><li class=\"day-duplicate\"><span class=\"day\">14:<\/span> <a href=\"https:\/\/www.schachbezirk-mittelbaden.de\/wp\/?p=13544\" rel=\"bookmark\">Monatsblitz des SC \u00c3\u2013tigheim<\/a> <span class=\"comments-number\">(0)<\/span><\/li><li><span class=\"day\">09:<\/span> <a href=\"https:\/\/www.schachbezirk-mittelbaden.de\/wp\/?p=13539\" rel=\"bookmark\">Erfolgreiche Teilnahme des Beisitzers beim 50. Ankerturnier<\/a> <span class=\"comments-number\">(0)<\/span><\/li><li><span class=\"day\">08:<\/span> <a href=\"https:\/\/www.schachbezirk-mittelbaden.de\/wp\/?p=13530\" rel=\"bookmark\">GRENKE Chess Classic mit Weltmeister Magnus Carlsen<\/a> <span class=\"comments-number\">(0)<\/span><\/li><\/ul><h2 class=\"month-year\"><a href=\"https:\/\/www.schachbezirk-mittelbaden.de\/wp\/?m=201902\">Februar 2019<\/a><\/h2><ul><li><span class=\"day\">20:<\/span> <a href=\"https:\/\/www.schachbezirk-mittelbaden.de\/wp\/?p=13527\" rel=\"bookmark\">2. K\u00c3\u00b6dem Weltmeisterschaft in \u00c3\u2013tigheim<\/a> <span class=\"comments-number\">(0)<\/span><\/li><li><span class=\"day\">12:<\/span> <a href=\"https:\/\/www.schachbezirk-mittelbaden.de\/wp\/?p=13518\" rel=\"bookmark\">BSV startet Mitgliederoffensive<\/a> <span class=\"comments-number\">(1)<\/span><\/li><li><span class=\"day\">05:<\/span> <a href=\"https:\/\/www.schachbezirk-mittelbaden.de\/wp\/?p=13513\" rel=\"bookmark\">Ergebnisse Mittelbadische Schulschachmeisterschaften 2019<\/a> <span class=\"comments-number\">(0)<\/span><\/li><\/ul><h2 class=\"month-year\"><a href=\"https:\/\/www.schachbezirk-mittelbaden.de\/wp\/?m=201901\">Januar 2019<\/a><\/h2><ul><li><span class=\"day\">31:<\/span> <a href=\"https:\/\/www.schachbezirk-mittelbaden.de\/wp\/?p=13509\" rel=\"bookmark\">Turnierdeb\u00c3\u00bct mit 70 Jahren<\/a> <span class=\"comments-number\">(0)<\/span><\/li><li><span class=\"day\">26:<\/span> <a href=\"https:\/\/www.schachbezirk-mittelbaden.de\/wp\/?p=13499\" rel=\"bookmark\">Chessfestival-Turnierreihe Baden-Baden<\/a> <span class=\"comments-number\">(0)<\/span><\/li><li><span class=\"day\">19:<\/span> <a href=\"https:\/\/www.schachbezirk-mittelbaden.de\/wp\/?p=13495\" rel=\"bookmark\">Auslosung Finale Mannschafts- und Einzelpokal<\/a> <span class=\"comments-number\">(0)<\/span><\/li><li><span class=\"day\">12:<\/span> <a href=\"https:\/\/www.schachbezirk-mittelbaden.de\/wp\/?p=13489\" rel=\"bookmark\">Bruno Reck erh\u00c3\u00a4lt Landesehrennadel<\/a> <span class=\"comments-number\">(0)<\/span><\/li><li><span class=\"day\">11:<\/span> <a href=\"https:\/\/www.schachbezirk-mittelbaden.de\/wp\/?p=13486\" rel=\"bookmark\">Rolf Schlindwein neuer Jugendkoordinator der OSG Baden-Baden<\/a> <span class=\"comments-number\">(0)<\/span><\/li><li><span class=\"day\">10:<\/span> <a href=\"https:\/\/www.schachbezirk-mittelbaden.de\/wp\/?p=13483\" rel=\"bookmark\">Einladung Achertalpokal 2019<\/a> <span class=\"comments-number\">(0)<\/span><\/li><li><span class=\"day\">07:<\/span> <a href=\"https:\/\/www.schachbezirk-mittelbaden.de\/wp\/?p=13478\" rel=\"bookmark\">Die neuen Badischen Jugendmeister sind da!<\/a> <span class=\"comments-number\">(0)<\/span><\/li><li><span class=\"day\">02:<\/span> <a href=\"https:\/\/www.schachbezirk-mittelbaden.de\/wp\/?p=13473\" rel=\"bookmark\">OSG U14-M\u00c3\u00a4dchen sind Deutscher Meister!<\/a> <span class=\"comments-number\">(0)<\/span><\/li><\/ul><h2 class=\"month-year\"><a href=\"https:\/\/www.schachbezirk-mittelbaden.de\/wp\/?m=201812\">Dezember 2018<\/a><\/h2><ul><li><span class=\"day\">30:<\/span> <a href=\"https:\/\/www.schachbezirk-mittelbaden.de\/wp\/?p=13470\" rel=\"bookmark\">Ergebnisse Einzelpokal Halbfinale<\/a> <span class=\"comments-number\">(0)<\/span><\/li><li><span class=\"day\">23:<\/span> <a href=\"https:\/\/www.schachbezirk-mittelbaden.de\/wp\/?p=13467\" rel=\"bookmark\">Trauer um Werner Schlager<\/a> <span class=\"comments-number\">(0)<\/span><\/li><li class=\"day-duplicate\"><span class=\"day\">23:<\/span> <a href=\"https:\/\/www.schachbezirk-mittelbaden.de\/wp\/?p=13465\" rel=\"bookmark\">Neues Spiellokal der Schachfreunde Sasbach<\/a> <span class=\"comments-number\">(0)<\/span><\/li><li><span class=\"day\">16:<\/span> <a href=\"https:\/\/www.schachbezirk-mittelbaden.de\/wp\/?p=13457\" rel=\"bookmark\">U12-Mannschaftsmeisterschaften<\/a> <span class=\"comments-number\">(0)<\/span><\/li><li class=\"day-duplicate\"><span class=\"day\">16:<\/span> <a href=\"https:\/\/www.schachbezirk-mittelbaden.de\/wp\/?p=13454\" rel=\"bookmark\">Seniorenrunde 50+<\/a> <span class=\"comments-number\">(0)<\/span><\/li><li><span class=\"day\">09:<\/span> <a href=\"https:\/\/www.schachbezirk-mittelbaden.de\/wp\/?p=13450\" rel=\"bookmark\">Konstiantyn Peliavin gewinnt Nikolauspokal<\/a> <span class=\"comments-number\">(0)<\/span><\/li><li><span class=\"day\">05:<\/span> <a href=\"https:\/\/www.schachbezirk-mittelbaden.de\/wp\/?p=13448\" rel=\"bookmark\">Reminder: 3. Helmut Reefschl\u00c3\u00a4ger Ged\u00c3\u00a4chtnisturnier<\/a> <span class=\"comments-number\">(0)<\/span><\/li><li><span class=\"day\">04:<\/span> <a href=\"https:\/\/www.schachbezirk-mittelbaden.de\/wp\/?p=13444\" rel=\"bookmark\">Einladung des Schachzentrums zum Nikolauspokal<\/a> <span class=\"comments-number\">(0)<\/span><\/li><li class=\"day-duplicate\"><span class=\"day\">04:<\/span> <a href=\"https:\/\/www.schachbezirk-mittelbaden.de\/wp\/?p=13442\" rel=\"bookmark\">U12-Mannschaftsmeisterschaften am 15.12.2018<\/a> <span class=\"comments-number\">(0)<\/span><\/li><li><span class=\"day\">03:<\/span> <a href=\"https:\/\/www.schachbezirk-mittelbaden.de\/wp\/?p=13439\" rel=\"bookmark\">Ausschreibung Schulschachmeisterschaften 2019<\/a> <span class=\"comments-number\">(0)<\/span><\/li><li><span class=\"day\">02:<\/span> <a href=\"https:\/\/www.schachbezirk-mittelbaden.de\/wp\/?p=13437\" rel=\"bookmark\">Auslosung Mannschaftspokal Halbfinale<\/a> <span class=\"comments-number\">(0)<\/span><\/li><\/ul><h2 class=\"month-year\"><a href=\"https:\/\/www.schachbezirk-mittelbaden.de\/wp\/?m=201811\">November 2018<\/a><\/h2><ul><li><span class=\"day\">27:<\/span> <a href=\"https:\/\/www.schachbezirk-mittelbaden.de\/wp\/?p=13433\" rel=\"bookmark\">Einzelpokal Ergebnisse Viertelfinale und Auslosung Halbfinale<\/a> <span class=\"comments-number\">(0)<\/span><\/li><li class=\"day-duplicate\"><span class=\"day\">27:<\/span> <a href=\"https:\/\/www.schachbezirk-mittelbaden.de\/wp\/?p=13431\" rel=\"bookmark\">Monatsblitz in \u00c3\u2013tigheim<\/a> <span class=\"comments-number\">(0)<\/span><\/li><li class=\"day-duplicate\"><span class=\"day\">27:<\/span> <a href=\"https:\/\/www.schachbezirk-mittelbaden.de\/wp\/?p=13428\" rel=\"bookmark\">Mittelbadische Seniorenmannschaftsmeisterschaften<\/a> <span class=\"comments-number\">(0)<\/span><\/li><li><span class=\"day\">25:<\/span> <a href=\"https:\/\/www.schachbezirk-mittelbaden.de\/wp\/?p=13426\" rel=\"bookmark\">Sasbach ist neuer U16-Bezirksmeister!<\/a> <span class=\"comments-number\">(0)<\/span><\/li><li><span class=\"day\">23:<\/span> <a href=\"https:\/\/www.schachbezirk-mittelbaden.de\/wp\/?p=13422\" rel=\"bookmark\">Vier Teams k\u00c3\u00a4mpfen um ihre wei\u00c3\u0178e Weste in der SBL<\/a> <span class=\"comments-number\">(0)<\/span><\/li><li><span class=\"day\">13:<\/span> <a href=\"https:\/\/www.schachbezirk-mittelbaden.de\/wp\/?p=13405\" rel=\"bookmark\">Jugendeinzelmeisterschaften<\/a> <span class=\"comments-number\">(0)<\/span><\/li><li class=\"day-duplicate\"><span class=\"day\">13:<\/span> <a href=\"https:\/\/www.schachbezirk-mittelbaden.de\/wp\/?p=13403\" rel=\"bookmark\">Einzelpokal in \u00c3\u2013tigheim: \u00c3\u201enderung des Spiellokals<\/a> <span class=\"comments-number\">(0)<\/span><\/li><li class=\"day-duplicate\"><span class=\"day\">13:<\/span> <a href=\"https:\/\/www.schachbezirk-mittelbaden.de\/wp\/?p=13399\" rel=\"bookmark\">Nachruf auf Albert Oberle<\/a> <span class=\"comments-number\">(0)<\/span><\/li><li><span class=\"day\">03:<\/span> <a href=\"https:\/\/www.schachbezirk-mittelbaden.de\/wp\/?p=13394\" rel=\"bookmark\">Auslosung Einzelpokal und Mannschaftspokal<\/a> <span class=\"comments-number\">(0)<\/span><\/li><li><span class=\"day\">01:<\/span> <a href=\"https:\/\/www.schachbezirk-mittelbaden.de\/wp\/?p=13392\" rel=\"bookmark\">Ergebnisse Einzelpokal Zwischenrunde<\/a> <span class=\"comments-number\">(0)<\/span><\/li><\/ul><h2 class=\"month-year\"><a href=\"https:\/\/www.schachbezirk-mittelbaden.de\/wp\/?m=201810\">Oktober 2018<\/a><\/h2><ul><li><span class=\"day\">29:<\/span> <a href=\"https:\/\/www.schachbezirk-mittelbaden.de\/wp\/?p=13390\" rel=\"bookmark\">SK \u00c3\u2013tigheim l\u00c3\u00a4dt zum Schnellschach Monatsturnier<\/a> <span class=\"comments-number\">(0)<\/span><\/li><li><span class=\"day\">17:<\/span> <a href=\"https:\/\/www.schachbezirk-mittelbaden.de\/wp\/?p=13323\" rel=\"bookmark\">Reminder Jugendmannschaftsmeisterschaften 2018<\/a> <span class=\"comments-number\">(0)<\/span><\/li><li><span class=\"day\">16:<\/span> <a href=\"https:\/\/www.schachbezirk-mittelbaden.de\/wp\/?p=13386\" rel=\"bookmark\">K\u00c3\u00b6dem-Open 2018 am Samstag, 20. Oktober 2018<\/a> <span class=\"comments-number\">(0)<\/span><\/li><li class=\"day-duplicate\"><span class=\"day\">16:<\/span> <a href=\"https:\/\/www.schachbezirk-mittelbaden.de\/wp\/?p=13384\" rel=\"bookmark\">\u00c3\u2013tigheimer Monatsblitz<\/a> <span class=\"comments-number\">(0)<\/span><\/li><li><span class=\"day\">12:<\/span> <a href=\"https:\/\/www.schachbezirk-mittelbaden.de\/wp\/?p=13376\" rel=\"bookmark\">Jugend-Quartalsturnier am 17.\/18.11.2018<\/a> <span class=\"comments-number\">(0)<\/span><\/li><li><span class=\"day\">07:<\/span> <a href=\"https:\/\/www.schachbezirk-mittelbaden.de\/wp\/?p=13374\" rel=\"bookmark\">Badische Blitzmeisterschaften 2019<\/a> <span class=\"comments-number\">(0)<\/span><\/li><li class=\"day-duplicate\"><span class=\"day\">07:<\/span> <a href=\"https:\/\/www.schachbezirk-mittelbaden.de\/wp\/?p=13371\" rel=\"bookmark\">Start der Bezirks-Rundenturniere<\/a> <span class=\"comments-number\">(0)<\/span><\/li><li><span class=\"day\">06:<\/span> <a href=\"https:\/\/www.schachbezirk-mittelbaden.de\/wp\/?p=13361\" rel=\"bookmark\">Rochade Kuppenheim und Thilo Ehmann sind neue Blitzmeister<\/a> <span class=\"comments-number\">(0)<\/span><\/li><\/ul><h2 class=\"month-year\"><a href=\"https:\/\/www.schachbezirk-mittelbaden.de\/wp\/?m=201809\">September 2018<\/a><\/h2><ul><li><span class=\"day\">29:<\/span> <a href=\"https:\/\/www.schachbezirk-mittelbaden.de\/wp\/?p=13354\" rel=\"bookmark\">Auslosung Mannschaftspokal<\/a> <span class=\"comments-number\">(0)<\/span><\/li><li class=\"day-duplicate\"><span class=\"day\">29:<\/span> <a href=\"https:\/\/www.schachbezirk-mittelbaden.de\/wp\/?p=13351\" rel=\"bookmark\">Einzelpokal 2. Teil Runde 1 in \u00c3\u2013tigheim<\/a> <span class=\"comments-number\">(0)<\/span><\/li><li><span class=\"day\">24:<\/span> <a href=\"https:\/\/www.schachbezirk-mittelbaden.de\/wp\/?p=13347\" rel=\"bookmark\">Einladung Mittelbadische Blitzmannschafts- und Einzelmeisterschaften<\/a> <span class=\"comments-number\">(0)<\/span><\/li><li><span class=\"day\">23:<\/span> <a href=\"https:\/\/www.schachbezirk-mittelbaden.de\/wp\/?p=13344\" rel=\"bookmark\">1. Runde Bezirks-Einzelpokal 2018\/19<\/a> <span class=\"comments-number\">(0)<\/span><\/li><li><span class=\"day\">20:<\/span> <a href=\"https:\/\/www.schachbezirk-mittelbaden.de\/wp\/?p=13339\" rel=\"bookmark\">Ausschreibung Mittelbadische Jugendeinzelmeisterschaften 2018<\/a> <span class=\"comments-number\">(0)<\/span><\/li><li class=\"day-duplicate\"><span class=\"day\">20:<\/span> <a href=\"https:\/\/www.schachbezirk-mittelbaden.de\/wp\/?p=13337\" rel=\"bookmark\">Ab sofort jeden Monat: Blitzturnier in \u00c3\u2013tigheim<\/a> <span class=\"comments-number\">(0)<\/span><\/li><li><span class=\"day\">15:<\/span> <a href=\"https:\/\/www.schachbezirk-mittelbaden.de\/wp\/?p=13330\" rel=\"bookmark\">Einladung zum Runden Tisch Schulschach<\/a> <span class=\"comments-number\">(0)<\/span><\/li><li><span class=\"day\">05:<\/span> <a href=\"https:\/\/www.schachbezirk-mittelbaden.de\/wp\/?p=13317\" rel=\"bookmark\">Ausschreibung Mannschafts- und Einzelpokal 2018\/19<\/a> <span class=\"comments-number\">(1)<\/span><\/li><li><span class=\"day\">02:<\/span> <a href=\"https:\/\/www.schachbezirk-mittelbaden.de\/wp\/?p=13309\" rel=\"bookmark\">Knapper Erfolg f\u00c3\u00bcr Max Scherer<\/a> <span class=\"comments-number\">(0)<\/span><\/li><\/ul><h2 class=\"month-year\"><a href=\"https:\/\/www.schachbezirk-mittelbaden.de\/wp\/?m=201808\">August 2018<\/a><\/h2><ul><li><span class=\"day\">23:<\/span> <a href=\"https:\/\/www.schachbezirk-mittelbaden.de\/wp\/?p=13302\" rel=\"bookmark\">Grillspa\u00c3\u0178 und Schachspiel f\u00c3\u00bcr Gro\u00c3\u0178 und Klein,<\/a> <span class=\"comments-number\">(0)<\/span><\/li><li><span class=\"day\">21:<\/span> <a href=\"https:\/\/www.schachbezirk-mittelbaden.de\/wp\/?p=13295\" rel=\"bookmark\">Raphael Zimmer wird \u00e2\u20ac\u017eTopplayer\u00e2\u20ac\u0153 IPCA  in der U20<\/a> <span class=\"comments-number\">(0)<\/span><\/li><li><span class=\"day\">16:<\/span> <a href=\"https:\/\/www.schachbezirk-mittelbaden.de\/wp\/?p=13291\" rel=\"bookmark\">Trauer um Lorenz Drabke<\/a> <span class=\"comments-number\">(0)<\/span><\/li><li><span class=\"day\">09:<\/span> <a href=\"https:\/\/www.schachbezirk-mittelbaden.de\/wp\/?p=13280\" rel=\"bookmark\">1.MIX-MARKT-Turnier in Rastatt<\/a> <span class=\"comments-number\">(0)<\/span><\/li><li><span class=\"day\">06:<\/span> <a href=\"https:\/\/www.schachbezirk-mittelbaden.de\/wp\/?p=13241\" rel=\"bookmark\">Frankreich ist Weltmeister \u00e2\u20ac\u201c und Vizeweltmeister<\/a> <span class=\"comments-number\">(0)<\/span><\/li><li class=\"day-duplicate\"><span class=\"day\">06:<\/span> <a href=\"https:\/\/www.schachbezirk-mittelbaden.de\/wp\/?p=13262\" rel=\"bookmark\">Offene Mittelbadische Senioren-Jungsenioren-Schnellschach-Meisterschaft<\/a> <span class=\"comments-number\">(0)<\/span><\/li><\/ul><h2 class=\"month-year\"><a href=\"https:\/\/www.schachbezirk-mittelbaden.de\/wp\/?m=201807\">Juli 2018<\/a><\/h2><ul><li><span class=\"day\">31:<\/span> <a href=\"https:\/\/www.schachbezirk-mittelbaden.de\/wp\/?p=13237\" rel=\"bookmark\">Spiel, Schach und Sieg in Baden-Baden<\/a> <span class=\"comments-number\">(0)<\/span><\/li><li class=\"day-duplicate\"><span class=\"day\">31:<\/span> <a href=\"https:\/\/www.schachbezirk-mittelbaden.de\/wp\/?p=13235\" rel=\"bookmark\">2. Quartalsturnier 2018<\/a> <span class=\"comments-number\">(0)<\/span><\/li><li><span class=\"day\">25:<\/span> <a href=\"https:\/\/www.schachbezirk-mittelbaden.de\/wp\/?p=13231\" rel=\"bookmark\">Badische Einzelmeisterschaften 2018 in Sasbach<\/a> <span class=\"comments-number\">(0)<\/span><\/li><li><span class=\"day\">13:<\/span> <a href=\"https:\/\/www.schachbezirk-mittelbaden.de\/wp\/?p=13224\" rel=\"bookmark\">Bezirksversammlung 2018<\/a> <span class=\"comments-number\">(0)<\/span><\/li><li class=\"day-duplicate\"><span class=\"day\">13:<\/span> <a href=\"https:\/\/www.schachbezirk-mittelbaden.de\/wp\/?p=13222\" rel=\"bookmark\">Vorstandsitzung des Schachbezirk Mittelbaden e. V.<\/a> <span class=\"comments-number\">(0)<\/span><\/li><li><span class=\"day\">08:<\/span> <a href=\"https:\/\/www.schachbezirk-mittelbaden.de\/wp\/?p=13198\" rel=\"bookmark\">Nachruf Erich Renschler<\/a> <span class=\"comments-number\">(0)<\/span><\/li><\/ul><h2 class=\"month-year\"><a href=\"https:\/\/www.schachbezirk-mittelbaden.de\/wp\/?m=201806\">Juni 2018<\/a><\/h2><ul><li><span class=\"day\">18:<\/span> <a href=\"https:\/\/www.schachbezirk-mittelbaden.de\/wp\/?p=13188\" rel=\"bookmark\">Gernsbacher, Ottenauer und Karlsruher r\u00c3\u00a4umen ab<\/a> <span class=\"comments-number\">(0)<\/span><\/li><li><span class=\"day\">11:<\/span> <a href=\"https:\/\/www.schachbezirk-mittelbaden.de\/wp\/?p=13170\" rel=\"bookmark\">Ruff holt den Titel erneut nach Sasbach<\/a> <span class=\"comments-number\">(0)<\/span><\/li><li class=\"day-duplicate\"><span class=\"day\">11:<\/span> <a href=\"https:\/\/www.schachbezirk-mittelbaden.de\/wp\/?p=13177\" rel=\"bookmark\">Einladung zur Bezirksversammlung 2018<\/a> <span class=\"comments-number\">(0)<\/span><\/li><li><span class=\"day\">09:<\/span> <a href=\"https:\/\/www.schachbezirk-mittelbaden.de\/wp\/?p=13162\" rel=\"bookmark\">BTL-Rundschreiben zum Saisonwechsel<\/a> <span class=\"comments-number\">(0)<\/span><\/li><li><span class=\"day\">06:<\/span> <a href=\"https:\/\/www.schachbezirk-mittelbaden.de\/wp\/?p=13158\" rel=\"bookmark\">Vorstandsitzung des Schachbezirk Mittelbaden e. V.<\/a> <span class=\"comments-number\">(0)<\/span><\/li><li class=\"day-duplicate\"><span class=\"day\">06:<\/span> <a href=\"https:\/\/www.schachbezirk-mittelbaden.de\/wp\/?p=13151\" rel=\"bookmark\">Trauer um Dr. Hermann R\u00c3\u00bcckleben<\/a> <span class=\"comments-number\">(0)<\/span><\/li><li><span class=\"day\">05:<\/span> <a href=\"https:\/\/www.schachbezirk-mittelbaden.de\/wp\/?p=13148\" rel=\"bookmark\">Bezirksschnellschachmeisterschaft am Freitag<\/a> <span class=\"comments-number\">(0)<\/span><\/li><li class=\"day-duplicate\"><span class=\"day\">05:<\/span> <a href=\"https:\/\/www.schachbezirk-mittelbaden.de\/wp\/?p=13144\" rel=\"bookmark\">Einladung zum Ba-W\u00c3\u00bc Schulschachpokal 2018<\/a> <span class=\"comments-number\">(0)<\/span><\/li><\/ul><h2 class=\"month-year\"><a href=\"https:\/\/www.schachbezirk-mittelbaden.de\/wp\/?m=201805\">Mai 2018<\/a><\/h2><ul><li><span class=\"day\">31:<\/span> <a href=\"https:\/\/www.schachbezirk-mittelbaden.de\/wp\/?p=13134\" rel=\"bookmark\">Nikolaus Sentef als Trainer des Jahres ausgezeichnet<\/a> <span class=\"comments-number\">(0)<\/span><\/li><li><span class=\"day\">22:<\/span> <a href=\"https:\/\/www.schachbezirk-mittelbaden.de\/wp\/?p=13115\" rel=\"bookmark\">Stichkampf \u00e2\u20ac\u017eDeutscher Mannschaftsmeister 2018\u00e2\u20ac\u0153<\/a> <span class=\"comments-number\">(0)<\/span><\/li><li><span class=\"day\">15:<\/span> <a href=\"https:\/\/www.schachbezirk-mittelbaden.de\/wp\/?p=13123\" rel=\"bookmark\">Bezirks-Einzelschnellschach-Meisterschaft 2018<\/a> <span class=\"comments-number\">(0)<\/span><\/li><li><span class=\"day\">14:<\/span> <a href=\"https:\/\/www.schachbezirk-mittelbaden.de\/wp\/?p=13119\" rel=\"bookmark\">Jugendturnier der Rochade am 16. Juni<\/a> <span class=\"comments-number\">(0)<\/span><\/li><li><span class=\"day\">07:<\/span> <a href=\"https:\/\/www.schachbezirk-mittelbaden.de\/wp\/?p=13113\" rel=\"bookmark\">Abschlussbericht aus Berlin<\/a> <span class=\"comments-number\">(0)<\/span><\/li><li><span class=\"day\">05:<\/span> <a href=\"https:\/\/www.schachbezirk-mittelbaden.de\/wp\/?p=13111\" rel=\"bookmark\">Endspurt in Berlin<\/a> <span class=\"comments-number\">(0)<\/span><\/li><li><span class=\"day\">03:<\/span> <a href=\"https:\/\/www.schachbezirk-mittelbaden.de\/wp\/?p=13104\" rel=\"bookmark\">Goethe Gymnasium Gaggenau schl\u00c3\u00a4gt sich gut in Berlin<\/a> <span class=\"comments-number\">(0)<\/span><\/li><\/ul><h2 class=\"month-year\"><a href=\"https:\/\/www.schachbezirk-mittelbaden.de\/wp\/?m=201804\">April 2018<\/a><\/h2><ul><li><span class=\"day\">21:<\/span> <a href=\"https:\/\/www.schachbezirk-mittelbaden.de\/wp\/?p=11892\" rel=\"bookmark\">Verbandsrunde 2017\/18<\/a> <span class=\"comments-number\">(0)<\/span><\/li><li><span class=\"day\">13:<\/span> <a href=\"https:\/\/www.schachbezirk-mittelbaden.de\/wp\/?p=13098\" rel=\"bookmark\">Beliebte Simultans mit Jean-Luc Roos<\/a> <span class=\"comments-number\">(0)<\/span><\/li><li><span class=\"day\">02:<\/span> <a href=\"https:\/\/www.schachbezirk-mittelbaden.de\/wp\/?p=13094\" rel=\"bookmark\">Der 13-j\u00c3\u00a4hrige Vincent Keymer gewinnt sensationell das GRENKE Chess Open<\/a> <span class=\"comments-number\">(0)<\/span><\/li><\/ul><h2 class=\"month-year\"><a href=\"https:\/\/www.schachbezirk-mittelbaden.de\/wp\/?m=201803\">M\u00e4rz 2018<\/a><\/h2><ul><li><span class=\"day\">30:<\/span> <a href=\"https:\/\/www.schachbezirk-mittelbaden.de\/wp\/?p=13089\" rel=\"bookmark\">GRENKE Chess Open startet mit fast 1500 Teilnehmern<\/a> <span class=\"comments-number\">(0)<\/span><\/li><li><span class=\"day\">22:<\/span> <a href=\"https:\/\/www.schachbezirk-mittelbaden.de\/wp\/?p=13078\" rel=\"bookmark\">Beim siebten Anlauf hat es endlich geklappt<\/a> <span class=\"comments-number\">(0)<\/span><\/li><\/ul><h2 class=\"month-year\"><a href=\"https:\/\/www.schachbezirk-mittelbaden.de\/wp\/?m=201802\">Februar 2018<\/a><\/h2><ul><li><span class=\"day\">27:<\/span> <a href=\"https:\/\/www.schachbezirk-mittelbaden.de\/wp\/?p=13068\" rel=\"bookmark\">Meldeschluss: Badische Jugend-Mannschaftsmeisterschaft<\/a> <span class=\"comments-number\">(0)<\/span><\/li><li><span class=\"day\">25:<\/span> <a href=\"https:\/\/www.schachbezirk-mittelbaden.de\/wp\/?p=13065\" rel=\"bookmark\">Metz verliert Pokal in Verl\u00c3\u00a4ngerung<\/a> <span class=\"comments-number\">(0)<\/span><\/li><li><span class=\"day\">21:<\/span> <a href=\"https:\/\/www.schachbezirk-mittelbaden.de\/wp\/?p=13058\" rel=\"bookmark\">GRENKE Chess Classic mit Weltmeister Magnus Carlsen<\/a> <span class=\"comments-number\">(0)<\/span><\/li><li><span class=\"day\">13:<\/span> <a href=\"https:\/\/www.schachbezirk-mittelbaden.de\/wp\/?p=13052\" rel=\"bookmark\">2:2 reicht Rochade f\u00c3\u00bcr Pokal-Sieg<\/a> <span class=\"comments-number\">(0)<\/span><\/li><li><span class=\"day\">06:<\/span> <a href=\"https:\/\/www.schachbezirk-mittelbaden.de\/wp\/?p=13042\" rel=\"bookmark\">Ergebnisse Bezirks-Schulschach-Meisterschaften<\/a> <span class=\"comments-number\">(0)<\/span><\/li><li><span class=\"day\">05:<\/span> <a href=\"https:\/\/www.schachbezirk-mittelbaden.de\/wp\/?p=13039\" rel=\"bookmark\">Mittelbadischer Einzelpokal 2017\/18 &#8211; Finalpaarungen<\/a> <span class=\"comments-number\">(0)<\/span><\/li><\/ul><h2 class=\"month-year\"><a href=\"https:\/\/www.schachbezirk-mittelbaden.de\/wp\/?m=201801\">Januar 2018<\/a><\/h2><ul><li><span class=\"day\">20:<\/span> <a href=\"https:\/\/www.schachbezirk-mittelbaden.de\/wp\/?p=13028\" rel=\"bookmark\">Pokalwettbewerbe Mittelbaden<\/a> <span class=\"comments-number\">(0)<\/span><\/li><li><span class=\"day\">18:<\/span> <a href=\"https:\/\/www.schachbezirk-mittelbaden.de\/wp\/?p=13025\" rel=\"bookmark\">GRENKE Chess Open: Das gr\u00c3\u00b6\u00c3\u0178te offene Schachturnier Europas \u00c3\u00bcber Ostern in Karlsruhe<\/a> <span class=\"comments-number\">(0)<\/span><\/li><li><span class=\"day\">12:<\/span> <a href=\"https:\/\/www.schachbezirk-mittelbaden.de\/wp\/?p=13019\" rel=\"bookmark\">Einladung zum Achertalpokal 2018<\/a> <span class=\"comments-number\">(0)<\/span><\/li><li><span class=\"day\">08:<\/span> <a href=\"https:\/\/www.schachbezirk-mittelbaden.de\/wp\/?p=13014\" rel=\"bookmark\">Mannschaftsmeldungen Senioren-meisterschaft 2017\/2018<\/a> <span class=\"comments-number\">(0)<\/span><\/li><li><span class=\"day\">07:<\/span> <a href=\"https:\/\/www.schachbezirk-mittelbaden.de\/wp\/?p=13011\" rel=\"bookmark\">F\u00c3\u00bcnf Badische Meister aus Mittelbaden!<\/a> <span class=\"comments-number\">(0)<\/span><\/li><li><span class=\"day\">01:<\/span> <a href=\"https:\/\/www.schachbezirk-mittelbaden.de\/wp\/?p=13009\" rel=\"bookmark\">Deutsche Mannschaftsmeisterschaften 2017<\/a> <span class=\"comments-number\">(0)<\/span><\/li><\/ul><h2 class=\"month-year\"><a href=\"https:\/\/www.schachbezirk-mittelbaden.de\/wp\/?m=201712\">Dezember 2017<\/a><\/h2><ul><li><span class=\"day\">11:<\/span> <a href=\"https:\/\/www.schachbezirk-mittelbaden.de\/wp\/?p=13005\" rel=\"bookmark\">Mittelbaden\/ Freipl\u00c3\u00a4tze DJEM 2018<\/a> <span class=\"comments-number\">(0)<\/span><\/li><li><span class=\"day\">10:<\/span> <a href=\"https:\/\/www.schachbezirk-mittelbaden.de\/wp\/?p=13001\" rel=\"bookmark\">Mittelbad. Einzelpokal 2017\/18 &#8211; Auslosung Halbfinale<\/a> <span class=\"comments-number\">(0)<\/span><\/li><\/ul><h2 class=\"month-year\"><a href=\"https:\/\/www.schachbezirk-mittelbaden.de\/wp\/?m=201711\">November 2017<\/a><\/h2><ul><li><span class=\"day\">30:<\/span> <a href=\"https:\/\/www.schachbezirk-mittelbaden.de\/wp\/?p=12995\" rel=\"bookmark\">Schachvortrag: beschleunigter Drache!<\/a> <span class=\"comments-number\">(0)<\/span><\/li><li class=\"day-duplicate\"><span class=\"day\">30:<\/span> <a href=\"https:\/\/www.schachbezirk-mittelbaden.de\/wp\/?p=12988\" rel=\"bookmark\">2. Lichtentaler Winter-Open NEWS: Vereine profitieren<\/a> <span class=\"comments-number\">(0)<\/span><\/li><li><span class=\"day\">25:<\/span> <a href=\"https:\/\/www.schachbezirk-mittelbaden.de\/wp\/?p=12974\" rel=\"bookmark\">Endst\u00c3\u00a4nde Jugendeinzelmeisterschaften<\/a> <span class=\"comments-number\">(0)<\/span><\/li><li><span class=\"day\">24:<\/span> <a href=\"https:\/\/www.schachbezirk-mittelbaden.de\/wp\/?p=12971\" rel=\"bookmark\">Mannschaftspokal Halbfinale 2017\/18<\/a> <span class=\"comments-number\">(0)<\/span><\/li><li><span class=\"day\">21:<\/span> <a href=\"https:\/\/www.schachbezirk-mittelbaden.de\/wp\/?p=12964\" rel=\"bookmark\">Jugendeinzelmeisterschaften in Vorbereitung<\/a> <span class=\"comments-number\">(0)<\/span><\/li><li><span class=\"day\">20:<\/span> <a href=\"https:\/\/www.schachbezirk-mittelbaden.de\/wp\/?p=12957\" rel=\"bookmark\">Pokal-&#8218;Gro\u00c3\u0178kampftag&#8216; in H\u00c3\u00b6rden<\/a> <span class=\"comments-number\">(0)<\/span><\/li><li><span class=\"day\">11:<\/span> <a href=\"https:\/\/www.schachbezirk-mittelbaden.de\/wp\/?p=12953\" rel=\"bookmark\">Mittelbadischer Einzelpokal 17\/18 &#8211; Viertelfinalauslosung<\/a> <span class=\"comments-number\">(0)<\/span><\/li><li><span class=\"day\">10:<\/span> <a href=\"https:\/\/www.schachbezirk-mittelbaden.de\/wp\/?p=12947\" rel=\"bookmark\">Schachfreunde Lichtental laden zum Winter-Open ein!<\/a> <span class=\"comments-number\">(1)<\/span><\/li><li><span class=\"day\">06:<\/span> <a href=\"https:\/\/www.schachbezirk-mittelbaden.de\/wp\/?p=12943\" rel=\"bookmark\">Ausschreibung Schulschachmeisterschaften 2018<\/a> <span class=\"comments-number\">(0)<\/span><\/li><li><span class=\"day\">01:<\/span> <a href=\"https:\/\/www.schachbezirk-mittelbaden.de\/wp\/?p=12938\" rel=\"bookmark\">Nikolaus Sentef gewinnt Hallo-Wien-Blitzturnier<\/a> <span class=\"comments-number\">(0)<\/span><\/li><\/ul><h2 class=\"month-year\"><a href=\"https:\/\/www.schachbezirk-mittelbaden.de\/wp\/?m=201710\">Oktober 2017<\/a><\/h2><ul><li><span class=\"day\">31:<\/span> <a href=\"https:\/\/www.schachbezirk-mittelbaden.de\/wp\/?p=12894\" rel=\"bookmark\">Zweites Gedenkturnier f\u00c3\u00bcr \u00e2\u20ac\u017eReefi\u00e2\u20ac\u0153 am 11.11.<\/a> <span class=\"comments-number\">(0)<\/span><\/li><li><span class=\"day\">30:<\/span> <a href=\"https:\/\/www.schachbezirk-mittelbaden.de\/wp\/?p=12935\" rel=\"bookmark\">Auslosung Viertelfinale Miba Mannschaftspokal 2017\/18<\/a> <span class=\"comments-number\">(0)<\/span><\/li><li><span class=\"day\">29:<\/span> <a href=\"https:\/\/www.schachbezirk-mittelbaden.de\/wp\/?p=12929\" rel=\"bookmark\">Vater und Sohn Haag gewinnen Ba-W\u00c3\u00bc Familienmeisterschaft 2017<\/a> <span class=\"comments-number\">(1)<\/span><\/li><li><span class=\"day\">26:<\/span> <a href=\"https:\/\/www.schachbezirk-mittelbaden.de\/wp\/?p=12925\" rel=\"bookmark\">Einladung zum Halloween-Blitzturnier<\/a> <span class=\"comments-number\">(0)<\/span><\/li><li><span class=\"day\">25:<\/span> <a href=\"https:\/\/www.schachbezirk-mittelbaden.de\/wp\/?p=12920\" rel=\"bookmark\">Kinderschachpatentlehrgang in Rastatt<\/a> <span class=\"comments-number\">(0)<\/span><\/li><li><span class=\"day\">24:<\/span> <a href=\"https:\/\/www.schachbezirk-mittelbaden.de\/wp\/?p=12917\" rel=\"bookmark\">Mittelbadische Jugendeinzelmeisterschaften am 25.\/26.11.2017 in H\u00c3\u00b6rden<\/a> <span class=\"comments-number\">(0)<\/span><\/li><li><span class=\"day\">23:<\/span> <a href=\"https:\/\/www.schachbezirk-mittelbaden.de\/wp\/?p=12914\" rel=\"bookmark\">Ba-W\u00c3\u00bc Familienmeisterschaft: Alles von Papa gelernt<\/a> <span class=\"comments-number\">(0)<\/span><\/li><li><span class=\"day\">22:<\/span> <a href=\"https:\/\/www.schachbezirk-mittelbaden.de\/wp\/?p=12912\" rel=\"bookmark\">Mittelbadischer Einzelpokal 2017\/18:<\/a> <span class=\"comments-number\">(0)<\/span><\/li><li><span class=\"day\">18:<\/span> <a href=\"https:\/\/www.schachbezirk-mittelbaden.de\/wp\/?p=12902\" rel=\"bookmark\">Raphael Zimmer ist IPCA Weltmeister 2017<\/a> <span class=\"comments-number\">(0)<\/span><\/li><li><span class=\"day\">16:<\/span> <a href=\"https:\/\/www.schachbezirk-mittelbaden.de\/wp\/?p=12899\" rel=\"bookmark\">Miba Einzelpokal 2017\/18 &#8211; Update<\/a> <span class=\"comments-number\">(0)<\/span><\/li><li><span class=\"day\">15:<\/span> <a href=\"https:\/\/www.schachbezirk-mittelbaden.de\/wp\/?p=12897\" rel=\"bookmark\">Wenn Schwiegermutter und Schwiegersohn ein Team bilden<\/a> <span class=\"comments-number\">(0)<\/span><\/li><li><span class=\"day\">13:<\/span> <a href=\"https:\/\/www.schachbezirk-mittelbaden.de\/wp\/?p=12889\" rel=\"bookmark\">Update Jugendmannschaftsmeisterschaften 2017<\/a> <span class=\"comments-number\">(0)<\/span><\/li><li><span class=\"day\">05:<\/span> <a href=\"https:\/\/www.schachbezirk-mittelbaden.de\/wp\/?p=12879\" rel=\"bookmark\">Blitz 2017 &#8211; \u00c3\u0153berraschungen blieben aus<\/a> <span class=\"comments-number\">(0)<\/span><\/li><li><span class=\"day\">01:<\/span> <a href=\"https:\/\/www.schachbezirk-mittelbaden.de\/wp\/?p=12875\" rel=\"bookmark\">Pokalauslosung f\u00c3\u00bcr Mannschaftspokal 2. Runde<\/a> <span class=\"comments-number\">(0)<\/span><\/li><\/ul><h2 class=\"month-year\"><a href=\"https:\/\/www.schachbezirk-mittelbaden.de\/wp\/?m=201709\">September 2017<\/a><\/h2><ul><li><span class=\"day\">27:<\/span> <a href=\"https:\/\/www.schachbezirk-mittelbaden.de\/wp\/?p=12797\" rel=\"bookmark\">Ausschreibung Jugendmannschafts-meisterschaften 2017<\/a> <span class=\"comments-number\">(0)<\/span><\/li><li><span class=\"day\">26:<\/span> <a href=\"https:\/\/www.schachbezirk-mittelbaden.de\/wp\/?p=12868\" rel=\"bookmark\">Mittelbadische Einzel- und Mannschaftsblitzmeisterschaft 2017<\/a> <span class=\"comments-number\">(0)<\/span><\/li><li><span class=\"day\">25:<\/span> <a href=\"https:\/\/www.schachbezirk-mittelbaden.de\/wp\/?p=12860\" rel=\"bookmark\">Schachkongress: Robert Elms neuer Bezirkseinzelmeister<\/a> <span class=\"comments-number\">(0)<\/span><\/li><li><span class=\"day\">18:<\/span> <a href=\"https:\/\/www.schachbezirk-mittelbaden.de\/wp\/?p=12855\" rel=\"bookmark\">Schachfreunde Lichtental richten Bezirkseinzel-meisterschaft aus<\/a> <span class=\"comments-number\">(0)<\/span><\/li><li><span class=\"day\">16:<\/span> <a href=\"https:\/\/www.schachbezirk-mittelbaden.de\/wp\/?p=12848\" rel=\"bookmark\">Mannschaftspokal-Auslosung \/ Checkliste u. a.<\/a> <span class=\"comments-number\">(0)<\/span><\/li><li><span class=\"day\">05:<\/span> <a href=\"https:\/\/www.schachbezirk-mittelbaden.de\/wp\/?p=12839\" rel=\"bookmark\">Schachfamilien zu Gast in der Kurstadt<\/a> <span class=\"comments-number\">(0)<\/span><\/li><li class=\"day-duplicate\"><span class=\"day\">05:<\/span> <a href=\"https:\/\/www.schachbezirk-mittelbaden.de\/wp\/?p=12836\" rel=\"bookmark\">Einladung zum Regelkundeseminar 2017<\/a> <span class=\"comments-number\">(0)<\/span><\/li><li><span class=\"day\">04:<\/span> <a href=\"https:\/\/www.schachbezirk-mittelbaden.de\/wp\/?p=12831\" rel=\"bookmark\">Spielplan f\u00c3\u00bcr Kreisklasse II &#8211; 2017\/2018<\/a> <span class=\"comments-number\">(0)<\/span><\/li><\/ul><h2 class=\"month-year\"><a href=\"https:\/\/www.schachbezirk-mittelbaden.de\/wp\/?m=201708\">August 2017<\/a><\/h2><ul><li><span class=\"day\">25:<\/span> <a href=\"https:\/\/www.schachbezirk-mittelbaden.de\/wp\/?p=12828\" rel=\"bookmark\">Vorfreude auf den Offenen Mittelbadischen Schachkongress<\/a> <span class=\"comments-number\">(0)<\/span><\/li><li><span class=\"day\">23:<\/span> <a href=\"https:\/\/www.schachbezirk-mittelbaden.de\/wp\/?p=12821\" rel=\"bookmark\">Spielpl\u00c3\u00a4ne bis Kreisklasse I sind online<\/a> <span class=\"comments-number\">(0)<\/span><\/li><li><span class=\"day\">21:<\/span> <a href=\"https:\/\/www.schachbezirk-mittelbaden.de\/wp\/?p=12814\" rel=\"bookmark\">Gelungene Neuauflage des Lichtentaler Schach-Sommer-Turniers<\/a> <span class=\"comments-number\">(0)<\/span><\/li><li><span class=\"day\">20:<\/span> <a href=\"https:\/\/www.schachbezirk-mittelbaden.de\/wp\/?p=12811\" rel=\"bookmark\">Miba Sen\/JuSen-Schnellschach 2017<\/a> <span class=\"comments-number\">(0)<\/span><\/li><li><span class=\"day\">18:<\/span> <a href=\"https:\/\/www.schachbezirk-mittelbaden.de\/wp\/?p=12806\" rel=\"bookmark\">Turniere, Pokal und Verbandsrunde<\/a> <span class=\"comments-number\">(0)<\/span><\/li><li class=\"day-duplicate\"><span class=\"day\">18:<\/span> <a href=\"https:\/\/www.schachbezirk-mittelbaden.de\/wp\/?p=12803\" rel=\"bookmark\">Lichtentaler Sommer-Turnier: Na, wo laufen sie denn?<\/a> <span class=\"comments-number\">(0)<\/span><\/li><li><span class=\"day\">09:<\/span> <a href=\"https:\/\/www.schachbezirk-mittelbaden.de\/wp\/?p=12789\" rel=\"bookmark\">Countdown zum Mittel-badischen Schachkongress l\u00c3\u00a4uft<\/a> <span class=\"comments-number\">(0)<\/span><\/li><li><span class=\"day\">06:<\/span> <a href=\"https:\/\/www.schachbezirk-mittelbaden.de\/wp\/?p=12756\" rel=\"bookmark\">Schachtennis: Pavel Tregubov landet souver\u00c3\u00a4nen Sieg<\/a> <span class=\"comments-number\">(0)<\/span><\/li><li><span class=\"day\">02:<\/span> <a href=\"https:\/\/www.schachbezirk-mittelbaden.de\/wp\/?p=12753\" rel=\"bookmark\">4. Offene Europameisterschaft im Schachtennis<\/a> <span class=\"comments-number\">(0)<\/span><\/li><\/ul><h2 class=\"month-year\"><a href=\"https:\/\/www.schachbezirk-mittelbaden.de\/wp\/?m=201707\">Juli 2017<\/a><\/h2><ul><li><span class=\"day\">29:<\/span> <a href=\"https:\/\/www.schachbezirk-mittelbaden.de\/wp\/?p=12746\" rel=\"bookmark\">Tomislav Bodrozic gewinnt  Schnellschach-Stichkampf in Kuppenheim<\/a> <span class=\"comments-number\">(0)<\/span><\/li><li><span class=\"day\">26:<\/span> <a href=\"https:\/\/www.schachbezirk-mittelbaden.de\/wp\/?p=12740\" rel=\"bookmark\">Lichtentaler Sommerturnier 2017<\/a> <span class=\"comments-number\">(0)<\/span><\/li><li><span class=\"day\">25:<\/span> <a href=\"https:\/\/www.schachbezirk-mittelbaden.de\/wp\/?p=12731\" rel=\"bookmark\">Bezirksversammlung 2017<\/a> <span class=\"comments-number\">(0)<\/span><\/li><li><span class=\"day\">23:<\/span> <a href=\"https:\/\/www.schachbezirk-mittelbaden.de\/wp\/?p=12727\" rel=\"bookmark\">Sasbach Landesmeister U14w \/ OSG Dritter<\/a> <span class=\"comments-number\">(0)<\/span><\/li><li><span class=\"day\">21:<\/span> <a href=\"https:\/\/www.schachbezirk-mittelbaden.de\/wp\/?p=12724\" rel=\"bookmark\">Ausschreibung Offene Mittelbadische Senioren- \/ Jungseniorenmeisterschaft 2017<\/a> <span class=\"comments-number\">(0)<\/span><\/li><li><span class=\"day\">14:<\/span> <a href=\"https:\/\/www.schachbezirk-mittelbaden.de\/wp\/?p=12719\" rel=\"bookmark\">Vorstandsitzung des Schachbezirk Mittelbaden e. V.<\/a> <span class=\"comments-number\">(0)<\/span><\/li><li><span class=\"day\">12:<\/span> <a href=\"https:\/\/www.schachbezirk-mittelbaden.de\/wp\/?p=12715\" rel=\"bookmark\">DM-Stichk\u00c3\u00a4mpfe in Kuppenheim<\/a> <span class=\"comments-number\">(0)<\/span><\/li><li><span class=\"day\">09:<\/span> <a href=\"https:\/\/www.schachbezirk-mittelbaden.de\/wp\/?p=12706\" rel=\"bookmark\">Thilo Ehmann gewinnt Mittelbadische Schnellschachmeisterschaft<\/a> <span class=\"comments-number\">(0)<\/span><\/li><li><span class=\"day\">08:<\/span> <a href=\"https:\/\/www.schachbezirk-mittelbaden.de\/wp\/?p=12682\" rel=\"bookmark\">Raphael Zimmer gewinnt die Behinderten WM U20<\/a> <span class=\"comments-number\">(0)<\/span><\/li><li><span class=\"day\">05:<\/span> <a href=\"https:\/\/www.schachbezirk-mittelbaden.de\/wp\/?p=12677\" rel=\"bookmark\">Ausschreibung 2. Helmut Reefschl\u00c3\u00a4ger Ged\u00c3\u00a4chtnisturnier<\/a> <span class=\"comments-number\">(0)<\/span><\/li><li><span class=\"day\">04:<\/span> <a href=\"https:\/\/www.schachbezirk-mittelbaden.de\/wp\/?p=12671\" rel=\"bookmark\">Michael Zunker wird 60<\/a> <span class=\"comments-number\">(0)<\/span><\/li><li><span class=\"day\">01:<\/span> <a href=\"https:\/\/www.schachbezirk-mittelbaden.de\/wp\/?p=12667\" rel=\"bookmark\">Kreisklasse I &#8211; Freipl\u00c3\u00a4tze \/ Schnellschach<\/a> <span class=\"comments-number\">(0)<\/span><\/li><\/ul><h2 class=\"month-year\"><a href=\"https:\/\/www.schachbezirk-mittelbaden.de\/wp\/?m=201706\">Juni 2017<\/a><\/h2><ul><li><span class=\"day\">25:<\/span> <a href=\"https:\/\/www.schachbezirk-mittelbaden.de\/wp\/?p=12664\" rel=\"bookmark\">Triumph der Gernsbacher Schach-Talente<\/a> <span class=\"comments-number\">(0)<\/span><\/li><li><span class=\"day\">19:<\/span> <a href=\"https:\/\/www.schachbezirk-mittelbaden.de\/wp\/?p=12660\" rel=\"bookmark\">BTL-Rundschreiben zur neuen Saison<\/a> <span class=\"comments-number\">(0)<\/span><\/li><li><span class=\"day\">17:<\/span> <a href=\"https:\/\/www.schachbezirk-mittelbaden.de\/wp\/?p=12657\" rel=\"bookmark\">Jugend: Ein Meistertitel f\u00c3\u00bcr Mittelbaden!<\/a> <span class=\"comments-number\">(0)<\/span><\/li><li><span class=\"day\">14:<\/span> <a href=\"https:\/\/www.schachbezirk-mittelbaden.de\/wp\/?p=12651\" rel=\"bookmark\">\u00e2\u20ac\u017eWir hoffen auf mehrere Dutzend Jugendliche\u00e2\u20ac\u0153<\/a> <span class=\"comments-number\">(0)<\/span><\/li><li><span class=\"day\">10:<\/span> <a href=\"https:\/\/www.schachbezirk-mittelbaden.de\/wp\/?p=12645\" rel=\"bookmark\">Einladung zur Bezirksversammlung 2017<\/a> <span class=\"comments-number\">(0)<\/span><\/li><\/ul><h2 class=\"month-year\"><a href=\"https:\/\/www.schachbezirk-mittelbaden.de\/wp\/?m=201705\">Mai 2017<\/a><\/h2><ul><li><span class=\"day\">22:<\/span> <a href=\"https:\/\/www.schachbezirk-mittelbaden.de\/wp\/?p=12639\" rel=\"bookmark\">Abstimmung zum Spieler des Jahres in der Deutschen Schachjugend.<\/a> <span class=\"comments-number\">(0)<\/span><\/li><li><span class=\"day\">12:<\/span> <a href=\"https:\/\/www.schachbezirk-mittelbaden.de\/wp\/?p=12627\" rel=\"bookmark\">Einladung zur Bezirksschnellschach- einzelmeisterschaft 2017<\/a> <span class=\"comments-number\">(0)<\/span><\/li><li><span class=\"day\">01:<\/span> <a href=\"https:\/\/www.schachbezirk-mittelbaden.de\/wp\/?p=12623\" rel=\"bookmark\">Einladung zur Badischen K\u00c3\u00b6demmeisterschaft<\/a> <span class=\"comments-number\">(0)<\/span><\/li><\/ul><h2 class=\"month-year\"><a href=\"https:\/\/www.schachbezirk-mittelbaden.de\/wp\/?m=201704\">April 2017<\/a><\/h2><ul><li><span class=\"day\">14:<\/span> <a href=\"https:\/\/www.schachbezirk-mittelbaden.de\/wp\/?p=12619\" rel=\"bookmark\">Jugendturnier der Rochade am 24. Juni<\/a> <span class=\"comments-number\">(2)<\/span><\/li><li><span class=\"day\">12:<\/span> <a href=\"https:\/\/www.schachbezirk-mittelbaden.de\/wp\/?p=12617\" rel=\"bookmark\">GRENKE-Festspiele beginnen am Gr\u00c3\u00bcndonnerstag<\/a> <span class=\"comments-number\">(0)<\/span><\/li><li><span class=\"day\">04:<\/span> <a href=\"https:\/\/www.schachbezirk-mittelbaden.de\/wp\/?p=12601\" rel=\"bookmark\">Vorstandsitzung des Schachbezirk Mittelbaden e. V.<\/a> <span class=\"comments-number\">(0)<\/span><\/li><li><span class=\"day\">01:<\/span> <a href=\"https:\/\/www.schachbezirk-mittelbaden.de\/wp\/?p=12609\" rel=\"bookmark\">Schachfreunde Lichtental planen Vollmond-Blitzturniere<\/a> <span class=\"comments-number\">(0)<\/span><\/li><\/ul><h2 class=\"month-year\"><a href=\"https:\/\/www.schachbezirk-mittelbaden.de\/wp\/?m=201703\">M\u00e4rz 2017<\/a><\/h2><ul><li><span class=\"day\">27:<\/span> <a href=\"https:\/\/www.schachbezirk-mittelbaden.de\/wp\/?p=12606\" rel=\"bookmark\">Neuer Achertalpokalsieger und drei Ottenh\u00c3\u00b6fener Preistr\u00c3\u00a4ger<\/a> <span class=\"comments-number\">(0)<\/span><\/li><li><span class=\"day\">10:<\/span> <a href=\"https:\/\/www.schachbezirk-mittelbaden.de\/wp\/?p=12595\" rel=\"bookmark\">1. Jugendquartals-Turnier 2017 mit neuem Teilnehmer-Rekord<\/a> <span class=\"comments-number\">(0)<\/span><\/li><li><span class=\"day\">07:<\/span> <a href=\"https:\/\/www.schachbezirk-mittelbaden.de\/wp\/?p=12542\" rel=\"bookmark\">Einladung zum Achertalpokal 2017<\/a> <span class=\"comments-number\">(0)<\/span><\/li><li><span class=\"day\">05:<\/span> <a href=\"https:\/\/www.schachbezirk-mittelbaden.de\/wp\/?p=12591\" rel=\"bookmark\">GRENKE Chess Classic 2017<\/a> <span class=\"comments-number\">(0)<\/span><\/li><\/ul><h2 class=\"month-year\"><a href=\"https:\/\/www.schachbezirk-mittelbaden.de\/wp\/?m=201702\">Februar 2017<\/a><\/h2><ul><li><span class=\"day\">25:<\/span> <a href=\"https:\/\/www.schachbezirk-mittelbaden.de\/wp\/?p=12588\" rel=\"bookmark\">MBMP 2016\/17: Finale und Spiel um Platz 3<\/a> <span class=\"comments-number\">(0)<\/span><\/li><li class=\"day-duplicate\"><span class=\"day\">25:<\/span> <a href=\"https:\/\/www.schachbezirk-mittelbaden.de\/wp\/?p=12583\" rel=\"bookmark\">Metz zum 15. Mal Bezirks-pokalsieger<\/a> <span class=\"comments-number\">(0)<\/span><\/li><li><span class=\"day\">16:<\/span> <a href=\"https:\/\/www.schachbezirk-mittelbaden.de\/wp\/?p=12576\" rel=\"bookmark\">Der deutsche Meister k\u00c3\u00a4mpft in Mei\u00c3\u0178en<\/a> <span class=\"comments-number\">(0)<\/span><\/li><\/ul><h2 class=\"month-year\"><a href=\"https:\/\/www.schachbezirk-mittelbaden.de\/wp\/?m=201701\">Januar 2017<\/a><\/h2><ul><li><span class=\"day\">28:<\/span> <a href=\"https:\/\/www.schachbezirk-mittelbaden.de\/wp\/?p=12566\" rel=\"bookmark\">Auslosung Halbfinale Mannschaftspokal 2016\/17<\/a> <span class=\"comments-number\">(0)<\/span><\/li><li><span class=\"day\">22:<\/span> <a href=\"https:\/\/www.schachbezirk-mittelbaden.de\/wp\/?p=12547\" rel=\"bookmark\">Erneutes Highlight in Sasbach<\/a> <span class=\"comments-number\">(0)<\/span><\/li><li><span class=\"day\">17:<\/span> <a href=\"https:\/\/www.schachbezirk-mittelbaden.de\/wp\/?p=12537\" rel=\"bookmark\">Bezirksrunde der Schulschachmeisterschaft<\/a> <span class=\"comments-number\">(0)<\/span><\/li><li><span class=\"day\">16:<\/span> <a href=\"https:\/\/www.schachbezirk-mittelbaden.de\/wp\/?p=12534\" rel=\"bookmark\">Einzelpokal 2016\/17: Finale u. Spiel um Platz 3<\/a> <span class=\"comments-number\">(0)<\/span><\/li><li><span class=\"day\">11:<\/span> <a href=\"https:\/\/www.schachbezirk-mittelbaden.de\/wp\/?p=12532\" rel=\"bookmark\">Erinnerung: Spieltag in Kreisklasse II am 14.01.2017<\/a> <span class=\"comments-number\">(0)<\/span><\/li><li><span class=\"day\">09:<\/span> <a href=\"https:\/\/www.schachbezirk-mittelbaden.de\/wp\/?p=12525\" rel=\"bookmark\">Drei badische Jugendmeister aus Mittelbaden<\/a> <span class=\"comments-number\">(0)<\/span><\/li><li><span class=\"day\">08:<\/span> <a href=\"https:\/\/www.schachbezirk-mittelbaden.de\/wp\/?p=12515\" rel=\"bookmark\">U20 der Schachfreunde Sasbach ist Deutscher Meister<\/a> <span class=\"comments-number\">(0)<\/span><\/li><li><span class=\"day\">02:<\/span> <a href=\"https:\/\/www.schachbezirk-mittelbaden.de\/wp\/?p=12512\" rel=\"bookmark\">Hans Peter Wenzel gewinnt 1. Lichtentaler Winterturnier<\/a> <span class=\"comments-number\">(0)<\/span><\/li><li><span class=\"day\">01:<\/span> <a href=\"https:\/\/www.schachbezirk-mittelbaden.de\/wp\/?p=12510\" rel=\"bookmark\">Einzelpokal-Halbfinale am 12. Januar in Kuppenheim<\/a> <span class=\"comments-number\">(0)<\/span><\/li><\/ul><h2 class=\"month-year\"><a href=\"https:\/\/www.schachbezirk-mittelbaden.de\/wp\/?m=201612\">Dezember 2016<\/a><\/h2><ul><li><span class=\"day\">23:<\/span> <a href=\"https:\/\/www.schachbezirk-mittelbaden.de\/wp\/?p=12507\" rel=\"bookmark\">6 Mittelbadische Jugendspieler f\u00c3\u00bcr &#8222;Deutsche&#8220; qualifiziert!<\/a> <span class=\"comments-number\">(0)<\/span><\/li><li><span class=\"day\">19:<\/span> <a href=\"https:\/\/www.schachbezirk-mittelbaden.de\/wp\/?p=12503\" rel=\"bookmark\">Bericht Bezirks-Meisterschaften U10 und U12<\/a> <span class=\"comments-number\">(0)<\/span><\/li><li><span class=\"day\">13:<\/span> <a href=\"https:\/\/www.schachbezirk-mittelbaden.de\/wp\/?p=12500\" rel=\"bookmark\">Jugendmannschaftsmeisterschaften 2016 U12<\/a> <span class=\"comments-number\">(0)<\/span><\/li><li><span class=\"day\">01:<\/span> <a href=\"https:\/\/www.schachbezirk-mittelbaden.de\/wp\/?p=12484\" rel=\"bookmark\">Schachbundesliga: Spitzenkampf in Hockenheim<\/a> <span class=\"comments-number\">(0)<\/span><\/li><\/ul><h2 class=\"month-year\"><a href=\"https:\/\/www.schachbezirk-mittelbaden.de\/wp\/?m=201611\">November 2016<\/a><\/h2><ul><li><span class=\"day\">30:<\/span> <a href=\"https:\/\/www.schachbezirk-mittelbaden.de\/wp\/?p=12478\" rel=\"bookmark\">Mittelbadischer Einzelpokal: Auslosung Halbfinale<\/a> <span class=\"comments-number\">(0)<\/span><\/li><li><span class=\"day\">29:<\/span> <a href=\"https:\/\/www.schachbezirk-mittelbaden.de\/wp\/?p=12476\" rel=\"bookmark\">1. Lichtentaler Winterturnier<\/a> <span class=\"comments-number\">(0)<\/span><\/li><li class=\"day-duplicate\"><span class=\"day\">29:<\/span> <a href=\"https:\/\/www.schachbezirk-mittelbaden.de\/wp\/?p=12470\" rel=\"bookmark\">Einladung zum 1. Lichtentaler Winterturnier<\/a> <span class=\"comments-number\">(0)<\/span><\/li><li><span class=\"day\">14:<\/span> <a href=\"https:\/\/www.schachbezirk-mittelbaden.de\/wp\/?p=12437\" rel=\"bookmark\">Auslosung Viertelfinale Mannschaftspokal 2016\/17<\/a> <span class=\"comments-number\">(0)<\/span><\/li><li class=\"day-duplicate\"><span class=\"day\">14:<\/span> <a href=\"https:\/\/www.schachbezirk-mittelbaden.de\/wp\/?p=12432\" rel=\"bookmark\">Schachjugendmeisterschaften in \u00c3\u2013tigheim<\/a> <span class=\"comments-number\">(0)<\/span><\/li><li class=\"day-duplicate\"><span class=\"day\">14:<\/span> <a href=\"https:\/\/www.schachbezirk-mittelbaden.de\/wp\/?p=12430\" rel=\"bookmark\">Seniorenmeisterschaft Mannschaften<\/a> <span class=\"comments-number\">(0)<\/span><\/li><li><span class=\"day\">09:<\/span> <a href=\"https:\/\/www.schachbezirk-mittelbaden.de\/wp\/?p=12427\" rel=\"bookmark\">Schulschach-Meisterschaften 2017<\/a> <span class=\"comments-number\">(0)<\/span><\/li><li class=\"day-duplicate\"><span class=\"day\">09:<\/span> <a href=\"https:\/\/www.schachbezirk-mittelbaden.de\/wp\/?p=12424\" rel=\"bookmark\">Ausschreibung Mittelbadische Schulschachmeisterschaften 2017<\/a> <span class=\"comments-number\">(0)<\/span><\/li><li><span class=\"day\">05:<\/span> <a href=\"https:\/\/www.schachbezirk-mittelbaden.de\/wp\/?p=12422\" rel=\"bookmark\">Teilnahme an Jugend-Bezirksmeisterschaft lohnt!<\/a> <span class=\"comments-number\">(0)<\/span><\/li><li><span class=\"day\">04:<\/span> <a href=\"https:\/\/www.schachbezirk-mittelbaden.de\/wp\/?p=12419\" rel=\"bookmark\">IV. Jugendquartalsturnier  im Schachzentrum Baden-Baden<\/a> <span class=\"comments-number\">(0)<\/span><\/li><li class=\"day-duplicate\"><span class=\"day\">04:<\/span> <a href=\"https:\/\/www.schachbezirk-mittelbaden.de\/wp\/?p=12416\" rel=\"bookmark\">Starkes Remis von Ehrlacher gegen Georgiew<\/a> <span class=\"comments-number\">(0)<\/span><\/li><li><span class=\"day\">02:<\/span> <a href=\"https:\/\/www.schachbezirk-mittelbaden.de\/wp\/?p=12413\" rel=\"bookmark\">Magnus &#8211; Der Film &#8211; Im Cineplex-Kino Baden-Baden<\/a> <span class=\"comments-number\">(0)<\/span><\/li><li class=\"day-duplicate\"><span class=\"day\">02:<\/span> <a href=\"https:\/\/www.schachbezirk-mittelbaden.de\/wp\/?p=12408\" rel=\"bookmark\">Magnus &#8211; Der Film &#8211; Im Cineplex-Kino Baden-Baden<\/a> <span class=\"comments-number\">(0)<\/span><\/li><\/ul><h2 class=\"month-year\"><a href=\"https:\/\/www.schachbezirk-mittelbaden.de\/wp\/?m=201610\">Oktober 2016<\/a><\/h2><ul><li><span class=\"day\">24:<\/span> <a href=\"https:\/\/www.schachbezirk-mittelbaden.de\/wp\/?p=12285\" rel=\"bookmark\">1. Helmut Reefschl\u00c3\u00a4ger Ged\u00c3\u00a4chtnisturnier 05.11.2016 in Baden-Baden<\/a> <span class=\"comments-number\">(1)<\/span><\/li><li><span class=\"day\">16:<\/span> <a href=\"https:\/\/www.schachbezirk-mittelbaden.de\/wp\/?p=12397\" rel=\"bookmark\">Mittelbadischer Einzelpokal &#8211; Ergebnisse der Zwischenrunde und Auslosung Viertelfinale<\/a> <span class=\"comments-number\">(0)<\/span><\/li><li><span class=\"day\">12:<\/span> <a href=\"https:\/\/www.schachbezirk-mittelbaden.de\/wp\/?p=12393\" rel=\"bookmark\">Schachbundesliga: Start der Saison 2016\/17<\/a> <span class=\"comments-number\">(0)<\/span><\/li><li><span class=\"day\">06:<\/span> <a href=\"https:\/\/www.schachbezirk-mittelbaden.de\/wp\/?p=12383\" rel=\"bookmark\">Sasbacher dominieren Bezirksblitzmeisterschaften<\/a> <span class=\"comments-number\">(0)<\/span><\/li><li><span class=\"day\">05:<\/span> <a href=\"https:\/\/www.schachbezirk-mittelbaden.de\/wp\/?p=12380\" rel=\"bookmark\">Checkliste 2016\/17<\/a> <span class=\"comments-number\">(0)<\/span><\/li><li class=\"day-duplicate\"><span class=\"day\">05:<\/span> <a href=\"https:\/\/www.schachbezirk-mittelbaden.de\/wp\/?p=12378\" rel=\"bookmark\">Talentst\u00c3\u00bctzpunkt<\/a> <span class=\"comments-number\">(0)<\/span><\/li><li class=\"day-duplicate\"><span class=\"day\">05:<\/span> <a href=\"https:\/\/www.schachbezirk-mittelbaden.de\/wp\/?p=12376\" rel=\"bookmark\">Auslosung des Mannschaftspokals 2. Runde<\/a> <span class=\"comments-number\">(0)<\/span><\/li><\/ul><h2 class=\"month-year\"><a href=\"https:\/\/www.schachbezirk-mittelbaden.de\/wp\/?m=201609\">September 2016<\/a><\/h2><ul><li><span class=\"day\">27:<\/span> <a href=\"https:\/\/www.schachbezirk-mittelbaden.de\/wp\/?p=12373\" rel=\"bookmark\">Mittelbadische Jugendeinzelmeisterschaften<\/a> <span class=\"comments-number\">(0)<\/span><\/li><li class=\"day-duplicate\"><span class=\"day\">27:<\/span> <a href=\"https:\/\/www.schachbezirk-mittelbaden.de\/wp\/?p=12369\" rel=\"bookmark\">Einladung zu den Mittelbadischen Jugend-einzelmeisterschaften 2016<\/a> <span class=\"comments-number\">(0)<\/span><\/li><li><span class=\"day\">24:<\/span> <a href=\"https:\/\/www.schachbezirk-mittelbaden.de\/wp\/?p=12367\" rel=\"bookmark\">Miba-Einzelpokal: 1. Runde, 2. Teil und Auslosung 2. Runde<\/a> <span class=\"comments-number\">(0)<\/span><\/li><li><span class=\"day\">21:<\/span> <a href=\"https:\/\/www.schachbezirk-mittelbaden.de\/wp\/?p=12363\" rel=\"bookmark\">Ausschreibung f\u00c3\u00bcr Blitzmeisterschaften<\/a> <span class=\"comments-number\">(0)<\/span><\/li><li><span class=\"day\">18:<\/span> <a href=\"https:\/\/www.schachbezirk-mittelbaden.de\/wp\/?p=12355\" rel=\"bookmark\">&#8222;Der ewige Max&#8220; &#8211; Max Scherer gewinnt zum 4. Mal in Serie<\/a> <span class=\"comments-number\">(0)<\/span><\/li><li><span class=\"day\">17:<\/span> <a href=\"https:\/\/www.schachbezirk-mittelbaden.de\/wp\/?p=12353\" rel=\"bookmark\">Mittelbadischer Einzelpokal 2016\/17 &#8211; 1. Runde<\/a> <span class=\"comments-number\">(0)<\/span><\/li><li class=\"day-duplicate\"><span class=\"day\">17:<\/span> <a href=\"https:\/\/www.schachbezirk-mittelbaden.de\/wp\/?p=12351\" rel=\"bookmark\">1. Runde Mannschaftspokal: Auslosung<\/a> <span class=\"comments-number\">(0)<\/span><\/li><li><span class=\"day\">14:<\/span> <a href=\"https:\/\/www.schachbezirk-mittelbaden.de\/wp\/?p=12349\" rel=\"bookmark\">Regelkundeseminar<\/a> <span class=\"comments-number\">(0)<\/span><\/li><li class=\"day-duplicate\"><span class=\"day\">14:<\/span> <a href=\"https:\/\/www.schachbezirk-mittelbaden.de\/wp\/?p=12345\" rel=\"bookmark\">Infos zu Einzelpokal \/ Sen.-Schnellschach \/ Regelkundeseminar \/ Mannschaftspokal<\/a> <span class=\"comments-number\">(0)<\/span><\/li><li><span class=\"day\">13:<\/span> <a href=\"https:\/\/www.schachbezirk-mittelbaden.de\/wp\/?p=12226\" rel=\"bookmark\">Senioren-Jungsenioren-Schnellschach-Meisterschaft<\/a> <span class=\"comments-number\">(0)<\/span><\/li><li class=\"day-duplicate\"><span class=\"day\">13:<\/span> <a href=\"https:\/\/www.schachbezirk-mittelbaden.de\/wp\/?p=12224\" rel=\"bookmark\">Reminder: Offene Mittelbadische Senioren-Jungsenioren-Schnellschach-Meisterschaft<\/a> <span class=\"comments-number\">(0)<\/span><\/li><li><span class=\"day\">11:<\/span> <a href=\"https:\/\/www.schachbezirk-mittelbaden.de\/wp\/?p=12318\" rel=\"bookmark\">Mittelbadischer Schachkongress 2016<\/a> <span class=\"comments-number\">(0)<\/span><\/li><li><span class=\"day\">02:<\/span> <a href=\"https:\/\/www.schachbezirk-mittelbaden.de\/wp\/?p=12306\" rel=\"bookmark\">Spielplan der Kreisklasse II online<\/a> <span class=\"comments-number\">(0)<\/span><\/li><li><span class=\"day\">01:<\/span> <a href=\"https:\/\/www.schachbezirk-mittelbaden.de\/wp\/?p=12303\" rel=\"bookmark\">5 Mittelbadener auf der Jugend-Europameisterschaft<\/a> <span class=\"comments-number\">(0)<\/span><\/li><\/ul><h2 class=\"month-year\"><a href=\"https:\/\/www.schachbezirk-mittelbaden.de\/wp\/?m=201608\">August 2016<\/a><\/h2><ul><li><span class=\"day\">26:<\/span> <a href=\"https:\/\/www.schachbezirk-mittelbaden.de\/wp\/?p=12296\" rel=\"bookmark\">Infos zu 31.08. \/ Kreisklasse II \/ Voranmeldungen MBSK<\/a> <span class=\"comments-number\">(0)<\/span><\/li><li><span class=\"day\">22:<\/span> <a href=\"https:\/\/www.schachbezirk-mittelbaden.de\/wp\/?p=12293\" rel=\"bookmark\">Gelungene Premiere des Lichtentaler Sommer-Schach-Opens<\/a> <span class=\"comments-number\">(0)<\/span><\/li><li><span class=\"day\">19:<\/span> <a href=\"https:\/\/www.schachbezirk-mittelbaden.de\/wp\/?p=12288\" rel=\"bookmark\">1. Helmut Reefschl\u00c3\u00a4ger Ged\u00c3\u00a4chtnisturnier<\/a> <span class=\"comments-number\">(0)<\/span><\/li><li><span class=\"day\">15:<\/span> <a href=\"https:\/\/www.schachbezirk-mittelbaden.de\/wp\/?p=12283\" rel=\"bookmark\">Bezirksblitzmeisterschaften &#8211; Einzel und Mannschaften<\/a> <span class=\"comments-number\">(0)<\/span><\/li><li class=\"day-duplicate\"><span class=\"day\">15:<\/span> <a href=\"https:\/\/www.schachbezirk-mittelbaden.de\/wp\/?p=12281\" rel=\"bookmark\">U10 Jugendmannschaften<\/a> <span class=\"comments-number\">(0)<\/span><\/li><li class=\"day-duplicate\"><span class=\"day\">15:<\/span> <a href=\"https:\/\/www.schachbezirk-mittelbaden.de\/wp\/?p=12278\" rel=\"bookmark\">U12 Jugendmannschaften<\/a> <span class=\"comments-number\">(0)<\/span><\/li><li class=\"day-duplicate\"><span class=\"day\">15:<\/span> <a href=\"https:\/\/www.schachbezirk-mittelbaden.de\/wp\/?p=12276\" rel=\"bookmark\">U14-Mannschafts-Meisterschaften<\/a> <span class=\"comments-number\">(0)<\/span><\/li><li class=\"day-duplicate\"><span class=\"day\">15:<\/span> <a href=\"https:\/\/www.schachbezirk-mittelbaden.de\/wp\/?p=12274\" rel=\"bookmark\">U16 Mannschaftsmeisterschaft<\/a> <span class=\"comments-number\">(0)<\/span><\/li><li class=\"day-duplicate\"><span class=\"day\">15:<\/span> <a href=\"https:\/\/www.schachbezirk-mittelbaden.de\/wp\/?p=12270\" rel=\"bookmark\">U20 Jugendmannschaftsmeisterschaft<\/a> <span class=\"comments-number\">(0)<\/span><\/li><li class=\"day-duplicate\"><span class=\"day\">15:<\/span> <a href=\"https:\/\/www.schachbezirk-mittelbaden.de\/wp\/?p=12268\" rel=\"bookmark\">Meldeschluss f\u00c3\u00bcr alle Jugendmannschaften<\/a> <span class=\"comments-number\">(0)<\/span><\/li><li class=\"day-duplicate\"><span class=\"day\">15:<\/span> <a href=\"https:\/\/www.schachbezirk-mittelbaden.de\/wp\/?p=12265\" rel=\"bookmark\">Jugendmannschaftsmeisterschaften 2016<\/a> <span class=\"comments-number\">(0)<\/span><\/li><li><span class=\"day\">14:<\/span> <a href=\"https:\/\/www.schachbezirk-mittelbaden.de\/wp\/?p=12261\" rel=\"bookmark\">Mittelbadischer Schachkongress<\/a> <span class=\"comments-number\">(0)<\/span><\/li><li class=\"day-duplicate\"><span class=\"day\">14:<\/span> <a href=\"https:\/\/www.schachbezirk-mittelbaden.de\/wp\/?p=12258\" rel=\"bookmark\">Ausschreibung MBSK 2016<\/a> <span class=\"comments-number\">(0)<\/span><\/li><li><span class=\"day\">08:<\/span> <a href=\"https:\/\/www.schachbezirk-mittelbaden.de\/wp\/?p=12237\" rel=\"bookmark\">Unterschriften f\u00c3\u00bcr das \u00e2\u20ac\u017eSchachjuwel\u00e2\u20ac\u0153<\/a> <span class=\"comments-number\">(0)<\/span><\/li><li><span class=\"day\">03:<\/span> <a href=\"https:\/\/www.schachbezirk-mittelbaden.de\/wp\/?p=12221\" rel=\"bookmark\">1. Lichtentaler Sommer-Open ausgebucht<\/a> <span class=\"comments-number\">(0)<\/span><\/li><li><span class=\"day\">02:<\/span> <a href=\"https:\/\/www.schachbezirk-mittelbaden.de\/wp\/?p=12219\" rel=\"bookmark\">Meldefrist f\u00c3\u00bcr Mannschaften der Kreisklasse II<\/a> <span class=\"comments-number\">(0)<\/span><\/li><li class=\"day-duplicate\"><span class=\"day\">02:<\/span> <a href=\"https:\/\/www.schachbezirk-mittelbaden.de\/wp\/?p=12217\" rel=\"bookmark\">Abgabefrist Ranglisten<\/a> <span class=\"comments-number\">(0)<\/span><\/li><li class=\"day-duplicate\"><span class=\"day\">02:<\/span> <a href=\"https:\/\/www.schachbezirk-mittelbaden.de\/wp\/?p=12214\" rel=\"bookmark\">Verbandsrunde &#8211; Verbandsligen- und Bezirksklassen<\/a> <span class=\"comments-number\">(0)<\/span><\/li><li class=\"day-duplicate\"><span class=\"day\">02:<\/span> <a href=\"https:\/\/www.schachbezirk-mittelbaden.de\/wp\/?p=12212\" rel=\"bookmark\">Bezirksmannschaftspokal<\/a> <span class=\"comments-number\">(0)<\/span><\/li><li class=\"day-duplicate\"><span class=\"day\">02:<\/span> <a href=\"https:\/\/www.schachbezirk-mittelbaden.de\/wp\/?p=12204\" rel=\"bookmark\">Bezirkseinzelpokal<\/a> <span class=\"comments-number\">(0)<\/span><\/li><li><span class=\"day\">01:<\/span> <a href=\"https:\/\/www.schachbezirk-mittelbaden.de\/wp\/?p=12147\" rel=\"bookmark\">Brasilien wird Europameister<\/a> <span class=\"comments-number\">(0)<\/span><\/li><li class=\"day-duplicate\"><span class=\"day\">01:<\/span> <a href=\"https:\/\/www.schachbezirk-mittelbaden.de\/wp\/?p=12184\" rel=\"bookmark\">Pokalwettbewerbe, Bezirksklasse &#8211; Kreisklasse I &#8211; Kreisklasse II<\/a> <span class=\"comments-number\">(0)<\/span><\/li><\/ul><h2 class=\"month-year\"><a href=\"https:\/\/www.schachbezirk-mittelbaden.de\/wp\/?m=201607\">Juli 2016<\/a><\/h2><ul><li><span class=\"day\">30:<\/span> <a href=\"https:\/\/www.schachbezirk-mittelbaden.de\/wp\/?p=12154\" rel=\"bookmark\">Bezirksversammlung 2016<\/a> <span class=\"comments-number\">(0)<\/span><\/li><li><span class=\"day\">28:<\/span> <a href=\"https:\/\/www.schachbezirk-mittelbaden.de\/wp\/?p=12144\" rel=\"bookmark\">3. Offene Europameisterschaft im Schachtennis vom 30-31. Juli 2016<\/a> <span class=\"comments-number\">(0)<\/span><\/li><li><span class=\"day\">22:<\/span> <a href=\"https:\/\/www.schachbezirk-mittelbaden.de\/wp\/?p=12141\" rel=\"bookmark\">Vorstandsitzung des Schachbezirk Mittelbaden e. V.<\/a> <span class=\"comments-number\">(0)<\/span><\/li><li><span class=\"day\">08:<\/span> <a href=\"https:\/\/www.schachbezirk-mittelbaden.de\/wp\/?p=12136\" rel=\"bookmark\">OSG-Mannschaftssimultan am 16.7.16 in Baden-Baden<\/a> <span class=\"comments-number\">(0)<\/span><\/li><\/ul><h2 class=\"month-year\"><a href=\"https:\/\/www.schachbezirk-mittelbaden.de\/wp\/?m=201606\">Juni 2016<\/a><\/h2><ul><li><span class=\"day\">29:<\/span> <a href=\"https:\/\/www.schachbezirk-mittelbaden.de\/wp\/?p=12130\" rel=\"bookmark\">1. Lichtentaler Sommer-Open 2016<\/a> <span class=\"comments-number\">(0)<\/span><\/li><li class=\"day-duplicate\"><span class=\"day\">29:<\/span> <a href=\"https:\/\/www.schachbezirk-mittelbaden.de\/wp\/?p=12123\" rel=\"bookmark\">1. Lichtentaler Sommer-Open 2016<\/a> <span class=\"comments-number\">(0)<\/span><\/li><li><span class=\"day\">27:<\/span> <a href=\"https:\/\/www.schachbezirk-mittelbaden.de\/wp\/?p=12120\" rel=\"bookmark\">Badische Talente sorgen f\u00c3\u00bcr Furore<\/a> <span class=\"comments-number\">(0)<\/span><\/li><li><span class=\"day\">13:<\/span> <a href=\"https:\/\/www.schachbezirk-mittelbaden.de\/wp\/?p=12112\" rel=\"bookmark\">Sparkassencup: Fidlin siegt vor Meier und Held<\/a> <span class=\"comments-number\">(0)<\/span><\/li><li><span class=\"day\">07:<\/span> <a href=\"https:\/\/www.schachbezirk-mittelbaden.de\/wp\/?p=12094\" rel=\"bookmark\">Vladimir Schulz gewinnt Schnellschach souver\u00c3\u00a4n<\/a> <span class=\"comments-number\">(0)<\/span><\/li><li><span class=\"day\">02:<\/span> <a href=\"https:\/\/www.schachbezirk-mittelbaden.de\/wp\/?p=12089\" rel=\"bookmark\">Sasbacher Schachjugend: Erfolgreich auf der Deutschen<\/a> <span class=\"comments-number\">(0)<\/span><\/li><\/ul><h2 class=\"month-year\"><a href=\"https:\/\/www.schachbezirk-mittelbaden.de\/wp\/?m=201605\">Mai 2016<\/a><\/h2><ul><li><span class=\"day\">31:<\/span> <a href=\"https:\/\/www.schachbezirk-mittelbaden.de\/wp\/?p=12015\" rel=\"bookmark\">Einladung zu der Bezirks-Einzelschnellschach- meisterschaft<\/a> <span class=\"comments-number\">(0)<\/span><\/li><li><span class=\"day\">26:<\/span> <a href=\"https:\/\/www.schachbezirk-mittelbaden.de\/wp\/?p=12085\" rel=\"bookmark\">Einladung zur Bezirksversammlung 2016<\/a> <span class=\"comments-number\">(0)<\/span><\/li><li class=\"day-duplicate\"><span class=\"day\">26:<\/span> <a href=\"https:\/\/www.schachbezirk-mittelbaden.de\/wp\/?p=12082\" rel=\"bookmark\">Vorstandsitzung des Schachbezirk Mittelbaden e. V.<\/a> <span class=\"comments-number\">(0)<\/span><\/li><li><span class=\"day\">25:<\/span> <a href=\"https:\/\/www.schachbezirk-mittelbaden.de\/wp\/?p=12076\" rel=\"bookmark\">Sparkassen-Cup am 11. Juni in Kuppenheim<\/a> <span class=\"comments-number\">(0)<\/span><\/li><li><span class=\"day\">24:<\/span> <a href=\"https:\/\/www.schachbezirk-mittelbaden.de\/wp\/?p=12071\" rel=\"bookmark\">Olga Weis Deutsche Vizemeisterin U18<\/a> <span class=\"comments-number\">(0)<\/span><\/li><li><span class=\"day\">18:<\/span> <a href=\"https:\/\/www.schachbezirk-mittelbaden.de\/wp\/?p=12068\" rel=\"bookmark\">BaW\u00c3\u00bc-Schulschachpokal 2016<\/a> <span class=\"comments-number\">(0)<\/span><\/li><li><span class=\"day\">17:<\/span> <a href=\"https:\/\/www.schachbezirk-mittelbaden.de\/wp\/?p=12065\" rel=\"bookmark\">Rundschreiben 2-2015\/2016<\/a> <span class=\"comments-number\">(0)<\/span><\/li><li><span class=\"day\">07:<\/span> <a href=\"https:\/\/www.schachbezirk-mittelbaden.de\/wp\/?p=12051\" rel=\"bookmark\">Deutschland ist Gewinner des\u00e2\u20ac\u017eChess Talents 2016\u00e2\u20ac\u0153 in  La Tour-de-Peilz<\/a> <span class=\"comments-number\">(0)<\/span><\/li><\/ul><h2 class=\"month-year\"><a href=\"https:\/\/www.schachbezirk-mittelbaden.de\/wp\/?m=201604\">April 2016<\/a><\/h2><ul><li><span class=\"day\">25:<\/span> <a href=\"https:\/\/www.schachbezirk-mittelbaden.de\/wp\/?p=12046\" rel=\"bookmark\">Schweiz gewinnt Bodensee-Cup<\/a> <span class=\"comments-number\">(0)<\/span><\/li><li><span class=\"day\">22:<\/span> <a href=\"https:\/\/www.schachbezirk-mittelbaden.de\/wp\/?p=12042\" rel=\"bookmark\">Vorarlberg ersetzt Bayern<\/a> <span class=\"comments-number\">(0)<\/span><\/li><li><span class=\"day\">08:<\/span> <a href=\"https:\/\/www.schachbezirk-mittelbaden.de\/wp\/?p=12029\" rel=\"bookmark\">12. und 13. Runde der SBL<\/a> <span class=\"comments-number\">(0)<\/span><\/li><li><span class=\"day\">05:<\/span> <a href=\"https:\/\/www.schachbezirk-mittelbaden.de\/wp\/?p=12025\" rel=\"bookmark\">Jean-Luc Roos im Dauereinsatz<\/a> <span class=\"comments-number\">(0)<\/span><\/li><li class=\"day-duplicate\"><span class=\"day\">05:<\/span> <a href=\"https:\/\/www.schachbezirk-mittelbaden.de\/wp\/?p=12020\" rel=\"bookmark\">Bezirks- Einzelschnellschach- meisterschaft<\/a> <span class=\"comments-number\">(0)<\/span><\/li><\/ul><h2 class=\"month-year\"><a href=\"https:\/\/www.schachbezirk-mittelbaden.de\/wp\/?m=201603\">M\u00e4rz 2016<\/a><\/h2><ul><li><span class=\"day\">29:<\/span> <a href=\"https:\/\/www.schachbezirk-mittelbaden.de\/wp\/?p=12007\" rel=\"bookmark\">Matthias Bl\u00c3\u00bcbaum gewinnt GRENKE Chess Open<\/a> <span class=\"comments-number\">(0)<\/span><\/li><li><span class=\"day\">25:<\/span> <a href=\"https:\/\/www.schachbezirk-mittelbaden.de\/wp\/?p=12003\" rel=\"bookmark\">GRENKE Chess Open startet mit 940 Teilnehmern<\/a> <span class=\"comments-number\">(0)<\/span><\/li><li><span class=\"day\">23:<\/span> <a href=\"https:\/\/www.schachbezirk-mittelbaden.de\/wp\/?p=11998\" rel=\"bookmark\">Bezirksversammlung in Lichtental<\/a> <span class=\"comments-number\">(0)<\/span><\/li><li><span class=\"day\">17:<\/span> <a href=\"https:\/\/www.schachbezirk-mittelbaden.de\/wp\/?p=11995\" rel=\"bookmark\">Sparkassen-Cup der Rochade Kuppenheim<\/a> <span class=\"comments-number\">(0)<\/span><\/li><li><span class=\"day\">15:<\/span> <a href=\"https:\/\/www.schachbezirk-mittelbaden.de\/wp\/?p=11988\" rel=\"bookmark\">ATP-Wanderpokal wird in Sasbach sesshaft<\/a> <span class=\"comments-number\">(0)<\/span><\/li><li><span class=\"day\">01:<\/span> <a href=\"https:\/\/www.schachbezirk-mittelbaden.de\/wp\/?p=11976\" rel=\"bookmark\">Raphael Zimmer holt &#8222;das Ding&#8220;<\/a> <span class=\"comments-number\">(0)<\/span><\/li><\/ul><h2 class=\"month-year\"><a href=\"https:\/\/www.schachbezirk-mittelbaden.de\/wp\/?m=201602\">Februar 2016<\/a><\/h2><ul><li><span class=\"day\">22:<\/span> <a href=\"https:\/\/www.schachbezirk-mittelbaden.de\/wp\/?p=11939\" rel=\"bookmark\">Ausschreibung Achertalpokal 2016<\/a> <span class=\"comments-number\">(0)<\/span><\/li><li class=\"day-duplicate\"><span class=\"day\">22:<\/span> <a href=\"https:\/\/www.schachbezirk-mittelbaden.de\/wp\/?p=11941\" rel=\"bookmark\">Achertalpokal 2016<\/a> <span class=\"comments-number\">(0)<\/span><\/li><li><span class=\"day\">21:<\/span> <a href=\"https:\/\/www.schachbezirk-mittelbaden.de\/wp\/?p=11971\" rel=\"bookmark\">Finals Mannschaftspokal 2015\/16<\/a> <span class=\"comments-number\">(0)<\/span><\/li><li><span class=\"day\">16:<\/span> <a href=\"https:\/\/www.schachbezirk-mittelbaden.de\/wp\/?p=11967\" rel=\"bookmark\">Training im Talentst\u00c3\u00bctzpunkt Murgtal<\/a> <span class=\"comments-number\">(0)<\/span><\/li><li><span class=\"day\">14:<\/span> <a href=\"https:\/\/www.schachbezirk-mittelbaden.de\/wp\/?p=11964\" rel=\"bookmark\">Finale und Spiel um Platz 3 im Mittelbad. Einzelpokal<\/a> <span class=\"comments-number\">(0)<\/span><\/li><li><span class=\"day\">04:<\/span> <a href=\"https:\/\/www.schachbezirk-mittelbaden.de\/wp\/?p=11958\" rel=\"bookmark\">Auslosung Halbfinale Mannschaftspokal 2015\/16<\/a> <span class=\"comments-number\">(0)<\/span><\/li><\/ul><h2 class=\"month-year\"><a href=\"https:\/\/www.schachbezirk-mittelbaden.de\/wp\/?m=201601\">Januar 2016<\/a><\/h2><ul><li><span class=\"day\">24:<\/span> <a href=\"https:\/\/www.schachbezirk-mittelbaden.de\/wp\/?p=11952\" rel=\"bookmark\">Halbfinale Miba-Einzelpokal 2015\/16<\/a> <span class=\"comments-number\">(0)<\/span><\/li><li><span class=\"day\">19:<\/span> <a href=\"https:\/\/www.schachbezirk-mittelbaden.de\/wp\/?p=11944\" rel=\"bookmark\">Nachruf Dr. Markus Keller<\/a> <span class=\"comments-number\">(2)<\/span><\/li><li><span class=\"day\">04:<\/span> <a href=\"https:\/\/www.schachbezirk-mittelbaden.de\/wp\/?p=11936\" rel=\"bookmark\">Erfolgreicher Jahresabschluss der Sasbacher Jugend<\/a> <span class=\"comments-number\">(0)<\/span><\/li><li><span class=\"day\">02:<\/span> <a href=\"https:\/\/www.schachbezirk-mittelbaden.de\/wp\/?p=11926\" rel=\"bookmark\">Sasbach ist Deutscher Jugend-meister 2015 U16 und Vize- meister U14w<\/a> <span class=\"comments-number\">(0)<\/span><\/li><\/ul><h2 class=\"month-year\"><a href=\"https:\/\/www.schachbezirk-mittelbaden.de\/wp\/?m=201512\">Dezember 2015<\/a><\/h2><ul><li><span class=\"day\">15:<\/span> <a href=\"https:\/\/www.schachbezirk-mittelbaden.de\/wp\/?p=11922\" rel=\"bookmark\">Badische Jugendeinzel- Meisterschaften 2016<\/a> <span class=\"comments-number\">(0)<\/span><\/li><li><span class=\"day\">13:<\/span> <a href=\"https:\/\/www.schachbezirk-mittelbaden.de\/wp\/?p=11915\" rel=\"bookmark\">Zum Tod von IM Dr. Helmut Reefschl\u00c3\u00a4ger: Selbstironischer Lebemann<\/a> <span class=\"comments-number\">(0)<\/span><\/li><li><span class=\"day\">10:<\/span> <a href=\"https:\/\/www.schachbezirk-mittelbaden.de\/wp\/?p=11911\" rel=\"bookmark\">Bundesliga: Baden-Baden in Hamburg<\/a> <span class=\"comments-number\">(0)<\/span><\/li><li><span class=\"day\">06:<\/span> <a href=\"https:\/\/www.schachbezirk-mittelbaden.de\/wp\/?p=11907\" rel=\"bookmark\">Ged\u00c3\u00a4chtnisturnier Yury Barash<\/a> <span class=\"comments-number\">(0)<\/span><\/li><li><span class=\"day\">04:<\/span> <a href=\"https:\/\/www.schachbezirk-mittelbaden.de\/wp\/?p=11904\" rel=\"bookmark\">Auslosung Mannschaftspokal<\/a> <span class=\"comments-number\">(0)<\/span><\/li><li><span class=\"day\">03:<\/span> <a href=\"https:\/\/www.schachbezirk-mittelbaden.de\/wp\/?p=11899\" rel=\"bookmark\">Im Herbst fallen nicht nur die Bl\u00c3\u00a4tter!<\/a> <span class=\"comments-number\">(0)<\/span><\/li><\/ul><h2 class=\"month-year\"><a href=\"https:\/\/www.schachbezirk-mittelbaden.de\/wp\/?m=201511\">November 2015<\/a><\/h2><ul><li><span class=\"day\">25:<\/span> <a href=\"https:\/\/www.schachbezirk-mittelbaden.de\/wp\/?p=11894\" rel=\"bookmark\">Schulschachmeisterschaften 2016<\/a> <span class=\"comments-number\">(0)<\/span><\/li><li><span class=\"day\">20:<\/span> <a href=\"https:\/\/www.schachbezirk-mittelbaden.de\/wp\/?p=11887\" rel=\"bookmark\">Sprechen sie Shatranj?<\/a> <span class=\"comments-number\">(0)<\/span><\/li><li><span class=\"day\">19:<\/span> <a href=\"https:\/\/www.schachbezirk-mittelbaden.de\/wp\/?p=11885\" rel=\"bookmark\">Miba Einzelpokal &#8211; Viertelfinale<\/a> <span class=\"comments-number\">(0)<\/span><\/li><li class=\"day-duplicate\"><span class=\"day\">19:<\/span> <a href=\"https:\/\/www.schachbezirk-mittelbaden.de\/wp\/?p=11876\" rel=\"bookmark\">Schulschachmeisterschaften 2016<\/a> <span class=\"comments-number\">(0)<\/span><\/li><li class=\"day-duplicate\"><span class=\"day\">19:<\/span> <a href=\"https:\/\/www.schachbezirk-mittelbaden.de\/wp\/?p=11879\" rel=\"bookmark\">Fortbildung &#8222;Schach an Schulen&#8220;<\/a> <span class=\"comments-number\">(0)<\/span><\/li><li><span class=\"day\">18:<\/span> <a href=\"https:\/\/www.schachbezirk-mittelbaden.de\/wp\/?p=11873\" rel=\"bookmark\">BW-Jugend- Blitzmeisterschaft 2015<\/a> <span class=\"comments-number\">(0)<\/span><\/li><li class=\"day-duplicate\"><span class=\"day\">18:<\/span> <a href=\"https:\/\/www.schachbezirk-mittelbaden.de\/wp\/?p=11869\" rel=\"bookmark\">Einladung zur BW-Blitzmeisterschaft 2015<\/a> <span class=\"comments-number\">(0)<\/span><\/li><li><span class=\"day\">17:<\/span> <a href=\"https:\/\/www.schachbezirk-mittelbaden.de\/wp\/?p=11866\" rel=\"bookmark\">Quartalsturnier &#8211; Edward Schneider verpasst knapp das Treppchen<\/a> <span class=\"comments-number\">(0)<\/span><\/li><li><span class=\"day\">08:<\/span> <a href=\"https:\/\/www.schachbezirk-mittelbaden.de\/wp\/?p=11853\" rel=\"bookmark\">Mittelbadische Jugendeinzelmeisterschaften 2015 in Gernsbach<\/a> <span class=\"comments-number\">(0)<\/span><\/li><li><span class=\"day\">05:<\/span> <a href=\"https:\/\/www.schachbezirk-mittelbaden.de\/wp\/?p=11848\" rel=\"bookmark\">Neue Mittelbadische Jugendmeister werden gesucht<\/a> <span class=\"comments-number\">(0)<\/span><\/li><li><span class=\"day\">03:<\/span> <a href=\"https:\/\/www.schachbezirk-mittelbaden.de\/wp\/?p=11839\" rel=\"bookmark\">Baden-Baden ist Meister U10<\/a> <span class=\"comments-number\">(0)<\/span><\/li><li><span class=\"day\">01:<\/span> <a href=\"https:\/\/www.schachbezirk-mittelbaden.de\/wp\/?p=11836\" rel=\"bookmark\">Schachtalk mit GM Philipp Schlosser<\/a> <span class=\"comments-number\">(0)<\/span><\/li><li class=\"day-duplicate\"><span class=\"day\">01:<\/span> <a href=\"https:\/\/www.schachbezirk-mittelbaden.de\/wp\/?p=11833\" rel=\"bookmark\">Vornotiert: N\u00c3\u00a4chster Schachtalk, am Mittwoch, 25. November!<\/a> <span class=\"comments-number\">(0)<\/span><\/li><\/ul><h2 class=\"month-year\"><a href=\"https:\/\/www.schachbezirk-mittelbaden.de\/wp\/?m=201510\">Oktober 2015<\/a><\/h2><ul><li><span class=\"day\">30:<\/span> <a href=\"https:\/\/www.schachbezirk-mittelbaden.de\/wp\/?p=11826\" rel=\"bookmark\">&#8222;Open House&#8220; f\u00c3\u00bcr die Jugend im Schachzentrum LA8!<\/a> <span class=\"comments-number\">(0)<\/span><\/li><li><span class=\"day\">26:<\/span> <a href=\"https:\/\/www.schachbezirk-mittelbaden.de\/wp\/?p=11821\" rel=\"bookmark\">Freiwilliges Soziales Jahr (FSJ) im Schach<\/a> <span class=\"comments-number\">(0)<\/span><\/li><li><span class=\"day\">22:<\/span> <a href=\"https:\/\/www.schachbezirk-mittelbaden.de\/wp\/?p=11810\" rel=\"bookmark\">SF Sasbach ist Mittelbadischer Meister U14<\/a> <span class=\"comments-number\">(0)<\/span><\/li><li><span class=\"day\">20:<\/span> <a href=\"https:\/\/www.schachbezirk-mittelbaden.de\/wp\/?p=11808\" rel=\"bookmark\">Seniorenmeisterschaft 2015\/16<\/a> <span class=\"comments-number\">(0)<\/span><\/li><li><span class=\"day\">18:<\/span> <a href=\"https:\/\/www.schachbezirk-mittelbaden.de\/wp\/?p=11805\" rel=\"bookmark\">REMINDER: Jugendeinzelmeisterschaften 2015<\/a> <span class=\"comments-number\">(0)<\/span><\/li><li class=\"day-duplicate\"><span class=\"day\">18:<\/span> <a href=\"https:\/\/www.schachbezirk-mittelbaden.de\/wp\/?p=11802\" rel=\"bookmark\">Einzelpokal: Auslosung Zwischenrunde<\/a> <span class=\"comments-number\">(0)<\/span><\/li><li><span class=\"day\">10:<\/span> <a href=\"https:\/\/www.schachbezirk-mittelbaden.de\/wp\/?p=11798\" rel=\"bookmark\">Mannschaftspokal-Auslosungen und Ergebnisse Einzelpokal<\/a> <span class=\"comments-number\">(0)<\/span><\/li><li><span class=\"day\">08:<\/span> <a href=\"https:\/\/www.schachbezirk-mittelbaden.de\/wp\/?p=11793\" rel=\"bookmark\">OSG-Winterturnier 2015\/16 &#8211; jetzt anmelden!<\/a> <span class=\"comments-number\">(0)<\/span><\/li><li><span class=\"day\">07:<\/span> <a href=\"https:\/\/www.schachbezirk-mittelbaden.de\/wp\/?p=11785\" rel=\"bookmark\">Blitzmeisterschaften 2015 &#8211; Favoriten setzen sich durch<\/a> <span class=\"comments-number\">(0)<\/span><\/li><li class=\"day-duplicate\"><span class=\"day\">07:<\/span> <a href=\"https:\/\/www.schachbezirk-mittelbaden.de\/wp\/?p=11781\" rel=\"bookmark\">Erinnerung an Pokalwettbewerbe<\/a> <span class=\"comments-number\">(0)<\/span><\/li><li><span class=\"day\">05:<\/span> <a href=\"https:\/\/www.schachbezirk-mittelbaden.de\/wp\/?p=11773\" rel=\"bookmark\">2. Ettlinger 12h-Blitzmarathon<\/a> <span class=\"comments-number\">(0)<\/span><\/li><li class=\"day-duplicate\"><span class=\"day\">05:<\/span> <a href=\"https:\/\/www.schachbezirk-mittelbaden.de\/wp\/?p=11770\" rel=\"bookmark\">Einladung: 2. Ettlinger 12h-Blitzmarathon<\/a> <span class=\"comments-number\">(0)<\/span><\/li><\/ul><h2 class=\"month-year\"><a href=\"https:\/\/www.schachbezirk-mittelbaden.de\/wp\/?m=201509\">September 2015<\/a><\/h2><ul><li><span class=\"day\">30:<\/span> <a href=\"https:\/\/www.schachbezirk-mittelbaden.de\/wp\/?p=11767\" rel=\"bookmark\">Erinnerungs-Gedenkturnier verstorbener Schach-Senioren<\/a> <span class=\"comments-number\">(0)<\/span><\/li><li><span class=\"day\">26:<\/span> <a href=\"https:\/\/www.schachbezirk-mittelbaden.de\/wp\/?p=11751\" rel=\"bookmark\">Simultan mit Julian Martin in Weitenung<\/a> <span class=\"comments-number\">(0)<\/span><\/li><li><span class=\"day\">23:<\/span> <a href=\"https:\/\/www.schachbezirk-mittelbaden.de\/wp\/?p=11743\" rel=\"bookmark\">Breitenschach : Einladung zur Familien Schachmeisterschaft 2015<\/a> <span class=\"comments-number\">(0)<\/span><\/li><li><span class=\"day\">22:<\/span> <a href=\"https:\/\/www.schachbezirk-mittelbaden.de\/wp\/?p=11740\" rel=\"bookmark\">Checkliste 2015\/16<\/a> <span class=\"comments-number\">(0)<\/span><\/li><li><span class=\"day\">21:<\/span> <a href=\"https:\/\/www.schachbezirk-mittelbaden.de\/wp\/?p=11730\" rel=\"bookmark\">Herzschlagfinale bei den &#8222;Mittelbadischen&#8220;<\/a> <span class=\"comments-number\">(0)<\/span><\/li><li><span class=\"day\">20:<\/span> <a href=\"https:\/\/www.schachbezirk-mittelbaden.de\/wp\/?p=11724\" rel=\"bookmark\">Ausschreibung Mittelbadische Blitzmeisterschaften 2015<\/a> <span class=\"comments-number\">(0)<\/span><\/li><li><span class=\"day\">17:<\/span> <a href=\"https:\/\/www.schachbezirk-mittelbaden.de\/wp\/?p=11722\" rel=\"bookmark\">Saisonbeginn mit Spitzenk\u00c3\u00a4mpfen<\/a> <span class=\"comments-number\">(0)<\/span><\/li><li><span class=\"day\">12:<\/span> <a href=\"https:\/\/www.schachbezirk-mittelbaden.de\/wp\/?p=11719\" rel=\"bookmark\">MBSK 2015: Es sind noch viele Pl\u00c3\u00a4tze frei!<\/a> <span class=\"comments-number\">(0)<\/span><\/li><li><span class=\"day\">11:<\/span> <a href=\"https:\/\/www.schachbezirk-mittelbaden.de\/wp\/?p=11713\" rel=\"bookmark\">&#8222;Der dreifache Max&#8220;<\/a> <span class=\"comments-number\">(0)<\/span><\/li><li><span class=\"day\">10:<\/span> <a href=\"https:\/\/www.schachbezirk-mittelbaden.de\/wp\/?p=11709\" rel=\"bookmark\">Einladung Regelkundeseminar<\/a> <span class=\"comments-number\">(0)<\/span><\/li><li><span class=\"day\">02:<\/span> <a href=\"https:\/\/www.schachbezirk-mittelbaden.de\/wp\/?p=11704\" rel=\"bookmark\">Senioren-\/Jungseniorenschnellschach in Baden-Baden<\/a> <span class=\"comments-number\">(0)<\/span><\/li><\/ul><h2 class=\"month-year\"><a href=\"https:\/\/www.schachbezirk-mittelbaden.de\/wp\/?m=201508\">August 2015<\/a><\/h2><ul><li><span class=\"day\">28:<\/span> <a href=\"https:\/\/www.schachbezirk-mittelbaden.de\/wp\/?p=11701\" rel=\"bookmark\">Spielpl\u00c3\u00a4ne S\u00c3\u00bcdschiene<\/a> <span class=\"comments-number\">(0)<\/span><\/li><li><span class=\"day\">20:<\/span> <a href=\"https:\/\/www.schachbezirk-mittelbaden.de\/wp\/?p=11693\" rel=\"bookmark\">Mittelbadische Jugendeinzelmeisterschaften 2015 in Gernsbach<\/a> <span class=\"comments-number\">(0)<\/span><\/li><li class=\"day-duplicate\"><span class=\"day\">20:<\/span> <a href=\"https:\/\/www.schachbezirk-mittelbaden.de\/wp\/?p=11690\" rel=\"bookmark\">Spielpl\u00c3\u00a4ne \/ Ranglistenerstellung<\/a> <span class=\"comments-number\">(0)<\/span><\/li><li><span class=\"day\">15:<\/span> <a href=\"https:\/\/www.schachbezirk-mittelbaden.de\/wp\/?p=11684\" rel=\"bookmark\">Einladung zur Familien Schachmeisterschaft 2015<\/a> <span class=\"comments-number\">(0)<\/span><\/li><li><span class=\"day\">13:<\/span> <a href=\"https:\/\/www.schachbezirk-mittelbaden.de\/wp\/?p=11681\" rel=\"bookmark\">JMM 2015 &#8211; Ausschreibung<\/a> <span class=\"comments-number\">(0)<\/span><\/li><li><span class=\"day\">11:<\/span> <a href=\"https:\/\/www.schachbezirk-mittelbaden.de\/wp\/?p=11679\" rel=\"bookmark\">Mittelbadische Jugendeinzel- meisterschaften 2015\/16<\/a> <span class=\"comments-number\">(0)<\/span><\/li><li class=\"day-duplicate\"><span class=\"day\">11:<\/span> <a href=\"https:\/\/www.schachbezirk-mittelbaden.de\/wp\/?p=11677\" rel=\"bookmark\">Mittelbadische Mannschaftsblitz- und Einzelblitzmeisterschaft 2015\/2016<\/a> <span class=\"comments-number\">(0)<\/span><\/li><li class=\"day-duplicate\"><span class=\"day\">11:<\/span> <a href=\"https:\/\/www.schachbezirk-mittelbaden.de\/wp\/?p=11675\" rel=\"bookmark\">Abgabefrist Ranglisten<\/a> <span class=\"comments-number\">(0)<\/span><\/li><li><span class=\"day\">03:<\/span> <a href=\"https:\/\/www.schachbezirk-mittelbaden.de\/wp\/?p=11667\" rel=\"bookmark\">GM Roland Schmaltz sichert sich Triple<\/a> <span class=\"comments-number\">(0)<\/span><\/li><li><span class=\"day\">01:<\/span> <a href=\"https:\/\/www.schachbezirk-mittelbaden.de\/wp\/?p=11662\" rel=\"bookmark\">Bezirks-Mannschaftspokal<\/a> <span class=\"comments-number\">(0)<\/span><\/li><li class=\"day-duplicate\"><span class=\"day\">01:<\/span> <a href=\"https:\/\/www.schachbezirk-mittelbaden.de\/wp\/?p=11655\" rel=\"bookmark\">Bezirks-Einzelpokal<\/a> <span class=\"comments-number\">(0)<\/span><\/li><li class=\"day-duplicate\"><span class=\"day\">01:<\/span> <a href=\"https:\/\/www.schachbezirk-mittelbaden.de\/wp\/?p=11647\" rel=\"bookmark\">Rundschreiben und Pokalausschreibungen 2015\/16<\/a> <span class=\"comments-number\">(0)<\/span><\/li><\/ul><h2 class=\"month-year\"><a href=\"https:\/\/www.schachbezirk-mittelbaden.de\/wp\/?m=201507\">Juli 2015<\/a><\/h2><ul><li><span class=\"day\">29:<\/span> <a href=\"https:\/\/www.schachbezirk-mittelbaden.de\/wp\/?p=11640\" rel=\"bookmark\">Mittelbadischer Schachkongress 2015<\/a> <span class=\"comments-number\">(0)<\/span><\/li><li class=\"day-duplicate\"><span class=\"day\">29:<\/span> <a href=\"https:\/\/www.schachbezirk-mittelbaden.de\/wp\/?p=11636\" rel=\"bookmark\">Mittelbadischer Schach- kongress 2015 in \u00c3\u2013tigheim<\/a> <span class=\"comments-number\">(0)<\/span><\/li><li><span class=\"day\">28:<\/span> <a href=\"https:\/\/www.schachbezirk-mittelbaden.de\/wp\/?p=11631\" rel=\"bookmark\">Bezirksversammlung 2015<\/a> <span class=\"comments-number\">(0)<\/span><\/li><li><span class=\"day\">27:<\/span> <a href=\"https:\/\/www.schachbezirk-mittelbaden.de\/wp\/?p=11614\" rel=\"bookmark\">Spiel, Schach und Sieg f\u00c3\u00bcr GM Andrey Orlov<\/a> <span class=\"comments-number\">(0)<\/span><\/li><li><span class=\"day\">18:<\/span> <a href=\"https:\/\/www.schachbezirk-mittelbaden.de\/wp\/?p=11599\" rel=\"bookmark\">Goldene Ehrennadel f\u00c3\u00bcr Mostafa Muschtaki<\/a> <span class=\"comments-number\">(0)<\/span><\/li><li class=\"day-duplicate\"><span class=\"day\">18:<\/span> <a href=\"https:\/\/www.schachbezirk-mittelbaden.de\/wp\/?p=11597\" rel=\"bookmark\">Verbandsrunde<\/a> <span class=\"comments-number\">(0)<\/span><\/li><li class=\"day-duplicate\"><span class=\"day\">18:<\/span> <a href=\"https:\/\/www.schachbezirk-mittelbaden.de\/wp\/?p=11594\" rel=\"bookmark\">Mannschaftsf\u00c3\u00bchrerschulung<\/a> <span class=\"comments-number\">(0)<\/span><\/li><li class=\"day-duplicate\"><span class=\"day\">18:<\/span> <a href=\"https:\/\/www.schachbezirk-mittelbaden.de\/wp\/?p=11591\" rel=\"bookmark\">Vorstandsitzung des Schachbezirk Mittelbaden e. V.<\/a> <span class=\"comments-number\">(0)<\/span><\/li><li><span class=\"day\">06:<\/span> <a href=\"https:\/\/www.schachbezirk-mittelbaden.de\/wp\/?p=11586\" rel=\"bookmark\">Jugend-Quartalsturnier in Baden-Baden<\/a> <span class=\"comments-number\">(0)<\/span><\/li><li class=\"day-duplicate\"><span class=\"day\">06:<\/span> <a href=\"https:\/\/www.schachbezirk-mittelbaden.de\/wp\/?p=11584\" rel=\"bookmark\">Offene Mittelbadische Senioren-Jungsenioren-Schnellschach-Meisterschaft<\/a> <span class=\"comments-number\">(0)<\/span><\/li><\/ul><h2 class=\"month-year\"><a href=\"https:\/\/www.schachbezirk-mittelbaden.de\/wp\/?m=201506\">Juni 2015<\/a><\/h2><ul><li><span class=\"day\">29:<\/span> <a href=\"https:\/\/www.schachbezirk-mittelbaden.de\/wp\/?p=11578\" rel=\"bookmark\">Vorl\u00c3\u00a4ufige Klassenzusammensetzung 2015\/16<\/a> <span class=\"comments-number\">(0)<\/span><\/li><li><span class=\"day\">25:<\/span> <a href=\"https:\/\/www.schachbezirk-mittelbaden.de\/wp\/?p=11575\" rel=\"bookmark\">Jugend-Quartalstermine in Baden-Baden stehen fest<\/a> <span class=\"comments-number\">(0)<\/span><\/li><li class=\"day-duplicate\"><span class=\"day\">25:<\/span> <a href=\"https:\/\/www.schachbezirk-mittelbaden.de\/wp\/?p=11573\" rel=\"bookmark\">Jugend-Quartalsturnier in Baden-Baden<\/a> <span class=\"comments-number\">(0)<\/span><\/li><li class=\"day-duplicate\"><span class=\"day\">25:<\/span> <a href=\"https:\/\/www.schachbezirk-mittelbaden.de\/wp\/?p=11571\" rel=\"bookmark\">Jugend-Quartalsturnier in Baden-Baden<\/a> <span class=\"comments-number\">(0)<\/span><\/li><li><span class=\"day\">20:<\/span> <a href=\"https:\/\/www.schachbezirk-mittelbaden.de\/wp\/?p=11568\" rel=\"bookmark\">Bezirks-Senioren-Einzelmeisterschaft<\/a> <span class=\"comments-number\">(0)<\/span><\/li><li><span class=\"day\">19:<\/span> <a href=\"https:\/\/www.schachbezirk-mittelbaden.de\/wp\/?p=11565\" rel=\"bookmark\">Schnellschachmeister 2015: Julian Martin<\/a> <span class=\"comments-number\">(0)<\/span><\/li><li><span class=\"day\">12:<\/span> <a href=\"https:\/\/www.schachbezirk-mittelbaden.de\/wp\/?p=11558\" rel=\"bookmark\">Einladung zur Bezirksversammlung 2015<\/a> <span class=\"comments-number\">(0)<\/span><\/li><li class=\"day-duplicate\"><span class=\"day\">12:<\/span> <a href=\"https:\/\/www.schachbezirk-mittelbaden.de\/wp\/?p=11556\" rel=\"bookmark\">Vorstandsitzung des Schachbezirk Mittelbaden e. V.<\/a> <span class=\"comments-number\">(0)<\/span><\/li><li><span class=\"day\">11:<\/span> <a href=\"https:\/\/www.schachbezirk-mittelbaden.de\/wp\/?p=11553\" rel=\"bookmark\">Deutsche Familienmeisterschaft &#8211; offen f\u00c3\u00bcr alle<\/a> <span class=\"comments-number\">(0)<\/span><\/li><li class=\"day-duplicate\"><span class=\"day\">11:<\/span> <a href=\"https:\/\/www.schachbezirk-mittelbaden.de\/wp\/?p=11551\" rel=\"bookmark\">Jugend-Quartalsturnier geht erneut an Mittelbadener<\/a> <span class=\"comments-number\">(0)<\/span><\/li><li><span class=\"day\">10:<\/span> <a href=\"https:\/\/www.schachbezirk-mittelbaden.de\/wp\/?p=11534\" rel=\"bookmark\">Bericht von der diesj\u00c3\u00a4hrigen DJEM<\/a> <span class=\"comments-number\">(0)<\/span><\/li><li><span class=\"day\">09:<\/span> <a href=\"https:\/\/www.schachbezirk-mittelbaden.de\/wp\/?p=11532\" rel=\"bookmark\">Schnellschach am kommenden Freitag<\/a> <span class=\"comments-number\">(0)<\/span><\/li><li><span class=\"day\">04:<\/span> <a href=\"https:\/\/www.schachbezirk-mittelbaden.de\/wp\/?p=11525\" rel=\"bookmark\">BTL-Rundschreiben 2-2015\/16<\/a> <span class=\"comments-number\">(0)<\/span><\/li><li><span class=\"day\">03:<\/span> <a href=\"https:\/\/www.schachbezirk-mittelbaden.de\/wp\/?p=11522\" rel=\"bookmark\">Schach in Baden-Badens Fu\u00c3\u0178g\u00c3\u00a4ngerzone<\/a> <span class=\"comments-number\">(0)<\/span><\/li><\/ul><h2 class=\"month-year\"><a href=\"https:\/\/www.schachbezirk-mittelbaden.de\/wp\/?m=201505\">Mai 2015<\/a><\/h2><ul><li><span class=\"day\">30:<\/span> <a href=\"https:\/\/www.schachbezirk-mittelbaden.de\/wp\/?p=11517\" rel=\"bookmark\">OSG-Sommerturnier zieht auch G\u00c3\u00a4ste an!<\/a> <span class=\"comments-number\">(0)<\/span><\/li><li><span class=\"day\">26:<\/span> <a href=\"https:\/\/www.schachbezirk-mittelbaden.de\/wp\/?p=11515\" rel=\"bookmark\">Bezirksversammlung in Lichtental<\/a> <span class=\"comments-number\">(0)<\/span><\/li><li class=\"day-duplicate\"><span class=\"day\">26:<\/span> <a href=\"https:\/\/www.schachbezirk-mittelbaden.de\/wp\/?p=11512\" rel=\"bookmark\">Kuppenheimer Sparkassen-Cup auf einem guten Weg<\/a> <span class=\"comments-number\">(0)<\/span><\/li><li><span class=\"day\">25:<\/span> <a href=\"https:\/\/www.schachbezirk-mittelbaden.de\/wp\/?p=11505\" rel=\"bookmark\">Titelhattrick der Heimschule Lender<\/a> <span class=\"comments-number\">(0)<\/span><\/li><li class=\"day-duplicate\"><span class=\"day\">25:<\/span> <a href=\"https:\/\/www.schachbezirk-mittelbaden.de\/wp\/?p=11503\" rel=\"bookmark\">Bezirksversammlung: Funktion\u00c3\u00a4re in Lichtental zu Gast<\/a> <span class=\"comments-number\">(0)<\/span><\/li><li><span class=\"day\">22:<\/span> <a href=\"https:\/\/www.schachbezirk-mittelbaden.de\/wp\/?p=11444\" rel=\"bookmark\">6. Offene BW-Amateur-Meisterschaften<\/a> <span class=\"comments-number\">(0)<\/span><\/li><li><span class=\"day\">19:<\/span> <a href=\"https:\/\/www.schachbezirk-mittelbaden.de\/wp\/?p=11499\" rel=\"bookmark\">Baden-Badener 3-Tage-Turnier an Fasching<\/a> <span class=\"comments-number\">(0)<\/span><\/li><li class=\"day-duplicate\"><span class=\"day\">19:<\/span> <a href=\"https:\/\/www.schachbezirk-mittelbaden.de\/wp\/?p=11497\" rel=\"bookmark\">3-Tage-Turnier an Fasching 2016<\/a> <span class=\"comments-number\">(0)<\/span><\/li><li><span class=\"day\">14:<\/span> <a href=\"https:\/\/www.schachbezirk-mittelbaden.de\/wp\/?p=11488\" rel=\"bookmark\">OSG-Baden-Baden Mann- schaftspokalsieger nach Odyssee am Anreisetag<\/a> <span class=\"comments-number\">(0)<\/span><\/li><li><span class=\"day\">11:<\/span> <a href=\"https:\/\/www.schachbezirk-mittelbaden.de\/wp\/?p=11481\" rel=\"bookmark\">Fr\u00c3\u00bchzeitiges Aus f\u00c3\u00bcr die Baden-Badener Schachsenioren<\/a> <span class=\"comments-number\">(0)<\/span><\/li><li><span class=\"day\">08:<\/span> <a href=\"https:\/\/www.schachbezirk-mittelbaden.de\/wp\/?p=11473\" rel=\"bookmark\">Schnellschacheinzelmeisterschaft 2015<\/a> <span class=\"comments-number\">(0)<\/span><\/li><li class=\"day-duplicate\"><span class=\"day\">08:<\/span> <a href=\"https:\/\/www.schachbezirk-mittelbaden.de\/wp\/?p=11470\" rel=\"bookmark\">Schnellschacheinzelmeisterschaft 2015<\/a> <span class=\"comments-number\">(0)<\/span><\/li><li><span class=\"day\">04:<\/span> <a href=\"https:\/\/www.schachbezirk-mittelbaden.de\/wp\/?p=11466\" rel=\"bookmark\">Sparkassen-Cup am 16. Mai in Kuppenheim<\/a> <span class=\"comments-number\">(0)<\/span><\/li><li><span class=\"day\">01:<\/span> <a href=\"https:\/\/www.schachbezirk-mittelbaden.de\/wp\/?p=11457\" rel=\"bookmark\">Sch\u00c3\u00b6ner Erfolg bei den 2. Ortenau-Open<\/a> <span class=\"comments-number\">(0)<\/span><\/li><li class=\"day-duplicate\"><span class=\"day\">01:<\/span> <a href=\"https:\/\/www.schachbezirk-mittelbaden.de\/wp\/?p=11454\" rel=\"bookmark\">87. Badische Meisterschaften in  Sasbach<\/a> <span class=\"comments-number\">(0)<\/span><\/li><\/ul><h2 class=\"month-year\"><a href=\"https:\/\/www.schachbezirk-mittelbaden.de\/wp\/?m=201504\">April 2015<\/a><\/h2><ul><li><span class=\"day\">28:<\/span> <a href=\"https:\/\/www.schachbezirk-mittelbaden.de\/wp\/?p=11451\" rel=\"bookmark\">OSG-Duo gewinnt Jugend-Quartalsturnier<\/a> <span class=\"comments-number\">(0)<\/span><\/li><li class=\"day-duplicate\"><span class=\"day\">28:<\/span> <a href=\"https:\/\/www.schachbezirk-mittelbaden.de\/wp\/?p=11449\" rel=\"bookmark\">SF Sasbach und OSG Baden-Baden gewinnen Badische Jugend-Mannschaftsmeisterschaften<\/a> <span class=\"comments-number\">(0)<\/span><\/li><li><span class=\"day\">19:<\/span> <a href=\"https:\/\/www.schachbezirk-mittelbaden.de\/wp\/?p=11438\" rel=\"bookmark\">9. Frauen-Mannschaftsmeister-schaft f\u00c3\u00bcr die OSG Baden-Baden!<\/a> <span class=\"comments-number\">(0)<\/span><\/li><li class=\"day-duplicate\"><span class=\"day\">19:<\/span> <a href=\"https:\/\/www.schachbezirk-mittelbaden.de\/wp\/?p=11154\" rel=\"bookmark\">Verbandsrunde 2014\/15<\/a> <span class=\"comments-number\">(0)<\/span><\/li><li><span class=\"day\">17:<\/span> <a href=\"https:\/\/www.schachbezirk-mittelbaden.de\/wp\/?p=11433\" rel=\"bookmark\">1. Offene Baden-W\u00c3\u00bcrttembergische Senioren-Einzelmeisterschaft<\/a> <span class=\"comments-number\">(0)<\/span><\/li><li class=\"day-duplicate\"><span class=\"day\">17:<\/span> <a href=\"https:\/\/www.schachbezirk-mittelbaden.de\/wp\/?p=11430\" rel=\"bookmark\">6. Offene BW &#8211; Amateur-Meisterschaften in  Walzbachtal (SK J\u00c3\u00b6hlingen)<\/a> <span class=\"comments-number\">(0)<\/span><\/li><li class=\"day-duplicate\"><span class=\"day\">17:<\/span> <a href=\"https:\/\/www.schachbezirk-mittelbaden.de\/wp\/?p=11427\" rel=\"bookmark\">87. Badische Meisterschaften in Sasbach<\/a> <span class=\"comments-number\">(0)<\/span><\/li><li><span class=\"day\">15:<\/span> <a href=\"https:\/\/www.schachbezirk-mittelbaden.de\/wp\/?p=11415\" rel=\"bookmark\">Schachjugendliche k\u00c3\u00bcmmern sich um die Schachjugend!<\/a> <span class=\"comments-number\">(0)<\/span><\/li><li class=\"day-duplicate\"><span class=\"day\">15:<\/span> <a href=\"https:\/\/www.schachbezirk-mittelbaden.de\/wp\/?p=11412\" rel=\"bookmark\">Sparkassen-Cup der Rochade Kuppenheim<\/a> <span class=\"comments-number\">(0)<\/span><\/li><li><span class=\"day\">14:<\/span> <a href=\"https:\/\/www.schachbezirk-mittelbaden.de\/wp\/?p=11405\" rel=\"bookmark\">Zahl der Meistertitel jetzt zweistellig!<\/a> <span class=\"comments-number\">(0)<\/span><\/li><li><span class=\"day\">13:<\/span> <a href=\"https:\/\/www.schachbezirk-mittelbaden.de\/wp\/?p=11400\" rel=\"bookmark\">Badischer Jugendkongress in Sasbach<\/a> <span class=\"comments-number\">(0)<\/span><\/li><li><span class=\"day\">11:<\/span> <a href=\"https:\/\/www.schachbezirk-mittelbaden.de\/wp\/?p=11398\" rel=\"bookmark\">Badische-Schnellschach-Einzelmeisterschaft in Lahr<\/a> <span class=\"comments-number\">(0)<\/span><\/li><\/ul><h2 class=\"month-year\"><a href=\"https:\/\/www.schachbezirk-mittelbaden.de\/wp\/?m=201503\">M\u00e4rz 2015<\/a><\/h2><ul><li><span class=\"day\">30:<\/span> <a href=\"https:\/\/www.schachbezirk-mittelbaden.de\/wp\/?p=11385\" rel=\"bookmark\">Thilo Ehmann verteidigt Titel in Ottenh\u00c3\u00b6fen<\/a> <span class=\"comments-number\">(0)<\/span><\/li><li><span class=\"day\">15:<\/span> <a href=\"https:\/\/www.schachbezirk-mittelbaden.de\/wp\/?p=11380\" rel=\"bookmark\">Sasbach entthront Rochade im Pokal<\/a> <span class=\"comments-number\">(0)<\/span><\/li><li><span class=\"day\">06:<\/span> <a href=\"https:\/\/www.schachbezirk-mittelbaden.de\/wp\/?p=11310\" rel=\"bookmark\">Achertalpokal 2015<\/a> <span class=\"comments-number\">(0)<\/span><\/li><li><span class=\"day\">02:<\/span> <a href=\"https:\/\/www.schachbezirk-mittelbaden.de\/wp\/?p=11372\" rel=\"bookmark\">Riehle gewinnt Bezirkspokal<\/a> <span class=\"comments-number\">(0)<\/span><\/li><\/ul><h2 class=\"month-year\"><a href=\"https:\/\/www.schachbezirk-mittelbaden.de\/wp\/?m=201502\">Februar 2015<\/a><\/h2><ul><li><span class=\"day\">28:<\/span> <a href=\"https:\/\/www.schachbezirk-mittelbaden.de\/wp\/?p=11362\" rel=\"bookmark\">Einladung BBMM 2015<\/a> <span class=\"comments-number\">(0)<\/span><\/li><li><span class=\"day\">22:<\/span> <a href=\"https:\/\/www.schachbezirk-mittelbaden.de\/wp\/?p=11358\" rel=\"bookmark\">Sasbacher Nachwuchs trumpft auf<\/a> <span class=\"comments-number\">(0)<\/span><\/li><li><span class=\"day\">21:<\/span> <a href=\"https:\/\/www.schachbezirk-mittelbaden.de\/wp\/?p=11356\" rel=\"bookmark\">Mittelbadischer Mannschaftspokal<\/a> <span class=\"comments-number\">(0)<\/span><\/li><li><span class=\"day\">18:<\/span> <a href=\"https:\/\/www.schachbezirk-mittelbaden.de\/wp\/?p=11348\" rel=\"bookmark\">Kein (Schachwelt-)Meister f\u00c3\u00a4llt vom Himmel<\/a> <span class=\"comments-number\">(0)<\/span><\/li><li><span class=\"day\">10:<\/span> <a href=\"https:\/\/www.schachbezirk-mittelbaden.de\/wp\/?p=11343\" rel=\"bookmark\">Dramatischer Schlusstag bei der GRENKE Chess Classic<\/a> <span class=\"comments-number\">(0)<\/span><\/li><li><span class=\"day\">09:<\/span> <a href=\"https:\/\/www.schachbezirk-mittelbaden.de\/wp\/?p=11331\" rel=\"bookmark\">Junger Weltmeister lockt die Schach-Fans<\/a> <span class=\"comments-number\">(0)<\/span><\/li><li class=\"day-duplicate\"><span class=\"day\">09:<\/span> <a href=\"https:\/\/www.schachbezirk-mittelbaden.de\/wp\/?p=11326\" rel=\"bookmark\">9ter offener Badischer Jugendkongress in Sasbach<\/a> <span class=\"comments-number\">(0)<\/span><\/li><li><span class=\"day\">04:<\/span> <a href=\"https:\/\/www.schachbezirk-mittelbaden.de\/wp\/?p=11322\" rel=\"bookmark\">Magnus Carlsen \u00c3\u00bcbernimmt F\u00c3\u00bchrung bei der GRENKE Chess Classic<\/a> <span class=\"comments-number\">(0)<\/span><\/li><\/ul><h2 class=\"month-year\"><a href=\"https:\/\/www.schachbezirk-mittelbaden.de\/wp\/?m=201501\">Januar 2015<\/a><\/h2><ul><li><span class=\"day\">24:<\/span> <a href=\"https:\/\/www.schachbezirk-mittelbaden.de\/wp\/?p=11317\" rel=\"bookmark\">MBEP &#8211; Finale und Spiel um Platz 3<\/a> <span class=\"comments-number\">(0)<\/span><\/li><li><span class=\"day\">23:<\/span> <a href=\"https:\/\/www.schachbezirk-mittelbaden.de\/wp\/?p=11313\" rel=\"bookmark\">Mannschaftspokal Halbfinale<\/a> <span class=\"comments-number\">(0)<\/span><\/li><li><span class=\"day\">13:<\/span> <a href=\"https:\/\/www.schachbezirk-mittelbaden.de\/wp\/?p=11299\" rel=\"bookmark\">Erfolge f\u00c3\u00bcr Sasbacher Jugend- teams bei der &#8222;Deutschen&#8220;<\/a> <span class=\"comments-number\">(0)<\/span><\/li><li><span class=\"day\">09:<\/span> <a href=\"https:\/\/www.schachbezirk-mittelbaden.de\/wp\/?p=11291\" rel=\"bookmark\">Badische Jugend-Einzelmeisterschaften 2015<\/a> <span class=\"comments-number\">(0)<\/span><\/li><li class=\"day-duplicate\"><span class=\"day\">09:<\/span> <a href=\"https:\/\/www.schachbezirk-mittelbaden.de\/wp\/?p=11287\" rel=\"bookmark\">GRENKE Chess Classic 2015<\/a> <span class=\"comments-number\">(0)<\/span><\/li><li><span class=\"day\">07:<\/span> <a href=\"https:\/\/www.schachbezirk-mittelbaden.de\/wp\/?p=11274\" rel=\"bookmark\">Badische Jugend- Einzelmeisterschaften<\/a> <span class=\"comments-number\">(0)<\/span><\/li><\/ul><h2 class=\"month-year\"><a href=\"https:\/\/www.schachbezirk-mittelbaden.de\/wp\/?m=201412\">Dezember 2014<\/a><\/h2><ul><li><span class=\"day\">29:<\/span> <a href=\"https:\/\/www.schachbezirk-mittelbaden.de\/wp\/?p=11269\" rel=\"bookmark\">Seniorenspielgemeinschaften in Vorfreude<\/a> <span class=\"comments-number\">(0)<\/span><\/li><li><span class=\"day\">20:<\/span> <a href=\"https:\/\/www.schachbezirk-mittelbaden.de\/wp\/?p=11265\" rel=\"bookmark\">Auslosung Halbfinale Einzelpokal<\/a> <span class=\"comments-number\">(0)<\/span><\/li><li><span class=\"day\">16:<\/span> <a href=\"https:\/\/www.schachbezirk-mittelbaden.de\/wp\/?p=11262\" rel=\"bookmark\">Jugend-Quartalsturnier Baden-Baden (Pfingstferien)<\/a> <span class=\"comments-number\">(0)<\/span><\/li><li class=\"day-duplicate\"><span class=\"day\">16:<\/span> <a href=\"https:\/\/www.schachbezirk-mittelbaden.de\/wp\/?p=11259\" rel=\"bookmark\">Jugend-Quartalsturnier Baden-Baden<\/a> <span class=\"comments-number\">(0)<\/span><\/li><li><span class=\"day\">15:<\/span> <a href=\"https:\/\/www.schachbezirk-mittelbaden.de\/wp\/?p=11257\" rel=\"bookmark\">OSG-Mannschaftssimultan auf 2016 verlegt<\/a> <span class=\"comments-number\">(0)<\/span><\/li><li><span class=\"day\">14:<\/span> <a href=\"https:\/\/www.schachbezirk-mittelbaden.de\/wp\/?p=11252\" rel=\"bookmark\">Junge Blitztalente aus Mittelbaden<\/a> <span class=\"comments-number\">(0)<\/span><\/li><li><span class=\"day\">13:<\/span> <a href=\"https:\/\/www.schachbezirk-mittelbaden.de\/wp\/?p=11247\" rel=\"bookmark\">Goldene Treuenadel f\u00c3\u00bcr Michael Ihle!<\/a> <span class=\"comments-number\">(0)<\/span><\/li><li><span class=\"day\">11:<\/span> <a href=\"https:\/\/www.schachbezirk-mittelbaden.de\/wp\/?p=11244\" rel=\"bookmark\">Olga Weis gewinnt Quartalsturnier in Baden-Baden<\/a> <span class=\"comments-number\">(0)<\/span><\/li><li><span class=\"day\">09:<\/span> <a href=\"https:\/\/www.schachbezirk-mittelbaden.de\/wp\/?p=11239\" rel=\"bookmark\">Auslosung Viertelfinale Mannschaftspokal<\/a> <span class=\"comments-number\">(0)<\/span><\/li><li><span class=\"day\">07:<\/span> <a href=\"https:\/\/www.schachbezirk-mittelbaden.de\/wp\/?p=11231\" rel=\"bookmark\">Jahresbericht 2014 der OSG\/SZ-Breitenschach-Seniorengruppe Baden-Baden<\/a> <span class=\"comments-number\">(0)<\/span><\/li><\/ul><h2 class=\"month-year\"><a href=\"https:\/\/www.schachbezirk-mittelbaden.de\/wp\/?m=201411\">November 2014<\/a><\/h2><ul><li><span class=\"day\">30:<\/span> <a href=\"https:\/\/www.schachbezirk-mittelbaden.de\/wp\/?p=11224\" rel=\"bookmark\">U12 &#8211; Sasbach ist Meister<\/a> <span class=\"comments-number\">(0)<\/span><\/li><li><span class=\"day\">22:<\/span> <a href=\"https:\/\/www.schachbezirk-mittelbaden.de\/wp\/?p=11215\" rel=\"bookmark\">Mittelbad. Einzelpokal 2014\/15<\/a> <span class=\"comments-number\">(0)<\/span><\/li><li><span class=\"day\">21:<\/span> <a href=\"https:\/\/www.schachbezirk-mittelbaden.de\/wp\/?p=11204\" rel=\"bookmark\">Dirk Becker gewinnt Hornisgrinde-Pokal!<\/a> <span class=\"comments-number\">(0)<\/span><\/li><li><span class=\"day\">18:<\/span> <a href=\"https:\/\/www.schachbezirk-mittelbaden.de\/wp\/?p=11200\" rel=\"bookmark\">Jugend-Mannschafts-Meister- schaft 2014: Aktuelle Infos<\/a> <span class=\"comments-number\">(0)<\/span><\/li><li><span class=\"day\">15:<\/span> <a href=\"https:\/\/www.schachbezirk-mittelbaden.de\/wp\/?p=11194\" rel=\"bookmark\">N\u00c3\u00a4chster \u00c3\u00b6ffentlicher Schachtalk am 26. November<\/a> <span class=\"comments-number\">(0)<\/span><\/li><li><span class=\"day\">06:<\/span> <a href=\"https:\/\/www.schachbezirk-mittelbaden.de\/wp\/?p=11186\" rel=\"bookmark\">1. Ettlinger Blitzmarathon<\/a> <span class=\"comments-number\">(0)<\/span><\/li><li class=\"day-duplicate\"><span class=\"day\">06:<\/span> <a href=\"https:\/\/www.schachbezirk-mittelbaden.de\/wp\/?p=11178\" rel=\"bookmark\">1. Ettlinger 12-Std-Blitz- Marathon<\/a> <span class=\"comments-number\">(0)<\/span><\/li><li><span class=\"day\">05:<\/span> <a href=\"https:\/\/www.schachbezirk-mittelbaden.de\/wp\/?p=11175\" rel=\"bookmark\">Schulschachmeisterschaft 2015<\/a> <span class=\"comments-number\">(0)<\/span><\/li><li class=\"day-duplicate\"><span class=\"day\">05:<\/span> <a href=\"https:\/\/www.schachbezirk-mittelbaden.de\/wp\/?p=11172\" rel=\"bookmark\">Seniorenmeisterschaft 2014\/15<\/a> <span class=\"comments-number\">(0)<\/span><\/li><\/ul><h2 class=\"month-year\"><a href=\"https:\/\/www.schachbezirk-mittelbaden.de\/wp\/?m=201410\">Oktober 2014<\/a><\/h2><ul><li><span class=\"day\">25:<\/span> <a href=\"https:\/\/www.schachbezirk-mittelbaden.de\/wp\/?p=11168\" rel=\"bookmark\">Mittelbad. Einzelpokal 2014 &#8211; Ergebnisse und Auslosung<\/a> <span class=\"comments-number\">(0)<\/span><\/li><li><span class=\"day\">18:<\/span> <a href=\"https:\/\/www.schachbezirk-mittelbaden.de\/wp\/?p=11163\" rel=\"bookmark\">Auslosung Mannschaftspokal \/ Ergebnisse Einzelpokal<\/a> <span class=\"comments-number\">(0)<\/span><\/li><li><span class=\"day\">16:<\/span> <a href=\"https:\/\/www.schachbezirk-mittelbaden.de\/wp\/?p=11159\" rel=\"bookmark\">FSJ \u00e2\u20ac\u201c Freiwilliges Soziales Jahr im Schach in Baden-Baden<\/a> <span class=\"comments-number\">(0)<\/span><\/li><li><span class=\"day\">14:<\/span> <a href=\"https:\/\/www.schachbezirk-mittelbaden.de\/wp\/?p=11157\" rel=\"bookmark\">Miba. Einzelpokal \/ Miba. Mannschaftspokal<\/a> <span class=\"comments-number\">(0)<\/span><\/li><li><span class=\"day\">07:<\/span> <a href=\"https:\/\/www.schachbezirk-mittelbaden.de\/wp\/?p=11124\" rel=\"bookmark\">Blitzmeisterschaften 2014 \u00e2\u20ac\u201c Knapp war&#8217;s!<\/a> <span class=\"comments-number\">(0)<\/span><\/li><li><span class=\"day\">01:<\/span> <a href=\"https:\/\/www.schachbezirk-mittelbaden.de\/wp\/?p=11112\" rel=\"bookmark\">Regelkundeseminar in Gernsbach<\/a> <span class=\"comments-number\">(0)<\/span><\/li><\/ul><h2 class=\"month-year\"><a href=\"https:\/\/www.schachbezirk-mittelbaden.de\/wp\/?m=201409\">September 2014<\/a><\/h2><ul><li><span class=\"day\">29:<\/span> <a href=\"https:\/\/www.schachbezirk-mittelbaden.de\/wp\/?p=11106\" rel=\"bookmark\">Zwischen Welt- und Klein- meistern<\/a> <span class=\"comments-number\">(0)<\/span><\/li><li><span class=\"day\">28:<\/span> <a href=\"https:\/\/www.schachbezirk-mittelbaden.de\/wp\/?p=11100\" rel=\"bookmark\">Mittelbadens Schnelldenker in Lichtental zu Gast<\/a> <span class=\"comments-number\">(0)<\/span><\/li><li><span class=\"day\">27:<\/span> <a href=\"https:\/\/www.schachbezirk-mittelbaden.de\/wp\/?p=11094\" rel=\"bookmark\">U14-Mannschaftsmeisterschaften 2015<\/a> <span class=\"comments-number\">(0)<\/span><\/li><li><span class=\"day\">23:<\/span> <a href=\"https:\/\/www.schachbezirk-mittelbaden.de\/wp\/?p=11084\" rel=\"bookmark\">Der Gro\u00c3\u0178meister und die Nonne<\/a> <span class=\"comments-number\">(0)<\/span><\/li><li><span class=\"day\">22:<\/span> <a href=\"https:\/\/www.schachbezirk-mittelbaden.de\/wp\/?p=11059\" rel=\"bookmark\">Mittelbadische Jugendeinzel- meisterschaften in B\u00c3\u00bchlertal<\/a> <span class=\"comments-number\">(0)<\/span><\/li><li><span class=\"day\">21:<\/span> <a href=\"https:\/\/www.schachbezirk-mittelbaden.de\/wp\/?p=11047\" rel=\"bookmark\">03.10.2014 &#8211; Einladung zu Bezirksblitzmeisterschaften<\/a> <span class=\"comments-number\">(0)<\/span><\/li><li><span class=\"day\">20:<\/span> <a href=\"https:\/\/www.schachbezirk-mittelbaden.de\/wp\/?p=11043\" rel=\"bookmark\">Einladung zum Regelkundeseminar 2014<\/a> <span class=\"comments-number\">(0)<\/span><\/li><li><span class=\"day\">17:<\/span> <a href=\"https:\/\/www.schachbezirk-mittelbaden.de\/wp\/?p=11031\" rel=\"bookmark\">Benefizturnier f\u00c3\u00bcr Franz Mayer<\/a> <span class=\"comments-number\">(0)<\/span><\/li><li class=\"day-duplicate\"><span class=\"day\">17:<\/span> <a href=\"https:\/\/www.schachbezirk-mittelbaden.de\/wp\/?p=11000\" rel=\"bookmark\">Fabian Ferster &#8211; Mittelbadischer Meister 2014<\/a> <span class=\"comments-number\">(0)<\/span><\/li><li><span class=\"day\">16:<\/span> <a href=\"https:\/\/www.schachbezirk-mittelbaden.de\/wp\/?p=11009\" rel=\"bookmark\">GRENKE Chess Classic setzt neue Massst\u00c3\u00a4be!<\/a> <span class=\"comments-number\">(3)<\/span><\/li><li><span class=\"day\">13:<\/span> <a href=\"https:\/\/www.schachbezirk-mittelbaden.de\/wp\/?p=10996\" rel=\"bookmark\">Franz-Mayer- Benefiz-Ged\u00c3\u00a4chtnisturnier<\/a> <span class=\"comments-number\">(0)<\/span><\/li><li><span class=\"day\">10:<\/span> <a href=\"https:\/\/www.schachbezirk-mittelbaden.de\/wp\/?p=10993\" rel=\"bookmark\">Meisterturnier des MBSK in Ottenau<\/a> <span class=\"comments-number\">(0)<\/span><\/li><li><span class=\"day\">09:<\/span> <a href=\"https:\/\/www.schachbezirk-mittelbaden.de\/wp\/?p=10986\" rel=\"bookmark\">Enges Rennen im Hauptturnier des MBSK 2014<\/a> <span class=\"comments-number\">(0)<\/span><\/li><li><span class=\"day\">06:<\/span> <a href=\"https:\/\/www.schachbezirk-mittelbaden.de\/wp\/?p=10968\" rel=\"bookmark\">Mittelbadischer Schach- kongress gestartet<\/a> <span class=\"comments-number\">(0)<\/span><\/li><li><span class=\"day\">04:<\/span> <a href=\"https:\/\/www.schachbezirk-mittelbaden.de\/wp\/?p=10958\" rel=\"bookmark\">Gedenkturnier Franz Mayer mit GM Philipp Schlosser<\/a> <span class=\"comments-number\">(0)<\/span><\/li><li><span class=\"day\">03:<\/span> <a href=\"https:\/\/www.schachbezirk-mittelbaden.de\/wp\/?p=10955\" rel=\"bookmark\">KK II und KK III &#8211; MBSK 2014<\/a> <span class=\"comments-number\">(0)<\/span><\/li><li class=\"day-duplicate\"><span class=\"day\">03:<\/span> <a href=\"https:\/\/www.schachbezirk-mittelbaden.de\/wp\/?p=10939\" rel=\"bookmark\">Max Scherer dominiert auch im Bezirk Mittelbaden<\/a> <span class=\"comments-number\">(0)<\/span><\/li><\/ul><h2 class=\"month-year\"><a href=\"https:\/\/www.schachbezirk-mittelbaden.de\/wp\/?m=201408\">August 2014<\/a><\/h2><ul><li><span class=\"day\">31:<\/span> <a href=\"https:\/\/www.schachbezirk-mittelbaden.de\/wp\/?p=10934\" rel=\"bookmark\">Mittelbadische Jugendeinzel-meisterschaften 2014<\/a> <span class=\"comments-number\">(0)<\/span><\/li><li><span class=\"day\">30:<\/span> <a href=\"https:\/\/www.schachbezirk-mittelbaden.de\/wp\/?p=10932\" rel=\"bookmark\">GRENKE Chess Classic Baden-Baden<\/a> <span class=\"comments-number\">(0)<\/span><\/li><li><span class=\"day\">29:<\/span> <a href=\"https:\/\/www.schachbezirk-mittelbaden.de\/wp\/?p=10914\" rel=\"bookmark\">GRENKE Chess Classic Baden-Baden 2014<\/a> <span class=\"comments-number\">(0)<\/span><\/li><li><span class=\"day\">26:<\/span> <a href=\"https:\/\/www.schachbezirk-mittelbaden.de\/wp\/?p=10908\" rel=\"bookmark\">Turnierhinweise u. a.<\/a> <span class=\"comments-number\">(0)<\/span><\/li><li><span class=\"day\">22:<\/span> <a href=\"https:\/\/www.schachbezirk-mittelbaden.de\/wp\/?p=10887\" rel=\"bookmark\">OSG-Ehrenmitglied Franz Mayer verstorben!<\/a> <span class=\"comments-number\">(0)<\/span><\/li><li class=\"day-duplicate\"><span class=\"day\">22:<\/span> <a href=\"https:\/\/www.schachbezirk-mittelbaden.de\/wp\/?p=10879\" rel=\"bookmark\">Testspielgegner f\u00c3\u00bcr Fischer-Modus gesucht<\/a> <span class=\"comments-number\">(0)<\/span><\/li><li><span class=\"day\">21:<\/span> <a href=\"https:\/\/www.schachbezirk-mittelbaden.de\/wp\/?p=10873\" rel=\"bookmark\">Kinderschachkurse starten im Oktober!<\/a> <span class=\"comments-number\">(0)<\/span><\/li><li><span class=\"day\">17:<\/span> <a href=\"https:\/\/www.schachbezirk-mittelbaden.de\/wp\/?p=10867\" rel=\"bookmark\">Mittelbadens beste Blitzer zu Gast in Lichtental<\/a> <span class=\"comments-number\">(0)<\/span><\/li><li><span class=\"day\">15:<\/span> <a href=\"https:\/\/www.schachbezirk-mittelbaden.de\/wp\/?p=10864\" rel=\"bookmark\">Sommerturniere im Schachzentrum Baden-Baden<\/a> <span class=\"comments-number\">(0)<\/span><\/li><li><span class=\"day\">12:<\/span> <a href=\"https:\/\/www.schachbezirk-mittelbaden.de\/wp\/?p=10860\" rel=\"bookmark\">3. Vierjahreszeiten-Schnellschachturnier<\/a> <span class=\"comments-number\">(0)<\/span><\/li><li class=\"day-duplicate\"><span class=\"day\">12:<\/span> <a href=\"https:\/\/www.schachbezirk-mittelbaden.de\/wp\/?p=10849\" rel=\"bookmark\">3. Vierjahreszeiten-Schnell- schachturnier<\/a> <span class=\"comments-number\">(0)<\/span><\/li><li><span class=\"day\">10:<\/span> <a href=\"https:\/\/www.schachbezirk-mittelbaden.de\/wp\/?p=10847\" rel=\"bookmark\">Update zu den Kreisklassen II und III<\/a> <span class=\"comments-number\">(0)<\/span><\/li><li><span class=\"day\">07:<\/span> <a href=\"https:\/\/www.schachbezirk-mittelbaden.de\/wp\/?p=10843\" rel=\"bookmark\">Schachkongress 2014 &#8211; A-Turnier<\/a> <span class=\"comments-number\">(0)<\/span><\/li><li class=\"day-duplicate\"><span class=\"day\">07:<\/span> <a href=\"https:\/\/www.schachbezirk-mittelbaden.de\/wp\/?p=10841\" rel=\"bookmark\">Schachkongress 2014 &#8211; B-Turnier<\/a> <span class=\"comments-number\">(0)<\/span><\/li><li class=\"day-duplicate\"><span class=\"day\">07:<\/span> <a href=\"https:\/\/www.schachbezirk-mittelbaden.de\/wp\/?p=10837\" rel=\"bookmark\">Ausschreibung des Schachkongresses 2014<\/a> <span class=\"comments-number\">(2)<\/span><\/li><li><span class=\"day\">06:<\/span> <a href=\"https:\/\/www.schachbezirk-mittelbaden.de\/wp\/?p=10835\" rel=\"bookmark\">U10-Mannschafts-Meisterschaften<\/a> <span class=\"comments-number\">(0)<\/span><\/li><li class=\"day-duplicate\"><span class=\"day\">06:<\/span> <a href=\"https:\/\/www.schachbezirk-mittelbaden.de\/wp\/?p=10833\" rel=\"bookmark\">U12-Mannschafts-Meisterschaften<\/a> <span class=\"comments-number\">(0)<\/span><\/li><li class=\"day-duplicate\"><span class=\"day\">06:<\/span> <a href=\"https:\/\/www.schachbezirk-mittelbaden.de\/wp\/?p=10831\" rel=\"bookmark\">U14-Mannschafts-Meisterschaften<\/a> <span class=\"comments-number\">(0)<\/span><\/li><li class=\"day-duplicate\"><span class=\"day\">06:<\/span> <a href=\"https:\/\/www.schachbezirk-mittelbaden.de\/wp\/?p=10829\" rel=\"bookmark\">U16-Mannschafts-Meisterschaften<\/a> <span class=\"comments-number\">(0)<\/span><\/li><li class=\"day-duplicate\"><span class=\"day\">06:<\/span> <a href=\"https:\/\/www.schachbezirk-mittelbaden.de\/wp\/?p=10825\" rel=\"bookmark\">U20 &#8211; Mannschaftsmeisterschaft<\/a> <span class=\"comments-number\">(0)<\/span><\/li><li class=\"day-duplicate\"><span class=\"day\">06:<\/span> <a href=\"https:\/\/www.schachbezirk-mittelbaden.de\/wp\/?p=10820\" rel=\"bookmark\">Jugendmannschaftsmeisterschaften: Meldeschluss f\u00c3\u00bcr alle Altersklassen<\/a> <span class=\"comments-number\">(0)<\/span><\/li><li><span class=\"day\">01:<\/span> <a href=\"https:\/\/www.schachbezirk-mittelbaden.de\/wp\/?p=10816\" rel=\"bookmark\">Ausschreibung JMM &#8211; 2014<\/a> <span class=\"comments-number\">(0)<\/span><\/li><\/ul><h2 class=\"month-year\"><a href=\"https:\/\/www.schachbezirk-mittelbaden.de\/wp\/?m=201407\">Juli 2014<\/a><\/h2><ul><li><span class=\"day\">30:<\/span> <a href=\"https:\/\/www.schachbezirk-mittelbaden.de\/wp\/?p=10808\" rel=\"bookmark\">Spielpl\u00c3\u00a4ne Bezirks- und Kreisklasse I<\/a> <span class=\"comments-number\">(0)<\/span><\/li><li class=\"day-duplicate\"><span class=\"day\">30:<\/span> <a href=\"https:\/\/www.schachbezirk-mittelbaden.de\/wp\/?p=10790\" rel=\"bookmark\">Pavel Tregubov gewinnt Euro-Premiere im Schachtennis<\/a> <span class=\"comments-number\">(0)<\/span><\/li><li><span class=\"day\">22:<\/span> <a href=\"https:\/\/www.schachbezirk-mittelbaden.de\/wp\/?p=10780\" rel=\"bookmark\">OSG-Simultan: Gute Werbung f\u00c3\u00bcr das Schach!<\/a> <span class=\"comments-number\">(0)<\/span><\/li><li><span class=\"day\">21:<\/span> <a href=\"https:\/\/www.schachbezirk-mittelbaden.de\/wp\/?p=10776\" rel=\"bookmark\">Senioren-Jungsenioren-Schnellschach-Meisterschaft 2014<\/a> <span class=\"comments-number\">(0)<\/span><\/li><li><span class=\"day\">19:<\/span> <a href=\"https:\/\/www.schachbezirk-mittelbaden.de\/wp\/?p=10769\" rel=\"bookmark\">1. Offene Europameisterschaft im Schachtennis<\/a> <span class=\"comments-number\">(0)<\/span><\/li><li><span class=\"day\">16:<\/span> <a href=\"https:\/\/www.schachbezirk-mittelbaden.de\/wp\/?p=10764\" rel=\"bookmark\">OSG-Mannschaftssimultan &#8211; wer spielt?<\/a> <span class=\"comments-number\">(0)<\/span><\/li><li><span class=\"day\">15:<\/span> <a href=\"https:\/\/www.schachbezirk-mittelbaden.de\/wp\/?p=10761\" rel=\"bookmark\">Pokalausschreibungen 2014\/15<\/a> <span class=\"comments-number\">(0)<\/span><\/li><li class=\"day-duplicate\"><span class=\"day\">15:<\/span> <a href=\"https:\/\/www.schachbezirk-mittelbaden.de\/wp\/?p=10752\" rel=\"bookmark\">Anmeldeschluss Mannschaftspokal<\/a> <span class=\"comments-number\">(0)<\/span><\/li><li><span class=\"day\">14:<\/span> <a href=\"https:\/\/www.schachbezirk-mittelbaden.de\/wp\/?p=10745\" rel=\"bookmark\">Deutsche Familienmeisterschaft 2015 in Baden-Baden<\/a> <span class=\"comments-number\">(0)<\/span><\/li><li><span class=\"day\">13:<\/span> <a href=\"https:\/\/www.schachbezirk-mittelbaden.de\/wp\/?p=10733\" rel=\"bookmark\">Mittelbadische Jugendeinzel-meisterschaften 2014<\/a> <span class=\"comments-number\">(0)<\/span><\/li><li class=\"day-duplicate\"><span class=\"day\">13:<\/span> <a href=\"https:\/\/www.schachbezirk-mittelbaden.de\/wp\/?p=10729\" rel=\"bookmark\">BTL-Info: Rundschreiben 1-2014\/15<\/a> <span class=\"comments-number\">(0)<\/span><\/li><li><span class=\"day\">10:<\/span> <a href=\"https:\/\/www.schachbezirk-mittelbaden.de\/wp\/?p=10727\" rel=\"bookmark\">Bezirks-Einzelpokal 2014\/15<\/a> <span class=\"comments-number\">(0)<\/span><\/li><li class=\"day-duplicate\"><span class=\"day\">10:<\/span> <a href=\"https:\/\/www.schachbezirk-mittelbaden.de\/wp\/?p=10725\" rel=\"bookmark\">Bezirks-Mannschaftspokal 2014\/15<\/a> <span class=\"comments-number\">(0)<\/span><\/li><li><span class=\"day\">08:<\/span> <a href=\"https:\/\/www.schachbezirk-mittelbaden.de\/wp\/?p=10717\" rel=\"bookmark\">Bezirksversammlung 2014<\/a> <span class=\"comments-number\">(0)<\/span><\/li><li class=\"day-duplicate\"><span class=\"day\">08:<\/span> <a href=\"https:\/\/www.schachbezirk-mittelbaden.de\/wp\/?p=10714\" rel=\"bookmark\">Schulung f\u00c3\u00bcr Mannschaftsf\u00c3\u00bchrer<\/a> <span class=\"comments-number\">(0)<\/span><\/li><li><span class=\"day\">02:<\/span> <a href=\"https:\/\/www.schachbezirk-mittelbaden.de\/wp\/?p=10706\" rel=\"bookmark\">Trauer um Paul Itting<\/a> <span class=\"comments-number\">(0)<\/span><\/li><li><span class=\"day\">01:<\/span> <a href=\"https:\/\/www.schachbezirk-mittelbaden.de\/wp\/?p=10704\" rel=\"bookmark\">Jugend-Quartalsturniere in Baden-Baden<\/a> <span class=\"comments-number\">(0)<\/span><\/li><\/ul><h2 class=\"month-year\"><a href=\"https:\/\/www.schachbezirk-mittelbaden.de\/wp\/?m=201406\">Juni 2014<\/a><\/h2><ul><li><span class=\"day\">28:<\/span> <a href=\"https:\/\/www.schachbezirk-mittelbaden.de\/wp\/?p=10701\" rel=\"bookmark\">Vorstandsitzung des Schachbezirks Mittelbaden e. V.<\/a> <span class=\"comments-number\">(0)<\/span><\/li><li><span class=\"day\">24:<\/span> <a href=\"https:\/\/www.schachbezirk-mittelbaden.de\/wp\/?p=10679\" rel=\"bookmark\">Julian Martin wurde zum Spieler des Jahres U14 gew\u00c3\u00a4hlt<\/a> <span class=\"comments-number\">(0)<\/span><\/li><li><span class=\"day\">21:<\/span> <a href=\"https:\/\/www.schachbezirk-mittelbaden.de\/wp\/?p=10673\" rel=\"bookmark\">BBEM 2014 um eine Woche verschoben<\/a> <span class=\"comments-number\">(0)<\/span><\/li><li><span class=\"day\">09:<\/span> <a href=\"https:\/\/www.schachbezirk-mittelbaden.de\/wp\/?p=10664\" rel=\"bookmark\">FM Hartmut Metz verteidigt Titel<\/a> <span class=\"comments-number\">(0)<\/span><\/li><li class=\"day-duplicate\"><span class=\"day\">09:<\/span> <a href=\"https:\/\/www.schachbezirk-mittelbaden.de\/wp\/?p=10652\" rel=\"bookmark\">Badische Blitz-Einzel- meisterschaft in Lichtental<\/a> <span class=\"comments-number\">(0)<\/span><\/li><li><span class=\"day\">02:<\/span> <a href=\"https:\/\/www.schachbezirk-mittelbaden.de\/wp\/?p=10647\" rel=\"bookmark\">Badische Blitz-EM in Lichtental<\/a> <span class=\"comments-number\">(0)<\/span><\/li><\/ul><h2 class=\"month-year\"><a href=\"https:\/\/www.schachbezirk-mittelbaden.de\/wp\/?m=201405\">Mai 2014<\/a><\/h2><ul><li><span class=\"day\">23:<\/span> <a href=\"https:\/\/www.schachbezirk-mittelbaden.de\/wp\/?p=10630\" rel=\"bookmark\">Einladung zur Bezirksversammlung 2014<\/a> <span class=\"comments-number\">(0)<\/span><\/li><li><span class=\"day\">21:<\/span> <a href=\"https:\/\/www.schachbezirk-mittelbaden.de\/wp\/?p=10618\" rel=\"bookmark\">Bezirksversammlung 2014<\/a> <span class=\"comments-number\">(0)<\/span><\/li><li class=\"day-duplicate\"><span class=\"day\">21:<\/span> <a href=\"https:\/\/www.schachbezirk-mittelbaden.de\/wp\/?p=10613\" rel=\"bookmark\">Bezirks-Schnellschach- Einzelmeisterschaft 2014<\/a> <span class=\"comments-number\">(0)<\/span><\/li><li><span class=\"day\">20:<\/span> <a href=\"https:\/\/www.schachbezirk-mittelbaden.de\/wp\/?p=10609\" rel=\"bookmark\">Vorstandssitzung des Schachbezirks Mittelbaden e. V.<\/a> <span class=\"comments-number\">(0)<\/span><\/li><li class=\"day-duplicate\"><span class=\"day\">20:<\/span> <a href=\"https:\/\/www.schachbezirk-mittelbaden.de\/wp\/?p=10601\" rel=\"bookmark\">Goldene Ehrennadel des BSV f\u00c3\u00bcr Holger Grampp<\/a> <span class=\"comments-number\">(0)<\/span><\/li><li><span class=\"day\">13:<\/span> <a href=\"https:\/\/www.schachbezirk-mittelbaden.de\/wp\/?p=10597\" rel=\"bookmark\">Schulschachpokal 2014 Baden-W\u00c3\u00bcrttemberg<\/a> <span class=\"comments-number\">(0)<\/span><\/li><li class=\"day-duplicate\"><span class=\"day\">13:<\/span> <a href=\"https:\/\/www.schachbezirk-mittelbaden.de\/wp\/?p=10590\" rel=\"bookmark\">Schulschachpokal 2014 Baden-W\u00c3\u00bcrttemberg<\/a> <span class=\"comments-number\">(0)<\/span><\/li><li><span class=\"day\">11:<\/span> <a href=\"https:\/\/www.schachbezirk-mittelbaden.de\/wp\/?p=10586\" rel=\"bookmark\">DSJ-Wahl zum Spieler des Jahres<\/a> <span class=\"comments-number\">(0)<\/span><\/li><li><span class=\"day\">06:<\/span> <a href=\"https:\/\/www.schachbezirk-mittelbaden.de\/wp\/?p=10581\" rel=\"bookmark\">Einladung zum OSG\/SZ-VARITEMP-RAPID-CHESS-CUP<\/a> <span class=\"comments-number\">(0)<\/span><\/li><li><span class=\"day\">04:<\/span> <a href=\"https:\/\/www.schachbezirk-mittelbaden.de\/wp\/?p=10578\" rel=\"bookmark\">VARITEMP-RAPID-CHESS-CUP<\/a> <span class=\"comments-number\">(0)<\/span><\/li><li><span class=\"day\">02:<\/span> <a href=\"https:\/\/www.schachbezirk-mittelbaden.de\/wp\/?p=10576\" rel=\"bookmark\">3. Offene Deutsche Meisterschaft im Chess960 Schnellschach<\/a> <span class=\"comments-number\">(0)<\/span><\/li><\/ul><h2 class=\"month-year\"><a href=\"https:\/\/www.schachbezirk-mittelbaden.de\/wp\/?m=201404\">April 2014<\/a><\/h2><ul><li><span class=\"day\">26:<\/span> <a href=\"https:\/\/www.schachbezirk-mittelbaden.de\/wp\/?p=10545\" rel=\"bookmark\">Badischer Jugendkongress in Buchen<\/a> <span class=\"comments-number\">(0)<\/span><\/li><li><span class=\"day\">25:<\/span> <a href=\"https:\/\/www.schachbezirk-mittelbaden.de\/wp\/?p=10537\" rel=\"bookmark\">&#8222;Kleines&#8220; OSG-Simultan: 22-1 zu Gunsten des Meisters<\/a> <span class=\"comments-number\">(0)<\/span><\/li><li><span class=\"day\">20:<\/span> <a href=\"https:\/\/www.schachbezirk-mittelbaden.de\/wp\/?p=10532\" rel=\"bookmark\">An- und Abmeldefrist f\u00c3\u00bcr Kreisklassen III und IV<\/a> <span class=\"comments-number\">(0)<\/span><\/li><li class=\"day-duplicate\"><span class=\"day\">20:<\/span> <a href=\"https:\/\/www.schachbezirk-mittelbaden.de\/wp\/?p=10522\" rel=\"bookmark\">Bezirksblitzmeisterschaften in Lichtental<\/a> <span class=\"comments-number\">(0)<\/span><\/li><li class=\"day-duplicate\"><span class=\"day\">20:<\/span> <a href=\"https:\/\/www.schachbezirk-mittelbaden.de\/wp\/?p=10520\" rel=\"bookmark\">evtl. Stichk\u00c3\u00a4mpfe 2. Bundesliag und\/oder Oberliga<\/a> <span class=\"comments-number\">(0)<\/span><\/li><li class=\"day-duplicate\"><span class=\"day\">20:<\/span> <a href=\"https:\/\/www.schachbezirk-mittelbaden.de\/wp\/?p=10518\" rel=\"bookmark\">2. Bundesliga S\u00c3\u00bcd\/Oberliga Baden<\/a> <span class=\"comments-number\">(0)<\/span><\/li><li class=\"day-duplicate\"><span class=\"day\">20:<\/span> <a href=\"https:\/\/www.schachbezirk-mittelbaden.de\/wp\/?p=10516\" rel=\"bookmark\">Meldeschluss f\u00c3\u00bcr die Ranglisten der Schachbundesliga<\/a> <span class=\"comments-number\">(0)<\/span><\/li><li class=\"day-duplicate\"><span class=\"day\">20:<\/span> <a href=\"https:\/\/www.schachbezirk-mittelbaden.de\/wp\/?p=10512\" rel=\"bookmark\">evtl. Relegationsspiele BSV und Schachbezirk<\/a> <span class=\"comments-number\">(0)<\/span><\/li><li class=\"day-duplicate\"><span class=\"day\">20:<\/span> <a href=\"https:\/\/www.schachbezirk-mittelbaden.de\/wp\/?p=10508\" rel=\"bookmark\">Verbandsspiele Miba\/BSV 2014\/15<\/a> <span class=\"comments-number\">(0)<\/span><\/li><li><span class=\"day\">12:<\/span> <a href=\"https:\/\/www.schachbezirk-mittelbaden.de\/wp\/?p=10500\" rel=\"bookmark\">1. Offene Europameisterschaft im Schachtennis<\/a> <span class=\"comments-number\">(0)<\/span><\/li><li class=\"day-duplicate\"><span class=\"day\">12:<\/span> <a href=\"https:\/\/www.schachbezirk-mittelbaden.de\/wp\/?p=10498\" rel=\"bookmark\">Srokowski-Simultan im LA8<\/a> <span class=\"comments-number\">(0)<\/span><\/li><li class=\"day-duplicate\"><span class=\"day\">12:<\/span> <a href=\"https:\/\/www.schachbezirk-mittelbaden.de\/wp\/?p=10485\" rel=\"bookmark\">Das &#8222;kleine&#8220; OSG-Simultan mit IM Yaroslav Srokovski<\/a> <span class=\"comments-number\">(0)<\/span><\/li><li><span class=\"day\">08:<\/span> <a href=\"https:\/\/www.schachbezirk-mittelbaden.de\/wp\/?p=10472\" rel=\"bookmark\">Neu-Baden-Badener gewinnt Jugend-Quartalsturnier<\/a> <span class=\"comments-number\">(0)<\/span><\/li><\/ul><h2 class=\"month-year\"><a href=\"https:\/\/www.schachbezirk-mittelbaden.de\/wp\/?m=201403\">M\u00e4rz 2014<\/a><\/h2><ul><li><span class=\"day\">31:<\/span> <a href=\"https:\/\/www.schachbezirk-mittelbaden.de\/wp\/?p=10466\" rel=\"bookmark\">Jugend triumphiert beim Achertalpokal<\/a> <span class=\"comments-number\">(0)<\/span><\/li><li><span class=\"day\">25:<\/span> <a href=\"https:\/\/www.schachbezirk-mittelbaden.de\/wp\/?p=10462\" rel=\"bookmark\">Badische Blitzmannschaftsmeisterschaften in H\u00c3\u00b6rden<\/a> <span class=\"comments-number\">(0)<\/span><\/li><li><span class=\"day\">24:<\/span> <a href=\"https:\/\/www.schachbezirk-mittelbaden.de\/wp\/?p=10458\" rel=\"bookmark\">Seniorenmeisterschaft 2014<\/a> <span class=\"comments-number\">(0)<\/span><\/li><li><span class=\"day\">22:<\/span> <a href=\"https:\/\/www.schachbezirk-mittelbaden.de\/wp\/?p=10451\" rel=\"bookmark\">EM in Erevan: Guter Start &#8211; B\u00c3\u00b6ses Ende<\/a> <span class=\"comments-number\">(0)<\/span><\/li><li><span class=\"day\">21:<\/span> <a href=\"https:\/\/www.schachbezirk-mittelbaden.de\/wp\/?p=10448\" rel=\"bookmark\">Badische Blitzmannschaftsmeisterschaft 2014<\/a> <span class=\"comments-number\">(0)<\/span><\/li><li><span class=\"day\">17:<\/span> <a href=\"https:\/\/www.schachbezirk-mittelbaden.de\/wp\/?p=10446\" rel=\"bookmark\">1. Ortenauer Schach-Open<\/a> <span class=\"comments-number\">(0)<\/span><\/li><li class=\"day-duplicate\"><span class=\"day\">17:<\/span> <a href=\"https:\/\/www.schachbezirk-mittelbaden.de\/wp\/?p=10437\" rel=\"bookmark\">1. Ortenauer Schach-Open<\/a> <span class=\"comments-number\">(0)<\/span><\/li><li><span class=\"day\">16:<\/span> <a href=\"https:\/\/www.schachbezirk-mittelbaden.de\/wp\/?p=10424\" rel=\"bookmark\">Kuppenheim verteidigt Bezirkspokaltitel<\/a> <span class=\"comments-number\">(0)<\/span><\/li><li><span class=\"day\">15:<\/span> <a href=\"https:\/\/www.schachbezirk-mittelbaden.de\/wp\/?p=10173\" rel=\"bookmark\">Bezirkspokal 2013\/14 &#8211; Finale<\/a> <span class=\"comments-number\">(0)<\/span><\/li><li><span class=\"day\">12:<\/span> <a href=\"https:\/\/www.schachbezirk-mittelbaden.de\/wp\/?p=10415\" rel=\"bookmark\">ELO-2-Tage-Turnier<\/a> <span class=\"comments-number\">(0)<\/span><\/li><li class=\"day-duplicate\"><span class=\"day\">12:<\/span> <a href=\"https:\/\/www.schachbezirk-mittelbaden.de\/wp\/?p=10250\" rel=\"bookmark\">Achertalpokal 2014<\/a> <span class=\"comments-number\">(0)<\/span><\/li><li><span class=\"day\">10:<\/span> <a href=\"https:\/\/www.schachbezirk-mittelbaden.de\/wp\/?p=10380\" rel=\"bookmark\">Halbzeit bei der EM in Erevan &#8211; Philipp Schlosser berichtet<\/a> <span class=\"comments-number\">(0)<\/span><\/li><li><span class=\"day\">07:<\/span> <a href=\"https:\/\/www.schachbezirk-mittelbaden.de\/wp\/?p=10367\" rel=\"bookmark\">Jochen Klumpp ist Einzelpokalsieger<\/a> <span class=\"comments-number\">(0)<\/span><\/li><li class=\"day-duplicate\"><span class=\"day\">07:<\/span> <a href=\"https:\/\/www.schachbezirk-mittelbaden.de\/wp\/?p=10360\" rel=\"bookmark\">Shoppen und Schach spielen<\/a> <span class=\"comments-number\">(0)<\/span><\/li><li><span class=\"day\">05:<\/span> <a href=\"https:\/\/www.schachbezirk-mittelbaden.de\/wp\/?p=10351\" rel=\"bookmark\">Roland Schmaltz gewinnt 3-Tage-Turnier an Fasching<\/a> <span class=\"comments-number\">(0)<\/span><\/li><\/ul><h2 class=\"month-year\"><a href=\"https:\/\/www.schachbezirk-mittelbaden.de\/wp\/?m=201402\">Februar 2014<\/a><\/h2><ul><li><span class=\"day\">28:<\/span> <a href=\"https:\/\/www.schachbezirk-mittelbaden.de\/wp\/?p=10338\" rel=\"bookmark\">Traditionelles Gro\u00c3\u0178meister-Mannschaftssimultan<\/a> <span class=\"comments-number\">(0)<\/span><\/li><li><span class=\"day\">27:<\/span> <a href=\"https:\/\/www.schachbezirk-mittelbaden.de\/wp\/?p=10327\" rel=\"bookmark\">Letztes Geleit f\u00c3\u00bcr Radovan Strazmesterov<\/a> <span class=\"comments-number\">(0)<\/span><\/li><li class=\"day-duplicate\"><span class=\"day\">27:<\/span> <a href=\"https:\/\/www.schachbezirk-mittelbaden.de\/wp\/?p=10322\" rel=\"bookmark\">Mannschaftspokal: Auslosung Heimrecht<\/a> <span class=\"comments-number\">(0)<\/span><\/li><li><span class=\"day\">24:<\/span> <a href=\"https:\/\/www.schachbezirk-mittelbaden.de\/wp\/?p=10319\" rel=\"bookmark\">Jugend-Quartalsturnier in Baden-Baden<\/a> <span class=\"comments-number\">(0)<\/span><\/li><li><span class=\"day\">23:<\/span> <a href=\"https:\/\/www.schachbezirk-mittelbaden.de\/wp\/?p=10316\" rel=\"bookmark\">Trauer um Lutz Gerike<\/a> <span class=\"comments-number\">(0)<\/span><\/li><li><span class=\"day\">21:<\/span> <a href=\"https:\/\/www.schachbezirk-mittelbaden.de\/wp\/?p=10311\" rel=\"bookmark\">Lehrgang C \u00e2\u20ac\u201c Trainer-Neuausbildung<\/a> <span class=\"comments-number\">(0)<\/span><\/li><li class=\"day-duplicate\"><span class=\"day\">21:<\/span> <a href=\"https:\/\/www.schachbezirk-mittelbaden.de\/wp\/?p=10306\" rel=\"bookmark\">Neuausbildung von C &#8211; Trainern<\/a> <span class=\"comments-number\">(0)<\/span><\/li><li><span class=\"day\">12:<\/span> <a href=\"https:\/\/www.schachbezirk-mittelbaden.de\/wp\/?p=10297\" rel=\"bookmark\">St\u00c3\u00bctzpunkttraining ab M\u00c3\u00a4rz in Baden-Baden<\/a> <span class=\"comments-number\">(0)<\/span><\/li><li><span class=\"day\">09:<\/span> <a href=\"https:\/\/www.schachbezirk-mittelbaden.de\/wp\/?p=10288\" rel=\"bookmark\">Auslosung Farbverteilung Einzelpokal<\/a> <span class=\"comments-number\">(0)<\/span><\/li><li><span class=\"day\">05:<\/span> <a href=\"https:\/\/www.schachbezirk-mittelbaden.de\/wp\/?p=9821\" rel=\"bookmark\">Abgabefrist Ranglisten<\/a> <span class=\"comments-number\">(0)<\/span><\/li><\/ul><h2 class=\"month-year\"><a href=\"https:\/\/www.schachbezirk-mittelbaden.de\/wp\/?m=201401\">Januar 2014<\/a><\/h2><ul><li><span class=\"day\">27:<\/span> <a href=\"https:\/\/www.schachbezirk-mittelbaden.de\/wp\/?p=10278\" rel=\"bookmark\">Auslosung Halbfinale Pokalwettbewerbe<\/a> <span class=\"comments-number\">(0)<\/span><\/li><li><span class=\"day\">23:<\/span> <a href=\"https:\/\/www.schachbezirk-mittelbaden.de\/wp\/?p=10267\" rel=\"bookmark\">Schachfreunde Lichtental auf Sendung<\/a> <span class=\"comments-number\">(0)<\/span><\/li><li><span class=\"day\">22:<\/span> <a href=\"https:\/\/www.schachbezirk-mittelbaden.de\/wp\/?p=10264\" rel=\"bookmark\">Bezirksrunde Senioren 2014<\/a> <span class=\"comments-number\">(0)<\/span><\/li><li><span class=\"day\">21:<\/span> <a href=\"https:\/\/www.schachbezirk-mittelbaden.de\/wp\/?p=10257\" rel=\"bookmark\">Badische U14 Mannschaften<\/a> <span class=\"comments-number\">(0)<\/span><\/li><li><span class=\"day\">15:<\/span> <a href=\"https:\/\/www.schachbezirk-mittelbaden.de\/wp\/?p=10255\" rel=\"bookmark\">Achertalpokal 2014<\/a> <span class=\"comments-number\">(0)<\/span><\/li><li><span class=\"day\">10:<\/span> <a href=\"https:\/\/www.schachbezirk-mittelbaden.de\/wp\/?p=10246\" rel=\"bookmark\">Senioren -Mannschaftmeisterschaft 2014<\/a> <span class=\"comments-number\">(0)<\/span><\/li><li class=\"day-duplicate\"><span class=\"day\">10:<\/span> <a href=\"https:\/\/www.schachbezirk-mittelbaden.de\/wp\/?p=10244\" rel=\"bookmark\">Turniere in Baden-Baden: Jugend-Quartal und Fasching<\/a> <span class=\"comments-number\">(0)<\/span><\/li><li><span class=\"day\">09:<\/span> <a href=\"https:\/\/www.schachbezirk-mittelbaden.de\/wp\/?p=10234\" rel=\"bookmark\">Voranfrage f\u00c3\u00bcr ein Turnier nach neuem Modus in Weitenung<\/a> <span class=\"comments-number\">(0)<\/span><\/li><li><span class=\"day\">07:<\/span> <a href=\"https:\/\/www.schachbezirk-mittelbaden.de\/wp\/?p=10221\" rel=\"bookmark\">Badische Jugend-Einzelmeisterschaften 2014<\/a> <span class=\"comments-number\">(0)<\/span><\/li><li><span class=\"day\">06:<\/span> <a href=\"https:\/\/www.schachbezirk-mittelbaden.de\/wp\/?p=10210\" rel=\"bookmark\">Jonathan Clancy Badischer Vizemeister!<\/a> <span class=\"comments-number\">(0)<\/span><\/li><\/ul><h2 class=\"month-year\"><a href=\"https:\/\/www.schachbezirk-mittelbaden.de\/wp\/?m=201312\">Dezember 2013<\/a><\/h2><ul><li><span class=\"day\">31:<\/span> <a href=\"https:\/\/www.schachbezirk-mittelbaden.de\/wp\/?p=10197\" rel=\"bookmark\">Chessfestival Baden-Baden\/Breitenschach<\/a> <span class=\"comments-number\">(0)<\/span><\/li><li><span class=\"day\">28:<\/span> <a href=\"https:\/\/www.schachbezirk-mittelbaden.de\/wp\/?p=10195\" rel=\"bookmark\">86. Badischer Schachkongress<\/a> <span class=\"comments-number\">(0)<\/span><\/li><li><span class=\"day\">19:<\/span> <a href=\"https:\/\/www.schachbezirk-mittelbaden.de\/wp\/?p=10191\" rel=\"bookmark\">Auslosung Mannschaftspokal 3. Runde<\/a> <span class=\"comments-number\">(0)<\/span><\/li><li class=\"day-duplicate\"><span class=\"day\">19:<\/span> <a href=\"https:\/\/www.schachbezirk-mittelbaden.de\/wp\/?p=10189\" rel=\"bookmark\">OSG-Mannschaftssimultan<\/a> <span class=\"comments-number\">(0)<\/span><\/li><li><span class=\"day\">18:<\/span> <a href=\"https:\/\/www.schachbezirk-mittelbaden.de\/wp\/?p=10187\" rel=\"bookmark\">OSG-Mannschaftssimultan am 19. Juli 2014<\/a> <span class=\"comments-number\">(0)<\/span><\/li><li><span class=\"day\">14:<\/span> <a href=\"https:\/\/www.schachbezirk-mittelbaden.de\/wp\/?p=10179\" rel=\"bookmark\">Bezirksjugendeinzelmeisterschaft 2013 entf\u00c3\u00a4llt<\/a> <span class=\"comments-number\">(0)<\/span><\/li><li><span class=\"day\">11:<\/span> <a href=\"https:\/\/www.schachbezirk-mittelbaden.de\/wp\/?p=10168\" rel=\"bookmark\">Mittelbadische Senioren-Einzelmeisterschaft 2014<\/a> <span class=\"comments-number\">(0)<\/span><\/li><li><span class=\"day\">06:<\/span> <a href=\"https:\/\/www.schachbezirk-mittelbaden.de\/wp\/?p=10161\" rel=\"bookmark\">Auslosung Viertelfinale im MBEP 2013\/14<\/a> <span class=\"comments-number\">(0)<\/span><\/li><li><span class=\"day\">03:<\/span> <a href=\"https:\/\/www.schachbezirk-mittelbaden.de\/wp\/?p=10153\" rel=\"bookmark\">Kolja K\u00c3\u00bchn gewinnt Quartalsturnier in Baden-Baden<\/a> <span class=\"comments-number\">(0)<\/span><\/li><\/ul><h2 class=\"month-year\"><a href=\"https:\/\/www.schachbezirk-mittelbaden.de\/wp\/?m=201311\">November 2013<\/a><\/h2><ul><li><span class=\"day\">24:<\/span> <a href=\"https:\/\/www.schachbezirk-mittelbaden.de\/wp\/?p=10147\" rel=\"bookmark\">Ergebnisse der U12-Mannschaftsmeisterschaften<\/a> <span class=\"comments-number\">(0)<\/span><\/li><li class=\"day-duplicate\"><span class=\"day\">24:<\/span> <a href=\"https:\/\/www.schachbezirk-mittelbaden.de\/wp\/?p=10144\" rel=\"bookmark\">Einzelpokal &#8211; Ergebnisse 2. Runde<\/a> <span class=\"comments-number\">(0)<\/span><\/li><li><span class=\"day\">20:<\/span> <a href=\"https:\/\/www.schachbezirk-mittelbaden.de\/wp\/?p=10139\" rel=\"bookmark\">BW-Jugend-Blitz-Einzel-Meisterschaft 2013<\/a> <span class=\"comments-number\">(0)<\/span><\/li><li class=\"day-duplicate\"><span class=\"day\">20:<\/span> <a href=\"https:\/\/www.schachbezirk-mittelbaden.de\/wp\/?p=10137\" rel=\"bookmark\">Einzelpokal am Freitag<\/a> <span class=\"comments-number\">(0)<\/span><\/li><li class=\"day-duplicate\"><span class=\"day\">20:<\/span> <a href=\"https:\/\/www.schachbezirk-mittelbaden.de\/wp\/?p=10135\" rel=\"bookmark\">3-Tage-Turnier Fasching in Baden-Baden<\/a> <span class=\"comments-number\">(0)<\/span><\/li><li class=\"day-duplicate\"><span class=\"day\">20:<\/span> <a href=\"https:\/\/www.schachbezirk-mittelbaden.de\/wp\/?p=10132\" rel=\"bookmark\">3-Tage-Turnier an Fasching 2014 (in Baden-Baden)<\/a> <span class=\"comments-number\">(0)<\/span><\/li><li><span class=\"day\">18:<\/span> <a href=\"https:\/\/www.schachbezirk-mittelbaden.de\/wp\/?p=10128\" rel=\"bookmark\">U12-Mannschaftsmeisterschaften am 24.11.<\/a> <span class=\"comments-number\">(0)<\/span><\/li><li class=\"day-duplicate\"><span class=\"day\">18:<\/span> <a href=\"https:\/\/www.schachbezirk-mittelbaden.de\/wp\/?p=10126\" rel=\"bookmark\">Seniorenmeisterschaft 2013\/2014<\/a> <span class=\"comments-number\">(0)<\/span><\/li><li><span class=\"day\">14:<\/span> <a href=\"https:\/\/www.schachbezirk-mittelbaden.de\/wp\/?p=10120\" rel=\"bookmark\">Auslosung Mannschaftspokal 2. Runde<\/a> <span class=\"comments-number\">(0)<\/span><\/li><li><span class=\"day\">12:<\/span> <a href=\"https:\/\/www.schachbezirk-mittelbaden.de\/wp\/?p=10112\" rel=\"bookmark\">Schulschach-Meisterschaften 2014<\/a> <span class=\"comments-number\">(0)<\/span><\/li><li><span class=\"day\">09:<\/span> <a href=\"https:\/\/www.schachbezirk-mittelbaden.de\/wp\/?p=10109\" rel=\"bookmark\">Bezirksmannschaftspokal 2013\/14 &#8211; 1. Runde<\/a> <span class=\"comments-number\">(1)<\/span><\/li><li><span class=\"day\">05:<\/span> <a href=\"https:\/\/www.schachbezirk-mittelbaden.de\/wp\/?p=10103\" rel=\"bookmark\">Raphael Zimmer bei Schach WM der Behinderten in Dresden<\/a> <span class=\"comments-number\">(0)<\/span><\/li><li><span class=\"day\">03:<\/span> <a href=\"https:\/\/www.schachbezirk-mittelbaden.de\/wp\/?p=10097\" rel=\"bookmark\">Lichtentaler kritisieren Terminplanung<\/a> <span class=\"comments-number\">(0)<\/span><\/li><li><span class=\"day\">02:<\/span> <a href=\"https:\/\/www.schachbezirk-mittelbaden.de\/wp\/?p=10088\" rel=\"bookmark\">U14-Bezirks-Mannschafts-Meisterschaften<\/a> <span class=\"comments-number\">(0)<\/span><\/li><\/ul><h2 class=\"month-year\"><a href=\"https:\/\/www.schachbezirk-mittelbaden.de\/wp\/?m=201310\">Oktober 2013<\/a><\/h2><ul><li><span class=\"day\">19:<\/span> <a href=\"https:\/\/www.schachbezirk-mittelbaden.de\/wp\/?p=10078\" rel=\"bookmark\">Gedenkturnier f\u00c3\u00bcr Leonid Vyernyy<\/a> <span class=\"comments-number\">(0)<\/span><\/li><li><span class=\"day\">12:<\/span> <a href=\"https:\/\/www.schachbezirk-mittelbaden.de\/wp\/?p=10073\" rel=\"bookmark\">Ged\u00c3\u00a4chtnis-Pokalturnier f\u00c3\u00bcr Leonid Vyernyy<\/a> <span class=\"comments-number\">(0)<\/span><\/li><li class=\"day-duplicate\"><span class=\"day\">12:<\/span> <a href=\"https:\/\/www.schachbezirk-mittelbaden.de\/wp\/?p=10069\" rel=\"bookmark\">Schnellschach Ged\u00c3\u00a4chtnis-Turnier f\u00c3\u00bcr Leonid  Vyernyy<\/a> <span class=\"comments-number\">(0)<\/span><\/li><li><span class=\"day\">11:<\/span> <a href=\"https:\/\/www.schachbezirk-mittelbaden.de\/wp\/?p=10062\" rel=\"bookmark\">Kreisklasse III &#8211; Saison 2013\/2014<\/a> <span class=\"comments-number\">(0)<\/span><\/li><li class=\"day-duplicate\"><span class=\"day\">11:<\/span> <a href=\"https:\/\/www.schachbezirk-mittelbaden.de\/wp\/?p=10059\" rel=\"bookmark\">BW-Jugend-Blitz-Einzel- Meisterschaft 2013<\/a> <span class=\"comments-number\">(0)<\/span><\/li><li class=\"day-duplicate\"><span class=\"day\">11:<\/span> <a href=\"https:\/\/www.schachbezirk-mittelbaden.de\/wp\/?p=10052\" rel=\"bookmark\">Baden \u00e2\u20ac\u201c W\u00c3\u00bcrttembergische Jugend-Blitz-Einzel- Meisterschaft 2013<\/a> <span class=\"comments-number\">(0)<\/span><\/li><li><span class=\"day\">08:<\/span> <a href=\"https:\/\/www.schachbezirk-mittelbaden.de\/wp\/?p=10040\" rel=\"bookmark\">Trauer um Leonid Vyernyy<\/a> <span class=\"comments-number\">(0)<\/span><\/li><li><span class=\"day\">06:<\/span> <a href=\"https:\/\/www.schachbezirk-mittelbaden.de\/wp\/?p=10024\" rel=\"bookmark\">Blitzmeisterschaften 2013 \u00e2\u20ac\u201c Verteidigung der Titel 2012 erfolgreich<\/a> <span class=\"comments-number\">(0)<\/span><\/li><li class=\"day-duplicate\"><span class=\"day\">06:<\/span> <a href=\"https:\/\/www.schachbezirk-mittelbaden.de\/wp\/?p=10017\" rel=\"bookmark\">Regelkundeseminar am 11.10.2013<\/a> <span class=\"comments-number\">(0)<\/span><\/li><li><span class=\"day\">05:<\/span> <a href=\"https:\/\/www.schachbezirk-mittelbaden.de\/wp\/?p=10006\" rel=\"bookmark\">OSG-M\u00c3\u00a4dels werden BaW\u00c3\u00bc- Mannschaftsmeister U14w<\/a> <span class=\"comments-number\">(0)<\/span><\/li><li><span class=\"day\">04:<\/span> <a href=\"https:\/\/www.schachbezirk-mittelbaden.de\/wp\/?p=9997\" rel=\"bookmark\">St\u00c3\u00bctzpunkttraining ab November im Schachzentrum Baden-Baden<\/a> <span class=\"comments-number\">(0)<\/span><\/li><\/ul><h2 class=\"month-year\"><a href=\"https:\/\/www.schachbezirk-mittelbaden.de\/wp\/?m=201309\">September 2013<\/a><\/h2><ul><li><span class=\"day\">28:<\/span> <a href=\"https:\/\/www.schachbezirk-mittelbaden.de\/wp\/?p=9993\" rel=\"bookmark\">Mittelbadischer Einzelpokal &#8211; Auslosung 2. Runde<\/a> <span class=\"comments-number\">(0)<\/span><\/li><li><span class=\"day\">27:<\/span> <a href=\"https:\/\/www.schachbezirk-mittelbaden.de\/wp\/?p=9990\" rel=\"bookmark\">Blitzmeisterschaften 2013 (Mannschaft und Einzel)<\/a> <span class=\"comments-number\">(0)<\/span><\/li><li class=\"day-duplicate\"><span class=\"day\">27:<\/span> <a href=\"https:\/\/www.schachbezirk-mittelbaden.de\/wp\/?p=9978\" rel=\"bookmark\">30 JAHRE KNIFFEL-SCHACH<\/a> <span class=\"comments-number\">(0)<\/span><\/li><li><span class=\"day\">26:<\/span> <a href=\"https:\/\/www.schachbezirk-mittelbaden.de\/wp\/?p=9973\" rel=\"bookmark\">Badisches Schulschachfinale &#8211; Ausrichter gesucht<\/a> <span class=\"comments-number\">(0)<\/span><\/li><li><span class=\"day\">25:<\/span> <a href=\"https:\/\/www.schachbezirk-mittelbaden.de\/wp\/?p=9966\" rel=\"bookmark\">Ausrichter gesucht f\u00c3\u00bcr Jugend-Einzelmeisterschaft<\/a> <span class=\"comments-number\">(0)<\/span><\/li><li><span class=\"day\">24:<\/span> <a href=\"https:\/\/www.schachbezirk-mittelbaden.de\/wp\/?p=9962\" rel=\"bookmark\">1. Runde Einzelpokal 2013\/14<\/a> <span class=\"comments-number\">(0)<\/span><\/li><li><span class=\"day\">18:<\/span> <a href=\"https:\/\/www.schachbezirk-mittelbaden.de\/wp\/?p=9960\" rel=\"bookmark\">Miba Einzelpokal 2013\/14 ab kommenden Freitag<\/a> <span class=\"comments-number\">(0)<\/span><\/li><li><span class=\"day\">14:<\/span> <a href=\"https:\/\/www.schachbezirk-mittelbaden.de\/wp\/?p=9957\" rel=\"bookmark\">Jugendeinzel-Meisterschaft 2014 in B\u00c3\u00bchlertal<\/a> <span class=\"comments-number\">(0)<\/span><\/li><li><span class=\"day\">12:<\/span> <a href=\"https:\/\/www.schachbezirk-mittelbaden.de\/wp\/?p=9945\" rel=\"bookmark\">Ralf Gantner ist Mittelbadischer Meister 2013<\/a> <span class=\"comments-number\">(0)<\/span><\/li><li><span class=\"day\">08:<\/span> <a href=\"https:\/\/www.schachbezirk-mittelbaden.de\/wp\/?p=9930\" rel=\"bookmark\">Paula Wiesner gewinnt Schachkongress 2013<\/a> <span class=\"comments-number\">(0)<\/span><\/li><li><span class=\"day\">07:<\/span> <a href=\"https:\/\/www.schachbezirk-mittelbaden.de\/wp\/?p=9918\" rel=\"bookmark\">Auslosung Mannschaftspokal 2013\/14<\/a> <span class=\"comments-number\">(0)<\/span><\/li><li><span class=\"day\">04:<\/span> <a href=\"https:\/\/www.schachbezirk-mittelbaden.de\/wp\/?p=9912\" rel=\"bookmark\">U10-Mannschaftsmeisterschaft<\/a> <span class=\"comments-number\">(0)<\/span><\/li><li class=\"day-duplicate\"><span class=\"day\">04:<\/span> <a href=\"https:\/\/www.schachbezirk-mittelbaden.de\/wp\/?p=9910\" rel=\"bookmark\">U12-Mannschaftsmeisterschaft<\/a> <span class=\"comments-number\">(0)<\/span><\/li><li class=\"day-duplicate\"><span class=\"day\">04:<\/span> <a href=\"https:\/\/www.schachbezirk-mittelbaden.de\/wp\/?p=9908\" rel=\"bookmark\">U14-Mannschaftsmeisterschaft<\/a> <span class=\"comments-number\">(0)<\/span><\/li><li class=\"day-duplicate\"><span class=\"day\">04:<\/span> <a href=\"https:\/\/www.schachbezirk-mittelbaden.de\/wp\/?p=9906\" rel=\"bookmark\">U16-Mannschaftsmeisterschaft<\/a> <span class=\"comments-number\">(0)<\/span><\/li><li class=\"day-duplicate\"><span class=\"day\">04:<\/span> <a href=\"https:\/\/www.schachbezirk-mittelbaden.de\/wp\/?p=9903\" rel=\"bookmark\">U20- Mannschaftsmeisterschaft<\/a> <span class=\"comments-number\">(0)<\/span><\/li><li class=\"day-duplicate\"><span class=\"day\">04:<\/span> <a href=\"https:\/\/www.schachbezirk-mittelbaden.de\/wp\/?p=9900\" rel=\"bookmark\">Meldeschluss f\u00c3\u00bcr alle Jugend-Mannschaften<\/a> <span class=\"comments-number\">(0)<\/span><\/li><li><span class=\"day\">02:<\/span> <a href=\"https:\/\/www.schachbezirk-mittelbaden.de\/wp\/?p=9880\" rel=\"bookmark\">Dorffest in \u00c3\u2013tigheim<\/a> <span class=\"comments-number\">(0)<\/span><\/li><li><span class=\"day\">01:<\/span> <a href=\"https:\/\/www.schachbezirk-mittelbaden.de\/wp\/?p=9877\" rel=\"bookmark\">\u00e2\u20ac\u017eSchulschach boomt\u00e2\u20ac\u0153 \u00e2\u20ac\u201c doch Lehrer fehlen<\/a> <span class=\"comments-number\">(0)<\/span><\/li><\/ul><h2 class=\"month-year\"><a href=\"https:\/\/www.schachbezirk-mittelbaden.de\/wp\/?m=201308\">August 2013<\/a><\/h2><ul><li><span class=\"day\">30:<\/span> <a href=\"https:\/\/www.schachbezirk-mittelbaden.de\/wp\/?p=9873\" rel=\"bookmark\">Ausschreibung JMM &#8211; 2013<\/a> <span class=\"comments-number\">(0)<\/span><\/li><li><span class=\"day\">28:<\/span> <a href=\"https:\/\/www.schachbezirk-mittelbaden.de\/wp\/?p=9753\" rel=\"bookmark\">Einladung Mittelbadischer Schachkongress 2013<\/a> <span class=\"comments-number\">(0)<\/span><\/li><li><span class=\"day\">27:<\/span> <a href=\"https:\/\/www.schachbezirk-mittelbaden.de\/wp\/?p=9868\" rel=\"bookmark\">Erinnerung an Fristabl\u00c3\u00a4ufe 31.08.2013<\/a> <span class=\"comments-number\">(0)<\/span><\/li><li><span class=\"day\">25:<\/span> <a href=\"https:\/\/www.schachbezirk-mittelbaden.de\/wp\/?p=9856\" rel=\"bookmark\">Senioren-Schnellschach-Meisterschaft 2013<\/a> <span class=\"comments-number\">(0)<\/span><\/li><li><span class=\"day\">22:<\/span> <a href=\"https:\/\/www.schachbezirk-mittelbaden.de\/wp\/?p=9852\" rel=\"bookmark\">Ged\u00c3\u00a4chtnisturnier f\u00c3\u00bcr Dr. Boris Feiguelman<\/a> <span class=\"comments-number\">(0)<\/span><\/li><li class=\"day-duplicate\"><span class=\"day\">22:<\/span> <a href=\"https:\/\/www.schachbezirk-mittelbaden.de\/wp\/?p=9845\" rel=\"bookmark\">&#8218;Kultclubs&#8216; treffen aufeinander &#8211; Pourquoi pas?!?<\/a> <span class=\"comments-number\">(0)<\/span><\/li><li><span class=\"day\">08:<\/span> <a href=\"https:\/\/www.schachbezirk-mittelbaden.de\/wp\/?p=9842\" rel=\"bookmark\">M\u00c3\u00a4dchenseminar der BSJ in Baden-Baden<\/a> <span class=\"comments-number\">(0)<\/span><\/li><li class=\"day-duplicate\"><span class=\"day\">08:<\/span> <a href=\"https:\/\/www.schachbezirk-mittelbaden.de\/wp\/?p=9840\" rel=\"bookmark\">BW-Mannschaftsmeisterschaften U14w\/U20w<\/a> <span class=\"comments-number\">(0)<\/span><\/li><li><span class=\"day\">07:<\/span> <a href=\"https:\/\/www.schachbezirk-mittelbaden.de\/wp\/?p=9836\" rel=\"bookmark\">BW-Mannschaftsmeisterschaft U14w\/U20w und M\u00c3\u00a4dchenseminar<\/a> <span class=\"comments-number\">(0)<\/span><\/li><li><span class=\"day\">05:<\/span> <a href=\"https:\/\/www.schachbezirk-mittelbaden.de\/wp\/?p=9825\" rel=\"bookmark\">Senioren-Jungsenioren-Schnellschach-Pokal<\/a> <span class=\"comments-number\">(0)<\/span><\/li><li><span class=\"day\">04:<\/span> <a href=\"https:\/\/www.schachbezirk-mittelbaden.de\/wp\/?p=9816\" rel=\"bookmark\">Mittelbadischer Mannschaftspokal 2013\/2014<\/a> <span class=\"comments-number\">(0)<\/span><\/li><li class=\"day-duplicate\"><span class=\"day\">04:<\/span> <a href=\"https:\/\/www.schachbezirk-mittelbaden.de\/wp\/?p=9814\" rel=\"bookmark\">Mittelbadischer Einzelpokal 2013\/14<\/a> <span class=\"comments-number\">(0)<\/span><\/li><li class=\"day-duplicate\"><span class=\"day\">04:<\/span> <a href=\"https:\/\/www.schachbezirk-mittelbaden.de\/wp\/?p=9805\" rel=\"bookmark\">BTL-Rundschreiben 1-2013\/14<\/a> <span class=\"comments-number\">(0)<\/span><\/li><li class=\"day-duplicate\"><span class=\"day\">04:<\/span> <a href=\"https:\/\/www.schachbezirk-mittelbaden.de\/wp\/?p=9803\" rel=\"bookmark\">Mittelbadische Schnellschachmeisterschaft 2014<\/a> <span class=\"comments-number\">(0)<\/span><\/li><li class=\"day-duplicate\"><span class=\"day\">04:<\/span> <a href=\"https:\/\/www.schachbezirk-mittelbaden.de\/wp\/?p=9801\" rel=\"bookmark\">Schulung f\u00c3\u00bcr Mannschaftsf\u00c3\u00bchrer<\/a> <span class=\"comments-number\">(0)<\/span><\/li><\/ul><h2 class=\"month-year\"><a href=\"https:\/\/www.schachbezirk-mittelbaden.de\/wp\/?m=201307\">Juli 2013<\/a><\/h2><ul><li><span class=\"day\">25:<\/span> <a href=\"https:\/\/www.schachbezirk-mittelbaden.de\/wp\/?p=9757\" rel=\"bookmark\">Bezirksversammlung 2013<\/a> <span class=\"comments-number\">(0)<\/span><\/li><li><span class=\"day\">24:<\/span> <a href=\"https:\/\/www.schachbezirk-mittelbaden.de\/wp\/?p=9750\" rel=\"bookmark\">Sommerseminar Junior<\/a> <span class=\"comments-number\">(0)<\/span><\/li><li class=\"day-duplicate\"><span class=\"day\">24:<\/span> <a href=\"https:\/\/www.schachbezirk-mittelbaden.de\/wp\/?p=9747\" rel=\"bookmark\">Schachseminare f\u00c3\u00bcr Kinder und Jugendliche<\/a> <span class=\"comments-number\">(0)<\/span><\/li><li class=\"day-duplicate\"><span class=\"day\">24:<\/span> <a href=\"https:\/\/www.schachbezirk-mittelbaden.de\/wp\/?p=9742\" rel=\"bookmark\">Sommerseminare der badischen Schachjugend<\/a> <span class=\"comments-number\">(0)<\/span><\/li><li><span class=\"day\">22:<\/span> <a href=\"https:\/\/www.schachbezirk-mittelbaden.de\/wp\/?p=9649\" rel=\"bookmark\">3. offene Deutsche Schachtennis-Meisterschaft<\/a> <span class=\"comments-number\">(0)<\/span><\/li><li><span class=\"day\">21:<\/span> <a href=\"https:\/\/www.schachbezirk-mittelbaden.de\/wp\/?p=9666\" rel=\"bookmark\">Mittelbadischer Schachkongress 2013<\/a> <span class=\"comments-number\">(0)<\/span><\/li><li><span class=\"day\">18:<\/span> <a href=\"https:\/\/www.schachbezirk-mittelbaden.de\/wp\/?p=9653\" rel=\"bookmark\">7. Senioren-Schnellschach-Einzelmeisterschaft<\/a> <span class=\"comments-number\">(0)<\/span><\/li><li><span class=\"day\">14:<\/span> <a href=\"https:\/\/www.schachbezirk-mittelbaden.de\/wp\/?p=9637\" rel=\"bookmark\">U20 der OSG schafft Aufstieg in die BaW\u00c3\u00bc-Jugendliga<\/a> <span class=\"comments-number\">(0)<\/span><\/li><li><span class=\"day\">11:<\/span> <a href=\"https:\/\/www.schachbezirk-mittelbaden.de\/wp\/?p=9630\" rel=\"bookmark\">St\u00c3\u00bctzpunkttraining im Schachzentrum Baden-Baden<\/a> <span class=\"comments-number\">(0)<\/span><\/li><li><span class=\"day\">04:<\/span> <a href=\"https:\/\/www.schachbezirk-mittelbaden.de\/wp\/?p=9610\" rel=\"bookmark\">3. Deutsche Schach-Tennis-Meisterschaft<\/a> <span class=\"comments-number\">(0)<\/span><\/li><li class=\"day-duplicate\"><span class=\"day\">04:<\/span> <a href=\"https:\/\/www.schachbezirk-mittelbaden.de\/wp\/?p=9605\" rel=\"bookmark\">Schach-Tennis &#8211; Deutsche Meisterschaft in Baden-Baden<\/a> <span class=\"comments-number\">(0)<\/span><\/li><li><span class=\"day\">02:<\/span> <a href=\"https:\/\/www.schachbezirk-mittelbaden.de\/wp\/?p=9595\" rel=\"bookmark\">Neustart der OSG-Blitzturniere in LA8<\/a> <span class=\"comments-number\">(0)<\/span><\/li><li><span class=\"day\">01:<\/span> <a href=\"https:\/\/www.schachbezirk-mittelbaden.de\/wp\/?p=9579\" rel=\"bookmark\">Schachfreunde Sasbach auf Erfolgskurs<\/a> <span class=\"comments-number\">(0)<\/span><\/li><li class=\"day-duplicate\"><span class=\"day\">01:<\/span> <a href=\"https:\/\/www.schachbezirk-mittelbaden.de\/wp\/?p=9561\" rel=\"bookmark\">BW-Meisterschaft f\u00c3\u00bcr Baden-Badener U12 und U14<\/a> <span class=\"comments-number\">(0)<\/span><\/li><\/ul><h2 class=\"month-year\"><a href=\"https:\/\/www.schachbezirk-mittelbaden.de\/wp\/?m=201306\">Juni 2013<\/a><\/h2><ul><li><span class=\"day\">30:<\/span> <a href=\"https:\/\/www.schachbezirk-mittelbaden.de\/wp\/?p=9544\" rel=\"bookmark\">Badens Schnelldenker in Lichtental zu Gast<\/a> <span class=\"comments-number\">(0)<\/span><\/li><li><span class=\"day\">29:<\/span> <a href=\"https:\/\/www.schachbezirk-mittelbaden.de\/wp\/?p=9530\" rel=\"bookmark\">BBEM &#8211; live<\/a> <span class=\"comments-number\">(0)<\/span><\/li><li><span class=\"day\">28:<\/span> <a href=\"https:\/\/www.schachbezirk-mittelbaden.de\/wp\/?p=9503\" rel=\"bookmark\">BTL-Info vor dem Saisonstart 2013\/14<\/a> <span class=\"comments-number\">(0)<\/span><\/li><li><span class=\"day\">26:<\/span> <a href=\"https:\/\/www.schachbezirk-mittelbaden.de\/wp\/?p=9478\" rel=\"bookmark\">Neues von der BBEM 2013<\/a> <span class=\"comments-number\">(0)<\/span><\/li><li><span class=\"day\">24:<\/span> <a href=\"https:\/\/www.schachbezirk-mittelbaden.de\/wp\/?p=9475\" rel=\"bookmark\">Mamerow gewinnt ELO-Turnier &#8211; JQT-Doppelschlag durch Spieler aus Lahr<\/a> <span class=\"comments-number\">(0)<\/span><\/li><li class=\"day-duplicate\"><span class=\"day\">24:<\/span> <a href=\"https:\/\/www.schachbezirk-mittelbaden.de\/wp\/?p=9457\" rel=\"bookmark\">B\u00c3\u00a4umchen wechsel Dich<\/a> <span class=\"comments-number\">(0)<\/span><\/li><li><span class=\"day\">21:<\/span> <a href=\"https:\/\/www.schachbezirk-mittelbaden.de\/wp\/?p=9450\" rel=\"bookmark\">OSG\u00e2\u20ac\u201cTeam U12 ist Badischer Meister 2013<\/a> <span class=\"comments-number\">(0)<\/span><\/li><li class=\"day-duplicate\"><span class=\"day\">21:<\/span> <a href=\"https:\/\/www.schachbezirk-mittelbaden.de\/wp\/?p=9439\" rel=\"bookmark\">Die Badener-Badener U14  sind  Badischer Meister<\/a> <span class=\"comments-number\">(0)<\/span><\/li><li><span class=\"day\">20:<\/span> <a href=\"https:\/\/www.schachbezirk-mittelbaden.de\/wp\/?p=9437\" rel=\"bookmark\">Jugendquartalsturnier im Schachzentrum Baden-Baden<\/a> <span class=\"comments-number\">(0)<\/span><\/li><li class=\"day-duplicate\"><span class=\"day\">20:<\/span> <a href=\"https:\/\/www.schachbezirk-mittelbaden.de\/wp\/?p=9435\" rel=\"bookmark\">ELO-3-Tage-Turnier<\/a> <span class=\"comments-number\">(0)<\/span><\/li><li><span class=\"day\">17:<\/span> <a href=\"https:\/\/www.schachbezirk-mittelbaden.de\/wp\/?p=9428\" rel=\"bookmark\">Einladung zur Bezirksversammlung 2013<\/a> <span class=\"comments-number\">(0)<\/span><\/li><li class=\"day-duplicate\"><span class=\"day\">17:<\/span> <a href=\"https:\/\/www.schachbezirk-mittelbaden.de\/wp\/?p=9363\" rel=\"bookmark\">11-j\u00c3\u00a4hrige Johanna Ehmann siegt dank &#8222;Geistesblitz&#8220;<\/a> <span class=\"comments-number\">(0)<\/span><\/li><li><span class=\"day\">16:<\/span> <a href=\"https:\/\/www.schachbezirk-mittelbaden.de\/wp\/?p=9342\" rel=\"bookmark\">Mittelbadische Schnellschach- Einzelmeisterschaft 2013<\/a> <span class=\"comments-number\">(0)<\/span><\/li><li><span class=\"day\">14:<\/span> <a href=\"https:\/\/www.schachbezirk-mittelbaden.de\/wp\/?p=9316\" rel=\"bookmark\">Mostafa Muschtaki feiert 80.Geburtstag<\/a> <span class=\"comments-number\">(1)<\/span><\/li><li><span class=\"day\">11:<\/span> <a href=\"https:\/\/www.schachbezirk-mittelbaden.de\/wp\/?p=9308\" rel=\"bookmark\">Vorstandssitzung des Schachbezirks Mittelbaden e. V.<\/a> <span class=\"comments-number\">(0)<\/span><\/li><li><span class=\"day\">09:<\/span> <a href=\"https:\/\/www.schachbezirk-mittelbaden.de\/wp\/?p=9247\" rel=\"bookmark\">Schnellschach-Einzelmeisterschaft 2013<\/a> <span class=\"comments-number\">(0)<\/span><\/li><li><span class=\"day\">05:<\/span> <a href=\"https:\/\/www.schachbezirk-mittelbaden.de\/wp\/?p=9302\" rel=\"bookmark\">SC \u00c3\u2013tigheim mit neuer Homepage<\/a> <span class=\"comments-number\">(0)<\/span><\/li><li><span class=\"day\">02:<\/span> <a href=\"https:\/\/www.schachbezirk-mittelbaden.de\/wp\/?p=9289\" rel=\"bookmark\">Joachim K\u00c3\u00bchn und Tim Voigtl\u00c3\u00a4nder Vizemeister beim BSK-2013<\/a> <span class=\"comments-number\">(0)<\/span><\/li><li class=\"day-duplicate\"><span class=\"day\">02:<\/span> <a href=\"https:\/\/www.schachbezirk-mittelbaden.de\/wp\/?p=9286\" rel=\"bookmark\">Sasbacher Talente sorgen f\u00c3\u00bcr Furore<\/a> <span class=\"comments-number\">(0)<\/span><\/li><\/ul><h2 class=\"month-year\"><a href=\"https:\/\/www.schachbezirk-mittelbaden.de\/wp\/?m=201305\">Mai 2013<\/a><\/h2><ul><li><span class=\"day\">31:<\/span> <a href=\"https:\/\/www.schachbezirk-mittelbaden.de\/wp\/?p=9269\" rel=\"bookmark\">BTL-Info: Rundschreiben 2-2012\/2013<\/a> <span class=\"comments-number\">(0)<\/span><\/li><li><span class=\"day\">29:<\/span> <a href=\"https:\/\/www.schachbezirk-mittelbaden.de\/wp\/?p=9258\" rel=\"bookmark\">Mittelbadener bei deutscher Jugendmeisterschaft &#8211; GOLD<\/a> <span class=\"comments-number\">(0)<\/span><\/li><li><span class=\"day\">17:<\/span> <a href=\"https:\/\/www.schachbezirk-mittelbaden.de\/wp\/?p=9233\" rel=\"bookmark\">Bad. Blitz-Einzelmeisterschaft 2013 in Lichtental<\/a> <span class=\"comments-number\">(0)<\/span><\/li><li><span class=\"day\">14:<\/span> <a href=\"https:\/\/www.schachbezirk-mittelbaden.de\/wp\/?p=9231\" rel=\"bookmark\">Badische Blitz-Einzelmeisterschaft 2013 in Lichtental<\/a> <span class=\"comments-number\">(0)<\/span><\/li><li class=\"day-duplicate\"><span class=\"day\">14:<\/span> <a href=\"https:\/\/www.schachbezirk-mittelbaden.de\/wp\/?p=9228\" rel=\"bookmark\">8. Karlsruher Kinderschachturnier<\/a> <span class=\"comments-number\">(0)<\/span><\/li><li><span class=\"day\">13:<\/span> <a href=\"https:\/\/www.schachbezirk-mittelbaden.de\/wp\/?p=9220\" rel=\"bookmark\">Bezirksversammlung in Sasbach<\/a> <span class=\"comments-number\">(0)<\/span><\/li><li class=\"day-duplicate\"><span class=\"day\">13:<\/span> <a href=\"https:\/\/www.schachbezirk-mittelbaden.de\/wp\/?p=9217\" rel=\"bookmark\">Baden-W\u00c3\u00bcrttembergischer Schulschachpokal 2013 in Aalen<\/a> <span class=\"comments-number\">(0)<\/span><\/li><li><span class=\"day\">12:<\/span> <a href=\"https:\/\/www.schachbezirk-mittelbaden.de\/wp\/?p=9215\" rel=\"bookmark\">Waldbronner Chess960 Open &#8211; Offene Deutsche Meisterschaft<\/a> <span class=\"comments-number\">(0)<\/span><\/li><li class=\"day-duplicate\"><span class=\"day\">12:<\/span> <a href=\"https:\/\/www.schachbezirk-mittelbaden.de\/wp\/?p=9212\" rel=\"bookmark\">Gerd Merkel f\u00c3\u00bchrt H\u00c3\u00b6rden zum Landesliga-Titel<\/a> <span class=\"comments-number\">(0)<\/span><\/li><li><span class=\"day\">07:<\/span> <a href=\"https:\/\/www.schachbezirk-mittelbaden.de\/wp\/?p=9185\" rel=\"bookmark\">Saison-Abschlussbetrachtung 2012\/2013<\/a> <span class=\"comments-number\">(0)<\/span><\/li><li><span class=\"day\">06:<\/span> <a href=\"https:\/\/www.schachbezirk-mittelbaden.de\/wp\/?p=9174\" rel=\"bookmark\">Heimschule Lender feiert Deutsche Schulschach-Meisterschaft<\/a> <span class=\"comments-number\">(0)<\/span><\/li><li><span class=\"day\">04:<\/span> <a href=\"https:\/\/www.schachbezirk-mittelbaden.de\/wp\/?p=9170\" rel=\"bookmark\">Offene Badische Schnellschach-Einzel-Meisterschaft<\/a> <span class=\"comments-number\">(0)<\/span><\/li><li><span class=\"day\">03:<\/span> <a href=\"https:\/\/www.schachbezirk-mittelbaden.de\/wp\/?p=9161\" rel=\"bookmark\">Offene Badische Schnellschach-Einzel-Meisterschaft 2013<\/a> <span class=\"comments-number\">(0)<\/span><\/li><li><span class=\"day\">01:<\/span> <a href=\"https:\/\/www.schachbezirk-mittelbaden.de\/wp\/?p=9157\" rel=\"bookmark\">Jugendquartalsturnier in Baden-Baden<\/a> <span class=\"comments-number\">(0)<\/span><\/li><li class=\"day-duplicate\"><span class=\"day\">01:<\/span> <a href=\"https:\/\/www.schachbezirk-mittelbaden.de\/wp\/?p=9155\" rel=\"bookmark\">Elo-2-Tage-Turnier<\/a> <span class=\"comments-number\">(0)<\/span><\/li><li class=\"day-duplicate\"><span class=\"day\">01:<\/span> <a href=\"https:\/\/www.schachbezirk-mittelbaden.de\/wp\/?p=9151\" rel=\"bookmark\">SZ BAD: Jugend-Quartals-turnier + ELO-2-Tage-Turnier<\/a> <span class=\"comments-number\">(0)<\/span><\/li><li class=\"day-duplicate\"><span class=\"day\">01:<\/span> <a href=\"https:\/\/www.schachbezirk-mittelbaden.de\/wp\/?p=9141\" rel=\"bookmark\">Mittelbadische Schnellschach-Einzelmeisterschaft<\/a> <span class=\"comments-number\">(0)<\/span><\/li><\/ul><h2 class=\"month-year\"><a href=\"https:\/\/www.schachbezirk-mittelbaden.de\/wp\/?m=201304\">April 2013<\/a><\/h2><ul><li><span class=\"day\">29:<\/span> <a href=\"https:\/\/www.schachbezirk-mittelbaden.de\/wp\/?p=9140\" rel=\"bookmark\">BSV-Verbandstag in Neum\u00c3\u00bchl<\/a> <span class=\"comments-number\">(0)<\/span><\/li><li><span class=\"day\">24:<\/span> <a href=\"https:\/\/www.schachbezirk-mittelbaden.de\/wp\/?p=9129\" rel=\"bookmark\">DWZ-Auswertung Verbandsrunde<\/a> <span class=\"comments-number\">(0)<\/span><\/li><li><span class=\"day\">07:<\/span> <a href=\"https:\/\/www.schachbezirk-mittelbaden.de\/wp\/?p=9100\" rel=\"bookmark\">Badischer Schachkongress in Birkenfeld f\u00c3\u00bcr Jung und Alt<\/a> <span class=\"comments-number\">(0)<\/span><\/li><\/ul><h2 class=\"month-year\"><a href=\"https:\/\/www.schachbezirk-mittelbaden.de\/wp\/?m=201303\">M\u00e4rz 2013<\/a><\/h2><ul><li><span class=\"day\">27:<\/span> <a href=\"https:\/\/www.schachbezirk-mittelbaden.de\/wp\/?p=9069\" rel=\"bookmark\">Dominik Bohnert rockt den Einzelpokal<\/a> <span class=\"comments-number\">(0)<\/span><\/li><li><span class=\"day\">25:<\/span> <a href=\"https:\/\/www.schachbezirk-mittelbaden.de\/wp\/?p=9048\" rel=\"bookmark\">Auf- und Abstiegsszenarien<\/a> <span class=\"comments-number\">(0)<\/span><\/li><li><span class=\"day\">22:<\/span> <a href=\"https:\/\/www.schachbezirk-mittelbaden.de\/wp\/?p=9012\" rel=\"bookmark\">Nachbetrachtung zu den Pokalwettbewerben<\/a> <span class=\"comments-number\">(0)<\/span><\/li><li class=\"day-duplicate\"><span class=\"day\">22:<\/span> <a href=\"https:\/\/www.schachbezirk-mittelbaden.de\/wp\/?p=9021\" rel=\"bookmark\">Ausbildung zum C-Trainer &#8211; Teilnehmersuche<\/a> <span class=\"comments-number\">(0)<\/span><\/li><li><span class=\"day\">12:<\/span> <a href=\"https:\/\/www.schachbezirk-mittelbaden.de\/wp\/?p=8991\" rel=\"bookmark\">Neuer Achertalpokal-Sieger &#8211; Nach 10 Jahren wieder erfolgreich<\/a> <span class=\"comments-number\">(0)<\/span><\/li><li class=\"day-duplicate\"><span class=\"day\">12:<\/span> <a href=\"https:\/\/www.schachbezirk-mittelbaden.de\/wp\/?p=8979\" rel=\"bookmark\">Trauer um Norbert Burkart<\/a> <span class=\"comments-number\">(0)<\/span><\/li><li><span class=\"day\">03:<\/span> <a href=\"https:\/\/www.schachbezirk-mittelbaden.de\/wp\/?p=8966\" rel=\"bookmark\">St\u00c3\u00bctzpunkttraining im Schachzentrum Baden-Baden<\/a> <span class=\"comments-number\">(0)<\/span><\/li><li class=\"day-duplicate\"><span class=\"day\">03:<\/span> <a href=\"https:\/\/www.schachbezirk-mittelbaden.de\/wp\/?p=8961\" rel=\"bookmark\">St\u00c3\u00bctzpunkttraining ab April im Schachzentrum<\/a> <span class=\"comments-number\">(0)<\/span><\/li><li class=\"day-duplicate\"><span class=\"day\">03:<\/span> <a href=\"https:\/\/www.schachbezirk-mittelbaden.de\/wp\/?p=8943\" rel=\"bookmark\">Einladung BBMM 2013<\/a> <span class=\"comments-number\">(0)<\/span><\/li><li><span class=\"day\">01:<\/span> <a href=\"https:\/\/www.schachbezirk-mittelbaden.de\/wp\/?p=8919\" rel=\"bookmark\">Chess we can&#8230; Mibase 3.0<\/a> <span class=\"comments-number\">(0)<\/span><\/li><li class=\"day-duplicate\"><span class=\"day\">01:<\/span> <a href=\"https:\/\/www.schachbezirk-mittelbaden.de\/wp\/?p=8734\" rel=\"bookmark\">Einzelpokal: Finale und Spiel um Platz 3<\/a> <span class=\"comments-number\">(0)<\/span><\/li><\/ul><h2 class=\"month-year\"><a href=\"https:\/\/www.schachbezirk-mittelbaden.de\/wp\/?m=201302\">Februar 2013<\/a><\/h2><ul><li><span class=\"day\">28:<\/span> <a href=\"https:\/\/www.schachbezirk-mittelbaden.de\/wp\/?p=8728\" rel=\"bookmark\">Eventplanung Schachzentrum Baden-Baden<\/a> <span class=\"comments-number\">(0)<\/span><\/li><li><span class=\"day\">24:<\/span> <a href=\"https:\/\/www.schachbezirk-mittelbaden.de\/wp\/?p=8723\" rel=\"bookmark\">Badische Blitz-Mannschafts-Meisterschaft 2012\/13<\/a> <span class=\"comments-number\">(0)<\/span><\/li><li><span class=\"day\">22:<\/span> <a href=\"https:\/\/www.schachbezirk-mittelbaden.de\/wp\/?p=8718\" rel=\"bookmark\">Schachbundesliga 2013\/14<\/a> <span class=\"comments-number\">(0)<\/span><\/li><li class=\"day-duplicate\"><span class=\"day\">22:<\/span> <a href=\"https:\/\/www.schachbezirk-mittelbaden.de\/wp\/?p=8716\" rel=\"bookmark\">Absage Turnier in Baden-Baden vom Wochenende<\/a> <span class=\"comments-number\">(0)<\/span><\/li><li><span class=\"day\">18:<\/span> <a href=\"https:\/\/www.schachbezirk-mittelbaden.de\/wp\/?p=8711\" rel=\"bookmark\">Achertalpokal 2013<\/a> <span class=\"comments-number\">(0)<\/span><\/li><li><span class=\"day\">17:<\/span> <a href=\"https:\/\/www.schachbezirk-mittelbaden.de\/wp\/?p=8706\" rel=\"bookmark\">Viswanathan Anand gewinnt die GRENKE Chess Classic<\/a> <span class=\"comments-number\">(0)<\/span><\/li><li class=\"day-duplicate\"><span class=\"day\">17:<\/span> <a href=\"https:\/\/www.schachbezirk-mittelbaden.de\/wp\/?p=8699\" rel=\"bookmark\">Anand und Caruana k\u00c3\u00a4mpfen um Turniersieg<\/a> <span class=\"comments-number\">(0)<\/span><\/li><li><span class=\"day\">16:<\/span> <a href=\"https:\/\/www.schachbezirk-mittelbaden.de\/wp\/?p=8695\" rel=\"bookmark\">Ferien-3-Tage-Turnier in Baden-Baden zu Ende<\/a> <span class=\"comments-number\">(0)<\/span><\/li><li class=\"day-duplicate\"><span class=\"day\">16:<\/span> <a href=\"https:\/\/www.schachbezirk-mittelbaden.de\/wp\/?p=8681\" rel=\"bookmark\">Gro\u00c3\u0178meister r\u00c3\u00a4umen Chess Classic ELO Open ab<\/a> <span class=\"comments-number\">(0)<\/span><\/li><li><span class=\"day\">15:<\/span> <a href=\"https:\/\/www.schachbezirk-mittelbaden.de\/wp\/?p=8675\" rel=\"bookmark\">Vorentscheidung bei der GRENKE Chess Classic<\/a> <span class=\"comments-number\">(0)<\/span><\/li><li><span class=\"day\">14:<\/span> <a href=\"https:\/\/www.schachbezirk-mittelbaden.de\/wp\/?p=8669\" rel=\"bookmark\">Tag des Endspiels<\/a> <span class=\"comments-number\">(0)<\/span><\/li><li class=\"day-duplicate\"><span class=\"day\">14:<\/span> <a href=\"https:\/\/www.schachbezirk-mittelbaden.de\/wp\/?p=8666\" rel=\"bookmark\">2. Bundesliga S\u00c3\u00bcd\/Oberliga Baden<\/a> <span class=\"comments-number\">(0)<\/span><\/li><li class=\"day-duplicate\"><span class=\"day\">14:<\/span> <a href=\"https:\/\/www.schachbezirk-mittelbaden.de\/wp\/?p=8664\" rel=\"bookmark\">Verbandsspiele Miba\/BSV 2013\/14<\/a> <span class=\"comments-number\">(0)<\/span><\/li><li><span class=\"day\">13:<\/span> <a href=\"https:\/\/www.schachbezirk-mittelbaden.de\/wp\/?p=8659\" rel=\"bookmark\">Naiditsch on fire<\/a> <span class=\"comments-number\">(0)<\/span><\/li><li><span class=\"day\">12:<\/span> <a href=\"https:\/\/www.schachbezirk-mittelbaden.de\/wp\/?p=8644\" rel=\"bookmark\">3-Tage-Turnier an Fasching<\/a> <span class=\"comments-number\">(0)<\/span><\/li><li><span class=\"day\">11:<\/span> <a href=\"https:\/\/www.schachbezirk-mittelbaden.de\/wp\/?p=8638\" rel=\"bookmark\">Anand meldet sich zur\u00c3\u00bcck<\/a> <span class=\"comments-number\">(0)<\/span><\/li><li><span class=\"day\">10:<\/span> <a href=\"https:\/\/www.schachbezirk-mittelbaden.de\/wp\/?p=8630\" rel=\"bookmark\">Umk\u00c3\u00a4mpfter Sonntag bei der GRENKE Chess Classic<\/a> <span class=\"comments-number\">(0)<\/span><\/li><li><span class=\"day\">09:<\/span> <a href=\"https:\/\/www.schachbezirk-mittelbaden.de\/wp\/?p=8600\" rel=\"bookmark\">Fabiano Caruana \u00c3\u00bcbernimmt F\u00c3\u00bchrung<\/a> <span class=\"comments-number\">(0)<\/span><\/li><li><span class=\"day\">08:<\/span> <a href=\"https:\/\/www.schachbezirk-mittelbaden.de\/wp\/?p=8591\" rel=\"bookmark\">Dramatisches Finish bei der GRENKE Chess Classic<\/a> <span class=\"comments-number\">(0)<\/span><\/li><li><span class=\"day\">07:<\/span> <a href=\"https:\/\/www.schachbezirk-mittelbaden.de\/wp\/?p=8565\" rel=\"bookmark\">GRENKE Chess Classic Baden-Baden<\/a> <span class=\"comments-number\">(0)<\/span><\/li><li><span class=\"day\">05:<\/span> <a href=\"https:\/\/www.schachbezirk-mittelbaden.de\/wp\/?p=8549\" rel=\"bookmark\">Mannschaftspokal &#8211; Auslosung Finalspiele<\/a> <span class=\"comments-number\">(0)<\/span><\/li><li class=\"day-duplicate\"><span class=\"day\">05:<\/span> <a href=\"https:\/\/www.schachbezirk-mittelbaden.de\/wp\/?p=8534\" rel=\"bookmark\">1. GRENKE Chess Classic in den Startl\u00c3\u00b6chern<\/a> <span class=\"comments-number\">(0)<\/span><\/li><li><span class=\"day\">04:<\/span> <a href=\"https:\/\/www.schachbezirk-mittelbaden.de\/wp\/?p=8528\" rel=\"bookmark\">Jugend-Quartalsturnier + ELO-2-Tage-Turnier<\/a> <span class=\"comments-number\">(0)<\/span><\/li><li><span class=\"day\">01:<\/span> <a href=\"https:\/\/www.schachbezirk-mittelbaden.de\/wp\/?p=8517\" rel=\"bookmark\">Bezirksmeisterschaften Schulschach Mittelbaden<\/a> <span class=\"comments-number\">(0)<\/span><\/li><li class=\"day-duplicate\"><span class=\"day\">01:<\/span> <a href=\"https:\/\/www.schachbezirk-mittelbaden.de\/wp\/?p=8514\" rel=\"bookmark\">Autogrammstunde mit Arkadij Naiditsch<\/a> <span class=\"comments-number\">(0)<\/span><\/li><li class=\"day-duplicate\"><span class=\"day\">01:<\/span> <a href=\"https:\/\/www.schachbezirk-mittelbaden.de\/wp\/?p=8489\" rel=\"bookmark\">Weltklasse-Schach im Palais Hamilton<\/a> <span class=\"comments-number\">(0)<\/span><\/li><\/ul><h2 class=\"month-year\"><a href=\"https:\/\/www.schachbezirk-mittelbaden.de\/wp\/?m=201301\">Januar 2013<\/a><\/h2><ul><li><span class=\"day\">28:<\/span> <a href=\"https:\/\/www.schachbezirk-mittelbaden.de\/wp\/?p=8476\" rel=\"bookmark\">3. Runde des Einzelpokals 2012\/2013<\/a> <span class=\"comments-number\">(0)<\/span><\/li><li><span class=\"day\">21:<\/span> <a href=\"https:\/\/www.schachbezirk-mittelbaden.de\/wp\/?p=8454\" rel=\"bookmark\">Seniorenmeisterschaft 2013<\/a> <span class=\"comments-number\">(0)<\/span><\/li><li><span class=\"day\">19:<\/span> <a href=\"https:\/\/www.schachbezirk-mittelbaden.de\/wp\/?p=8428\" rel=\"bookmark\">U20-Jugend-Mannschaftsmeisterschaften 2013<\/a> <span class=\"comments-number\">(0)<\/span><\/li><li><span class=\"day\">18:<\/span> <a href=\"https:\/\/www.schachbezirk-mittelbaden.de\/wp\/?p=8424\" rel=\"bookmark\">Bezirksrunde Senioren 2013<\/a> <span class=\"comments-number\">(0)<\/span><\/li><li class=\"day-duplicate\"><span class=\"day\">18:<\/span> <a href=\"https:\/\/www.schachbezirk-mittelbaden.de\/wp\/?p=8420\" rel=\"bookmark\">Kurzinformation &#8222;GRENKE Chess Classic Baden-Baden&#8220;<\/a> <span class=\"comments-number\">(0)<\/span><\/li><li><span class=\"day\">14:<\/span> <a href=\"https:\/\/www.schachbezirk-mittelbaden.de\/wp\/?p=8351\" rel=\"bookmark\">Sasbacher Erfolgsgeschichte: Wie alles begann&#8230;<\/a> <span class=\"comments-number\">(0)<\/span><\/li><li><span class=\"day\">10:<\/span> <a href=\"https:\/\/www.schachbezirk-mittelbaden.de\/wp\/?p=8327\" rel=\"bookmark\">85. Badischer Schachkongress in Birkenfeld<\/a> <span class=\"comments-number\">(0)<\/span><\/li><li class=\"day-duplicate\"><span class=\"day\">10:<\/span> <a href=\"https:\/\/www.schachbezirk-mittelbaden.de\/wp\/?p=8323\" rel=\"bookmark\">85. Badischer Schachkongress in Birkenfeld<\/a> <span class=\"comments-number\">(0)<\/span><\/li><li><span class=\"day\">08:<\/span> <a href=\"https:\/\/www.schachbezirk-mittelbaden.de\/wp\/?p=8277\" rel=\"bookmark\">Badische Jugend-Einzelmeisterschaften 2013<\/a> <span class=\"comments-number\">(0)<\/span><\/li><li><span class=\"day\">06:<\/span> <a href=\"https:\/\/www.schachbezirk-mittelbaden.de\/wp\/?p=8273\" rel=\"bookmark\">19. Achertalpokal 2013<\/a> <span class=\"comments-number\">(0)<\/span><\/li><li class=\"day-duplicate\"><span class=\"day\">06:<\/span> <a href=\"https:\/\/www.schachbezirk-mittelbaden.de\/wp\/?p=8266\" rel=\"bookmark\">Ausschreibung Achertalpokal 2013<\/a> <span class=\"comments-number\">(0)<\/span><\/li><li><span class=\"day\">04:<\/span> <a href=\"https:\/\/www.schachbezirk-mittelbaden.de\/wp\/?p=8258\" rel=\"bookmark\">Chess Classic Fasching 3-Tage-Turnier<\/a> <span class=\"comments-number\">(0)<\/span><\/li><li class=\"day-duplicate\"><span class=\"day\">04:<\/span> <a href=\"https:\/\/www.schachbezirk-mittelbaden.de\/wp\/?p=8256\" rel=\"bookmark\">Chess Classic Ferien 3-Tage-Turnier<\/a> <span class=\"comments-number\">(0)<\/span><\/li><li class=\"day-duplicate\"><span class=\"day\">04:<\/span> <a href=\"https:\/\/www.schachbezirk-mittelbaden.de\/wp\/?p=8250\" rel=\"bookmark\">GRENKE Chess Classic Baden-Baden 2013<\/a> <span class=\"comments-number\">(0)<\/span><\/li><li class=\"day-duplicate\"><span class=\"day\">04:<\/span> <a href=\"https:\/\/www.schachbezirk-mittelbaden.de\/wp\/?p=8247\" rel=\"bookmark\">Chess Classic ELO-Open<\/a> <span class=\"comments-number\">(0)<\/span><\/li><li class=\"day-duplicate\"><span class=\"day\">04:<\/span> <a href=\"https:\/\/www.schachbezirk-mittelbaden.de\/wp\/?p=8198\" rel=\"bookmark\">1. GRENKE Chess Classic Baden-Baden 2013<\/a> <span class=\"comments-number\">(0)<\/span><\/li><\/ul><h2 class=\"month-year\"><a href=\"https:\/\/www.schachbezirk-mittelbaden.de\/wp\/?m=201212\">Dezember 2012<\/a><\/h2><ul><li><span class=\"day\">30:<\/span> <a href=\"https:\/\/www.schachbezirk-mittelbaden.de\/wp\/?p=8184\" rel=\"bookmark\">DJMM: Vers\u00c3\u00b6hnlicher Abschluss in der letzten Runde<\/a> <span class=\"comments-number\">(0)<\/span><\/li><li><span class=\"day\">27:<\/span> <a href=\"https:\/\/www.schachbezirk-mittelbaden.de\/wp\/?p=8162\" rel=\"bookmark\">Die Spiele haben begonnen&#8230;<\/a> <span class=\"comments-number\">(0)<\/span><\/li><li><span class=\"day\">24:<\/span> <a href=\"https:\/\/www.schachbezirk-mittelbaden.de\/wp\/?p=8152\" rel=\"bookmark\">Elfj\u00c3\u00a4hriger Julian Martin wurde Doppel-Pokalsieger<\/a> <span class=\"comments-number\">(0)<\/span><\/li><li><span class=\"day\">19:<\/span> <a href=\"https:\/\/www.schachbezirk-mittelbaden.de\/wp\/?p=8147\" rel=\"bookmark\">Vorstandsitzung des Schachbezirks Mittelbaden<\/a> <span class=\"comments-number\">(0)<\/span><\/li><li class=\"day-duplicate\"><span class=\"day\">19:<\/span> <a href=\"https:\/\/www.schachbezirk-mittelbaden.de\/wp\/?p=8143\" rel=\"bookmark\">Badische Jugendeinzelmeisterschaften 2013<\/a> <span class=\"comments-number\">(0)<\/span><\/li><li><span class=\"day\">17:<\/span> <a href=\"https:\/\/www.schachbezirk-mittelbaden.de\/wp\/?p=8131\" rel=\"bookmark\">U10-Mannschaftsmeisterschaft 2012<\/a> <span class=\"comments-number\">(0)<\/span><\/li><li><span class=\"day\">13:<\/span> <a href=\"https:\/\/www.schachbezirk-mittelbaden.de\/wp\/?p=8121\" rel=\"bookmark\">Auslosung Halbfinale Mannschaftspokal 2012\/2013<\/a> <span class=\"comments-number\">(0)<\/span><\/li><li><span class=\"day\">11:<\/span> <a href=\"https:\/\/www.schachbezirk-mittelbaden.de\/wp\/?p=8100\" rel=\"bookmark\">Grenz\u00c3\u00bcberchreitendes Jugend-Schnellschach-Open<\/a> <span class=\"comments-number\">(0)<\/span><\/li><li><span class=\"day\">08:<\/span> <a href=\"https:\/\/www.schachbezirk-mittelbaden.de\/wp\/?p=7954\" rel=\"bookmark\">Bezirkspokal 2012\/13 &#8211; 3. Runde<\/a> <span class=\"comments-number\">(0)<\/span><\/li><li><span class=\"day\">05:<\/span> <a href=\"https:\/\/www.schachbezirk-mittelbaden.de\/wp\/?p=8091\" rel=\"bookmark\">Senioren-Mannschaftsmeisterschaft 2012\/13<\/a> <span class=\"comments-number\">(0)<\/span><\/li><li><span class=\"day\">03:<\/span> <a href=\"https:\/\/www.schachbezirk-mittelbaden.de\/wp\/?p=8044\" rel=\"bookmark\">Mitgliederentwicklung des Schachbezirks Mittelbaden im BSV-Vergleich<\/a> <span class=\"comments-number\">(1)<\/span><\/li><li class=\"day-duplicate\"><span class=\"day\">03:<\/span> <a href=\"https:\/\/www.schachbezirk-mittelbaden.de\/wp\/?p=8036\" rel=\"bookmark\">U10-Mannschaftsmeisterschaft 2012 in Rastatt<\/a> <span class=\"comments-number\">(0)<\/span><\/li><li><span class=\"day\">02:<\/span> <a href=\"https:\/\/www.schachbezirk-mittelbaden.de\/wp\/?p=8024\" rel=\"bookmark\">Bezirksrunde U16<\/a> <span class=\"comments-number\">(0)<\/span><\/li><li class=\"day-duplicate\"><span class=\"day\">02:<\/span> <a href=\"https:\/\/www.schachbezirk-mittelbaden.de\/wp\/?p=8028\" rel=\"bookmark\">U-12 Mannschaftsmeisterschaften 2012<\/a> <span class=\"comments-number\">(0)<\/span><\/li><\/ul><h2 class=\"month-year\"><a href=\"https:\/\/www.schachbezirk-mittelbaden.de\/wp\/?m=201211\">November 2012<\/a><\/h2><ul><li><span class=\"day\">25:<\/span> <a href=\"https:\/\/www.schachbezirk-mittelbaden.de\/wp\/?p=8011\" rel=\"bookmark\">Schnellschach-Ged\u00c3\u00a4chtnisturnier f\u00c3\u00bcr Frau Schleife-Krieg<\/a> <span class=\"comments-number\">(0)<\/span><\/li><li><span class=\"day\">24:<\/span> <a href=\"https:\/\/www.schachbezirk-mittelbaden.de\/wp\/?p=8005\" rel=\"bookmark\">Bezirks-Einzelpokal &#8211; Auslosug 3. Runde<\/a> <span class=\"comments-number\">(0)<\/span><\/li><li><span class=\"day\">22:<\/span> <a href=\"https:\/\/www.schachbezirk-mittelbaden.de\/wp\/?p=7998\" rel=\"bookmark\">Infos zur U12-Mannschaftsmeisterschaft 2012<\/a> <span class=\"comments-number\">(0)<\/span><\/li><li><span class=\"day\">20:<\/span> <a href=\"https:\/\/www.schachbezirk-mittelbaden.de\/wp\/?p=7989\" rel=\"bookmark\">Pokalturnier zum Ged\u00c3\u00a4chtnis an Frau Elvira Schleife-Krieg<\/a> <span class=\"comments-number\">(0)<\/span><\/li><li><span class=\"day\">14:<\/span> <a href=\"https:\/\/www.schachbezirk-mittelbaden.de\/wp\/?p=7977\" rel=\"bookmark\">Nachruf auf Frau Elvira Schleife-Krieg<\/a> <span class=\"comments-number\">(0)<\/span><\/li><li><span class=\"day\">11:<\/span> <a href=\"https:\/\/www.schachbezirk-mittelbaden.de\/wp\/?p=7966\" rel=\"bookmark\">Auslosung Mannschaftspokal 3. Runde<\/a> <span class=\"comments-number\">(0)<\/span><\/li><li><span class=\"day\">10:<\/span> <a href=\"https:\/\/www.schachbezirk-mittelbaden.de\/wp\/?p=7961\" rel=\"bookmark\">U14-Mannschaftsmeisterschaft 2012<\/a> <span class=\"comments-number\">(0)<\/span><\/li><li><span class=\"day\">07:<\/span> <a href=\"https:\/\/www.schachbezirk-mittelbaden.de\/wp\/?p=7950\" rel=\"bookmark\">Info zur \u00c3\u0153bungsleiterabrechnung<\/a> <span class=\"comments-number\">(0)<\/span><\/li><li class=\"day-duplicate\"><span class=\"day\">07:<\/span> <a href=\"https:\/\/www.schachbezirk-mittelbaden.de\/wp\/?p=7948\" rel=\"bookmark\">Sport-Talk zum Thema Schach<\/a> <span class=\"comments-number\">(0)<\/span><\/li><li class=\"day-duplicate\"><span class=\"day\">07:<\/span> <a href=\"https:\/\/www.schachbezirk-mittelbaden.de\/wp\/?p=7944\" rel=\"bookmark\">Sport-Talk zum Thema Schach<\/a> <span class=\"comments-number\">(0)<\/span><\/li><li><span class=\"day\">06:<\/span> <a href=\"https:\/\/www.schachbezirk-mittelbaden.de\/wp\/?p=7940\" rel=\"bookmark\">2. Offene Badische   Jugend-Tandem-Meisterschaft<\/a> <span class=\"comments-number\">(0)<\/span><\/li><li><span class=\"day\">03:<\/span> <a href=\"https:\/\/www.schachbezirk-mittelbaden.de\/wp\/?p=7924\" rel=\"bookmark\">SC Weitenung f\u00c3\u00bcr Jugendarbeit ausgezeichnet<\/a> <span class=\"comments-number\">(0)<\/span><\/li><li class=\"day-duplicate\"><span class=\"day\">03:<\/span> <a href=\"https:\/\/www.schachbezirk-mittelbaden.de\/wp\/?p=7921\" rel=\"bookmark\">Ausrichter Mannschafts-Meisterschaft U14<\/a> <span class=\"comments-number\">(0)<\/span><\/li><\/ul><h2 class=\"month-year\"><a href=\"https:\/\/www.schachbezirk-mittelbaden.de\/wp\/?m=201210\">Oktober 2012<\/a><\/h2><ul><li><span class=\"day\">28:<\/span> <a href=\"https:\/\/www.schachbezirk-mittelbaden.de\/wp\/?p=7907\" rel=\"bookmark\">Senioren-Mannschaftsmeisterschaft 2012\/13<\/a> <span class=\"comments-number\">(0)<\/span><\/li><li><span class=\"day\">19:<\/span> <a href=\"https:\/\/www.schachbezirk-mittelbaden.de\/wp\/?p=7858\" rel=\"bookmark\">Jugendeinzelmeisterschaften 2012 &#8211; Teil 2<\/a> <span class=\"comments-number\">(0)<\/span><\/li><li><span class=\"day\">17:<\/span> <a href=\"https:\/\/www.schachbezirk-mittelbaden.de\/wp\/?p=7811\" rel=\"bookmark\">Jugendeinzelmeisterschaften 2012<\/a> <span class=\"comments-number\">(0)<\/span><\/li><li><span class=\"day\">15:<\/span> <a href=\"https:\/\/www.schachbezirk-mittelbaden.de\/wp\/?p=7802\" rel=\"bookmark\">Faruk Osmanovic gewinnt OSG-Herbstturnier<\/a> <span class=\"comments-number\">(0)<\/span><\/li><li><span class=\"day\">13:<\/span> <a href=\"https:\/\/www.schachbezirk-mittelbaden.de\/wp\/?p=7788\" rel=\"bookmark\">Checkliste 2012\/2013 f\u00c3\u00bcr Mannschaftsk\u00c3\u00a4mpfe<\/a> <span class=\"comments-number\">(0)<\/span><\/li><li><span class=\"day\">12:<\/span> <a href=\"https:\/\/www.schachbezirk-mittelbaden.de\/wp\/?p=7781\" rel=\"bookmark\">Das Turnier seines Lebens &#8230;<\/a> <span class=\"comments-number\">(0)<\/span><\/li><li><span class=\"day\">11:<\/span> <a href=\"https:\/\/www.schachbezirk-mittelbaden.de\/wp\/?p=7775\" rel=\"bookmark\">Schulschachmeisterschaften 2011\/12<\/a> <span class=\"comments-number\">(0)<\/span><\/li><li><span class=\"day\">04:<\/span> <a href=\"https:\/\/www.schachbezirk-mittelbaden.de\/wp\/?p=7744\" rel=\"bookmark\">Mittelbadische Blitzmeisterschaft 2012\/2013<\/a> <span class=\"comments-number\">(0)<\/span><\/li><li class=\"day-duplicate\"><span class=\"day\">04:<\/span> <a href=\"https:\/\/www.schachbezirk-mittelbaden.de\/wp\/?p=7738\" rel=\"bookmark\">Holger Grampp gewinnt OSG-Schnellschachturnier am Tag der offenen T\u00c3\u00bcr<\/a> <span class=\"comments-number\">(0)<\/span><\/li><\/ul><h2 class=\"month-year\"><a href=\"https:\/\/www.schachbezirk-mittelbaden.de\/wp\/?m=201209\">September 2012<\/a><\/h2><ul><li><span class=\"day\">29:<\/span> <a href=\"https:\/\/www.schachbezirk-mittelbaden.de\/wp\/?p=7731\" rel=\"bookmark\">2. Runde Miba EP am 23.11.2012 in Sasbach<\/a> <span class=\"comments-number\">(0)<\/span><\/li><li><span class=\"day\">24:<\/span> <a href=\"https:\/\/www.schachbezirk-mittelbaden.de\/wp\/?p=7724\" rel=\"bookmark\">Mittelbadische JMM 2012 &#8211; endg\u00c3\u00bcltige Mannschaften<\/a> <span class=\"comments-number\">(0)<\/span><\/li><li><span class=\"day\">22:<\/span> <a href=\"https:\/\/www.schachbezirk-mittelbaden.de\/wp\/?p=7714\" rel=\"bookmark\">Neuer Bezirkseinzelpokalsieger gesucht &#8230;<\/a> <span class=\"comments-number\">(0)<\/span><\/li><li class=\"day-duplicate\"><span class=\"day\">22:<\/span> <a href=\"https:\/\/www.schachbezirk-mittelbaden.de\/wp\/?p=7703\" rel=\"bookmark\">Mittelbadische JMM 2012 &#8211; vorl\u00c3\u00a4ufige Mannschaften<\/a> <span class=\"comments-number\">(0)<\/span><\/li><li><span class=\"day\">20:<\/span> <a href=\"https:\/\/www.schachbezirk-mittelbaden.de\/wp\/?p=7698\" rel=\"bookmark\">Mittelbadische Jugendeinzelmeisterschaft 2012<\/a> <span class=\"comments-number\">(0)<\/span><\/li><li><span class=\"day\">17:<\/span> <a href=\"https:\/\/www.schachbezirk-mittelbaden.de\/wp\/?p=7689\" rel=\"bookmark\">Miba-Mannschaftspokal 2. Runde\/Hinweis auf Miba-Einzelpokal<\/a> <span class=\"comments-number\">(0)<\/span><\/li><li><span class=\"day\">15:<\/span> <a href=\"https:\/\/www.schachbezirk-mittelbaden.de\/wp\/?p=7681\" rel=\"bookmark\">Mannschaftspokal 2012\/13<\/a> <span class=\"comments-number\">(0)<\/span><\/li><li><span class=\"day\">14:<\/span> <a href=\"https:\/\/www.schachbezirk-mittelbaden.de\/wp\/?p=7675\" rel=\"bookmark\">Einladung zum Regelkundeseminar am 12.10.2012<\/a> <span class=\"comments-number\">(0)<\/span><\/li><li><span class=\"day\">11:<\/span> <a href=\"https:\/\/www.schachbezirk-mittelbaden.de\/wp\/?p=7670\" rel=\"bookmark\">U10-Mannschafts-Meisterschaften<\/a> <span class=\"comments-number\">(0)<\/span><\/li><li class=\"day-duplicate\"><span class=\"day\">11:<\/span> <a href=\"https:\/\/www.schachbezirk-mittelbaden.de\/wp\/?p=7668\" rel=\"bookmark\">U12-Mannschafts-Meisterschaften<\/a> <span class=\"comments-number\">(0)<\/span><\/li><li class=\"day-duplicate\"><span class=\"day\">11:<\/span> <a href=\"https:\/\/www.schachbezirk-mittelbaden.de\/wp\/?p=7666\" rel=\"bookmark\">U14-Mannschafts-Meisterschaften<\/a> <span class=\"comments-number\">(0)<\/span><\/li><li class=\"day-duplicate\"><span class=\"day\">11:<\/span> <a href=\"https:\/\/www.schachbezirk-mittelbaden.de\/wp\/?p=7664\" rel=\"bookmark\">U16-Mannschafts-Meisterschaften<\/a> <span class=\"comments-number\">(0)<\/span><\/li><li class=\"day-duplicate\"><span class=\"day\">11:<\/span> <a href=\"https:\/\/www.schachbezirk-mittelbaden.de\/wp\/?p=7662\" rel=\"bookmark\">U20-Mannschafts-Meisterschaften<\/a> <span class=\"comments-number\">(0)<\/span><\/li><li class=\"day-duplicate\"><span class=\"day\">11:<\/span> <a href=\"https:\/\/www.schachbezirk-mittelbaden.de\/wp\/?p=7658\" rel=\"bookmark\">Meldeschluss f\u00c3\u00bcr Jugend-Mannschaftsmeisterschaften 2012\/13<\/a> <span class=\"comments-number\">(0)<\/span><\/li><li><span class=\"day\">09:<\/span> <a href=\"https:\/\/www.schachbezirk-mittelbaden.de\/wp\/?p=7640\" rel=\"bookmark\">Mittelbadens Strategen zu Gast in Sasbach<\/a> <span class=\"comments-number\">(0)<\/span><\/li><li><span class=\"day\">07:<\/span> <a href=\"https:\/\/www.schachbezirk-mittelbaden.de\/wp\/?p=7637\" rel=\"bookmark\">Mittelbadische Jugend-Mannschaftsmeisterschaft 2012 &#8211; Anmeldung<\/a> <span class=\"comments-number\">(0)<\/span><\/li><li><span class=\"day\">06:<\/span> <a href=\"https:\/\/www.schachbezirk-mittelbaden.de\/wp\/?p=7633\" rel=\"bookmark\">Bezirks-Jugend-Einzelmeisterschaften 2012<\/a> <span class=\"comments-number\">(0)<\/span><\/li><li><span class=\"day\">04:<\/span> <a href=\"https:\/\/www.schachbezirk-mittelbaden.de\/wp\/?p=7568\" rel=\"bookmark\">Mittelbadische Blitzmeisterschaften Mannschaft und Einzel<\/a> <span class=\"comments-number\">(0)<\/span><\/li><li><span class=\"day\">02:<\/span> <a href=\"https:\/\/www.schachbezirk-mittelbaden.de\/wp\/?p=7561\" rel=\"bookmark\">Spielplan Kreisklasse III<\/a> <span class=\"comments-number\">(3)<\/span><\/li><li><span class=\"day\">01:<\/span> <a href=\"https:\/\/www.schachbezirk-mittelbaden.de\/wp\/?p=7552\" rel=\"bookmark\">Auslosung Mittelbadischer Mannschaftspokal 2012 u. a.<\/a> <span class=\"comments-number\">(0)<\/span><\/li><\/ul><h2 class=\"month-year\"><a href=\"https:\/\/www.schachbezirk-mittelbaden.de\/wp\/?m=201208\">August 2012<\/a><\/h2><ul><li><span class=\"day\">27:<\/span> <a href=\"https:\/\/www.schachbezirk-mittelbaden.de\/wp\/?p=7539\" rel=\"bookmark\">Steinhart und Vyernyy sichern sich Schnelldenker-Pokale<\/a> <span class=\"comments-number\">(0)<\/span><\/li><li><span class=\"day\">24:<\/span> <a href=\"https:\/\/www.schachbezirk-mittelbaden.de\/wp\/?p=7535\" rel=\"bookmark\">Fristabl\u00c3\u00a4ufe 31.08.2012<\/a> <span class=\"comments-number\">(0)<\/span><\/li><li><span class=\"day\">13:<\/span> <a href=\"https:\/\/www.schachbezirk-mittelbaden.de\/wp\/?p=7526\" rel=\"bookmark\">Sommer-Open Baden-Baden &#8211; Siege f\u00c3\u00bcr Vovk und Becker<\/a> <span class=\"comments-number\">(1)<\/span><\/li><li><span class=\"day\">07:<\/span> <a href=\"https:\/\/www.schachbezirk-mittelbaden.de\/wp\/?p=7499\" rel=\"bookmark\">Senioren-Jungsenioren-Schnellschach-Pokal<\/a> <span class=\"comments-number\">(0)<\/span><\/li><li><span class=\"day\">06:<\/span> <a href=\"https:\/\/www.schachbezirk-mittelbaden.de\/wp\/?p=7497\" rel=\"bookmark\">Bezirksblitzmeisterschaften 2013<\/a> <span class=\"comments-number\">(0)<\/span><\/li><li><span class=\"day\">05:<\/span> <a href=\"https:\/\/www.schachbezirk-mittelbaden.de\/wp\/?p=7460\" rel=\"bookmark\">Sommerseminar der Schachjugend Baden in Sasbach<\/a> <span class=\"comments-number\">(0)<\/span><\/li><li class=\"day-duplicate\"><span class=\"day\">05:<\/span> <a href=\"https:\/\/www.schachbezirk-mittelbaden.de\/wp\/?p=7439\" rel=\"bookmark\">Schnellschach Ged\u00c3\u00a4chtnisturnier Dr. Boris Feiguelman<\/a> <span class=\"comments-number\">(0)<\/span><\/li><li><span class=\"day\">04:<\/span> <a href=\"https:\/\/www.schachbezirk-mittelbaden.de\/wp\/?p=7433\" rel=\"bookmark\">Bezirksversammlung 2012<\/a> <span class=\"comments-number\">(0)<\/span><\/li><\/ul><h2 class=\"month-year\"><a href=\"https:\/\/www.schachbezirk-mittelbaden.de\/wp\/?m=201207\">Juli 2012<\/a><\/h2><ul><li><span class=\"day\">29:<\/span> <a href=\"https:\/\/www.schachbezirk-mittelbaden.de\/wp\/?p=7422\" rel=\"bookmark\">Ausschreibung Mittelbadischer Schachkongress 2012<\/a> <span class=\"comments-number\">(0)<\/span><\/li><li><span class=\"day\">26:<\/span> <a href=\"https:\/\/www.schachbezirk-mittelbaden.de\/wp\/?p=7415\" rel=\"bookmark\">Bezirks-Mannschaftspokal 2012\/13<\/a> <span class=\"comments-number\">(0)<\/span><\/li><li class=\"day-duplicate\"><span class=\"day\">26:<\/span> <a href=\"https:\/\/www.schachbezirk-mittelbaden.de\/wp\/?p=7412\" rel=\"bookmark\">Schulung f\u00c3\u00bcr Mannschaftsf\u00c3\u00bchrer<\/a> <span class=\"comments-number\">(0)<\/span><\/li><li class=\"day-duplicate\"><span class=\"day\">26:<\/span> <a href=\"https:\/\/www.schachbezirk-mittelbaden.de\/wp\/?p=7409\" rel=\"bookmark\">Bezirkseinzelpokal 2012\/13<\/a> <span class=\"comments-number\">(0)<\/span><\/li><li class=\"day-duplicate\"><span class=\"day\">26:<\/span> <a href=\"https:\/\/www.schachbezirk-mittelbaden.de\/wp\/?p=7399\" rel=\"bookmark\">BTL-Rundschreiben und Pokalausschreibungen<\/a> <span class=\"comments-number\">(0)<\/span><\/li><li><span class=\"day\">25:<\/span> <a href=\"https:\/\/www.schachbezirk-mittelbaden.de\/wp\/?p=7397\" rel=\"bookmark\">Gedenkturnier Dr. Boris Feiguelman<\/a> <span class=\"comments-number\">(0)<\/span><\/li><li class=\"day-duplicate\"><span class=\"day\">25:<\/span> <a href=\"https:\/\/www.schachbezirk-mittelbaden.de\/wp\/?p=7386\" rel=\"bookmark\">Schnellschach-Gedenkturnier Dr.-Boris-Feiguelman<\/a> <span class=\"comments-number\">(0)<\/span><\/li><li><span class=\"day\">22:<\/span> <a href=\"https:\/\/www.schachbezirk-mittelbaden.de\/wp\/?p=7377\" rel=\"bookmark\">Baden-Badener Schnellschach-Jugendmeisterschaft 2012<\/a> <span class=\"comments-number\">(0)<\/span><\/li><li><span class=\"day\">20:<\/span> <a href=\"https:\/\/www.schachbezirk-mittelbaden.de\/wp\/?p=7364\" rel=\"bookmark\">ELO-2-Tage-Turnier f\u00c3\u00bcr Jugend und Erwachsene<\/a> <span class=\"comments-number\">(0)<\/span><\/li><li class=\"day-duplicate\"><span class=\"day\">20:<\/span> <a href=\"https:\/\/www.schachbezirk-mittelbaden.de\/wp\/?p=7360\" rel=\"bookmark\">ELO-2-Tage-Turnier<\/a> <span class=\"comments-number\">(0)<\/span><\/li><li class=\"day-duplicate\"><span class=\"day\">20:<\/span> <a href=\"https:\/\/www.schachbezirk-mittelbaden.de\/wp\/?p=7357\" rel=\"bookmark\">Jugend-Quartalsturnier<\/a> <span class=\"comments-number\">(0)<\/span><\/li><li class=\"day-duplicate\"><span class=\"day\">20:<\/span> <a href=\"https:\/\/www.schachbezirk-mittelbaden.de\/wp\/?p=7351\" rel=\"bookmark\">SC B\u00c3\u00bchlertal feierte sein 50-j\u00c3\u00a4hriges Vereinsjubil\u00c3\u00a4um<\/a> <span class=\"comments-number\">(0)<\/span><\/li><li><span class=\"day\">19:<\/span> <a href=\"https:\/\/www.schachbezirk-mittelbaden.de\/wp\/?p=7337\" rel=\"bookmark\">SC Ottenau w\u00c3\u00a4hrend der Bezirksversammlung geehrt<\/a> <span class=\"comments-number\">(0)<\/span><\/li><li><span class=\"day\">15:<\/span> <a href=\"https:\/\/www.schachbezirk-mittelbaden.de\/wp\/?p=7328\" rel=\"bookmark\">Spielpl\u00c3\u00a4ne f\u00c3\u00bcr die Saison 2012\/13 sind erstellt<\/a> <span class=\"comments-number\">(0)<\/span><\/li><li><span class=\"day\">10:<\/span> <a href=\"https:\/\/www.schachbezirk-mittelbaden.de\/wp\/?p=7318\" rel=\"bookmark\">Bezirksversammlung am 18.07. in Ottenau<\/a> <span class=\"comments-number\">(0)<\/span><\/li><li><span class=\"day\">09:<\/span> <a href=\"https:\/\/www.schachbezirk-mittelbaden.de\/wp\/?p=7312\" rel=\"bookmark\">Baden-Badener Jugend-Quartalsturnier mit 75 Teilnehmern<\/a> <span class=\"comments-number\">(0)<\/span><\/li><li><span class=\"day\">05:<\/span> <a href=\"https:\/\/www.schachbezirk-mittelbaden.de\/wp\/?p=7305\" rel=\"bookmark\">Schulschachpatentkurs am Wochenende in Karlsruhe<\/a> <span class=\"comments-number\">(0)<\/span><\/li><li><span class=\"day\">03:<\/span> <a href=\"https:\/\/www.schachbezirk-mittelbaden.de\/wp\/?p=7297\" rel=\"bookmark\">Jonas Rosner neuer Badischer Blitzschachmeister<\/a> <span class=\"comments-number\">(0)<\/span><\/li><\/ul><h2 class=\"month-year\"><a href=\"https:\/\/www.schachbezirk-mittelbaden.de\/wp\/?m=201206\">Juni 2012<\/a><\/h2><ul><li><span class=\"day\">28:<\/span> <a href=\"https:\/\/www.schachbezirk-mittelbaden.de\/wp\/?p=7269\" rel=\"bookmark\">Badens Schachelite in Lichtental zu Gast<\/a> <span class=\"comments-number\">(0)<\/span><\/li><li><span class=\"day\">26:<\/span> <a href=\"https:\/\/www.schachbezirk-mittelbaden.de\/wp\/?p=7266\" rel=\"bookmark\">2. Bundesliga S\u00c3\u00bcd\/Oberliga Baden<\/a> <span class=\"comments-number\">(0)<\/span><\/li><li><span class=\"day\">24:<\/span> <a href=\"https:\/\/www.schachbezirk-mittelbaden.de\/wp\/?p=7253\" rel=\"bookmark\">Mittelbadische Schnellschach-Einzelmeisterschaft 2012<\/a> <span class=\"comments-number\">(1)<\/span><\/li><li><span class=\"day\">20:<\/span> <a href=\"https:\/\/www.schachbezirk-mittelbaden.de\/wp\/?p=7136\" rel=\"bookmark\">Schachclub Weitenung ruft Mittelbadens Schnelldenker<\/a> <span class=\"comments-number\">(0)<\/span><\/li><li><span class=\"day\">18:<\/span> <a href=\"https:\/\/www.schachbezirk-mittelbaden.de\/wp\/?p=7244\" rel=\"bookmark\">Abstimmen f\u00c3\u00bcr Roten Kombi &#8211; Vereinswettbewerb der Sparkasse Offenburg\/Ortenau<\/a> <span class=\"comments-number\">(0)<\/span><\/li><li><span class=\"day\">17:<\/span> <a href=\"https:\/\/www.schachbezirk-mittelbaden.de\/wp\/?p=7236\" rel=\"bookmark\">Ligatableau &#8211; Update 17.6.<\/a> <span class=\"comments-number\">(0)<\/span><\/li><li><span class=\"day\">13:<\/span> <a href=\"https:\/\/www.schachbezirk-mittelbaden.de\/wp\/?p=7229\" rel=\"bookmark\">Mittelbadischer Senioren-Jungsenioren-Einzelpokal 2012<\/a> <span class=\"comments-number\">(0)<\/span><\/li><li><span class=\"day\">11:<\/span> <a href=\"https:\/\/www.schachbezirk-mittelbaden.de\/wp\/?p=7218\" rel=\"bookmark\">Referent f\u00c3\u00bcr Presse- und \u00c3\u2013ffentlichkeitsarbeit im Bezirk Mittelbaden gesucht<\/a> <span class=\"comments-number\">(0)<\/span><\/li><li><span class=\"day\">04:<\/span> <a href=\"https:\/\/www.schachbezirk-mittelbaden.de\/wp\/?p=7208\" rel=\"bookmark\">Schachfreunde Lichtental stellen Weichen f\u00c3\u00bcr die Zukunft<\/a> <span class=\"comments-number\">(0)<\/span><\/li><\/ul><h2 class=\"month-year\"><a href=\"https:\/\/www.schachbezirk-mittelbaden.de\/wp\/?m=201205\">Mai 2012<\/a><\/h2><ul><li><span class=\"day\">28:<\/span> <a href=\"https:\/\/www.schachbezirk-mittelbaden.de\/wp\/?p=7203\" rel=\"bookmark\">Offene Deutsche Meisterschaft Schach-Tennis in Baden-Baden<\/a> <span class=\"comments-number\">(0)<\/span><\/li><li class=\"day-duplicate\"><span class=\"day\">28:<\/span> <a href=\"https:\/\/www.schachbezirk-mittelbaden.de\/wp\/?p=7192\" rel=\"bookmark\">Offene Deutsche Meisterschaft im Schach-Tennis<\/a> <span class=\"comments-number\">(0)<\/span><\/li><li><span class=\"day\">27:<\/span> <a href=\"https:\/\/www.schachbezirk-mittelbaden.de\/wp\/?p=7190\" rel=\"bookmark\">OSG-Herbstpokal<\/a> <span class=\"comments-number\">(0)<\/span><\/li><li><span class=\"day\">24:<\/span> <a href=\"https:\/\/www.schachbezirk-mittelbaden.de\/wp\/?p=7175\" rel=\"bookmark\">Mikhail Petrov gewinnt Fr\u00c3\u00bchjahrspokal 2012<\/a> <span class=\"comments-number\">(0)<\/span><\/li><li><span class=\"day\">22:<\/span> <a href=\"https:\/\/www.schachbezirk-mittelbaden.de\/wp\/?p=7159\" rel=\"bookmark\">BTL-Info zur Klasseneinteilung 2012\/13 im Schachbezirk<\/a> <span class=\"comments-number\">(0)<\/span><\/li><li><span class=\"day\">21:<\/span> <a href=\"https:\/\/www.schachbezirk-mittelbaden.de\/wp\/?p=7143\" rel=\"bookmark\">Deutsche Schulschach-Meisterschaften: LWG Rastatt im Soll<\/a> <span class=\"comments-number\">(0)<\/span><\/li><li><span class=\"day\">17:<\/span> <a href=\"https:\/\/www.schachbezirk-mittelbaden.de\/wp\/?p=7134\" rel=\"bookmark\">Mittelbadischer Schachkonkress 2012 in Sasbach<\/a> <span class=\"comments-number\">(0)<\/span><\/li><li><span class=\"day\">16:<\/span> <a href=\"https:\/\/www.schachbezirk-mittelbaden.de\/wp\/?p=7117\" rel=\"bookmark\">Badische Blitz-Einzelmeisterschaft am 1. Juli<\/a> <span class=\"comments-number\">(0)<\/span><\/li><li><span class=\"day\">12:<\/span> <a href=\"https:\/\/www.schachbezirk-mittelbaden.de\/wp\/?p=7094\" rel=\"bookmark\">Badische U12-Mannschaftsmeisterschaft 2012<\/a> <span class=\"comments-number\">(0)<\/span><\/li><li class=\"day-duplicate\"><span class=\"day\">12:<\/span> <a href=\"https:\/\/www.schachbezirk-mittelbaden.de\/wp\/?p=7082\" rel=\"bookmark\">Sensationelle Jugend-Remis beim OSG-Simultan mit IM Yaroslav Srokovskiy<\/a> <span class=\"comments-number\">(0)<\/span><\/li><li><span class=\"day\">10:<\/span> <a href=\"https:\/\/www.schachbezirk-mittelbaden.de\/wp\/?p=7077\" rel=\"bookmark\">OSG-Mannschaftssimultan 2012 abgesagt<\/a> <span class=\"comments-number\">(0)<\/span><\/li><li><span class=\"day\">08:<\/span> <a href=\"https:\/\/www.schachbezirk-mittelbaden.de\/wp\/?p=7071\" rel=\"bookmark\">Neuwahl des Vorstandes der OSG Baden-Baden<\/a> <span class=\"comments-number\">(0)<\/span><\/li><li><span class=\"day\">06:<\/span> <a href=\"https:\/\/www.schachbezirk-mittelbaden.de\/wp\/?p=7065\" rel=\"bookmark\">Bezirksvorstandssitzung in Sasbach<\/a> <span class=\"comments-number\">(1)<\/span><\/li><li><span class=\"day\">05:<\/span> <a href=\"https:\/\/www.schachbezirk-mittelbaden.de\/wp\/?p=7056\" rel=\"bookmark\">BTL Rundschreiben zum Saisonabschluss<\/a> <span class=\"comments-number\">(0)<\/span><\/li><li><span class=\"day\">04:<\/span> <a href=\"https:\/\/www.schachbezirk-mittelbaden.de\/wp\/?p=7054\" rel=\"bookmark\">Relegationsspiele 2011\/12<\/a> <span class=\"comments-number\">(0)<\/span><\/li><li class=\"day-duplicate\"><span class=\"day\">04:<\/span> <a href=\"https:\/\/www.schachbezirk-mittelbaden.de\/wp\/?p=7050\" rel=\"bookmark\">OSG-Fr\u00c3\u00bchjahrspokal &#8211; Rapid-Chess-5R-Varitemp-Cup<\/a> <span class=\"comments-number\">(0)<\/span><\/li><li class=\"day-duplicate\"><span class=\"day\">04:<\/span> <a href=\"https:\/\/www.schachbezirk-mittelbaden.de\/wp\/?p=7046\" rel=\"bookmark\">Baden-Badener Schnellschach-Jugend-Stadtmeisterschaft<\/a> <span class=\"comments-number\">(0)<\/span><\/li><li class=\"day-duplicate\"><span class=\"day\">04:<\/span> <a href=\"https:\/\/www.schachbezirk-mittelbaden.de\/wp\/?p=7039\" rel=\"bookmark\">Simultan mit Landestrainer IM Yaroslav Srokovskiy<\/a> <span class=\"comments-number\">(0)<\/span><\/li><li><span class=\"day\">03:<\/span> <a href=\"https:\/\/www.schachbezirk-mittelbaden.de\/wp\/?p=7037\" rel=\"bookmark\">Bezirksversammlung 2012<\/a> <span class=\"comments-number\">(0)<\/span><\/li><li><span class=\"day\">02:<\/span> <a href=\"https:\/\/www.schachbezirk-mittelbaden.de\/wp\/?p=7030\" rel=\"bookmark\">Ausrichter gesucht<\/a> <span class=\"comments-number\">(1)<\/span><\/li><\/ul><h2 class=\"month-year\"><a href=\"https:\/\/www.schachbezirk-mittelbaden.de\/wp\/?m=201204\">April 2012<\/a><\/h2><ul><li><span class=\"day\">24:<\/span> <a href=\"https:\/\/www.schachbezirk-mittelbaden.de\/wp\/?p=7018\" rel=\"bookmark\">Badische Blitz-Einzelmeisterschaft 2012 in Lichtental<\/a> <span class=\"comments-number\">(0)<\/span><\/li><li><span class=\"day\">23:<\/span> <a href=\"https:\/\/www.schachbezirk-mittelbaden.de\/wp\/?p=6998\" rel=\"bookmark\">Jugend-Quartalsturnier &#8211; Jonathan Clancy auf 2. Rang<\/a> <span class=\"comments-number\">(0)<\/span><\/li><li><span class=\"day\">18:<\/span> <a href=\"https:\/\/www.schachbezirk-mittelbaden.de\/wp\/?p=6990\" rel=\"bookmark\">P\u00c3\u00a4dagogium Baden-Baden beim Landesfinale der Schulschachmeisterschaften<\/a> <span class=\"comments-number\">(0)<\/span><\/li><li><span class=\"day\">17:<\/span> <a href=\"https:\/\/www.schachbezirk-mittelbaden.de\/wp\/?p=6977\" rel=\"bookmark\">Happy Birthday Mr. President<\/a> <span class=\"comments-number\">(0)<\/span><\/li><li><span class=\"day\">15:<\/span> <a href=\"https:\/\/www.schachbezirk-mittelbaden.de\/wp\/?p=6972\" rel=\"bookmark\">14. Bezirks-Pokalsieg f\u00c3\u00bcr Metz<\/a> <span class=\"comments-number\">(0)<\/span><\/li><li><span class=\"day\">14:<\/span> <a href=\"https:\/\/www.schachbezirk-mittelbaden.de\/wp\/?p=6955\" rel=\"bookmark\">Sechster Titel in Folge f\u00c3\u00bcr Hartmut Metz<\/a> <span class=\"comments-number\">(0)<\/span><\/li><li><span class=\"day\">13:<\/span> <a href=\"https:\/\/www.schachbezirk-mittelbaden.de\/wp\/?p=6953\" rel=\"bookmark\">Sitzung des Bezirksvorstandes<\/a> <span class=\"comments-number\">(1)<\/span><\/li><li><span class=\"day\">12:<\/span> <a href=\"https:\/\/www.schachbezirk-mittelbaden.de\/wp\/?p=6950\" rel=\"bookmark\">Vortrag &#8218;Presseberichte schreiben&#8216;<\/a> <span class=\"comments-number\">(0)<\/span><\/li><li><span class=\"day\">11:<\/span> <a href=\"https:\/\/www.schachbezirk-mittelbaden.de\/wp\/?p=6945\" rel=\"bookmark\">Einladung zum Bundesligafinale in Baden-Baden<\/a> <span class=\"comments-number\">(0)<\/span><\/li><li class=\"day-duplicate\"><span class=\"day\">11:<\/span> <a href=\"https:\/\/www.schachbezirk-mittelbaden.de\/wp\/?p=6935\" rel=\"bookmark\">Vortrag &#8218;Presseberichte schreiben und Fotos schie\u00c3\u0178en&#8216;<\/a> <span class=\"comments-number\">(0)<\/span><\/li><li><span class=\"day\">05:<\/span> <a href=\"https:\/\/www.schachbezirk-mittelbaden.de\/wp\/?p=6923\" rel=\"bookmark\">Frohe Ostern&#8230; w\u00c3\u00bcnschen Regina und Peter Krystufek<\/a> <span class=\"comments-number\">(0)<\/span><\/li><li><span class=\"day\">03:<\/span> <a href=\"https:\/\/www.schachbezirk-mittelbaden.de\/wp\/?p=6917\" rel=\"bookmark\">Schach in der Sparkasse Achern<\/a> <span class=\"comments-number\">(0)<\/span><\/li><\/ul><h2 class=\"month-year\"><a href=\"https:\/\/www.schachbezirk-mittelbaden.de\/wp\/?m=201203\">M\u00e4rz 2012<\/a><\/h2><ul><li><span class=\"day\">28:<\/span> <a href=\"https:\/\/www.schachbezirk-mittelbaden.de\/wp\/?p=6901\" rel=\"bookmark\">Bezirks-Schnellschacheinzelmeisterschaft 2012<\/a> <span class=\"comments-number\">(0)<\/span><\/li><li><span class=\"day\">23:<\/span> <a href=\"https:\/\/www.schachbezirk-mittelbaden.de\/wp\/?p=6892\" rel=\"bookmark\">L\u00c3\u00a4nderkampf Baden &#8211; Elsass in Endingen<\/a> <span class=\"comments-number\">(0)<\/span><\/li><li class=\"day-duplicate\"><span class=\"day\">23:<\/span> <a href=\"https:\/\/www.schachbezirk-mittelbaden.de\/wp\/?p=6890\" rel=\"bookmark\">TOA-Sitzung in Villingen<\/a> <span class=\"comments-number\">(0)<\/span><\/li><li class=\"day-duplicate\"><span class=\"day\">23:<\/span> <a href=\"https:\/\/www.schachbezirk-mittelbaden.de\/wp\/?p=6886\" rel=\"bookmark\">Verbandsspiele Miba\/BSV 2012\/13<\/a> <span class=\"comments-number\">(0)<\/span><\/li><li class=\"day-duplicate\"><span class=\"day\">23:<\/span> <a href=\"https:\/\/www.schachbezirk-mittelbaden.de\/wp\/?p=6883\" rel=\"bookmark\">Badischer Mannschaftspokal 2012<\/a> <span class=\"comments-number\">(0)<\/span><\/li><li class=\"day-duplicate\"><span class=\"day\">23:<\/span> <a href=\"https:\/\/www.schachbezirk-mittelbaden.de\/wp\/?p=6871\" rel=\"bookmark\">SF Lichtental im Portrait der &#8218;Schachzeitung&#8216;<\/a> <span class=\"comments-number\">(0)<\/span><\/li><li><span class=\"day\">19:<\/span> <a href=\"https:\/\/www.schachbezirk-mittelbaden.de\/wp\/?p=6862\" rel=\"bookmark\">Thomas Petersen neuer Achertalpokal-Sieger<\/a> <span class=\"comments-number\">(0)<\/span><\/li><li class=\"day-duplicate\"><span class=\"day\">19:<\/span> <a href=\"https:\/\/www.schachbezirk-mittelbaden.de\/wp\/?p=6844\" rel=\"bookmark\">SK Untergrombach gewinnt badische Meisterschaft im Blitzschach<\/a> <span class=\"comments-number\">(0)<\/span><\/li><li><span class=\"day\">17:<\/span> <a href=\"https:\/\/www.schachbezirk-mittelbaden.de\/wp\/?p=6830\" rel=\"bookmark\">Rochade ist Bezirkspokalmannschaftsmeister 2012!<\/a> <span class=\"comments-number\">(0)<\/span><\/li><li><span class=\"day\">14:<\/span> <a href=\"https:\/\/www.schachbezirk-mittelbaden.de\/wp\/?p=6820\" rel=\"bookmark\">Bezirks-Schnellschacheinzelmeisterschaft 2012<\/a> <span class=\"comments-number\">(0)<\/span><\/li><li class=\"day-duplicate\"><span class=\"day\">14:<\/span> <a href=\"https:\/\/www.schachbezirk-mittelbaden.de\/wp\/?p=6811\" rel=\"bookmark\">Titelkampf in der Schachbundesliga<\/a> <span class=\"comments-number\">(0)<\/span><\/li><li><span class=\"day\">12:<\/span> <a href=\"https:\/\/www.schachbezirk-mittelbaden.de\/wp\/?p=6808\" rel=\"bookmark\">6. Senioren-Jungsenioren-Schnellschachpokal<\/a> <span class=\"comments-number\">(0)<\/span><\/li><li class=\"day-duplicate\"><span class=\"day\">12:<\/span> <a href=\"https:\/\/www.schachbezirk-mittelbaden.de\/wp\/?p=6806\" rel=\"bookmark\">Jugend-Quartalsturnier in Baden-Baden<\/a> <span class=\"comments-number\">(0)<\/span><\/li><li class=\"day-duplicate\"><span class=\"day\">12:<\/span> <a href=\"https:\/\/www.schachbezirk-mittelbaden.de\/wp\/?p=6804\" rel=\"bookmark\">Jugend-Quartalsturnier in Baden-Baden<\/a> <span class=\"comments-number\">(0)<\/span><\/li><li><span class=\"day\">07:<\/span> <a href=\"https:\/\/www.schachbezirk-mittelbaden.de\/wp\/?p=6796\" rel=\"bookmark\">Mostafa Muschtaki ist Ehrenmitglied im Schachzentrum e.V.<\/a> <span class=\"comments-number\">(0)<\/span><\/li><li><span class=\"day\">05:<\/span> <a href=\"https:\/\/www.schachbezirk-mittelbaden.de\/wp\/?p=6792\" rel=\"bookmark\">18. Achertalpokal 2012<\/a> <span class=\"comments-number\">(0)<\/span><\/li><\/ul><h2 class=\"month-year\"><a href=\"https:\/\/www.schachbezirk-mittelbaden.de\/wp\/?m=201202\">Februar 2012<\/a><\/h2><ul><li><span class=\"day\">29:<\/span> <a href=\"https:\/\/www.schachbezirk-mittelbaden.de\/wp\/?p=6780\" rel=\"bookmark\">67 Spieler beim Jugend-Quartalsturnier<\/a> <span class=\"comments-number\">(0)<\/span><\/li><li><span class=\"day\">27:<\/span> <a href=\"https:\/\/www.schachbezirk-mittelbaden.de\/wp\/?p=6771\" rel=\"bookmark\">Einzelpokal: Erneutes Finale zwischen Zunker und Metz<\/a> <span class=\"comments-number\">(0)<\/span><\/li><li><span class=\"day\">26:<\/span> <a href=\"https:\/\/www.schachbezirk-mittelbaden.de\/wp\/?p=6766\" rel=\"bookmark\">Einzelpokal-Halbfinale\/Auslosung Finalpaarungen<\/a> <span class=\"comments-number\">(0)<\/span><\/li><li><span class=\"day\">23:<\/span> <a href=\"https:\/\/www.schachbezirk-mittelbaden.de\/wp\/?p=6755\" rel=\"bookmark\">Jubil\u00c3\u00a4umsturnier um die Baden-Badener Stadtmeisterschaft<\/a> <span class=\"comments-number\">(0)<\/span><\/li><li><span class=\"day\">22:<\/span> <a href=\"https:\/\/www.schachbezirk-mittelbaden.de\/wp\/?p=6747\" rel=\"bookmark\">Reviergipfel in der Schachbundesliga<\/a> <span class=\"comments-number\">(0)<\/span><\/li><li><span class=\"day\">21:<\/span> <a href=\"https:\/\/www.schachbezirk-mittelbaden.de\/wp\/?p=6729\" rel=\"bookmark\">U16-Mannschaftsmeisterschaft 2011\/12<\/a> <span class=\"comments-number\">(0)<\/span><\/li><li><span class=\"day\">04:<\/span> <a href=\"https:\/\/www.schachbezirk-mittelbaden.de\/wp\/?p=6706\" rel=\"bookmark\">Mannschaftspokal 2012 &#8211; Halbfinale<\/a> <span class=\"comments-number\">(0)<\/span><\/li><li><span class=\"day\">03:<\/span> <a href=\"https:\/\/www.schachbezirk-mittelbaden.de\/wp\/?p=6704\" rel=\"bookmark\">Senioren-Mannschafts-Meisterschaft 2012<\/a> <span class=\"comments-number\">(0)<\/span><\/li><li class=\"day-duplicate\"><span class=\"day\">03:<\/span> <a href=\"https:\/\/www.schachbezirk-mittelbaden.de\/wp\/?p=6702\" rel=\"bookmark\">Trauer um Lothar Sauerbaum<\/a> <span class=\"comments-number\">(0)<\/span><\/li><li><span class=\"day\">02:<\/span> <a href=\"https:\/\/www.schachbezirk-mittelbaden.de\/wp\/?p=6688\" rel=\"bookmark\">8. und 9. Runde der SBL<\/a> <span class=\"comments-number\">(0)<\/span><\/li><li class=\"day-duplicate\"><span class=\"day\">02:<\/span> <a href=\"https:\/\/www.schachbezirk-mittelbaden.de\/wp\/?p=6684\" rel=\"bookmark\">Sommer-Open Baden-Baden und OSG-Mannschaftssimultan 2012 terminiert<\/a> <span class=\"comments-number\">(0)<\/span><\/li><li class=\"day-duplicate\"><span class=\"day\">02:<\/span> <a href=\"https:\/\/www.schachbezirk-mittelbaden.de\/wp\/?p=6679\" rel=\"bookmark\">Sommer-Open Baden-Baden<\/a> <span class=\"comments-number\">(0)<\/span><\/li><\/ul><h2 class=\"month-year\"><a href=\"https:\/\/www.schachbezirk-mittelbaden.de\/wp\/?m=201201\">Januar 2012<\/a><\/h2><ul><li><span class=\"day\">27:<\/span> <a href=\"https:\/\/www.schachbezirk-mittelbaden.de\/wp\/?p=6668\" rel=\"bookmark\">Einzelpokal 2012 &#8211; Auslosung Halbfinale<\/a> <span class=\"comments-number\">(0)<\/span><\/li><li><span class=\"day\">23:<\/span> <a href=\"https:\/\/www.schachbezirk-mittelbaden.de\/wp\/?p=6665\" rel=\"bookmark\">Badische Mannschaftsblitzmeisterschaft in B\u00c3\u00bchlertal<\/a> <span class=\"comments-number\">(0)<\/span><\/li><li><span class=\"day\">22:<\/span> <a href=\"https:\/\/www.schachbezirk-mittelbaden.de\/wp\/?p=6605\" rel=\"bookmark\">BSV-Mitgliederstatistik zum 1.1.2012<\/a> <span class=\"comments-number\">(0)<\/span><\/li><li class=\"day-duplicate\"><span class=\"day\">22:<\/span> <a href=\"https:\/\/www.schachbezirk-mittelbaden.de\/wp\/?p=6654\" rel=\"bookmark\">Fristablauf f\u00c3\u00bcr Mannschaften<\/a> <span class=\"comments-number\">(0)<\/span><\/li><li class=\"day-duplicate\"><span class=\"day\">22:<\/span> <a href=\"https:\/\/www.schachbezirk-mittelbaden.de\/wp\/?p=6651\" rel=\"bookmark\">Bezirks-Blitzmeisterschaften 2012<\/a> <span class=\"comments-number\">(0)<\/span><\/li><li class=\"day-duplicate\"><span class=\"day\">22:<\/span> <a href=\"https:\/\/www.schachbezirk-mittelbaden.de\/wp\/?p=6648\" rel=\"bookmark\">Antragsschluss f\u00c3\u00bcr den BSV-Verbandstag<\/a> <span class=\"comments-number\">(0)<\/span><\/li><li><span class=\"day\">21:<\/span> <a href=\"https:\/\/www.schachbezirk-mittelbaden.de\/wp\/?p=6641\" rel=\"bookmark\">Frauenbundesliga 2012\/13<\/a> <span class=\"comments-number\">(0)<\/span><\/li><li class=\"day-duplicate\"><span class=\"day\">21:<\/span> <a href=\"https:\/\/www.schachbezirk-mittelbaden.de\/wp\/?p=2643\" rel=\"bookmark\">Ranglistenabgabe Saison 2012\/2013<\/a> <span class=\"comments-number\">(0)<\/span><\/li><li class=\"day-duplicate\"><span class=\"day\">21:<\/span> <a href=\"https:\/\/www.schachbezirk-mittelbaden.de\/wp\/?p=141\" rel=\"bookmark\">Anmeldefrist f\u00c3\u00bcr Neumitglieder und Wechsler<\/a> <span class=\"comments-number\">(0)<\/span><\/li><li class=\"day-duplicate\"><span class=\"day\">21:<\/span> <a href=\"https:\/\/www.schachbezirk-mittelbaden.de\/wp\/?p=6639\" rel=\"bookmark\">Schachbundesliga 2012\/13<\/a> <span class=\"comments-number\">(0)<\/span><\/li><li class=\"day-duplicate\"><span class=\"day\">21:<\/span> <a href=\"https:\/\/www.schachbezirk-mittelbaden.de\/wp\/?p=6624\" rel=\"bookmark\">Einzelpokal 3. Runde<\/a> <span class=\"comments-number\">(1)<\/span><\/li><li><span class=\"day\">16:<\/span> <a href=\"https:\/\/www.schachbezirk-mittelbaden.de\/wp\/?p=6594\" rel=\"bookmark\">Neuausbildung von C-Trainern 2012 in Karlsruhe<\/a> <span class=\"comments-number\">(0)<\/span><\/li><li><span class=\"day\">15:<\/span> <a href=\"https:\/\/www.schachbezirk-mittelbaden.de\/wp\/?p=6588\" rel=\"bookmark\">U20-Mannschaftsmeisterschaft 2011\/12<\/a> <span class=\"comments-number\">(0)<\/span><\/li><li><span class=\"day\">14:<\/span> <a href=\"https:\/\/www.schachbezirk-mittelbaden.de\/wp\/?p=6578\" rel=\"bookmark\">Mannschaftspokal 2011\/12<\/a> <span class=\"comments-number\">(0)<\/span><\/li><li><span class=\"day\">08:<\/span> <a href=\"https:\/\/www.schachbezirk-mittelbaden.de\/wp\/?p=6571\" rel=\"bookmark\">18. Achertalpokal in Ottenh\u00c3\u00b6fen-Seebach<\/a> <span class=\"comments-number\">(0)<\/span><\/li><li class=\"day-duplicate\"><span class=\"day\">08:<\/span> <a href=\"https:\/\/www.schachbezirk-mittelbaden.de\/wp\/?p=6568\" rel=\"bookmark\">18. Achertalpokal in Ottenh\u00c3\u00b6fen-Seebach<\/a> <span class=\"comments-number\">(0)<\/span><\/li><li><span class=\"day\">02:<\/span> <a href=\"https:\/\/www.schachbezirk-mittelbaden.de\/wp\/?p=6554\" rel=\"bookmark\">Badische Jugend-Einzelmeisterschaften 2012<\/a> <span class=\"comments-number\">(0)<\/span><\/li><li class=\"day-duplicate\"><span class=\"day\">02:<\/span> <a href=\"https:\/\/www.schachbezirk-mittelbaden.de\/wp\/?p=6559\" rel=\"bookmark\">Gr\u00c3\u00b6\u00c3\u0178ter Erfolg f\u00c3\u00bcr Sasbach in der Vereinsgeschichte<\/a> <span class=\"comments-number\">(0)<\/span><\/li><\/ul><h2 class=\"month-year\"><a href=\"https:\/\/www.schachbezirk-mittelbaden.de\/wp\/?m=201112\">Dezember 2011<\/a><\/h2><ul><li><span class=\"day\">25:<\/span> <a href=\"https:\/\/www.schachbezirk-mittelbaden.de\/wp\/?p=6544\" rel=\"bookmark\">Miba-Getwitter und andere Mobile-Devices<\/a> <span class=\"comments-number\">(0)<\/span><\/li><li><span class=\"day\">22:<\/span> <a href=\"https:\/\/www.schachbezirk-mittelbaden.de\/wp\/?p=6536\" rel=\"bookmark\">Akademie im Schachzentrum<\/a> <span class=\"comments-number\">(0)<\/span><\/li><li><span class=\"day\">19:<\/span> <a href=\"https:\/\/www.schachbezirk-mittelbaden.de\/wp\/?p=6515\" rel=\"bookmark\">Mannschaftsmeisterschaften der U10<\/a> <span class=\"comments-number\">(0)<\/span><\/li><li><span class=\"day\">12:<\/span> <a href=\"https:\/\/www.schachbezirk-mittelbaden.de\/wp\/?p=6510\" rel=\"bookmark\">Auslosung 3. Runde Einzelpokal 2012<\/a> <span class=\"comments-number\">(0)<\/span><\/li><li><span class=\"day\">11:<\/span> <a href=\"https:\/\/www.schachbezirk-mittelbaden.de\/wp\/?p=6504\" rel=\"bookmark\">U10-Mannschaftsmeisterschaft 2011<\/a> <span class=\"comments-number\">(0)<\/span><\/li><li><span class=\"day\">07:<\/span> <a href=\"https:\/\/www.schachbezirk-mittelbaden.de\/wp\/?p=6495\" rel=\"bookmark\">6. und 7. Runde der SBL<\/a> <span class=\"comments-number\">(0)<\/span><\/li><li><span class=\"day\">05:<\/span> <a href=\"https:\/\/www.schachbezirk-mittelbaden.de\/wp\/?p=6490\" rel=\"bookmark\">Senioren-Mannschaftsmeisterschaft 2012<\/a> <span class=\"comments-number\">(0)<\/span><\/li><li><span class=\"day\">04:<\/span> <a href=\"https:\/\/www.schachbezirk-mittelbaden.de\/wp\/?p=6478\" rel=\"bookmark\">Jugendmannschaftsmeisterschaften U12<\/a> <span class=\"comments-number\">(0)<\/span><\/li><\/ul><h2 class=\"month-year\"><a href=\"https:\/\/www.schachbezirk-mittelbaden.de\/wp\/?m=201111\">November 2011<\/a><\/h2><ul><li><span class=\"day\">20:<\/span> <a href=\"https:\/\/www.schachbezirk-mittelbaden.de\/wp\/?p=6470\" rel=\"bookmark\">Schachfreunde Lichtental feierten 60-j\u00c3\u00a4hriges Jubil\u00c3\u00a4um<\/a> <span class=\"comments-number\">(0)<\/span><\/li><li><span class=\"day\">19:<\/span> <a href=\"https:\/\/www.schachbezirk-mittelbaden.de\/wp\/?p=6454\" rel=\"bookmark\">Sasbacher U14 erneut &#8222;Ma\u00c3\u0178 der Dinge&#8220;<\/a> <span class=\"comments-number\">(0)<\/span><\/li><li><span class=\"day\">17:<\/span> <a href=\"https:\/\/www.schachbezirk-mittelbaden.de\/wp\/?p=6444\" rel=\"bookmark\">Vierte und f\u00c3\u00bcnfte Runde der SBL<\/a> <span class=\"comments-number\">(0)<\/span><\/li><li><span class=\"day\">13:<\/span> <a href=\"https:\/\/www.schachbezirk-mittelbaden.de\/wp\/?p=6414\" rel=\"bookmark\">4. Jugend-Quartalsturnier 2011 &#8211; Sieger Jonathan Clancy<\/a> <span class=\"comments-number\">(1)<\/span><\/li><li class=\"day-duplicate\"><span class=\"day\">13:<\/span> <a href=\"https:\/\/www.schachbezirk-mittelbaden.de\/wp\/?p=6405\" rel=\"bookmark\">Julian Martin startet bei WM in Brasilien<\/a> <span class=\"comments-number\">(0)<\/span><\/li><li><span class=\"day\">12:<\/span> <a href=\"https:\/\/www.schachbezirk-mittelbaden.de\/wp\/?p=6385\" rel=\"bookmark\">Mannschaftspokal 2011\/12<\/a> <span class=\"comments-number\">(0)<\/span><\/li><li><span class=\"day\">10:<\/span> <a href=\"https:\/\/www.schachbezirk-mittelbaden.de\/wp\/?p=6366\" rel=\"bookmark\">Stefan Gr\u00c3\u00bcnbacher \u00c3\u00bcbernimmt Ressort Jugendeinzel<\/a> <span class=\"comments-number\">(0)<\/span><\/li><li><span class=\"day\">09:<\/span> <a href=\"https:\/\/www.schachbezirk-mittelbaden.de\/wp\/?p=6363\" rel=\"bookmark\">U20 &#8211; Mannschaftsmeisterschaft<\/a> <span class=\"comments-number\">(0)<\/span><\/li><li class=\"day-duplicate\"><span class=\"day\">09:<\/span> <a href=\"https:\/\/www.schachbezirk-mittelbaden.de\/wp\/?p=6361\" rel=\"bookmark\">U16 &#8211; Mannschaftsmeisterschaft<\/a> <span class=\"comments-number\">(0)<\/span><\/li><li><span class=\"day\">04:<\/span> <a href=\"https:\/\/www.schachbezirk-mittelbaden.de\/wp\/?p=6343\" rel=\"bookmark\">Offene Baden-Badener Stadtmeisterschaft &#8211; Fasching<\/a> <span class=\"comments-number\">(0)<\/span><\/li><li class=\"day-duplicate\"><span class=\"day\">04:<\/span> <a href=\"https:\/\/www.schachbezirk-mittelbaden.de\/wp\/?p=6340\" rel=\"bookmark\">Jubil\u00c3\u00a4um der OSG Baden-Baden &#8211; Offene Stadtmeisterschaft an Fasching<\/a> <span class=\"comments-number\">(0)<\/span><\/li><li class=\"day-duplicate\"><span class=\"day\">04:<\/span> <a href=\"https:\/\/www.schachbezirk-mittelbaden.de\/wp\/?p=6335\" rel=\"bookmark\">U14 &#8211; Mannschaftsmeisterschaft<\/a> <span class=\"comments-number\">(0)<\/span><\/li><li class=\"day-duplicate\"><span class=\"day\">04:<\/span> <a href=\"https:\/\/www.schachbezirk-mittelbaden.de\/wp\/?p=6333\" rel=\"bookmark\">U12 &#8211; Mannschaftsmeisterschaft<\/a> <span class=\"comments-number\">(0)<\/span><\/li><li class=\"day-duplicate\"><span class=\"day\">04:<\/span> <a href=\"https:\/\/www.schachbezirk-mittelbaden.de\/wp\/?p=6331\" rel=\"bookmark\">U10 &#8211; Mannschaftsmeisterschaft<\/a> <span class=\"comments-number\">(0)<\/span><\/li><\/ul><h2 class=\"month-year\"><a href=\"https:\/\/www.schachbezirk-mittelbaden.de\/wp\/?m=201110\">Oktober 2011<\/a><\/h2><ul><li><span class=\"day\">29:<\/span> <a href=\"https:\/\/www.schachbezirk-mittelbaden.de\/wp\/?p=6306\" rel=\"bookmark\">1. Runde Einzelpokal 2011 Halbrunde Nord<\/a> <span class=\"comments-number\">(0)<\/span><\/li><li><span class=\"day\">25:<\/span> <a href=\"https:\/\/www.schachbezirk-mittelbaden.de\/wp\/?p=6268\" rel=\"bookmark\">Jugendeinzelmeisterschaft 2011 in Ooser Festhalle<\/a> <span class=\"comments-number\">(1)<\/span><\/li><li><span class=\"day\">24:<\/span> <a href=\"https:\/\/www.schachbezirk-mittelbaden.de\/wp\/?p=6256\" rel=\"bookmark\">1. (Halb-)Runde Einzelpokal 2011\/12<\/a> <span class=\"comments-number\">(0)<\/span><\/li><li><span class=\"day\">15:<\/span> <a href=\"https:\/\/www.schachbezirk-mittelbaden.de\/wp\/?p=6247\" rel=\"bookmark\">Mannschaftspokal 2011\/12<\/a> <span class=\"comments-number\">(0)<\/span><\/li><li><span class=\"day\">14:<\/span> <a href=\"https:\/\/www.schachbezirk-mittelbaden.de\/wp\/?p=6244\" rel=\"bookmark\">Badische Blitz-Einzelmeisterschaft 2012 in Lichtental<\/a> <span class=\"comments-number\">(0)<\/span><\/li><li><span class=\"day\">11:<\/span> <a href=\"https:\/\/www.schachbezirk-mittelbaden.de\/wp\/?p=6232\" rel=\"bookmark\">Bundesliga: Zentrale Auftaktveranstaltung in M\u00c3\u00bclheim<\/a> <span class=\"comments-number\">(0)<\/span><\/li><li><span class=\"day\">07:<\/span> <a href=\"https:\/\/www.schachbezirk-mittelbaden.de\/wp\/?p=6217\" rel=\"bookmark\">Talentst\u00c3\u00bctzpunkt<\/a> <span class=\"comments-number\">(0)<\/span><\/li><li><span class=\"day\">05:<\/span> <a href=\"https:\/\/www.schachbezirk-mittelbaden.de\/wp\/?p=6208\" rel=\"bookmark\">Mittelbadens Schnelldenker in Lichtental zu Gast<\/a> <span class=\"comments-number\">(0)<\/span><\/li><li><span class=\"day\">03:<\/span> <a href=\"https:\/\/www.schachbezirk-mittelbaden.de\/wp\/?p=6200\" rel=\"bookmark\">Jugendeinzelmeisterschaften in der Festhalle Baden-Oos<\/a> <span class=\"comments-number\">(0)<\/span><\/li><li class=\"day-duplicate\"><span class=\"day\">03:<\/span> <a href=\"https:\/\/www.schachbezirk-mittelbaden.de\/wp\/?p=6193\" rel=\"bookmark\">MBBMM: Es ist angerichtet &#8230;.<\/a> <span class=\"comments-number\">(0)<\/span><\/li><\/ul><h2 class=\"month-year\"><a href=\"https:\/\/www.schachbezirk-mittelbaden.de\/wp\/?m=201109\">September 2011<\/a><\/h2><ul><li><span class=\"day\">27:<\/span> <a href=\"https:\/\/www.schachbezirk-mittelbaden.de\/wp\/?p=6188\" rel=\"bookmark\">Mittelbadische Blitzmeisterschaften am 3.10. in Lichtental<\/a> <span class=\"comments-number\">(0)<\/span><\/li><li class=\"day-duplicate\"><span class=\"day\">27:<\/span> <a href=\"https:\/\/www.schachbezirk-mittelbaden.de\/wp\/?p=6178\" rel=\"bookmark\">Checkliste Saison 2011\/12<\/a> <span class=\"comments-number\">(0)<\/span><\/li><li><span class=\"day\">26:<\/span> <a href=\"https:\/\/www.schachbezirk-mittelbaden.de\/wp\/?p=6170\" rel=\"bookmark\">Stadtmeisterschaft von \u00c3\u0153berraschungen gepr\u00c3\u00a4gt<\/a> <span class=\"comments-number\">(0)<\/span><\/li><li><span class=\"day\">24:<\/span> <a href=\"https:\/\/www.schachbezirk-mittelbaden.de\/wp\/?p=6156\" rel=\"bookmark\">Schachkongress &#8222;tagt&#8220; in Durmersheim<\/a> <span class=\"comments-number\">(0)<\/span><\/li><li><span class=\"day\">21:<\/span> <a href=\"https:\/\/www.schachbezirk-mittelbaden.de\/wp\/?p=6130\" rel=\"bookmark\">BSV-Schiedsrichteraus- und Fortbildungslehrgang<\/a> <span class=\"comments-number\">(0)<\/span><\/li><li><span class=\"day\">20:<\/span> <a href=\"https:\/\/www.schachbezirk-mittelbaden.de\/wp\/?p=6120\" rel=\"bookmark\">Jugend-Bezirkseinzelmeisterschaften 2011<\/a> <span class=\"comments-number\">(0)<\/span><\/li><li class=\"day-duplicate\"><span class=\"day\">20:<\/span> <a href=\"https:\/\/www.schachbezirk-mittelbaden.de\/wp\/?p=6114\" rel=\"bookmark\">Schachfreunde Lichtental richten Stadtmeisterschaft aus<\/a> <span class=\"comments-number\">(0)<\/span><\/li><li><span class=\"day\">17:<\/span> <a href=\"https:\/\/www.schachbezirk-mittelbaden.de\/wp\/?p=6104\" rel=\"bookmark\">Auslosung 1. Runde Mannschaftspokal 2011\/12<\/a> <span class=\"comments-number\">(0)<\/span><\/li><li><span class=\"day\">14:<\/span> <a href=\"https:\/\/www.schachbezirk-mittelbaden.de\/wp\/?p=6098\" rel=\"bookmark\">Neues Spiellokal der Schachabteilung Vimbuch<\/a> <span class=\"comments-number\">(0)<\/span><\/li><li><span class=\"day\">12:<\/span> <a href=\"https:\/\/www.schachbezirk-mittelbaden.de\/wp\/?p=6093\" rel=\"bookmark\">Einladung Mittelbadischer Schachkongress 2011<\/a> <span class=\"comments-number\">(0)<\/span><\/li><li><span class=\"day\">11:<\/span> <a href=\"https:\/\/www.schachbezirk-mittelbaden.de\/wp\/?p=6081\" rel=\"bookmark\">Erfolgreiche Vernissage von Boris Wald<\/a> <span class=\"comments-number\">(0)<\/span><\/li><li><span class=\"day\">08:<\/span> <a href=\"https:\/\/www.schachbezirk-mittelbaden.de\/wp\/?p=6062\" rel=\"bookmark\">Einladung zur Vernissage in Baden-Baden<\/a> <span class=\"comments-number\">(0)<\/span><\/li><li class=\"day-duplicate\"><span class=\"day\">08:<\/span> <a href=\"https:\/\/www.schachbezirk-mittelbaden.de\/wp\/?p=6054\" rel=\"bookmark\">Einladung zum Regelkundeseminar<\/a> <span class=\"comments-number\">(0)<\/span><\/li><li><span class=\"day\">02:<\/span> <a href=\"https:\/\/www.schachbezirk-mittelbaden.de\/wp\/?p=6050\" rel=\"bookmark\">Spielpl\u00c3\u00a4ne 2011\/12 komplett<\/a> <span class=\"comments-number\">(0)<\/span><\/li><\/ul><h2 class=\"month-year\"><a href=\"https:\/\/www.schachbezirk-mittelbaden.de\/wp\/?m=201108\">August 2011<\/a><\/h2><ul><li><span class=\"day\">29:<\/span> <a href=\"https:\/\/www.schachbezirk-mittelbaden.de\/wp\/?p=6038\" rel=\"bookmark\">SF Lichtental reagieren auf \u00c3\u0153berschneidung mit MBSK<\/a> <span class=\"comments-number\">(1)<\/span><\/li><li><span class=\"day\">28:<\/span> <a href=\"https:\/\/www.schachbezirk-mittelbaden.de\/wp\/?p=6031\" rel=\"bookmark\">5. Mittelbadischer (Jung-)Senioren-Schnellschachpokal<\/a> <span class=\"comments-number\">(0)<\/span><\/li><li><span class=\"day\">26:<\/span> <a href=\"https:\/\/www.schachbezirk-mittelbaden.de\/wp\/?p=6027\" rel=\"bookmark\">Jugend-Quartalsturniere in Baden-Baden terminiert<\/a> <span class=\"comments-number\">(0)<\/span><\/li><li class=\"day-duplicate\"><span class=\"day\">26:<\/span> <a href=\"https:\/\/www.schachbezirk-mittelbaden.de\/wp\/?p=6025\" rel=\"bookmark\">Jugend-Quartalsturnier Baden-Baden<\/a> <span class=\"comments-number\">(0)<\/span><\/li><li class=\"day-duplicate\"><span class=\"day\">26:<\/span> <a href=\"https:\/\/www.schachbezirk-mittelbaden.de\/wp\/?p=6022\" rel=\"bookmark\">Jugend-Quartalsturnier Baden-Baden<\/a> <span class=\"comments-number\">(0)<\/span><\/li><li><span class=\"day\">23:<\/span> <a href=\"https:\/\/www.schachbezirk-mittelbaden.de\/wp\/?p=6001\" rel=\"bookmark\">Baden-Badener Jugend-Schnellschach-Meisterschaft 2011<\/a> <span class=\"comments-number\">(0)<\/span><\/li><li class=\"day-duplicate\"><span class=\"day\">23:<\/span> <a href=\"https:\/\/www.schachbezirk-mittelbaden.de\/wp\/?p=5990\" rel=\"bookmark\">BTL-Info<\/a> <span class=\"comments-number\">(0)<\/span><\/li><li><span class=\"day\">15:<\/span> <a href=\"https:\/\/www.schachbezirk-mittelbaden.de\/wp\/?p=5987\" rel=\"bookmark\">Stadtmeisterschaft Baden-Baden<\/a> <span class=\"comments-number\">(0)<\/span><\/li><li class=\"day-duplicate\"><span class=\"day\">15:<\/span> <a href=\"https:\/\/www.schachbezirk-mittelbaden.de\/wp\/?p=5974\" rel=\"bookmark\">Schachfreunde Lichtental laden ein zur Stadtmeisterschaft<\/a> <span class=\"comments-number\">(0)<\/span><\/li><li><span class=\"day\">11:<\/span> <a href=\"https:\/\/www.schachbezirk-mittelbaden.de\/wp\/?p=5954\" rel=\"bookmark\">Mittelbadischer Schachkongress 2011<\/a> <span class=\"comments-number\">(0)<\/span><\/li><li class=\"day-duplicate\"><span class=\"day\">11:<\/span> <a href=\"https:\/\/www.schachbezirk-mittelbaden.de\/wp\/?p=5946\" rel=\"bookmark\">Ausschreibung Mittelbadischer Schachkongress 2011<\/a> <span class=\"comments-number\">(0)<\/span><\/li><li><span class=\"day\">07:<\/span> <a href=\"https:\/\/www.schachbezirk-mittelbaden.de\/wp\/?p=5930\" rel=\"bookmark\">9. OSG-Mannschaftssimultan 2011<\/a> <span class=\"comments-number\">(0)<\/span><\/li><\/ul><h2 class=\"month-year\"><a href=\"https:\/\/www.schachbezirk-mittelbaden.de\/wp\/?m=201107\">Juli 2011<\/a><\/h2><ul><li><span class=\"day\">28:<\/span> <a href=\"https:\/\/www.schachbezirk-mittelbaden.de\/wp\/?p=5924\" rel=\"bookmark\">Sasbacher U12-Mannschaft verteidigt Landesmeistertitel<\/a> <span class=\"comments-number\">(0)<\/span><\/li><li><span class=\"day\">23:<\/span> <a href=\"https:\/\/www.schachbezirk-mittelbaden.de\/wp\/?p=5918\" rel=\"bookmark\">Bezirks-Mannschaftspokal 2011\/12<\/a> <span class=\"comments-number\">(0)<\/span><\/li><li class=\"day-duplicate\"><span class=\"day\">23:<\/span> <a href=\"https:\/\/www.schachbezirk-mittelbaden.de\/wp\/?p=5916\" rel=\"bookmark\">Bezirkseinzelpokal 2011\/12<\/a> <span class=\"comments-number\">(0)<\/span><\/li><li class=\"day-duplicate\"><span class=\"day\">23:<\/span> <a href=\"https:\/\/www.schachbezirk-mittelbaden.de\/wp\/?p=5911\" rel=\"bookmark\">Ausschreibung Einzel- und Mannschaftspokal 2011\/12<\/a> <span class=\"comments-number\">(0)<\/span><\/li><li><span class=\"day\">19:<\/span> <a href=\"https:\/\/www.schachbezirk-mittelbaden.de\/wp\/?p=5908\" rel=\"bookmark\">Mannschaftsf\u00c3\u00bchrerschulung in Iffezheim<\/a> <span class=\"comments-number\">(0)<\/span><\/li><li><span class=\"day\">17:<\/span> <a href=\"https:\/\/www.schachbezirk-mittelbaden.de\/wp\/?p=5903\" rel=\"bookmark\">Bezirksversammlung 2011<\/a> <span class=\"comments-number\">(0)<\/span><\/li><li class=\"day-duplicate\"><span class=\"day\">17:<\/span> <a href=\"https:\/\/www.schachbezirk-mittelbaden.de\/wp\/?p=5901\" rel=\"bookmark\">BSV-Meldetermin Blitz<\/a> <span class=\"comments-number\">(0)<\/span><\/li><li class=\"day-duplicate\"><span class=\"day\">17:<\/span> <a href=\"https:\/\/www.schachbezirk-mittelbaden.de\/wp\/?p=5899\" rel=\"bookmark\">BSV-Meldetermin Pokal<\/a> <span class=\"comments-number\">(0)<\/span><\/li><li class=\"day-duplicate\"><span class=\"day\">17:<\/span> <a href=\"https:\/\/www.schachbezirk-mittelbaden.de\/wp\/?p=5897\" rel=\"bookmark\">LSA-Sitzung<\/a> <span class=\"comments-number\">(0)<\/span><\/li><li class=\"day-duplicate\"><span class=\"day\">17:<\/span> <a href=\"https:\/\/www.schachbezirk-mittelbaden.de\/wp\/?p=5894\" rel=\"bookmark\">Offene Baden-Badener Jugend-Stadtmeisterschaft 2011<\/a> <span class=\"comments-number\">(0)<\/span><\/li><li class=\"day-duplicate\"><span class=\"day\">17:<\/span> <a href=\"https:\/\/www.schachbezirk-mittelbaden.de\/wp\/?p=5891\" rel=\"bookmark\">5. Bezirks-Sen-Jungsenioren-Schnellschachpokal 2011<\/a> <span class=\"comments-number\">(0)<\/span><\/li><li><span class=\"day\">16:<\/span> <a href=\"https:\/\/www.schachbezirk-mittelbaden.de\/wp\/?p=5884\" rel=\"bookmark\">U20-Bezirksrunde 2010\/11 &#8211; Endstand<\/a> <span class=\"comments-number\">(0)<\/span><\/li><li><span class=\"day\">04:<\/span> <a href=\"https:\/\/www.schachbezirk-mittelbaden.de\/wp\/?p=5853\" rel=\"bookmark\">Zwei 12-J\u00c3\u00a4hrige in Baden-Baden erfolgreich<\/a> <span class=\"comments-number\">(0)<\/span><\/li><li><span class=\"day\">03:<\/span> <a href=\"https:\/\/www.schachbezirk-mittelbaden.de\/wp\/?p=5842\" rel=\"bookmark\">Nibelungentreue<\/a> <span class=\"comments-number\">(0)<\/span><\/li><\/ul><h2 class=\"month-year\"><a href=\"https:\/\/www.schachbezirk-mittelbaden.de\/wp\/?m=201106\">Juni 2011<\/a><\/h2><ul><li><span class=\"day\">30:<\/span> <a href=\"https:\/\/www.schachbezirk-mittelbaden.de\/wp\/?p=5824\" rel=\"bookmark\">Blitzmeisterschaften 2011 in Lichtental<\/a> <span class=\"comments-number\">(0)<\/span><\/li><li><span class=\"day\">29:<\/span> <a href=\"https:\/\/www.schachbezirk-mittelbaden.de\/wp\/?p=5811\" rel=\"bookmark\">Bezirks-Blitzmeisterschaften 2011<\/a> <span class=\"comments-number\">(0)<\/span><\/li><li><span class=\"day\">28:<\/span> <a href=\"https:\/\/www.schachbezirk-mittelbaden.de\/wp\/?p=5800\" rel=\"bookmark\">FM Julia Bochis Deutsche Meisterin U18w<\/a> <span class=\"comments-number\">(0)<\/span><\/li><li><span class=\"day\">27:<\/span> <a href=\"https:\/\/www.schachbezirk-mittelbaden.de\/wp\/?p=5794\" rel=\"bookmark\">Ligatableau des Schachbezirks &#8211; Update 26.6.<\/a> <span class=\"comments-number\">(0)<\/span><\/li><li><span class=\"day\">25:<\/span> <a href=\"https:\/\/www.schachbezirk-mittelbaden.de\/wp\/?p=5784\" rel=\"bookmark\">Rundschreiben zum Saisonwechsel<\/a> <span class=\"comments-number\">(0)<\/span><\/li><li><span class=\"day\">20:<\/span> <a href=\"https:\/\/www.schachbezirk-mittelbaden.de\/wp\/?p=5781\" rel=\"bookmark\">84. Badischer Schachkongress in Emmendingen<\/a> <span class=\"comments-number\">(0)<\/span><\/li><li><span class=\"day\">19:<\/span> <a href=\"https:\/\/www.schachbezirk-mittelbaden.de\/wp\/?p=5770\" rel=\"bookmark\">Martin Springmann Schnellschachmeister 2011<\/a> <span class=\"comments-number\">(0)<\/span><\/li><li><span class=\"day\">11:<\/span> <a href=\"https:\/\/www.schachbezirk-mittelbaden.de\/wp\/?p=5744\" rel=\"bookmark\">Meko: Sympathischer kleiner Club holt Titel<\/a> <span class=\"comments-number\">(0)<\/span><\/li><li><span class=\"day\">07:<\/span> <a href=\"https:\/\/www.schachbezirk-mittelbaden.de\/wp\/?p=5738\" rel=\"bookmark\">Bezirksversammlung 2011 in Baden-Baden<\/a> <span class=\"comments-number\">(0)<\/span><\/li><li><span class=\"day\">03:<\/span> <a href=\"https:\/\/www.schachbezirk-mittelbaden.de\/wp\/?p=5733\" rel=\"bookmark\">Schach-Tennis-Turnier in Baden-Baden<\/a> <span class=\"comments-number\">(0)<\/span><\/li><li class=\"day-duplicate\"><span class=\"day\">03:<\/span> <a href=\"https:\/\/www.schachbezirk-mittelbaden.de\/wp\/?p=5731\" rel=\"bookmark\">Aus- und Fortbildung von Schiedsrichtern<\/a> <span class=\"comments-number\">(0)<\/span><\/li><li><span class=\"day\">02:<\/span> <a href=\"https:\/\/www.schachbezirk-mittelbaden.de\/wp\/?p=5720\" rel=\"bookmark\">Auf- und Abstiegskarussel dreht sich &#8211; dreht sich nicht<\/a> <span class=\"comments-number\">(0)<\/span><\/li><\/ul><h2 class=\"month-year\"><a href=\"https:\/\/www.schachbezirk-mittelbaden.de\/wp\/?m=201105\">Mai 2011<\/a><\/h2><ul><li><span class=\"day\">29:<\/span> <a href=\"https:\/\/www.schachbezirk-mittelbaden.de\/wp\/?p=5717\" rel=\"bookmark\">BSV-Verbandstag in Lahr<\/a> <span class=\"comments-number\">(0)<\/span><\/li><li class=\"day-duplicate\"><span class=\"day\">29:<\/span> <a href=\"https:\/\/www.schachbezirk-mittelbaden.de\/wp\/?p=5707\" rel=\"bookmark\">BSV ehrt langj\u00c3\u00a4hrige Mitglieder beim Verbandstag 2011<\/a> <span class=\"comments-number\">(1)<\/span><\/li><li><span class=\"day\">27:<\/span> <a href=\"https:\/\/www.schachbezirk-mittelbaden.de\/wp\/?p=5697\" rel=\"bookmark\">Bezirks-Schnellschacheinzelmeisterschaft 2011<\/a> <span class=\"comments-number\">(0)<\/span><\/li><li><span class=\"day\">19:<\/span> <a href=\"https:\/\/www.schachbezirk-mittelbaden.de\/wp\/?p=5669\" rel=\"bookmark\">Aus- und Fortbildung von Schiedsrichtern<\/a> <span class=\"comments-number\">(0)<\/span><\/li><li><span class=\"day\">17:<\/span> <a href=\"https:\/\/www.schachbezirk-mittelbaden.de\/wp\/?p=5660\" rel=\"bookmark\">Jugend- und Erwachsenenturnier in Baden-Baden<\/a> <span class=\"comments-number\">(0)<\/span><\/li><li><span class=\"day\">10:<\/span> <a href=\"https:\/\/www.schachbezirk-mittelbaden.de\/wp\/?p=5648\" rel=\"bookmark\">Verm\u00c3\u00a4chtnis des Erich Ernst<\/a> <span class=\"comments-number\">(0)<\/span><\/li><li><span class=\"day\">08:<\/span> <a href=\"https:\/\/www.schachbezirk-mittelbaden.de\/wp\/?p=5645\" rel=\"bookmark\">Ligatableau f\u00c3\u00bcr die kommende Saison<\/a> <span class=\"comments-number\">(0)<\/span><\/li><li class=\"day-duplicate\"><span class=\"day\">08:<\/span> <a href=\"https:\/\/www.schachbezirk-mittelbaden.de\/wp\/?p=5640\" rel=\"bookmark\">Deutsche Einzelmeisterschaften in Bonn<\/a> <span class=\"comments-number\">(0)<\/span><\/li><li><span class=\"day\">04:<\/span> <a href=\"https:\/\/www.schachbezirk-mittelbaden.de\/wp\/?p=5635\" rel=\"bookmark\">Start U-20-Mannschaftsmeisterschaft<\/a> <span class=\"comments-number\">(0)<\/span><\/li><li><span class=\"day\">03:<\/span> <a href=\"https:\/\/www.schachbezirk-mittelbaden.de\/wp\/?p=5631\" rel=\"bookmark\">Vorstands-Info: \u00c3\u0153bergangsregelung der Turnierleitung<\/a> <span class=\"comments-number\">(0)<\/span><\/li><\/ul><h2 class=\"month-year\"><a href=\"https:\/\/www.schachbezirk-mittelbaden.de\/wp\/?m=201104\">April 2011<\/a><\/h2><ul><li><span class=\"day\">24:<\/span> <a href=\"https:\/\/www.schachbezirk-mittelbaden.de\/wp\/?p=5625\" rel=\"bookmark\">BTL-Info: Rundschreiben zum Saisonabschluss<\/a> <span class=\"comments-number\">(0)<\/span><\/li><li><span class=\"day\">20:<\/span> <a href=\"https:\/\/www.schachbezirk-mittelbaden.de\/wp\/?p=5614\" rel=\"bookmark\">Weitenunger &#8222;Erste&#8220; schreibt Vereinsgeschichte<\/a> <span class=\"comments-number\">(0)<\/span><\/li><li><span class=\"day\">19:<\/span> <a href=\"https:\/\/www.schachbezirk-mittelbaden.de\/wp\/?p=5604\" rel=\"bookmark\">Das zweite \u00e2\u20ac\u017eWunder an der Murg\u00e2\u20ac\u0153<\/a> <span class=\"comments-number\">(0)<\/span><\/li><li><span class=\"day\">12:<\/span> <a href=\"https:\/\/www.schachbezirk-mittelbaden.de\/wp\/?p=5593\" rel=\"bookmark\">Finalrunde des Deutschen Mannschaftspokals 2011 in Baden-Baden<\/a> <span class=\"comments-number\">(0)<\/span><\/li><li><span class=\"day\">11:<\/span> <a href=\"https:\/\/www.schachbezirk-mittelbaden.de\/wp\/?p=5578\" rel=\"bookmark\">Double-Hattrick f\u00c3\u00bcr OSG Baden-Baden<\/a> <span class=\"comments-number\">(0)<\/span><\/li><li><span class=\"day\">09:<\/span> <a href=\"https:\/\/www.schachbezirk-mittelbaden.de\/wp\/?p=5574\" rel=\"bookmark\">Tag des Schachs 2011<\/a> <span class=\"comments-number\">(0)<\/span><\/li><li><span class=\"day\">07:<\/span> <a href=\"https:\/\/www.schachbezirk-mittelbaden.de\/wp\/?p=5558\" rel=\"bookmark\">Bundesliga: Showdown in Baden-Baden<\/a> <span class=\"comments-number\">(0)<\/span><\/li><li><span class=\"day\">05:<\/span> <a href=\"https:\/\/www.schachbezirk-mittelbaden.de\/wp\/?p=5535\" rel=\"bookmark\">Talentst\u00c3\u00bctzpunkt<\/a> <span class=\"comments-number\">(0)<\/span><\/li><li><span class=\"day\">04:<\/span> <a href=\"https:\/\/www.schachbezirk-mittelbaden.de\/wp\/?p=5531\" rel=\"bookmark\">2-Tage-Turnier (ab 1600 DWZ)<\/a> <span class=\"comments-number\">(0)<\/span><\/li><\/ul><h2 class=\"month-year\"><a href=\"https:\/\/www.schachbezirk-mittelbaden.de\/wp\/?m=201103\">M\u00e4rz 2011<\/a><\/h2><ul><li><span class=\"day\">31:<\/span> <a href=\"https:\/\/www.schachbezirk-mittelbaden.de\/wp\/?p=5520\" rel=\"bookmark\">Dramatische \u00e2\u20ac\u017eSchachvergiftung\u00e2\u20ac\u0153<\/a> <span class=\"comments-number\">(0)<\/span><\/li><li><span class=\"day\">28:<\/span> <a href=\"https:\/\/www.schachbezirk-mittelbaden.de\/wp\/?p=5506\" rel=\"bookmark\">Hattrick im Schach &#8211; Jugend-Quartalsturnier<\/a> <span class=\"comments-number\">(0)<\/span><\/li><li><span class=\"day\">26:<\/span> <a href=\"https:\/\/www.schachbezirk-mittelbaden.de\/wp\/?p=5499\" rel=\"bookmark\">U16-Bezirksrunde 2010\/11<\/a> <span class=\"comments-number\">(0)<\/span><\/li><li><span class=\"day\">22:<\/span> <a href=\"https:\/\/www.schachbezirk-mittelbaden.de\/wp\/?p=5495\" rel=\"bookmark\">U16-Bezirksrunde 2010\/11<\/a> <span class=\"comments-number\">(0)<\/span><\/li><li class=\"day-duplicate\"><span class=\"day\">22:<\/span> <a href=\"https:\/\/www.schachbezirk-mittelbaden.de\/wp\/?p=5488\" rel=\"bookmark\">BTL-Info: Rundschreiben 3-2010\/2011<\/a> <span class=\"comments-number\">(0)<\/span><\/li><li><span class=\"day\">21:<\/span> <a href=\"https:\/\/www.schachbezirk-mittelbaden.de\/wp\/?p=5470\" rel=\"bookmark\">13. Einzel-Pokalsieg f\u00c3\u00bcr Metz<\/a> <span class=\"comments-number\">(0)<\/span><\/li><li><span class=\"day\">20:<\/span> <a href=\"https:\/\/www.schachbezirk-mittelbaden.de\/wp\/?p=5454\" rel=\"bookmark\">Mannschaftspokal 2010\/11<\/a> <span class=\"comments-number\">(0)<\/span><\/li><li><span class=\"day\">15:<\/span> <a href=\"https:\/\/www.schachbezirk-mittelbaden.de\/wp\/?p=5446\" rel=\"bookmark\">Schach-Tennis-Turnier in Baden-Baden<\/a> <span class=\"comments-number\">(0)<\/span><\/li><li><span class=\"day\">11:<\/span> <a href=\"https:\/\/www.schachbezirk-mittelbaden.de\/wp\/?p=5433\" rel=\"bookmark\">3. Jugend-Quartalsturnier 2011<\/a> <span class=\"comments-number\">(0)<\/span><\/li><li><span class=\"day\">09:<\/span> <a href=\"https:\/\/www.schachbezirk-mittelbaden.de\/wp\/?p=5425\" rel=\"bookmark\">Leo Katz gewinnt 3-Tage-Turnier &#8211; die &#8222;magische 64&#8220;<\/a> <span class=\"comments-number\">(0)<\/span><\/li><li><span class=\"day\">08:<\/span> <a href=\"https:\/\/www.schachbezirk-mittelbaden.de\/wp\/?p=5417\" rel=\"bookmark\">Verbandsspiele Miba\/BSV 2011\/12<\/a> <span class=\"comments-number\">(0)<\/span><\/li><li><span class=\"day\">06:<\/span> <a href=\"https:\/\/www.schachbezirk-mittelbaden.de\/wp\/?p=5406\" rel=\"bookmark\">Neuer Vorstand beim SC Ottenau<\/a> <span class=\"comments-number\">(0)<\/span><\/li><li><span class=\"day\">04:<\/span> <a href=\"https:\/\/www.schachbezirk-mittelbaden.de\/wp\/?p=5403\" rel=\"bookmark\">Schachbundesliga 2011\/12<\/a> <span class=\"comments-number\">(0)<\/span><\/li><li class=\"day-duplicate\"><span class=\"day\">04:<\/span> <a href=\"https:\/\/www.schachbezirk-mittelbaden.de\/wp\/?p=5401\" rel=\"bookmark\">Deutsche Einzelmeisterschaft 2011<\/a> <span class=\"comments-number\">(0)<\/span><\/li><li><span class=\"day\">03:<\/span> <a href=\"https:\/\/www.schachbezirk-mittelbaden.de\/wp\/?p=5397\" rel=\"bookmark\">Frauenbundesliga 2011\/12<\/a> <span class=\"comments-number\">(0)<\/span><\/li><li><span class=\"day\">02:<\/span> <a href=\"https:\/\/www.schachbezirk-mittelbaden.de\/wp\/?p=5393\" rel=\"bookmark\">OSG-Mannschaftssimultan<\/a> <span class=\"comments-number\">(0)<\/span><\/li><\/ul><h2 class=\"month-year\"><a href=\"https:\/\/www.schachbezirk-mittelbaden.de\/wp\/?m=201102\">Februar 2011<\/a><\/h2><ul><li><span class=\"day\">26:<\/span> <a href=\"https:\/\/www.schachbezirk-mittelbaden.de\/wp\/?p=5371\" rel=\"bookmark\">U12 \u00e2\u20ac\u201c Mannschaftsmeisterschaft 2011<\/a> <span class=\"comments-number\">(0)<\/span><\/li><li><span class=\"day\">25:<\/span> <a href=\"https:\/\/www.schachbezirk-mittelbaden.de\/wp\/?p=5358\" rel=\"bookmark\">Bundesliga: F\u00c3\u00a4llt eine Vorentscheidung?<\/a> <span class=\"comments-number\">(0)<\/span><\/li><li><span class=\"day\">22:<\/span> <a href=\"https:\/\/www.schachbezirk-mittelbaden.de\/wp\/?p=5352\" rel=\"bookmark\">Siegesserie beim Achertalpokal-Turnier gerissen<\/a> <span class=\"comments-number\">(0)<\/span><\/li><li><span class=\"day\">20:<\/span> <a href=\"https:\/\/www.schachbezirk-mittelbaden.de\/wp\/?p=5343\" rel=\"bookmark\">Einzelpokal-Halbfinale\/Auslosung Finalpaarungen<\/a> <span class=\"comments-number\">(0)<\/span><\/li><li><span class=\"day\">19:<\/span> <a href=\"https:\/\/www.schachbezirk-mittelbaden.de\/wp\/?p=5338\" rel=\"bookmark\">Bezirksrunde U16<\/a> <span class=\"comments-number\">(0)<\/span><\/li><li><span class=\"day\">11:<\/span> <a href=\"https:\/\/www.schachbezirk-mittelbaden.de\/wp\/?p=5254\" rel=\"bookmark\">Auslosung Finale des Mannschaftspokals<\/a> <span class=\"comments-number\">(0)<\/span><\/li><li><span class=\"day\">07:<\/span> <a href=\"https:\/\/www.schachbezirk-mittelbaden.de\/wp\/?p=5171\" rel=\"bookmark\">Sitzung des Bezirksvorstandes in Weitenung<\/a> <span class=\"comments-number\">(0)<\/span><\/li><li><span class=\"day\">06:<\/span> <a href=\"https:\/\/www.schachbezirk-mittelbaden.de\/wp\/?p=5167\" rel=\"bookmark\">Miba-Mannschaftspokal 2010\/11<\/a> <span class=\"comments-number\">(0)<\/span><\/li><li class=\"day-duplicate\"><span class=\"day\">06:<\/span> <a href=\"https:\/\/www.schachbezirk-mittelbaden.de\/wp\/?p=5160\" rel=\"bookmark\">Bezirksrunde U16<\/a> <span class=\"comments-number\">(0)<\/span><\/li><li><span class=\"day\">05:<\/span> <a href=\"https:\/\/www.schachbezirk-mittelbaden.de\/wp\/?p=5127\" rel=\"bookmark\">U12 &#8211; Mannschaftsmeisterschaft 2011<\/a> <span class=\"comments-number\">(0)<\/span><\/li><li><span class=\"day\">04:<\/span> <a href=\"https:\/\/www.schachbezirk-mittelbaden.de\/wp\/?p=5123\" rel=\"bookmark\">22. Schach-Open Sulzfeld<\/a> <span class=\"comments-number\">(0)<\/span><\/li><li><span class=\"day\">03:<\/span> <a href=\"https:\/\/www.schachbezirk-mittelbaden.de\/wp\/?p=5112\" rel=\"bookmark\">Endlich wieder Bundesliga<\/a> <span class=\"comments-number\">(0)<\/span><\/li><li><span class=\"day\">01:<\/span> <a href=\"https:\/\/www.schachbezirk-mittelbaden.de\/wp\/?p=5107\" rel=\"bookmark\">Sommer-Open Baden-Baden<\/a> <span class=\"comments-number\">(0)<\/span><\/li><\/ul><h2 class=\"month-year\"><a href=\"https:\/\/www.schachbezirk-mittelbaden.de\/wp\/?m=201101\">Januar 2011<\/a><\/h2><ul><li><span class=\"day\">31:<\/span> <a href=\"https:\/\/www.schachbezirk-mittelbaden.de\/wp\/?p=5095\" rel=\"bookmark\">U-12 Mannschaftsmeisterschaften<\/a> <span class=\"comments-number\">(0)<\/span><\/li><li class=\"day-duplicate\"><span class=\"day\">31:<\/span> <a href=\"https:\/\/www.schachbezirk-mittelbaden.de\/wp\/?p=5088\" rel=\"bookmark\">Jugend-Quartalsturnier &#8211; 45 Teilnehmer<\/a> <span class=\"comments-number\">(0)<\/span><\/li><li class=\"day-duplicate\"><span class=\"day\">31:<\/span> <a href=\"https:\/\/www.schachbezirk-mittelbaden.de\/wp\/?p=5085\" rel=\"bookmark\">Sommer-Open Baden-Baden<\/a> <span class=\"comments-number\">(0)<\/span><\/li><li class=\"day-duplicate\"><span class=\"day\">31:<\/span> <a href=\"https:\/\/www.schachbezirk-mittelbaden.de\/wp\/?p=5080\" rel=\"bookmark\">Vorstandssitzung<\/a> <span class=\"comments-number\">(0)<\/span><\/li><li><span class=\"day\">29:<\/span> <a href=\"https:\/\/www.schachbezirk-mittelbaden.de\/wp\/?p=5075\" rel=\"bookmark\">Einzelpokal \u00e2\u20ac\u201c 3. Runde\/Auslosung Halbfinale<\/a> <span class=\"comments-number\">(0)<\/span><\/li><li><span class=\"day\">21:<\/span> <a href=\"https:\/\/www.schachbezirk-mittelbaden.de\/wp\/?p=5060\" rel=\"bookmark\">Mannschaftspokal 2010\/11: Auslosung Halbfinale<\/a> <span class=\"comments-number\">(0)<\/span><\/li><li><span class=\"day\">16:<\/span> <a href=\"https:\/\/www.schachbezirk-mittelbaden.de\/wp\/?p=5050\" rel=\"bookmark\">Bezirksrunde U16 und U14<\/a> <span class=\"comments-number\">(0)<\/span><\/li><li><span class=\"day\">15:<\/span> <a href=\"https:\/\/www.schachbezirk-mittelbaden.de\/wp\/?p=5042\" rel=\"bookmark\">Miba-Mannschaftspokal 2010\/11<\/a> <span class=\"comments-number\">(0)<\/span><\/li><li><span class=\"day\">14:<\/span> <a href=\"https:\/\/www.schachbezirk-mittelbaden.de\/wp\/?p=5032\" rel=\"bookmark\">Jugend-Quartalsturniere 2011 in Baden-Baden<\/a> <span class=\"comments-number\">(0)<\/span><\/li><li class=\"day-duplicate\"><span class=\"day\">14:<\/span> <a href=\"https:\/\/www.schachbezirk-mittelbaden.de\/wp\/?p=5030\" rel=\"bookmark\">2. Jugend-Quartalsturnier 2011<\/a> <span class=\"comments-number\">(0)<\/span><\/li><li><span class=\"day\">10:<\/span> <a href=\"https:\/\/www.schachbezirk-mittelbaden.de\/wp\/?p=5023\" rel=\"bookmark\">3-Tage-Turnier an Fasching<\/a> <span class=\"comments-number\">(0)<\/span><\/li><li class=\"day-duplicate\"><span class=\"day\">10:<\/span> <a href=\"https:\/\/www.schachbezirk-mittelbaden.de\/wp\/?p=5021\" rel=\"bookmark\">3-Tage-Turnier an Fasching (unter 1800 DWZ)<\/a> <span class=\"comments-number\">(0)<\/span><\/li><li><span class=\"day\">02:<\/span> <a href=\"https:\/\/www.schachbezirk-mittelbaden.de\/wp\/?p=4978\" rel=\"bookmark\">Weihnachtsopen im Schachzentrum Baden-Baden<\/a> <span class=\"comments-number\">(0)<\/span><\/li><li><span class=\"day\">01:<\/span> <a href=\"https:\/\/www.schachbezirk-mittelbaden.de\/wp\/?p=4965\" rel=\"bookmark\">Sasbacher U12 schrammt knapp an Sensation vorbei<\/a> <span class=\"comments-number\">(0)<\/span><\/li><li class=\"day-duplicate\"><span class=\"day\">01:<\/span> <a href=\"https:\/\/www.schachbezirk-mittelbaden.de\/wp\/?p=4963\" rel=\"bookmark\">L\u00c3\u00a4nderkampf Elsa\u00c3\u0178 \u00e2\u20ac\u201c Baden<\/a> <span class=\"comments-number\">(0)<\/span><\/li><li class=\"day-duplicate\"><span class=\"day\">01:<\/span> <a href=\"https:\/\/www.schachbezirk-mittelbaden.de\/wp\/?p=4961\" rel=\"bookmark\">Badische Jugendeinzelmeisterschaften<\/a> <span class=\"comments-number\">(0)<\/span><\/li><li class=\"day-duplicate\"><span class=\"day\">01:<\/span> <a href=\"https:\/\/www.schachbezirk-mittelbaden.de\/wp\/?p=4958\" rel=\"bookmark\">Badischer Schachkongress in Neuhausen<\/a> <span class=\"comments-number\">(0)<\/span><\/li><\/ul><h2 class=\"month-year\"><a href=\"https:\/\/www.schachbezirk-mittelbaden.de\/wp\/?m=201012\">Dezember 2010<\/a><\/h2><ul><li><span class=\"day\">29:<\/span> <a href=\"https:\/\/www.schachbezirk-mittelbaden.de\/wp\/?p=4943\" rel=\"bookmark\">17. Achertalpokal-Turnier<\/a> <span class=\"comments-number\">(0)<\/span><\/li><li><span class=\"day\">26:<\/span> <a href=\"https:\/\/www.schachbezirk-mittelbaden.de\/wp\/?p=4907\" rel=\"bookmark\">Schachnovelle gastiert in B\u00c3\u00bchl<\/a> <span class=\"comments-number\">(0)<\/span><\/li><li><span class=\"day\">25:<\/span> <a href=\"https:\/\/www.schachbezirk-mittelbaden.de\/wp\/?p=4899\" rel=\"bookmark\">Schachnovelle gastiert in B\u00c3\u00bchl<\/a> <span class=\"comments-number\">(0)<\/span><\/li><li><span class=\"day\">20:<\/span> <a href=\"https:\/\/www.schachbezirk-mittelbaden.de\/wp\/?p=4886\" rel=\"bookmark\">Sasbacher Jugendmannschaften fahren zur &#8218;Deutschen&#8216;<\/a> <span class=\"comments-number\">(0)<\/span><\/li><li><span class=\"day\">19:<\/span> <a href=\"https:\/\/www.schachbezirk-mittelbaden.de\/wp\/?p=4880\" rel=\"bookmark\">17. Achertal-Open in Ottenh\u00c3\u00b6fen<\/a> <span class=\"comments-number\">(0)<\/span><\/li><li><span class=\"day\">18:<\/span> <a href=\"https:\/\/www.schachbezirk-mittelbaden.de\/wp\/?p=4862\" rel=\"bookmark\">Mittelbadischer Einzelpokal &#8211; 3. Runde<\/a> <span class=\"comments-number\">(0)<\/span><\/li><li class=\"day-duplicate\"><span class=\"day\">18:<\/span> <a href=\"https:\/\/www.schachbezirk-mittelbaden.de\/wp\/?p=4852\" rel=\"bookmark\">Weihnachtsturnier der SF Oos<\/a> <span class=\"comments-number\">(0)<\/span><\/li><li><span class=\"day\">09:<\/span> <a href=\"https:\/\/www.schachbezirk-mittelbaden.de\/wp\/?p=4826\" rel=\"bookmark\">SBL im Dezember<\/a> <span class=\"comments-number\">(0)<\/span><\/li><li><span class=\"day\">05:<\/span> <a href=\"https:\/\/www.schachbezirk-mittelbaden.de\/wp\/?p=4818\" rel=\"bookmark\">Bezirksrunde U16<\/a> <span class=\"comments-number\">(0)<\/span><\/li><\/ul><h2 class=\"month-year\"><a href=\"https:\/\/www.schachbezirk-mittelbaden.de\/wp\/?m=201011\">November 2010<\/a><\/h2><ul><li><span class=\"day\">29:<\/span> <a href=\"https:\/\/www.schachbezirk-mittelbaden.de\/wp\/?p=4807\" rel=\"bookmark\">Weihnachtsopen DWZ 1500 bis 2100<\/a> <span class=\"comments-number\">(0)<\/span><\/li><li class=\"day-duplicate\"><span class=\"day\">29:<\/span> <a href=\"https:\/\/www.schachbezirk-mittelbaden.de\/wp\/?p=4805\" rel=\"bookmark\">Weihnachtsopen in Baden-Baden<\/a> <span class=\"comments-number\">(0)<\/span><\/li><li class=\"day-duplicate\"><span class=\"day\">29:<\/span> <a href=\"https:\/\/www.schachbezirk-mittelbaden.de\/wp\/?p=4802\" rel=\"bookmark\">4. Jugend-Quartalsturnier mit Rekordbeteiligung<\/a> <span class=\"comments-number\">(0)<\/span><\/li><li><span class=\"day\">28:<\/span> <a href=\"https:\/\/www.schachbezirk-mittelbaden.de\/wp\/?p=4792\" rel=\"bookmark\">Mannschaftspokal 2010\/11<\/a> <span class=\"comments-number\">(0)<\/span><\/li><li><span class=\"day\">19:<\/span> <a href=\"https:\/\/www.schachbezirk-mittelbaden.de\/wp\/?p=4785\" rel=\"bookmark\">Mannschaftsmeldungen Seniorenmeisterschaft 2010\/2011<\/a> <span class=\"comments-number\">(0)<\/span><\/li><li><span class=\"day\">14:<\/span> <a href=\"https:\/\/www.schachbezirk-mittelbaden.de\/wp\/?p=4749\" rel=\"bookmark\">Schachfreunde H\u00c3\u00b6rden Ausrichter der Schach-Jugendmeisterschaften 2010<\/a> <span class=\"comments-number\">(0)<\/span><\/li><li><span class=\"day\">13:<\/span> <a href=\"https:\/\/www.schachbezirk-mittelbaden.de\/wp\/?p=4741\" rel=\"bookmark\">Einzelpokal 1. Runde und Auslosung 2. Runde<\/a> <span class=\"comments-number\">(0)<\/span><\/li><li><span class=\"day\">12:<\/span> <a href=\"https:\/\/www.schachbezirk-mittelbaden.de\/wp\/?p=4725\" rel=\"bookmark\">Bundesliga: Spitzenpaarungen und Abstiegskampf<\/a> <span class=\"comments-number\">(0)<\/span><\/li><li><span class=\"day\">07:<\/span> <a href=\"https:\/\/www.schachbezirk-mittelbaden.de\/wp\/?p=4718\" rel=\"bookmark\">Jugendeinzelmeisterschaft 2010 in H\u00c3\u00b6rden<\/a> <span class=\"comments-number\">(0)<\/span><\/li><li class=\"day-duplicate\"><span class=\"day\">07:<\/span> <a href=\"https:\/\/www.schachbezirk-mittelbaden.de\/wp\/?p=4712\" rel=\"bookmark\">1. Runde des Einzelpokals 2010\/2011<\/a> <span class=\"comments-number\">(0)<\/span><\/li><li><span class=\"day\">05:<\/span> <a href=\"https:\/\/www.schachbezirk-mittelbaden.de\/wp\/?p=4709\" rel=\"bookmark\">Frauenbundesliga<\/a> <span class=\"comments-number\">(0)<\/span><\/li><li class=\"day-duplicate\"><span class=\"day\">05:<\/span> <a href=\"https:\/\/www.schachbezirk-mittelbaden.de\/wp\/?p=4707\" rel=\"bookmark\">Frauenbundesliga<\/a> <span class=\"comments-number\">(0)<\/span><\/li><li class=\"day-duplicate\"><span class=\"day\">05:<\/span> <a href=\"https:\/\/www.schachbezirk-mittelbaden.de\/wp\/?p=4704\" rel=\"bookmark\">Frauenbundesliga<\/a> <span class=\"comments-number\">(0)<\/span><\/li><li class=\"day-duplicate\"><span class=\"day\">05:<\/span> <a href=\"https:\/\/www.schachbezirk-mittelbaden.de\/wp\/?p=4700\" rel=\"bookmark\">Frauenbundesliga<\/a> <span class=\"comments-number\">(0)<\/span><\/li><li class=\"day-duplicate\"><span class=\"day\">05:<\/span> <a href=\"https:\/\/www.schachbezirk-mittelbaden.de\/wp\/?p=4694\" rel=\"bookmark\">Frauenbundesliga<\/a> <span class=\"comments-number\">(0)<\/span><\/li><li class=\"day-duplicate\"><span class=\"day\">05:<\/span> <a href=\"https:\/\/www.schachbezirk-mittelbaden.de\/wp\/?p=4688\" rel=\"bookmark\">Frauenbundesliga<\/a> <span class=\"comments-number\">(0)<\/span><\/li><\/ul><h2 class=\"month-year\"><a href=\"https:\/\/www.schachbezirk-mittelbaden.de\/wp\/?m=201010\">Oktober 2010<\/a><\/h2><ul><li><span class=\"day\">30:<\/span> <a href=\"https:\/\/www.schachbezirk-mittelbaden.de\/wp\/?p=4678\" rel=\"bookmark\">Auslosung Mannschaftspokal 2. Runde 2010\/11<\/a> <span class=\"comments-number\">(0)<\/span><\/li><li><span class=\"day\">28:<\/span> <a href=\"https:\/\/www.schachbezirk-mittelbaden.de\/wp\/?p=4673\" rel=\"bookmark\">1. Jugend-Quartalsturnier 2011<\/a> <span class=\"comments-number\">(0)<\/span><\/li><li><span class=\"day\">26:<\/span> <a href=\"https:\/\/www.schachbezirk-mittelbaden.de\/wp\/?p=4666\" rel=\"bookmark\">Schachclub Rastatt nimmt Tunierreihe wieder auf<\/a> <span class=\"comments-number\">(0)<\/span><\/li><li><span class=\"day\">23:<\/span> <a href=\"https:\/\/www.schachbezirk-mittelbaden.de\/wp\/?p=4661\" rel=\"bookmark\">Mannschaftspokal 2010\/11<\/a> <span class=\"comments-number\">(0)<\/span><\/li><li><span class=\"day\">22:<\/span> <a href=\"https:\/\/www.schachbezirk-mittelbaden.de\/wp\/?p=4658\" rel=\"bookmark\">Talentst\u00c3\u00bctzpunkt<\/a> <span class=\"comments-number\">(0)<\/span><\/li><li><span class=\"day\">21:<\/span> <a href=\"https:\/\/www.schachbezirk-mittelbaden.de\/wp\/?p=4652\" rel=\"bookmark\">Jugendmannschaftsmeisterschaft U16<\/a> <span class=\"comments-number\">(0)<\/span><\/li><li><span class=\"day\">17:<\/span> <a href=\"https:\/\/www.schachbezirk-mittelbaden.de\/wp\/?p=4641\" rel=\"bookmark\">Verbandsrunde 2010\/11<\/a> <span class=\"comments-number\">(0)<\/span><\/li><li><span class=\"day\">11:<\/span> <a href=\"https:\/\/www.schachbezirk-mittelbaden.de\/wp\/?p=4633\" rel=\"bookmark\">Meldeschluss f\u00c3\u00bcr Jugend-Mannschafts-Meisterschaften<\/a> <span class=\"comments-number\">(0)<\/span><\/li><li class=\"day-duplicate\"><span class=\"day\">11:<\/span> <a href=\"https:\/\/www.schachbezirk-mittelbaden.de\/wp\/?p=4631\" rel=\"bookmark\">U12-Mannschafts-Meisterschaft<\/a> <span class=\"comments-number\">(0)<\/span><\/li><li class=\"day-duplicate\"><span class=\"day\">11:<\/span> <a href=\"https:\/\/www.schachbezirk-mittelbaden.de\/wp\/?p=4628\" rel=\"bookmark\">U14-Mannschafts-Meisterschaft<\/a> <span class=\"comments-number\">(0)<\/span><\/li><li class=\"day-duplicate\"><span class=\"day\">11:<\/span> <a href=\"https:\/\/www.schachbezirk-mittelbaden.de\/wp\/?p=4625\" rel=\"bookmark\">U16-Mannschafts-Meisterschaft<\/a> <span class=\"comments-number\">(0)<\/span><\/li><li><span class=\"day\">08:<\/span> <a href=\"https:\/\/www.schachbezirk-mittelbaden.de\/wp\/?p=4597\" rel=\"bookmark\">Kuppenheim und Hartmut Metz holen erneut Mittelbadische Blitz-Titel<\/a> <span class=\"comments-number\">(0)<\/span><\/li><li class=\"day-duplicate\"><span class=\"day\">08:<\/span> <a href=\"https:\/\/www.schachbezirk-mittelbaden.de\/wp\/?p=4585\" rel=\"bookmark\">Prof. Eduard Fromberg gewinnt Senioren-Schnellschachturnier<\/a> <span class=\"comments-number\">(0)<\/span><\/li><li class=\"day-duplicate\"><span class=\"day\">08:<\/span> <a href=\"https:\/\/www.schachbezirk-mittelbaden.de\/wp\/?p=4582\" rel=\"bookmark\">Jugend- und Erwachsenenturnier in Baden-Baden<\/a> <span class=\"comments-number\">(0)<\/span><\/li><li class=\"day-duplicate\"><span class=\"day\">08:<\/span> <a href=\"https:\/\/www.schachbezirk-mittelbaden.de\/wp\/?p=4579\" rel=\"bookmark\">Baden \u00e2\u20ac\u201c W\u00c3\u00bcrttembergische Jugend-Blitz-Einzel-Meisterschaft 2010<\/a> <span class=\"comments-number\">(0)<\/span><\/li><li class=\"day-duplicate\"><span class=\"day\">08:<\/span> <a href=\"https:\/\/www.schachbezirk-mittelbaden.de\/wp\/?p=4571\" rel=\"bookmark\">Ausschreibung Jugendmannschaftsmeisterschaften 2010\/11<\/a> <span class=\"comments-number\">(0)<\/span><\/li><li><span class=\"day\">07:<\/span> <a href=\"https:\/\/www.schachbezirk-mittelbaden.de\/wp\/?p=4550\" rel=\"bookmark\">Bundesliga: Start in die Saison 2010\/11<\/a> <span class=\"comments-number\">(0)<\/span><\/li><li><span class=\"day\">05:<\/span> <a href=\"https:\/\/www.schachbezirk-mittelbaden.de\/wp\/?p=4543\" rel=\"bookmark\">Jugend- und Erwachsenenturnier in Baden-Baden<\/a> <span class=\"comments-number\">(0)<\/span><\/li><li><span class=\"day\">03:<\/span> <a href=\"https:\/\/www.schachbezirk-mittelbaden.de\/wp\/?p=4533\" rel=\"bookmark\">Checkliste 2010\/2011, Mannschaftspokal 1. Runde<\/a> <span class=\"comments-number\">(0)<\/span><\/li><li><span class=\"day\">01:<\/span> <a href=\"https:\/\/www.schachbezirk-mittelbaden.de\/wp\/?p=4528\" rel=\"bookmark\">\u00e2\u20ac\u017eOktoberfest\u00e2\u20ac\u0153-Blitzschachturnier fand Anklang<\/a> <span class=\"comments-number\">(0)<\/span><\/li><\/ul><h2 class=\"month-year\"><a href=\"https:\/\/www.schachbezirk-mittelbaden.de\/wp\/?m=201009\">September 2010<\/a><\/h2><ul><li><span class=\"day\">17:<\/span> <a href=\"https:\/\/www.schachbezirk-mittelbaden.de\/wp\/?p=4522\" rel=\"bookmark\">Schachfr\u00c3\u00bchschoppen in Lichtental<\/a> <span class=\"comments-number\">(0)<\/span><\/li><li class=\"day-duplicate\"><span class=\"day\">17:<\/span> <a href=\"https:\/\/www.schachbezirk-mittelbaden.de\/wp\/?p=4517\" rel=\"bookmark\">Rundschreiben 1-2010\/11 mit Einladung zum Regelkundeseminar<\/a> <span class=\"comments-number\">(0)<\/span><\/li><li><span class=\"day\">12:<\/span> <a href=\"https:\/\/www.schachbezirk-mittelbaden.de\/wp\/?p=4494\" rel=\"bookmark\">Sigurd Weidauer gewinnt Schachkongress 2010<\/a> <span class=\"comments-number\">(0)<\/span><\/li><li><span class=\"day\">05:<\/span> <a href=\"https:\/\/www.schachbezirk-mittelbaden.de\/wp\/?p=4486\" rel=\"bookmark\">14. Baden-Badener Jugend-Schnellschach-Open<\/a> <span class=\"comments-number\">(0)<\/span><\/li><li><span class=\"day\">03:<\/span> <a href=\"https:\/\/www.schachbezirk-mittelbaden.de\/wp\/?p=4482\" rel=\"bookmark\">Spielpl\u00c3\u00a4ne der Kreisklassen III und IV<\/a> <span class=\"comments-number\">(0)<\/span><\/li><li><span class=\"day\">02:<\/span> <a href=\"https:\/\/www.schachbezirk-mittelbaden.de\/wp\/?p=4477\" rel=\"bookmark\">MBSK 2010 &#8211; Maximalzahl an Anmeldungen erreicht<\/a> <span class=\"comments-number\">(0)<\/span><\/li><\/ul><h2 class=\"month-year\"><a href=\"https:\/\/www.schachbezirk-mittelbaden.de\/wp\/?m=201008\">August 2010<\/a><\/h2><ul><li><span class=\"day\">24:<\/span> <a href=\"https:\/\/www.schachbezirk-mittelbaden.de\/wp\/?p=4465\" rel=\"bookmark\">Olympisches Schach-Trainingslager in Baden-Baden<\/a> <span class=\"comments-number\">(0)<\/span><\/li><li><span class=\"day\">22:<\/span> <a href=\"https:\/\/www.schachbezirk-mittelbaden.de\/wp\/?p=4461\" rel=\"bookmark\">OSG-Quartalsturnier: Karlsruher in Baden-Baden erfolgreich<\/a> <span class=\"comments-number\">(0)<\/span><\/li><li><span class=\"day\">18:<\/span> <a href=\"https:\/\/www.schachbezirk-mittelbaden.de\/wp\/?p=4458\" rel=\"bookmark\">Bezirksversammlung 2011<\/a> <span class=\"comments-number\">(0)<\/span><\/li><li><span class=\"day\">17:<\/span> <a href=\"https:\/\/www.schachbezirk-mittelbaden.de\/wp\/?p=4437\" rel=\"bookmark\">Gro\u00c3\u0178meister Andrey Orlov gewinnt Sommer-Open im Schachmekka Baden-Baden<\/a> <span class=\"comments-number\">(0)<\/span><\/li><li><span class=\"day\">12:<\/span> <a href=\"https:\/\/www.schachbezirk-mittelbaden.de\/wp\/?p=4432\" rel=\"bookmark\">Mittelbadische Blitzmeisterschaften 03.10.2010<\/a> <span class=\"comments-number\">(0)<\/span><\/li><li><span class=\"day\">09:<\/span> <a href=\"https:\/\/www.schachbezirk-mittelbaden.de\/wp\/?p=4409\" rel=\"bookmark\">Gro\u00c3\u0178es internationales Schach-Open in den S\u00c3\u00a4len der LA8<\/a> <span class=\"comments-number\">(0)<\/span><\/li><li class=\"day-duplicate\"><span class=\"day\">09:<\/span> <a href=\"https:\/\/www.schachbezirk-mittelbaden.de\/wp\/?p=4393\" rel=\"bookmark\">MiBase goes MiFace<\/a> <span class=\"comments-number\">(0)<\/span><\/li><li><span class=\"day\">01:<\/span> <a href=\"https:\/\/www.schachbezirk-mittelbaden.de\/wp\/?p=4380\" rel=\"bookmark\">OSG-Mannschaftssimultan: 108 &#8211; 22 &#8211; 12<\/a> <span class=\"comments-number\">(0)<\/span><\/li><li class=\"day-duplicate\"><span class=\"day\">01:<\/span> <a href=\"https:\/\/www.schachbezirk-mittelbaden.de\/wp\/?p=4368\" rel=\"bookmark\">Bezirksversammlung in Gernsbach<\/a> <span class=\"comments-number\">(0)<\/span><\/li><\/ul><h2 class=\"month-year\"><a href=\"https:\/\/www.schachbezirk-mittelbaden.de\/wp\/?m=201007\">Juli 2010<\/a><\/h2><ul><li><span class=\"day\">29:<\/span> <a href=\"https:\/\/www.schachbezirk-mittelbaden.de\/wp\/?p=4350\" rel=\"bookmark\">MBSK 2010 &#8211; 29 Starterpl\u00c3\u00a4tze bereits vergeben!<\/a> <span class=\"comments-number\">(0)<\/span><\/li><li><span class=\"day\">28:<\/span> <a href=\"https:\/\/www.schachbezirk-mittelbaden.de\/wp\/?p=4335\" rel=\"bookmark\">Leiberstunger Schulschachteam verbl\u00c3\u00bcfft die Konkurrenz<\/a> <span class=\"comments-number\">(0)<\/span><\/li><li><span class=\"day\">25:<\/span> <a href=\"https:\/\/www.schachbezirk-mittelbaden.de\/wp\/?p=4328\" rel=\"bookmark\">Spielpl\u00c3\u00a4ne f\u00c3\u00bcr die Verbandsrunde 2010\/11<\/a> <span class=\"comments-number\">(0)<\/span><\/li><li class=\"day-duplicate\"><span class=\"day\">25:<\/span> <a href=\"https:\/\/www.schachbezirk-mittelbaden.de\/wp\/?p=4325\" rel=\"bookmark\">Ausschreibungen Einzel- und Mannschaftspokal 2010\/11<\/a> <span class=\"comments-number\">(0)<\/span><\/li><li class=\"day-duplicate\"><span class=\"day\">25:<\/span> <a href=\"https:\/\/www.schachbezirk-mittelbaden.de\/wp\/?p=4322\" rel=\"bookmark\">Bezirks-Einzelpokal 2010\/11<\/a> <span class=\"comments-number\">(0)<\/span><\/li><li class=\"day-duplicate\"><span class=\"day\">25:<\/span> <a href=\"https:\/\/www.schachbezirk-mittelbaden.de\/wp\/?p=4320\" rel=\"bookmark\">Bezirks-Mannschaftspokal 2010\/11<\/a> <span class=\"comments-number\">(0)<\/span><\/li><li class=\"day-duplicate\"><span class=\"day\">25:<\/span> <a href=\"https:\/\/www.schachbezirk-mittelbaden.de\/wp\/?p=4317\" rel=\"bookmark\">Meldefrist Bezirks-Mannschaftspokal<\/a> <span class=\"comments-number\">(0)<\/span><\/li><li class=\"day-duplicate\"><span class=\"day\">25:<\/span> <a href=\"https:\/\/www.schachbezirk-mittelbaden.de\/wp\/?p=4314\" rel=\"bookmark\">Bezirks-Schnellschach-Einzelmeisterschaft<\/a> <span class=\"comments-number\">(0)<\/span><\/li><li class=\"day-duplicate\"><span class=\"day\">25:<\/span> <a href=\"https:\/\/www.schachbezirk-mittelbaden.de\/wp\/?p=4311\" rel=\"bookmark\">Mannschaftsf\u00c3\u00bchrerschulung<\/a> <span class=\"comments-number\">(0)<\/span><\/li><li><span class=\"day\">17:<\/span> <a href=\"https:\/\/www.schachbezirk-mittelbaden.de\/wp\/?p=4295\" rel=\"bookmark\">Antr\u00c3\u00a4ge zur Bezirksversammlung 2010<\/a> <span class=\"comments-number\">(0)<\/span><\/li><li><span class=\"day\">16:<\/span> <a href=\"https:\/\/www.schachbezirk-mittelbaden.de\/wp\/?p=4274\" rel=\"bookmark\">Mittelbadischer Schachkongress 2010<\/a> <span class=\"comments-number\">(0)<\/span><\/li><li class=\"day-duplicate\"><span class=\"day\">16:<\/span> <a href=\"https:\/\/www.schachbezirk-mittelbaden.de\/wp\/?p=4268\" rel=\"bookmark\">Nachruf auf Alois Miech<\/a> <span class=\"comments-number\">(0)<\/span><\/li><li><span class=\"day\">15:<\/span> <a href=\"https:\/\/www.schachbezirk-mittelbaden.de\/wp\/?p=4257\" rel=\"bookmark\">Doppelsieg f\u00c3\u00bcr Grundschule Leiberstung im Schachzentrum Baden-Baden<\/a> <span class=\"comments-number\">(0)<\/span><\/li><li><span class=\"day\">14:<\/span> <a href=\"https:\/\/www.schachbezirk-mittelbaden.de\/wp\/?p=4245\" rel=\"bookmark\">Schach-Weltmeister Anand kommt zum Mannschaftssimultan<\/a> <span class=\"comments-number\">(0)<\/span><\/li><li><span class=\"day\">13:<\/span> <a href=\"https:\/\/www.schachbezirk-mittelbaden.de\/wp\/?p=4210\" rel=\"bookmark\">Wertungszahlen im R\u00c3\u00bcckspiegel der Saison 2009\/10<\/a> <span class=\"comments-number\">(0)<\/span><\/li><li><span class=\"day\">12:<\/span> <a href=\"https:\/\/www.schachbezirk-mittelbaden.de\/wp\/?p=4195\" rel=\"bookmark\">BTL-Info zur Spielplanerstellung der Saison 2010\/11<\/a> <span class=\"comments-number\">(0)<\/span><\/li><li><span class=\"day\">11:<\/span> <a href=\"https:\/\/www.schachbezirk-mittelbaden.de\/wp\/?p=4193\" rel=\"bookmark\">Oberliga Baden<\/a> <span class=\"comments-number\">(0)<\/span><\/li><li><span class=\"day\">10:<\/span> <a href=\"https:\/\/www.schachbezirk-mittelbaden.de\/wp\/?p=4191\" rel=\"bookmark\">2. Bundesliga S\u00c3\u00bcd<\/a> <span class=\"comments-number\">(0)<\/span><\/li><li class=\"day-duplicate\"><span class=\"day\">10:<\/span> <a href=\"https:\/\/www.schachbezirk-mittelbaden.de\/wp\/?p=4152\" rel=\"bookmark\">Ribli verh\u00c3\u00b6kert halben Mercedes<\/a> <span class=\"comments-number\">(0)<\/span><\/li><li><span class=\"day\">08:<\/span> <a href=\"https:\/\/www.schachbezirk-mittelbaden.de\/wp\/?p=4180\" rel=\"bookmark\">Meisterschaft f\u00c3\u00bcr Grundsch\u00c3\u00bcler<\/a> <span class=\"comments-number\">(0)<\/span><\/li><li><span class=\"day\">06:<\/span> <a href=\"https:\/\/www.schachbezirk-mittelbaden.de\/wp\/?p=4147\" rel=\"bookmark\">Schiedsrichterausbildung (RSR\/TL)<\/a> <span class=\"comments-number\">(0)<\/span><\/li><li class=\"day-duplicate\"><span class=\"day\">06:<\/span> <a href=\"https:\/\/www.schachbezirk-mittelbaden.de\/wp\/?p=4139\" rel=\"bookmark\">Junior Mannschaftsf\u00c3\u00bchrer-Ausbildung<\/a> <span class=\"comments-number\">(0)<\/span><\/li><li><span class=\"day\">03:<\/span> <a href=\"https:\/\/www.schachbezirk-mittelbaden.de\/wp\/?p=4067\" rel=\"bookmark\">100 Jahre BSV: Rastatt schm\u00c3\u00bcckt sich f\u00c3\u00bcr Kongress<\/a> <span class=\"comments-number\">(0)<\/span><\/li><li><span class=\"day\">01:<\/span> <a href=\"https:\/\/www.schachbezirk-mittelbaden.de\/wp\/?p=4060\" rel=\"bookmark\">Mittelbadische Jugendeinzelmeisterschaft<\/a> <span class=\"comments-number\">(0)<\/span><\/li><li class=\"day-duplicate\"><span class=\"day\">01:<\/span> <a href=\"https:\/\/www.schachbezirk-mittelbaden.de\/wp\/?p=4055\" rel=\"bookmark\">Inforundschreiben zum Saisonwechsel<\/a> <span class=\"comments-number\">(0)<\/span><\/li><\/ul><h2 class=\"month-year\"><a href=\"https:\/\/www.schachbezirk-mittelbaden.de\/wp\/?m=201006\">Juni 2010<\/a><\/h2><ul><li><span class=\"day\">29:<\/span> <a href=\"https:\/\/www.schachbezirk-mittelbaden.de\/wp\/?p=4029\" rel=\"bookmark\">BSV-Verbandstag im Rahmen der 100-Jahr-Feier<\/a> <span class=\"comments-number\">(0)<\/span><\/li><li><span class=\"day\">27:<\/span> <a href=\"https:\/\/www.schachbezirk-mittelbaden.de\/wp\/?p=4027\" rel=\"bookmark\">BSV-Verbandstag 2011<\/a> <span class=\"comments-number\">(0)<\/span><\/li><li><span class=\"day\">26:<\/span> <a href=\"https:\/\/www.schachbezirk-mittelbaden.de\/wp\/?p=3995\" rel=\"bookmark\">100 Jahre BSV: Aljechin sorgt f\u00c3\u00bcr fr\u00c3\u00bche H\u00c3\u00b6hepunkte<\/a> <span class=\"comments-number\">(0)<\/span><\/li><li><span class=\"day\">25:<\/span> <a href=\"https:\/\/www.schachbezirk-mittelbaden.de\/wp\/?p=4010\" rel=\"bookmark\">Bezirksversammlung 2010 in Gernsbach<\/a> <span class=\"comments-number\">(0)<\/span><\/li><li><span class=\"day\">22:<\/span> <a href=\"https:\/\/www.schachbezirk-mittelbaden.de\/wp\/?p=3947\" rel=\"bookmark\">Beispielhaftes M\u00c3\u00a4zenatentum<\/a> <span class=\"comments-number\">(0)<\/span><\/li><li><span class=\"day\">18:<\/span> <a href=\"https:\/\/www.schachbezirk-mittelbaden.de\/wp\/?p=3922\" rel=\"bookmark\">Badischer Schachverband feiert 100. Geburtstag<\/a> <span class=\"comments-number\">(0)<\/span><\/li><li><span class=\"day\">17:<\/span> <a href=\"https:\/\/www.schachbezirk-mittelbaden.de\/wp\/?p=3918\" rel=\"bookmark\">Bezirksversammlung<\/a> <span class=\"comments-number\">(0)<\/span><\/li><li><span class=\"day\">16:<\/span> <a href=\"https:\/\/www.schachbezirk-mittelbaden.de\/wp\/?p=3892\" rel=\"bookmark\">Jugend-Quartalsturnier im Schachzentrum<\/a> <span class=\"comments-number\">(0)<\/span><\/li><li class=\"day-duplicate\"><span class=\"day\">16:<\/span> <a href=\"https:\/\/www.schachbezirk-mittelbaden.de\/wp\/?p=3882\" rel=\"bookmark\">Rundschreiben zum Saisonwechsel<\/a> <span class=\"comments-number\">(0)<\/span><\/li><li><span class=\"day\">14:<\/span> <a href=\"https:\/\/www.schachbezirk-mittelbaden.de\/wp\/?p=3876\" rel=\"bookmark\">Ramadan Raka neuer Bezirksschnellschachmeister<\/a> <span class=\"comments-number\">(0)<\/span><\/li><li class=\"day-duplicate\"><span class=\"day\">14:<\/span> <a href=\"https:\/\/www.schachbezirk-mittelbaden.de\/wp\/?p=3870\" rel=\"bookmark\">Grundschulmeisterschaft lockt schachbegeisterte Sch\u00c3\u00bcler nach Weitenung<\/a> <span class=\"comments-number\">(0)<\/span><\/li><li class=\"day-duplicate\"><span class=\"day\">14:<\/span> <a href=\"https:\/\/www.schachbezirk-mittelbaden.de\/wp\/?p=3864\" rel=\"bookmark\">Jan Ebbing Landesmeister bis 1200 DWZ<\/a> <span class=\"comments-number\">(0)<\/span><\/li><li class=\"day-duplicate\"><span class=\"day\">14:<\/span> <a href=\"https:\/\/www.schachbezirk-mittelbaden.de\/wp\/?p=3860\" rel=\"bookmark\">Deutsche Jugendeinzelmeisterschaft (DJEM) 2010<\/a> <span class=\"comments-number\">(0)<\/span><\/li><li><span class=\"day\">08:<\/span> <a href=\"https:\/\/www.schachbezirk-mittelbaden.de\/wp\/?p=3834\" rel=\"bookmark\">Simply the Best: IM Andreas Heimann<\/a> <span class=\"comments-number\">(0)<\/span><\/li><li><span class=\"day\">06:<\/span> <a href=\"https:\/\/www.schachbezirk-mittelbaden.de\/wp\/?p=3805\" rel=\"bookmark\">Bezirks-Schnellschachmeisterschaft 2010<\/a> <span class=\"comments-number\">(0)<\/span><\/li><li><span class=\"day\">02:<\/span> <a href=\"https:\/\/www.schachbezirk-mittelbaden.de\/wp\/?p=3794\" rel=\"bookmark\">Miba Senioren-Jungsenioren-Schnellschachmeisterschaft<\/a> <span class=\"comments-number\">(0)<\/span><\/li><li class=\"day-duplicate\"><span class=\"day\">02:<\/span> <a href=\"https:\/\/www.schachbezirk-mittelbaden.de\/wp\/?p=3788\" rel=\"bookmark\">DSB-Pr\u00c3\u00a4sident Robert von Weizs\u00c3\u00a4cker besucht Jugend-Quartalsturnier<\/a> <span class=\"comments-number\">(0)<\/span><\/li><\/ul><h2 class=\"month-year\"><a href=\"https:\/\/www.schachbezirk-mittelbaden.de\/wp\/?m=201005\">Mai 2010<\/a><\/h2><ul><li><span class=\"day\">31:<\/span> <a href=\"https:\/\/www.schachbezirk-mittelbaden.de\/wp\/?p=3785\" rel=\"bookmark\">Mittelbadischer Schachkongress 2010<\/a> <span class=\"comments-number\">(0)<\/span><\/li><li><span class=\"day\">30:<\/span> <a href=\"https:\/\/www.schachbezirk-mittelbaden.de\/wp\/?p=3779\" rel=\"bookmark\">Schachfreunde Lichtental blicken hoffnungsvoll in die Zukunft<\/a> <span class=\"comments-number\">(0)<\/span><\/li><li><span class=\"day\">28:<\/span> <a href=\"https:\/\/www.schachbezirk-mittelbaden.de\/wp\/?p=3772\" rel=\"bookmark\">Badischer Schachverband feiert 100-j\u00c3\u00a4hriges Jubil\u00c3\u00a4um<\/a> <span class=\"comments-number\">(0)<\/span><\/li><li><span class=\"day\">18:<\/span> <a href=\"https:\/\/www.schachbezirk-mittelbaden.de\/wp\/?p=330\" rel=\"bookmark\">82. Badischer Schachkongress in Haslach<\/a> <span class=\"comments-number\">(1)<\/span><\/li><li><span class=\"day\">13:<\/span> <a href=\"https:\/\/www.schachbezirk-mittelbaden.de\/wp\/?p=3732\" rel=\"bookmark\">Simply the best: Viswanathan Anand<\/a> <span class=\"comments-number\">(0)<\/span><\/li><li class=\"day-duplicate\"><span class=\"day\">13:<\/span> <a href=\"https:\/\/www.schachbezirk-mittelbaden.de\/wp\/?p=3727\" rel=\"bookmark\">Schachbundesliga<\/a> <span class=\"comments-number\">(0)<\/span><\/li><li><span class=\"day\">12:<\/span> <a href=\"https:\/\/www.schachbezirk-mittelbaden.de\/wp\/?p=3716\" rel=\"bookmark\">Erstmals Landesmeistertitel nach Sasbach<\/a> <span class=\"comments-number\">(0)<\/span><\/li><li><span class=\"day\">08:<\/span> <a href=\"https:\/\/www.schachbezirk-mittelbaden.de\/wp\/?p=3706\" rel=\"bookmark\">Schachtraining mit Bundestrainern<\/a> <span class=\"comments-number\">(0)<\/span><\/li><li class=\"day-duplicate\"><span class=\"day\">08:<\/span> <a href=\"https:\/\/www.schachbezirk-mittelbaden.de\/wp\/?p=3692\" rel=\"bookmark\">Memories of Heidelberg&#8230;<\/a> <span class=\"comments-number\">(0)<\/span><\/li><li><span class=\"day\">01:<\/span> <a href=\"https:\/\/www.schachbezirk-mittelbaden.de\/wp\/?p=3680\" rel=\"bookmark\">Tag des Schach 2010<\/a> <span class=\"comments-number\">(0)<\/span><\/li><\/ul><h2 class=\"month-year\"><a href=\"https:\/\/www.schachbezirk-mittelbaden.de\/wp\/?m=201004\">April 2010<\/a><\/h2><ul><li><span class=\"day\">30:<\/span> <a href=\"https:\/\/www.schachbezirk-mittelbaden.de\/wp\/?p=3677\" rel=\"bookmark\">Bodenseecup<\/a> <span class=\"comments-number\">(0)<\/span><\/li><li class=\"day-duplicate\"><span class=\"day\">30:<\/span> <a href=\"https:\/\/www.schachbezirk-mittelbaden.de\/wp\/?p=3673\" rel=\"bookmark\">100 Jahre Badischer Schachverband: ein Kommentar<\/a> <span class=\"comments-number\">(2)<\/span><\/li><li><span class=\"day\">25:<\/span> <a href=\"https:\/\/www.schachbezirk-mittelbaden.de\/wp\/?p=3662\" rel=\"bookmark\">Verbandsrunde 2009\/10<\/a> <span class=\"comments-number\">(0)<\/span><\/li><li><span class=\"day\">24:<\/span> <a href=\"https:\/\/www.schachbezirk-mittelbaden.de\/wp\/?p=3657\" rel=\"bookmark\">Mannschaftssimultan OSG-Baden-Baden<\/a> <span class=\"comments-number\">(0)<\/span><\/li><li><span class=\"day\">21:<\/span> <a href=\"https:\/\/www.schachbezirk-mittelbaden.de\/wp\/?p=3648\" rel=\"bookmark\">Jugend-Quartalsturnier in Baden-Baden<\/a> <span class=\"comments-number\">(0)<\/span><\/li><li class=\"day-duplicate\"><span class=\"day\">21:<\/span> <a href=\"https:\/\/www.schachbezirk-mittelbaden.de\/wp\/?p=3646\" rel=\"bookmark\">Jugend-Quartalsturniere in Baden-Baden<\/a> <span class=\"comments-number\">(0)<\/span><\/li><li class=\"day-duplicate\"><span class=\"day\">21:<\/span> <a href=\"https:\/\/www.schachbezirk-mittelbaden.de\/wp\/?p=3632\" rel=\"bookmark\">Sasbach souver\u00c3\u00a4ner Bezirksmeister U12<\/a> <span class=\"comments-number\">(0)<\/span><\/li><li><span class=\"day\">19:<\/span> <a href=\"https:\/\/www.schachbezirk-mittelbaden.de\/wp\/?p=3620\" rel=\"bookmark\">Training Talentst\u00c3\u00bctzpunkt<\/a> <span class=\"comments-number\">(0)<\/span><\/li><li><span class=\"day\">13:<\/span> <a href=\"https:\/\/www.schachbezirk-mittelbaden.de\/wp\/?p=3607\" rel=\"bookmark\">OSG Baden-Baden feiert f\u00c3\u00bcnften Titel in Folge<\/a> <span class=\"comments-number\">(0)<\/span><\/li><li><span class=\"day\">11:<\/span> <a href=\"https:\/\/www.schachbezirk-mittelbaden.de\/wp\/?p=3598\" rel=\"bookmark\">U12 Mannschaftsmeisterschaft 2009\/10<\/a> <span class=\"comments-number\">(0)<\/span><\/li><li><span class=\"day\">10:<\/span> <a href=\"https:\/\/www.schachbezirk-mittelbaden.de\/wp\/?p=3571\" rel=\"bookmark\">U16 Mannschaftsmeisterschaft 2009\/10<\/a> <span class=\"comments-number\">(0)<\/span><\/li><li><span class=\"day\">08:<\/span> <a href=\"https:\/\/www.schachbezirk-mittelbaden.de\/wp\/?p=3550\" rel=\"bookmark\">Schachbundesliga: Die Entscheidung<\/a> <span class=\"comments-number\">(0)<\/span><\/li><li><span class=\"day\">05:<\/span> <a href=\"https:\/\/www.schachbezirk-mittelbaden.de\/wp\/?p=3541\" rel=\"bookmark\">&#8222;Kleinere Erweiterungen&#8220;<\/a> <span class=\"comments-number\">(0)<\/span><\/li><\/ul><h2 class=\"month-year\"><a href=\"https:\/\/www.schachbezirk-mittelbaden.de\/wp\/?m=201003\">M\u00e4rz 2010<\/a><\/h2><ul><li><span class=\"day\">26:<\/span> <a href=\"https:\/\/www.schachbezirk-mittelbaden.de\/wp\/?p=3523\" rel=\"bookmark\">Mittelbadische Schnellschachmeisterschaft 2010<\/a> <span class=\"comments-number\">(0)<\/span><\/li><li><span class=\"day\">23:<\/span> <a href=\"https:\/\/www.schachbezirk-mittelbaden.de\/wp\/?p=3471\" rel=\"bookmark\">Alle Jahre wieder: Hartmut Metz erneut mittelbadischer Einzelpokalsieger<\/a> <span class=\"comments-number\">(0)<\/span><\/li><li><span class=\"day\">22:<\/span> <a href=\"https:\/\/www.schachbezirk-mittelbaden.de\/wp\/?p=3482\" rel=\"bookmark\">U14 Mannschaftsmeisterschaft 2009\/10<\/a> <span class=\"comments-number\">(0)<\/span><\/li><li><span class=\"day\">18:<\/span> <a href=\"https:\/\/www.schachbezirk-mittelbaden.de\/wp\/?p=3460\" rel=\"bookmark\">Spannender Endspurt in der Schachbundesliga<\/a> <span class=\"comments-number\">(0)<\/span><\/li><li><span class=\"day\">16:<\/span> <a href=\"https:\/\/www.schachbezirk-mittelbaden.de\/wp\/?p=3456\" rel=\"bookmark\">BTL-Info: Rundschreiben Nr. 2 &#8211; 2009\/10<\/a> <span class=\"comments-number\">(0)<\/span><\/li><li><span class=\"day\">15:<\/span> <a href=\"https:\/\/www.schachbezirk-mittelbaden.de\/wp\/?p=3439\" rel=\"bookmark\">U20 Mannschaftsmeisterschaft 2009\/10<\/a> <span class=\"comments-number\">(0)<\/span><\/li><li><span class=\"day\">13:<\/span> <a href=\"https:\/\/www.schachbezirk-mittelbaden.de\/wp\/?p=3430\" rel=\"bookmark\">Kuppenheim holt Bezirksmannschaftspokal zum dritten Mal in Folge<\/a> <span class=\"comments-number\">(0)<\/span><\/li><li><span class=\"day\">12:<\/span> <a href=\"https:\/\/www.schachbezirk-mittelbaden.de\/wp\/?p=3428\" rel=\"bookmark\">Tagung des Bezirksvorstandes in Iffezheim<\/a> <span class=\"comments-number\">(0)<\/span><\/li><li><span class=\"day\">10:<\/span> <a href=\"https:\/\/www.schachbezirk-mittelbaden.de\/wp\/?p=3422\" rel=\"bookmark\">Terminplanung zum Saisonende der Jugendmannschafts-Meisterschaften<\/a> <span class=\"comments-number\">(0)<\/span><\/li><li class=\"day-duplicate\"><span class=\"day\">10:<\/span> <a href=\"https:\/\/www.schachbezirk-mittelbaden.de\/wp\/?p=3420\" rel=\"bookmark\">Mittelbadische Blitzeinzel- und Mannschafts-Meisterschaft 2010<\/a> <span class=\"comments-number\">(0)<\/span><\/li><li><span class=\"day\">09:<\/span> <a href=\"https:\/\/www.schachbezirk-mittelbaden.de\/wp\/?p=3401\" rel=\"bookmark\">Verbandsrunde 2009\/10<\/a> <span class=\"comments-number\">(0)<\/span><\/li><li><span class=\"day\">07:<\/span> <a href=\"https:\/\/www.schachbezirk-mittelbaden.de\/wp\/?p=3407\" rel=\"bookmark\">Schachbundesliga Baden-Baden vs. Werder Bremen<\/a> <span class=\"comments-number\">(0)<\/span><\/li><li class=\"day-duplicate\"><span class=\"day\">07:<\/span> <a href=\"https:\/\/www.schachbezirk-mittelbaden.de\/wp\/?p=3405\" rel=\"bookmark\">Deutsche Mannschaftspokal-Meisterschaft<\/a> <span class=\"comments-number\">(0)<\/span><\/li><li><span class=\"day\">01:<\/span> <a href=\"https:\/\/www.schachbezirk-mittelbaden.de\/wp\/?p=3399\" rel=\"bookmark\">Deutschland-Cup 2010<\/a> <span class=\"comments-number\">(0)<\/span><\/li><\/ul><h2 class=\"month-year\"><a href=\"https:\/\/www.schachbezirk-mittelbaden.de\/wp\/?m=201002\">Februar 2010<\/a><\/h2><ul><li><span class=\"day\">26:<\/span> <a href=\"https:\/\/www.schachbezirk-mittelbaden.de\/wp\/?p=3396\" rel=\"bookmark\">Finale und kleines Finale im Einzelpokal<\/a> <span class=\"comments-number\">(0)<\/span><\/li><li><span class=\"day\">25:<\/span> <a href=\"https:\/\/www.schachbezirk-mittelbaden.de\/wp\/?p=3372\" rel=\"bookmark\">Bundesligaspecial in der LA8 am Samstag<\/a> <span class=\"comments-number\">(0)<\/span><\/li><li><span class=\"day\">23:<\/span> <a href=\"https:\/\/www.schachbezirk-mittelbaden.de\/wp\/?p=3358\" rel=\"bookmark\">Badischer Schachverband feiert 100-j\u00c3\u00a4hriges Jubil\u00c3\u00a4um<\/a> <span class=\"comments-number\">(0)<\/span><\/li><li><span class=\"day\">21:<\/span> <a href=\"https:\/\/www.schachbezirk-mittelbaden.de\/wp\/?p=3337\" rel=\"bookmark\">Frank Pluschke mit Titelhattrick um den Achertalpokal<\/a> <span class=\"comments-number\">(0)<\/span><\/li><li><span class=\"day\">16:<\/span> <a href=\"https:\/\/www.schachbezirk-mittelbaden.de\/wp\/?p=3321\" rel=\"bookmark\">3-Tage-Turnier in Baden-Baden<\/a> <span class=\"comments-number\">(0)<\/span><\/li><li><span class=\"day\">15:<\/span> <a href=\"https:\/\/www.schachbezirk-mittelbaden.de\/wp\/?p=3315\" rel=\"bookmark\">SJB-M\u00c3\u00a4dchenseminar in Pforzheim<\/a> <span class=\"comments-number\">(0)<\/span><\/li><li><span class=\"day\">14:<\/span> <a href=\"https:\/\/www.schachbezirk-mittelbaden.de\/wp\/?p=3311\" rel=\"bookmark\">M\u00c3\u00b6gliche Stichk\u00c3\u00a4mpfe der Verbandsrunde 2010\/11<\/a> <span class=\"comments-number\">(0)<\/span><\/li><li class=\"day-duplicate\"><span class=\"day\">14:<\/span> <a href=\"https:\/\/www.schachbezirk-mittelbaden.de\/wp\/?p=3309\" rel=\"bookmark\">Verbandsspiele Miba\/BSV 2010\/11<\/a> <span class=\"comments-number\">(0)<\/span><\/li><li class=\"day-duplicate\"><span class=\"day\">14:<\/span> <a href=\"https:\/\/www.schachbezirk-mittelbaden.de\/wp\/?p=3307\" rel=\"bookmark\">Badische Blitz Mannschafts-Meisterschaft 2010\/11<\/a> <span class=\"comments-number\">(0)<\/span><\/li><li class=\"day-duplicate\"><span class=\"day\">14:<\/span> <a href=\"https:\/\/www.schachbezirk-mittelbaden.de\/wp\/?p=3305\" rel=\"bookmark\">Badische Blitz-Einzelmeisterschaft 2010\/11<\/a> <span class=\"comments-number\">(0)<\/span><\/li><li class=\"day-duplicate\"><span class=\"day\">14:<\/span> <a href=\"https:\/\/www.schachbezirk-mittelbaden.de\/wp\/?p=3302\" rel=\"bookmark\">Badische Schnellschach-Einzelmeisterschaft 2010\/11<\/a> <span class=\"comments-number\">(0)<\/span><\/li><li class=\"day-duplicate\"><span class=\"day\">14:<\/span> <a href=\"https:\/\/www.schachbezirk-mittelbaden.de\/wp\/?p=3297\" rel=\"bookmark\">Beschl\u00c3\u00bcsse des Landesspielausschusses am 13.02.2010<\/a> <span class=\"comments-number\">(1)<\/span><\/li><li><span class=\"day\">13:<\/span> <a href=\"https:\/\/www.schachbezirk-mittelbaden.de\/wp\/?p=3289\" rel=\"bookmark\">Halbfinale Mannschaftspokal 2009\/10<\/a> <span class=\"comments-number\">(0)<\/span><\/li><li><span class=\"day\">10:<\/span> <a href=\"https:\/\/www.schachbezirk-mittelbaden.de\/wp\/?p=3280\" rel=\"bookmark\">3. Offener Badischer Jugendkongress<\/a> <span class=\"comments-number\">(0)<\/span><\/li><li><span class=\"day\">08:<\/span> <a href=\"https:\/\/www.schachbezirk-mittelbaden.de\/wp\/?p=3273\" rel=\"bookmark\">Badisches Tagblatt \u00e2\u20ac\u201c Wahl zur Mannschaft des Jahres 2009<\/a> <span class=\"comments-number\">(0)<\/span><\/li><li class=\"day-duplicate\"><span class=\"day\">08:<\/span> <a href=\"https:\/\/www.schachbezirk-mittelbaden.de\/wp\/?p=3269\" rel=\"bookmark\">Simultan mit Ketino Kachiani-Gersinska<\/a> <span class=\"comments-number\">(0)<\/span><\/li><li class=\"day-duplicate\"><span class=\"day\">08:<\/span> <a href=\"https:\/\/www.schachbezirk-mittelbaden.de\/wp\/?p=3257\" rel=\"bookmark\">Simultan gegen Muggensturmer Gro\u00c3\u0178meisterin<\/a> <span class=\"comments-number\">(0)<\/span><\/li><li><span class=\"day\">07:<\/span> <a href=\"https:\/\/www.schachbezirk-mittelbaden.de\/wp\/?p=3246\" rel=\"bookmark\">Seminarreihe Schachzentrum Baden-Baden<\/a> <span class=\"comments-number\">(0)<\/span><\/li><li class=\"day-duplicate\"><span class=\"day\">07:<\/span> <a href=\"https:\/\/www.schachbezirk-mittelbaden.de\/wp\/?p=3241\" rel=\"bookmark\">Schachzentrum Baden-Baden startet mit Seminarreihe<\/a> <span class=\"comments-number\">(0)<\/span><\/li><li class=\"day-duplicate\"><span class=\"day\">07:<\/span> <a href=\"https:\/\/www.schachbezirk-mittelbaden.de\/wp\/?p=3232\" rel=\"bookmark\">Mittelbadische Senioren-Mannschafts-Meisterschaft 2010<\/a> <span class=\"comments-number\">(0)<\/span><\/li><li class=\"day-duplicate\"><span class=\"day\">07:<\/span> <a href=\"https:\/\/www.schachbezirk-mittelbaden.de\/wp\/?p=3230\" rel=\"bookmark\">BSV Verbandsrunde Stichk\u00c3\u00a4mpfe<\/a> <span class=\"comments-number\">(0)<\/span><\/li><li class=\"day-duplicate\"><span class=\"day\">07:<\/span> <a href=\"https:\/\/www.schachbezirk-mittelbaden.de\/wp\/?p=3226\" rel=\"bookmark\">Badischer Mannschaftspokal 2010<\/a> <span class=\"comments-number\">(0)<\/span><\/li><li class=\"day-duplicate\"><span class=\"day\">07:<\/span> <a href=\"https:\/\/www.schachbezirk-mittelbaden.de\/wp\/?p=3224\" rel=\"bookmark\">Offene badische Schnellschachmeisterschaft<\/a> <span class=\"comments-number\">(0)<\/span><\/li><li><span class=\"day\">06:<\/span> <a href=\"https:\/\/www.schachbezirk-mittelbaden.de\/wp\/?p=3222\" rel=\"bookmark\">Badische Blitz-Mannschafts-Meisterschaft 2010<\/a> <span class=\"comments-number\">(0)<\/span><\/li><li class=\"day-duplicate\"><span class=\"day\">06:<\/span> <a href=\"https:\/\/www.schachbezirk-mittelbaden.de\/wp\/?p=3215\" rel=\"bookmark\">Schach-Nationalteams in Baden-Baden<\/a> <span class=\"comments-number\">(0)<\/span><\/li><li><span class=\"day\">05:<\/span> <a href=\"https:\/\/www.schachbezirk-mittelbaden.de\/wp\/?p=3199\" rel=\"bookmark\">Bundesliga: Start ins neue Jahr<\/a> <span class=\"comments-number\">(0)<\/span><\/li><\/ul><h2 class=\"month-year\"><a href=\"https:\/\/www.schachbezirk-mittelbaden.de\/wp\/?m=201001\">Januar 2010<\/a><\/h2><ul><li><span class=\"day\">30:<\/span> <a href=\"https:\/\/www.schachbezirk-mittelbaden.de\/wp\/?p=392\" rel=\"bookmark\">Sommer-Open in Baden-Baden<\/a> <span class=\"comments-number\">(0)<\/span><\/li><li class=\"day-duplicate\"><span class=\"day\">30:<\/span> <a href=\"https:\/\/www.schachbezirk-mittelbaden.de\/wp\/?p=390\" rel=\"bookmark\">Sommer-Open in Baden-Baden<\/a> <span class=\"comments-number\">(0)<\/span><\/li><li><span class=\"day\">29:<\/span> <a href=\"https:\/\/www.schachbezirk-mittelbaden.de\/wp\/?p=385\" rel=\"bookmark\">3-Tage-Turnier \u00c3\u00bcber Fasching<\/a> <span class=\"comments-number\">(0)<\/span><\/li><li class=\"day-duplicate\"><span class=\"day\">29:<\/span> <a href=\"https:\/\/www.schachbezirk-mittelbaden.de\/wp\/?p=381\" rel=\"bookmark\">3-Tage-Turnier \u00c3\u00bcber Fasching<\/a> <span class=\"comments-number\">(0)<\/span><\/li><li><span class=\"day\">23:<\/span> <a href=\"https:\/\/www.schachbezirk-mittelbaden.de\/wp\/?p=379\" rel=\"bookmark\">Einzelpokal-Halbfinale 2009\/10<\/a> <span class=\"comments-number\">(0)<\/span><\/li><li class=\"day-duplicate\"><span class=\"day\">23:<\/span> <a href=\"https:\/\/www.schachbezirk-mittelbaden.de\/wp\/?p=377\" rel=\"bookmark\">Halbfinale Mannschaftspokal 2009\/10<\/a> <span class=\"comments-number\">(0)<\/span><\/li><li><span class=\"day\">18:<\/span> <a href=\"https:\/\/www.schachbezirk-mittelbaden.de\/wp\/?p=344\" rel=\"bookmark\">BSV-Mitgliederstatistik zum 1.1.2010<\/a> <span class=\"comments-number\">(0)<\/span><\/li><li><span class=\"day\">16:<\/span> <a href=\"https:\/\/www.schachbezirk-mittelbaden.de\/wp\/?p=335\" rel=\"bookmark\">3. Runde Mannschaftspokal<\/a> <span class=\"comments-number\">(0)<\/span><\/li><li><span class=\"day\">08:<\/span> <a href=\"https:\/\/www.schachbezirk-mittelbaden.de\/wp\/?p=316\" rel=\"bookmark\">16. Achertalpokal &#8211; Turnier 2010<\/a> <span class=\"comments-number\">(0)<\/span><\/li><li><span class=\"day\">06:<\/span> <a href=\"https:\/\/www.schachbezirk-mittelbaden.de\/wp\/?p=314\" rel=\"bookmark\">16. Achertalpokal-Turnier 2010<\/a> <span class=\"comments-number\">(0)<\/span><\/li><li><span class=\"day\">04:<\/span> <a href=\"https:\/\/www.schachbezirk-mittelbaden.de\/wp\/?p=310\" rel=\"bookmark\">Deutsche Meisterschaft im Schnellschach<\/a> <span class=\"comments-number\">(0)<\/span><\/li><\/ul><h2 class=\"month-year\"><a href=\"https:\/\/www.schachbezirk-mittelbaden.de\/wp\/?m=200912\">Dezember 2009<\/a><\/h2><ul><li><span class=\"day\">30:<\/span> <a href=\"https:\/\/www.schachbezirk-mittelbaden.de\/wp\/?p=280\" rel=\"bookmark\">&#8222;Ein kleiner Anfang in die richtige Richtung&#8220;<\/a> <span class=\"comments-number\">(0)<\/span><\/li><li><span class=\"day\">27:<\/span> <a href=\"https:\/\/www.schachbezirk-mittelbaden.de\/wp\/?p=249\" rel=\"bookmark\">Hinweise zu Jugendmannschafts-meisterschaften<\/a> <span class=\"comments-number\">(0)<\/span><\/li><li><span class=\"day\">26:<\/span> <a href=\"https:\/\/www.schachbezirk-mittelbaden.de\/wp\/?p=237\" rel=\"bookmark\">U12-Mannschaftsmeisterschaft<\/a> <span class=\"comments-number\">(0)<\/span><\/li><li><span class=\"day\">24:<\/span> <a href=\"https:\/\/www.schachbezirk-mittelbaden.de\/wp\/?p=176\" rel=\"bookmark\">MiBase im neuen &#8218;Look and Feel&#8216;<\/a> <span class=\"comments-number\">(1)<\/span><\/li><li><span class=\"day\">23:<\/span> <a href=\"https:\/\/www.schachbezirk-mittelbaden.de\/wp\/?p=167\" rel=\"bookmark\">Festveranstaltung des Badischen Schachverbandes<\/a> <span class=\"comments-number\">(0)<\/span><\/li><li class=\"day-duplicate\"><span class=\"day\">23:<\/span> <a href=\"https:\/\/www.schachbezirk-mittelbaden.de\/wp\/?p=165\" rel=\"bookmark\">100 Simultanbegegnungen zum BSV-Jubil\u00c3\u00a4um<\/a> <span class=\"comments-number\">(0)<\/span><\/li><li class=\"day-duplicate\"><span class=\"day\">23:<\/span> <a href=\"https:\/\/www.schachbezirk-mittelbaden.de\/wp\/?p=163\" rel=\"bookmark\">BSV-Verbandstag 2010 in Bruchsal<\/a> <span class=\"comments-number\">(0)<\/span><\/li><li class=\"day-duplicate\"><span class=\"day\">23:<\/span> <a href=\"https:\/\/www.schachbezirk-mittelbaden.de\/wp\/?p=161\" rel=\"bookmark\">82. Badischer Schachkongress in Haslach<\/a> <span class=\"comments-number\">(0)<\/span><\/li><li class=\"day-duplicate\"><span class=\"day\">23:<\/span> <a href=\"https:\/\/www.schachbezirk-mittelbaden.de\/wp\/?p=158\" rel=\"bookmark\">Schach-Weltmeisterschaft 2010<\/a> <span class=\"comments-number\">(1)<\/span><\/li><li class=\"day-duplicate\"><span class=\"day\">23:<\/span> <a href=\"https:\/\/www.schachbezirk-mittelbaden.de\/wp\/?p=156\" rel=\"bookmark\">9. Spieltag Oberliga Baden<\/a> <span class=\"comments-number\">(0)<\/span><\/li><li class=\"day-duplicate\"><span class=\"day\">23:<\/span> <a href=\"https:\/\/www.schachbezirk-mittelbaden.de\/wp\/?p=154\" rel=\"bookmark\">9. Spieltag 2. Bundesliga S\u00c3\u00bcd<\/a> <span class=\"comments-number\">(0)<\/span><\/li><li class=\"day-duplicate\"><span class=\"day\">23:<\/span> <a href=\"https:\/\/www.schachbezirk-mittelbaden.de\/wp\/?p=152\" rel=\"bookmark\">14. + 15. Runde Schachbundesliga<\/a> <span class=\"comments-number\">(0)<\/span><\/li><li class=\"day-duplicate\"><span class=\"day\">23:<\/span> <a href=\"https:\/\/www.schachbezirk-mittelbaden.de\/wp\/?p=150\" rel=\"bookmark\">10.+ 11. Runde Schach-Bundesliga der Frauen<\/a> <span class=\"comments-number\">(0)<\/span><\/li><li class=\"day-duplicate\"><span class=\"day\">23:<\/span> <a href=\"https:\/\/www.schachbezirk-mittelbaden.de\/wp\/?p=148\" rel=\"bookmark\">8. Spieltag 2. Bundeliga S\u00c3\u00bcd<\/a> <span class=\"comments-number\">(0)<\/span><\/li><li class=\"day-duplicate\"><span class=\"day\">23:<\/span> <a href=\"https:\/\/www.schachbezirk-mittelbaden.de\/wp\/?p=146\" rel=\"bookmark\">12. + 13. Runde Schachbundesliga<\/a> <span class=\"comments-number\">(0)<\/span><\/li><li class=\"day-duplicate\"><span class=\"day\">23:<\/span> <a href=\"https:\/\/www.schachbezirk-mittelbaden.de\/wp\/?p=144\" rel=\"bookmark\">Finale Einzelpokal<\/a> <span class=\"comments-number\">(0)<\/span><\/li><li class=\"day-duplicate\"><span class=\"day\">23:<\/span> <a href=\"https:\/\/www.schachbezirk-mittelbaden.de\/wp\/?p=142\" rel=\"bookmark\">Fristablauf f\u00c3\u00bcr Antr\u00c3\u00a4ge an den Verbandstag<\/a> <span class=\"comments-number\">(0)<\/span><\/li><li class=\"day-duplicate\"><span class=\"day\">23:<\/span> <a href=\"https:\/\/www.schachbezirk-mittelbaden.de\/wp\/?p=140\" rel=\"bookmark\">8.+ 9. Runde Schach-Bundesliga der Frauen<\/a> <span class=\"comments-number\">(0)<\/span><\/li><li class=\"day-duplicate\"><span class=\"day\">23:<\/span> <a href=\"https:\/\/www.schachbezirk-mittelbaden.de\/wp\/?p=138\" rel=\"bookmark\">Finale Mannschaftspokal<\/a> <span class=\"comments-number\">(0)<\/span><\/li><li class=\"day-duplicate\"><span class=\"day\">23:<\/span> <a href=\"https:\/\/www.schachbezirk-mittelbaden.de\/wp\/?p=136\" rel=\"bookmark\">81. Deutsche Schachmeisterschaft in Bad Liebenzell<\/a> <span class=\"comments-number\">(0)<\/span><\/li><li class=\"day-duplicate\"><span class=\"day\">23:<\/span> <a href=\"https:\/\/www.schachbezirk-mittelbaden.de\/wp\/?p=134\" rel=\"bookmark\">7. Spieltag Oberliga Baden<\/a> <span class=\"comments-number\">(0)<\/span><\/li><li class=\"day-duplicate\"><span class=\"day\">23:<\/span> <a href=\"https:\/\/www.schachbezirk-mittelbaden.de\/wp\/?p=132\" rel=\"bookmark\">7. Spieltag 2. Bundesliga S\u00c3\u00bcd<\/a> <span class=\"comments-number\">(0)<\/span><\/li><li class=\"day-duplicate\"><span class=\"day\">23:<\/span> <a href=\"https:\/\/www.schachbezirk-mittelbaden.de\/wp\/?p=130\" rel=\"bookmark\">11. + 12. Runde Schachbundesliga<\/a> <span class=\"comments-number\">(0)<\/span><\/li><li class=\"day-duplicate\"><span class=\"day\">23:<\/span> <a href=\"https:\/\/www.schachbezirk-mittelbaden.de\/wp\/?p=128\" rel=\"bookmark\">U14 &#8211; Mannschaftsmeisterschaften<\/a> <span class=\"comments-number\">(0)<\/span><\/li><li class=\"day-duplicate\"><span class=\"day\">23:<\/span> <a href=\"https:\/\/www.schachbezirk-mittelbaden.de\/wp\/?p=126\" rel=\"bookmark\">6.+ 7. Runde Schach-Bundesliga der Frauen<\/a> <span class=\"comments-number\">(0)<\/span><\/li><li class=\"day-duplicate\"><span class=\"day\">23:<\/span> <a href=\"https:\/\/www.schachbezirk-mittelbaden.de\/wp\/?p=79\" rel=\"bookmark\">Halbfinale Einzelpokal<\/a> <span class=\"comments-number\">(0)<\/span><\/li><li class=\"day-duplicate\"><span class=\"day\">23:<\/span> <a href=\"https:\/\/www.schachbezirk-mittelbaden.de\/wp\/?p=77\" rel=\"bookmark\">Halbfinale Mannschaftspokal<\/a> <span class=\"comments-number\">(0)<\/span><\/li><li class=\"day-duplicate\"><span class=\"day\">23:<\/span> <a href=\"https:\/\/www.schachbezirk-mittelbaden.de\/wp\/?p=75\" rel=\"bookmark\">6. Spieltag Oberliga Baden<\/a> <span class=\"comments-number\">(0)<\/span><\/li><li class=\"day-duplicate\"><span class=\"day\">23:<\/span> <a href=\"https:\/\/www.schachbezirk-mittelbaden.de\/wp\/?p=73\" rel=\"bookmark\">6. Spieltag 2. Bundesliga S\u00c3\u00bcd<\/a> <span class=\"comments-number\">(0)<\/span><\/li><li class=\"day-duplicate\"><span class=\"day\">23:<\/span> <a href=\"https:\/\/www.schachbezirk-mittelbaden.de\/wp\/?p=71\" rel=\"bookmark\">8. + 9.\/7. Runde Schachbundesliga<\/a> <span class=\"comments-number\">(0)<\/span><\/li><li class=\"day-duplicate\"><span class=\"day\">23:<\/span> <a href=\"https:\/\/www.schachbezirk-mittelbaden.de\/wp\/?p=69\" rel=\"bookmark\">5. Spieltag Oberliga Baden<\/a> <span class=\"comments-number\">(0)<\/span><\/li><li class=\"day-duplicate\"><span class=\"day\">23:<\/span> <a href=\"https:\/\/www.schachbezirk-mittelbaden.de\/wp\/?p=67\" rel=\"bookmark\">5. Spieltag 2. Bundesliga S\u00c3\u00bcd<\/a> <span class=\"comments-number\">(0)<\/span><\/li><li class=\"day-duplicate\"><span class=\"day\">23:<\/span> <a href=\"https:\/\/www.schachbezirk-mittelbaden.de\/wp\/?p=65\" rel=\"bookmark\">U20 Mannschafts-Meisterschaft<\/a> <span class=\"comments-number\">(0)<\/span><\/li><li class=\"day-duplicate\"><span class=\"day\">23:<\/span> <a href=\"https:\/\/www.schachbezirk-mittelbaden.de\/wp\/?p=63\" rel=\"bookmark\">3. Runde Einzelpokal<\/a> <span class=\"comments-number\">(0)<\/span><\/li><li class=\"day-duplicate\"><span class=\"day\">23:<\/span> <a href=\"https:\/\/www.schachbezirk-mittelbaden.de\/wp\/?p=61\" rel=\"bookmark\">5. Runde Schach-Bundesliga der Frauen<\/a> <span class=\"comments-number\">(0)<\/span><\/li><li class=\"day-duplicate\"><span class=\"day\">23:<\/span> <a href=\"https:\/\/www.schachbezirk-mittelbaden.de\/wp\/?p=59\" rel=\"bookmark\">Senioren-Verbandsrunde<\/a> <span class=\"comments-number\">(0)<\/span><\/li><li class=\"day-duplicate\"><span class=\"day\">23:<\/span> <a href=\"https:\/\/www.schachbezirk-mittelbaden.de\/wp\/?p=57\" rel=\"bookmark\">U16 &#8211; Mannschafts-Meisterschaft<\/a> <span class=\"comments-number\">(0)<\/span><\/li><li class=\"day-duplicate\"><span class=\"day\">23:<\/span> <a href=\"https:\/\/www.schachbezirk-mittelbaden.de\/wp\/?p=55\" rel=\"bookmark\">3. Runde Mannschaftspokal<\/a> <span class=\"comments-number\">(0)<\/span><\/li><li class=\"day-duplicate\"><span class=\"day\">23:<\/span> <a href=\"https:\/\/www.schachbezirk-mittelbaden.de\/wp\/?p=53\" rel=\"bookmark\">Jugendquartalsturnier im Schachzentrum Baden-Baden<\/a> <span class=\"comments-number\">(0)<\/span><\/li><li class=\"day-duplicate\"><span class=\"day\">23:<\/span> <a href=\"https:\/\/www.schachbezirk-mittelbaden.de\/wp\/?p=51\" rel=\"bookmark\">Verbandsspiele BSV\/Miba 2009\/10<\/a> <span class=\"comments-number\">(0)<\/span><\/li><li class=\"day-duplicate\"><span class=\"day\">23:<\/span> <a href=\"https:\/\/www.schachbezirk-mittelbaden.de\/wp\/?p=49\" rel=\"bookmark\">Badische Jugend-Einzelmeisterschaft 2010<\/a> <span class=\"comments-number\">(0)<\/span><\/li><li><span class=\"day\">21:<\/span> <a href=\"https:\/\/www.schachbezirk-mittelbaden.de\/wp\/?p=2734\" rel=\"bookmark\">Meko: Dresdner Prachtband mit Tiefgang!<\/a> <span class=\"comments-number\">(0)<\/span><\/li><li><span class=\"day\">17:<\/span> <a href=\"https:\/\/www.schachbezirk-mittelbaden.de\/wp\/?p=10\" rel=\"bookmark\">Auslosung 3. Runde Mannschaftspokal<\/a> <span class=\"comments-number\">(0)<\/span><\/li><li><span class=\"day\">13:<\/span> <a href=\"https:\/\/www.schachbezirk-mittelbaden.de\/wp\/?p=93\" rel=\"bookmark\">Verbandsrunde 2009\/10<\/a> <span class=\"comments-number\">(0)<\/span><\/li><li><span class=\"day\">10:<\/span> <a href=\"https:\/\/www.schachbezirk-mittelbaden.de\/wp\/?p=97\" rel=\"bookmark\">Bundesliga: Vor der Winterpause<\/a> <span class=\"comments-number\">(0)<\/span><\/li><li><span class=\"day\">05:<\/span> <a href=\"https:\/\/www.schachbezirk-mittelbaden.de\/wp\/?p=2726\" rel=\"bookmark\">Mannschaftspokal 2. Runde 2009\/10<\/a> <span class=\"comments-number\">(0)<\/span><\/li><li><span class=\"day\">02:<\/span> <a href=\"https:\/\/www.schachbezirk-mittelbaden.de\/wp\/?p=103\" rel=\"bookmark\">82. Badischer Schachkongress (Ausschreibung)<\/a> <span class=\"comments-number\">(0)<\/span><\/li><\/ul><h2 class=\"month-year\"><a href=\"https:\/\/www.schachbezirk-mittelbaden.de\/wp\/?m=200911\">November 2009<\/a><\/h2><ul><li><span class=\"day\">30:<\/span> <a href=\"https:\/\/www.schachbezirk-mittelbaden.de\/wp\/?p=2724\" rel=\"bookmark\">Abstimmungsergebnis &#252;ber &#196;nderungsantrag zur BSV-Turnierordnung<\/a> <span class=\"comments-number\">(0)<\/span><\/li><li class=\"day-duplicate\"><span class=\"day\">30:<\/span> <a href=\"https:\/\/www.schachbezirk-mittelbaden.de\/wp\/?p=2723\" rel=\"bookmark\">3. Runde des Mittelbadischen Einzelpokals<\/a> <span class=\"comments-number\">(0)<\/span><\/li><li><span class=\"day\">23:<\/span> <a href=\"https:\/\/www.schachbezirk-mittelbaden.de\/wp\/?p=2722\" rel=\"bookmark\">Schachtreffen in Baden-Baden<\/a> <span class=\"comments-number\">(0)<\/span><\/li><li><span class=\"day\">12:<\/span> <a href=\"https:\/\/www.schachbezirk-mittelbaden.de\/wp\/?p=2598\" rel=\"bookmark\">Schachbundesliga in stilvollem Ambiente<\/a> <span class=\"comments-number\">(0)<\/span><\/li><li><span class=\"day\">08:<\/span> <a href=\"https:\/\/www.schachbezirk-mittelbaden.de\/wp\/?p=2589\" rel=\"bookmark\">Mannschaftspokal 1. Runde<\/a> <span class=\"comments-number\">(0)<\/span><\/li><li><span class=\"day\">07:<\/span> <a href=\"https:\/\/www.schachbezirk-mittelbaden.de\/wp\/?p=2573\" rel=\"bookmark\">Anmeldungen U14 U16 U20<\/a> <span class=\"comments-number\">(0)<\/span><\/li><li><span class=\"day\">04:<\/span> <a href=\"https:\/\/www.schachbezirk-mittelbaden.de\/wp\/?p=2549\" rel=\"bookmark\">OSG-Jugendquartalsturnier im Schachzentrum Baden-Baden<\/a> <\/li><li><span class=\"day\">01:<\/span> <a href=\"https:\/\/www.schachbezirk-mittelbaden.de\/wp\/?p=2506\" rel=\"bookmark\">Jugendeinzelmeisterschaften 2009<\/a> <span class=\"comments-number\">(0)<\/span><\/li><\/ul><h2 class=\"month-year\"><a href=\"https:\/\/www.schachbezirk-mittelbaden.de\/wp\/?m=200910\">Oktober 2009<\/a><\/h2><ul><li><span class=\"day\">31:<\/span> <a href=\"https:\/\/www.schachbezirk-mittelbaden.de\/wp\/?p=203\" rel=\"bookmark\">Chronik-Update: Rudi M\u00c3\u00bcller Meister von Mittelbaden<\/a> <span class=\"comments-number\">(0)<\/span><\/li><li><span class=\"day\">18:<\/span> <a href=\"https:\/\/www.schachbezirk-mittelbaden.de\/wp\/?p=2449\" rel=\"bookmark\">Bundesliga: Spannende K&#228;mpfe und ein &#252;berraschender Tabellenf&#252;hrer<\/a> <span class=\"comments-number\">(0)<\/span><\/li><li class=\"day-duplicate\"><span class=\"day\">18:<\/span> <a href=\"https:\/\/www.schachbezirk-mittelbaden.de\/wp\/?p=2435\" rel=\"bookmark\">Jugendeinzelmeisterschaften 2009<\/a> <span class=\"comments-number\">(0)<\/span><\/li><li><span class=\"day\">15:<\/span> <a href=\"https:\/\/www.schachbezirk-mittelbaden.de\/wp\/?p=2430\" rel=\"bookmark\">Jugendverbandsrunde 2009\/10<\/a> <span class=\"comments-number\">(1)<\/span><\/li><li class=\"day-duplicate\"><span class=\"day\">15:<\/span> <a href=\"https:\/\/www.schachbezirk-mittelbaden.de\/wp\/?p=2426\" rel=\"bookmark\">Bundesliga: Start der Saison 2009\/2010<\/a> <span class=\"comments-number\">(0)<\/span><\/li><li><span class=\"day\">13:<\/span> <a href=\"https:\/\/www.schachbezirk-mittelbaden.de\/wp\/?p=2416\" rel=\"bookmark\">Seniorenverbandsrunde 2009\/10<\/a> <span class=\"comments-number\">(0)<\/span><\/li><li><span class=\"day\">11:<\/span> <a href=\"https:\/\/www.schachbezirk-mittelbaden.de\/wp\/?p=2412\" rel=\"bookmark\">Memo: Mittelbadische Jugendeinzelmeisterschaften<\/a> <span class=\"comments-number\">(0)<\/span><\/li><li><span class=\"day\">07:<\/span> <a href=\"https:\/\/www.schachbezirk-mittelbaden.de\/wp\/?p=2402\" rel=\"bookmark\">Auslosung 1. Runde Mannschaftspokal 2009\/10<\/a> <span class=\"comments-number\">(0)<\/span><\/li><li><span class=\"day\">06:<\/span> <a href=\"https:\/\/www.schachbezirk-mittelbaden.de\/wp\/?p=2398\" rel=\"bookmark\">Checkliste zur Schach-Saison 2009\/2010<\/a> <span class=\"comments-number\">(0)<\/span><\/li><li class=\"day-duplicate\"><span class=\"day\">06:<\/span> <a href=\"https:\/\/www.schachbezirk-mittelbaden.de\/wp\/?p=2393\" rel=\"bookmark\">Iffezheimer J&#246;rg Eiler neuer Blitzschach-Titeltr&#228;ger!<\/a> <span class=\"comments-number\">(0)<\/span><\/li><li class=\"day-duplicate\"><span class=\"day\">06:<\/span> <a href=\"https:\/\/www.schachbezirk-mittelbaden.de\/wp\/?p=2390\" rel=\"bookmark\">Einzelpokal 1. Runde &#8211; Auslosung 2. Runde<\/a> <span class=\"comments-number\">(0)<\/span><\/li><li><span class=\"day\">05:<\/span> <a href=\"https:\/\/www.schachbezirk-mittelbaden.de\/wp\/?p=2387\" rel=\"bookmark\">SF H&#246;rden trumpft gro&#223; auf und siegt!<\/a> <span class=\"comments-number\">(0)<\/span><\/li><li><span class=\"day\">04:<\/span> <a href=\"https:\/\/www.schachbezirk-mittelbaden.de\/wp\/?p=2379\" rel=\"bookmark\">Jugendeinzel-Meisterschaft 2009<\/a> <span class=\"comments-number\">(0)<\/span><\/li><\/ul><h2 class=\"month-year\"><a href=\"https:\/\/www.schachbezirk-mittelbaden.de\/wp\/?m=200909\">September 2009<\/a><\/h2><ul><li><span class=\"day\">30:<\/span> <a href=\"https:\/\/www.schachbezirk-mittelbaden.de\/wp\/?p=2376\" rel=\"bookmark\">Freundschaftstreffen im Schachzentrum mit Carlovy Vary<\/a> <span class=\"comments-number\">(0)<\/span><\/li><li><span class=\"day\">29:<\/span> <a href=\"https:\/\/www.schachbezirk-mittelbaden.de\/wp\/?p=2362\" rel=\"bookmark\">SF Sasbach mit neuer Homepage<\/a> <span class=\"comments-number\">(0)<\/span><\/li><li><span class=\"day\">27:<\/span> <a href=\"https:\/\/www.schachbezirk-mittelbaden.de\/wp\/?p=2356\" rel=\"bookmark\">Senioren-Jungsenioren- Schnellschachpokal 2009\/2010<\/a> <span class=\"comments-number\">(0)<\/span><\/li><li class=\"day-duplicate\"><span class=\"day\">27:<\/span> <a href=\"https:\/\/www.schachbezirk-mittelbaden.de\/wp\/?p=2352\" rel=\"bookmark\">Termine f&#252;r Pokal und Blitz<\/a> <span class=\"comments-number\">(0)<\/span><\/li><li class=\"day-duplicate\"><span class=\"day\">27:<\/span> <a href=\"https:\/\/www.schachbezirk-mittelbaden.de\/wp\/?p=2340\" rel=\"bookmark\">Kadertraining Talentst&#252;tzpunkt Baden-Baden<\/a> <span class=\"comments-number\">(0)<\/span><\/li><li class=\"day-duplicate\"><span class=\"day\">27:<\/span> <a href=\"https:\/\/www.schachbezirk-mittelbaden.de\/wp\/?p=2331\" rel=\"bookmark\">Talentst&#252;tzpunkt Baden-Baden<\/a> <span class=\"comments-number\">(0)<\/span><\/li><li><span class=\"day\">26:<\/span> <a href=\"https:\/\/www.schachbezirk-mittelbaden.de\/wp\/?p=2327\" rel=\"bookmark\">Schachzentrum Baden-Baden: Wechsel der Gesch&#228;ftsf&#252;hrung<\/a> <span class=\"comments-number\">(0)<\/span><\/li><li><span class=\"day\">16:<\/span> <a href=\"https:\/\/www.schachbezirk-mittelbaden.de\/wp\/?p=2318\" rel=\"bookmark\">15. Oberkircher Jugend-Open<\/a> <span class=\"comments-number\">(0)<\/span><\/li><li class=\"day-duplicate\"><span class=\"day\">16:<\/span> <a href=\"https:\/\/www.schachbezirk-mittelbaden.de\/wp\/?p=2313\" rel=\"bookmark\">Mittelbadischer Senioren- Jungsenioren- Schnellschachpokal<\/a> <span class=\"comments-number\">(0)<\/span><\/li><li><span class=\"day\">14:<\/span> <a href=\"https:\/\/www.schachbezirk-mittelbaden.de\/wp\/?p=2293\" rel=\"bookmark\">Offene Mittelbadische Meisterschaft 2009<\/a> <span class=\"comments-number\">(0)<\/span><\/li><li><span class=\"day\">11:<\/span> <a href=\"https:\/\/www.schachbezirk-mittelbaden.de\/wp\/?p=2291\" rel=\"bookmark\">Mittelbadischer Schachkongess 2009<\/a> <span class=\"comments-number\">(2)<\/span><\/li><li class=\"day-duplicate\"><span class=\"day\">11:<\/span> <a href=\"https:\/\/www.schachbezirk-mittelbaden.de\/wp\/?p=2284\" rel=\"bookmark\">Einladung zur Mannschaftsf&#252;hrer-\/ Funktion&#228;rsschulung<\/a> <span class=\"comments-number\">(0)<\/span><\/li><li><span class=\"day\">08:<\/span> <a href=\"https:\/\/www.schachbezirk-mittelbaden.de\/wp\/?p=2279\" rel=\"bookmark\">Weltklassespieler Buhmann beim Stadtfest in Kuppenheim<\/a> <span class=\"comments-number\">(0)<\/span><\/li><li class=\"day-duplicate\"><span class=\"day\">08:<\/span> <a href=\"https:\/\/www.schachbezirk-mittelbaden.de\/wp\/?p=2275\" rel=\"bookmark\">Anmeldestopp f&#252;r den Schachkongress<\/a> <span class=\"comments-number\">(0)<\/span><\/li><li><span class=\"day\">06:<\/span> <a href=\"https:\/\/www.schachbezirk-mittelbaden.de\/wp\/?p=2257\" rel=\"bookmark\">Christian Bossert gewinnt Dr. Feiguelman-Gedenkturnier<\/a> <span class=\"comments-number\">(0)<\/span><\/li><li><span class=\"day\">03:<\/span> <a href=\"https:\/\/www.schachbezirk-mittelbaden.de\/wp\/?p=2251\" rel=\"bookmark\">Kreisklasse III und IV &#8211; Spielpl&#228;ne<\/a> <span class=\"comments-number\">(0)<\/span><\/li><li class=\"day-duplicate\"><span class=\"day\">03:<\/span> <a href=\"https:\/\/www.schachbezirk-mittelbaden.de\/wp\/?p=2238\" rel=\"bookmark\">&quot;Baden \u00e2\u20ac\u201c News&quot;  Ausgabe 16\/2009<\/a> <span class=\"comments-number\">(0)<\/span><\/li><li><span class=\"day\">01:<\/span> <a href=\"https:\/\/www.schachbezirk-mittelbaden.de\/wp\/?p=2235\" rel=\"bookmark\">Trauer um Boris Feiguelman<\/a> <span class=\"comments-number\">(0)<\/span><\/li><\/ul><h2 class=\"month-year\"><a href=\"https:\/\/www.schachbezirk-mittelbaden.de\/wp\/?m=200908\">August 2009<\/a><\/h2><ul><li><span class=\"day\">30:<\/span> <a href=\"https:\/\/www.schachbezirk-mittelbaden.de\/wp\/?p=2232\" rel=\"bookmark\">Mittelbadischer Schachkongress 2009<\/a> <span class=\"comments-number\">(0)<\/span><\/li><li><span class=\"day\">23:<\/span> <a href=\"https:\/\/www.schachbezirk-mittelbaden.de\/wp\/?p=2229\" rel=\"bookmark\">Terminhinweis 31.08.2009<\/a> <span class=\"comments-number\">(0)<\/span><\/li><li><span class=\"day\">19:<\/span> <a href=\"https:\/\/www.schachbezirk-mittelbaden.de\/wp\/?p=2217\" rel=\"bookmark\">Deutsch-Franz&#246;sisches Schachtreffen in Baden-Baden<\/a> <span class=\"comments-number\">(0)<\/span><\/li><li><span class=\"day\">14:<\/span> <a href=\"https:\/\/www.schachbezirk-mittelbaden.de\/wp\/?p=2175\" rel=\"bookmark\">Der Badische Schachverband startet eine Mitgliederwerbeaktion<\/a> <span class=\"comments-number\">(0)<\/span><\/li><li><span class=\"day\">11:<\/span> <a href=\"https:\/\/www.schachbezirk-mittelbaden.de\/wp\/?p=2163\" rel=\"bookmark\">\u00e2\u20ac\u0153Open-Air\u00e2\u20ac\u009d ist \u00e2\u20ac\u0153in\u00e2\u20ac\u009d<\/a> <span class=\"comments-number\">(0)<\/span><\/li><li><span class=\"day\">09:<\/span> <a href=\"https:\/\/www.schachbezirk-mittelbaden.de\/wp\/?p=2150\" rel=\"bookmark\">Weltklassespieler Buhmann beim Stadtfest in Kuppenheim<\/a> <span class=\"comments-number\">(0)<\/span><\/li><\/ul><h2 class=\"month-year\"><a href=\"https:\/\/www.schachbezirk-mittelbaden.de\/wp\/?m=200907\">Juli 2009<\/a><\/h2><ul><li><span class=\"day\">30:<\/span> <a href=\"https:\/\/www.schachbezirk-mittelbaden.de\/wp\/?p=2137\" rel=\"bookmark\">Simultan mit WGM Ketino Kachiani-Gersinska<\/a> <span class=\"comments-number\">(0)<\/span><\/li><li class=\"day-duplicate\"><span class=\"day\">30:<\/span> <a href=\"https:\/\/www.schachbezirk-mittelbaden.de\/wp\/?p=2133\" rel=\"bookmark\">Protokoll der Bezirksversammlung in Vimbuch<\/a> <span class=\"comments-number\">(0)<\/span><\/li><li><span class=\"day\">26:<\/span> <a href=\"https:\/\/www.schachbezirk-mittelbaden.de\/wp\/?p=2128\" rel=\"bookmark\">Verein des Jahres 2010<\/a> <span class=\"comments-number\">(0)<\/span><\/li><li><span class=\"day\">25:<\/span> <a href=\"https:\/\/www.schachbezirk-mittelbaden.de\/wp\/?p=2091\" rel=\"bookmark\">Mittelbadische Jugendeinzel-Meisterschaften 2009 in Gernsbach<\/a> <span class=\"comments-number\">(0)<\/span><\/li><li class=\"day-duplicate\"><span class=\"day\">25:<\/span> <a href=\"https:\/\/www.schachbezirk-mittelbaden.de\/wp\/?p=2075\" rel=\"bookmark\">BTL-Rundschreiben 1-2009\/10<\/a> <span class=\"comments-number\">(0)<\/span><\/li><li><span class=\"day\">23:<\/span> <a href=\"https:\/\/www.schachbezirk-mittelbaden.de\/wp\/?p=2065\" rel=\"bookmark\">Schulung f&#252;r Mannschaftsf&#252;hrer und Schiedsrichter<\/a> <span class=\"comments-number\">(0)<\/span><\/li><li class=\"day-duplicate\"><span class=\"day\">23:<\/span> <a href=\"https:\/\/www.schachbezirk-mittelbaden.de\/wp\/?p=2041\" rel=\"bookmark\">Spielpl&#228;ne f&#252;r die Saison 2009\/10 erstellt<\/a> <span class=\"comments-number\">(0)<\/span><\/li><li><span class=\"day\">19:<\/span> <a href=\"https:\/\/www.schachbezirk-mittelbaden.de\/wp\/?p=2022\" rel=\"bookmark\">OSG-Schachsimultan in der Trinkhalle Baden-Baden<\/a> <span class=\"comments-number\">(0)<\/span><\/li><li><span class=\"day\">12:<\/span> <a href=\"https:\/\/www.schachbezirk-mittelbaden.de\/wp\/?p=1997\" rel=\"bookmark\">Badische Schnellschach-Einzel-Meisterschaft 2009<\/a> <span class=\"comments-number\">(0)<\/span><\/li><li><span class=\"day\">04:<\/span> <a href=\"https:\/\/www.schachbezirk-mittelbaden.de\/wp\/?p=1973\" rel=\"bookmark\">Chess-Classic Mainz 2009<\/a> <span class=\"comments-number\">(0)<\/span><\/li><\/ul><h2 class=\"month-year\"><a href=\"https:\/\/www.schachbezirk-mittelbaden.de\/wp\/?m=200906\">Juni 2009<\/a><\/h2><ul><li><span class=\"day\">24:<\/span> <a href=\"https:\/\/www.schachbezirk-mittelbaden.de\/wp\/?p=1894\" rel=\"bookmark\">Terminhinweis 30.6.2009<\/a> <span class=\"comments-number\">(0)<\/span><\/li><li><span class=\"day\">23:<\/span> <a href=\"https:\/\/www.schachbezirk-mittelbaden.de\/wp\/?p=1891\" rel=\"bookmark\">Bezirksversammlung in Vimbuch am 22.07.2009<\/a> <span class=\"comments-number\">(0)<\/span><\/li><li><span class=\"day\">22:<\/span> <a href=\"https:\/\/www.schachbezirk-mittelbaden.de\/wp\/?p=1876\" rel=\"bookmark\">Miba-Schnellschach: Plaul d&#252;piert Kuppenheimer Favoriten<\/a> <span class=\"comments-number\">(0)<\/span><\/li><li><span class=\"day\">09:<\/span> <a href=\"https:\/\/www.schachbezirk-mittelbaden.de\/wp\/?p=1858\" rel=\"bookmark\">Tag des Schach 2009<\/a> <span class=\"comments-number\">(0)<\/span><\/li><\/ul><h2 class=\"month-year\"><a href=\"https:\/\/www.schachbezirk-mittelbaden.de\/wp\/?m=200905\">Mai 2009<\/a><\/h2><ul><li><span class=\"day\">31:<\/span> <a href=\"https:\/\/www.schachbezirk-mittelbaden.de\/wp\/?p=1853\" rel=\"bookmark\">Mittelbadische Schnellschach-Meisterschaft 2009<\/a> <span class=\"comments-number\">(0)<\/span><\/li><li><span class=\"day\">29:<\/span> <a href=\"https:\/\/www.schachbezirk-mittelbaden.de\/wp\/?p=1841\" rel=\"bookmark\">Verbandsspiele BSV\/Miba 2009\/10<\/a> <span class=\"comments-number\">(0)<\/span><\/li><li class=\"day-duplicate\"><span class=\"day\">29:<\/span> <a href=\"https:\/\/www.schachbezirk-mittelbaden.de\/wp\/?p=1839\" rel=\"bookmark\">81. Badischer Schachkongress in Badenweiler<\/a> <span class=\"comments-number\">(0)<\/span><\/li><li class=\"day-duplicate\"><span class=\"day\">29:<\/span> <a href=\"https:\/\/www.schachbezirk-mittelbaden.de\/wp\/?p=1837\" rel=\"bookmark\">Mittelbadische Mannschaftsblitz- und Einzelblitzmeisterschaft 2009\/2010<\/a> <span class=\"comments-number\">(0)<\/span><\/li><li class=\"day-duplicate\"><span class=\"day\">29:<\/span> <a href=\"https:\/\/www.schachbezirk-mittelbaden.de\/wp\/?p=1830\" rel=\"bookmark\">BSV-Verbandstag 2010<\/a> <span class=\"comments-number\">(0)<\/span><\/li><li><span class=\"day\">28:<\/span> <a href=\"https:\/\/www.schachbezirk-mittelbaden.de\/wp\/?p=1828\" rel=\"bookmark\">BTL-Rundschreiben 3-2008\/2009<\/a> <span class=\"comments-number\">(0)<\/span><\/li><li><span class=\"day\">21:<\/span> <a href=\"https:\/\/www.schachbezirk-mittelbaden.de\/wp\/?p=1825\" rel=\"bookmark\">Schiedsrichter-Kommission ver&#246;ffentlicht &#220;bersetzung der FIDE-Regeln<\/a> <span class=\"comments-number\">(0)<\/span><\/li><li><span class=\"day\">10:<\/span> <a href=\"https:\/\/www.schachbezirk-mittelbaden.de\/wp\/?p=1808\" rel=\"bookmark\">Ergebnisse U12-Endrunde<\/a> <span class=\"comments-number\">(0)<\/span><\/li><li><span class=\"day\">02:<\/span> <a href=\"https:\/\/www.schachbezirk-mittelbaden.de\/wp\/?p=1805\" rel=\"bookmark\">DWZ per 1.5.2009<\/a> <span class=\"comments-number\">(0)<\/span><\/li><\/ul><h2 class=\"month-year\"><a href=\"https:\/\/www.schachbezirk-mittelbaden.de\/wp\/?m=200904\">April 2009<\/a><\/h2><ul><li><span class=\"day\">23:<\/span> <a href=\"https:\/\/www.schachbezirk-mittelbaden.de\/wp\/?p=1796\" rel=\"bookmark\">U12-Endrunde<\/a> <span class=\"comments-number\">(0)<\/span><\/li><li><span class=\"day\">12:<\/span> <a href=\"https:\/\/www.schachbezirk-mittelbaden.de\/wp\/?p=1781\" rel=\"bookmark\">Fedorchuk f&#252;hrt beim Neckar-Open<\/a> <span class=\"comments-number\">(0)<\/span><\/li><li><span class=\"day\">11:<\/span> <a href=\"https:\/\/www.schachbezirk-mittelbaden.de\/wp\/?p=1778\" rel=\"bookmark\">Christian Bossert gewinnt Einweihungsturnier im Kulturhaus LA8<\/a> <span class=\"comments-number\">(0)<\/span><\/li><li><span class=\"day\">02:<\/span> <a href=\"https:\/\/www.schachbezirk-mittelbaden.de\/wp\/?p=1774\" rel=\"bookmark\">U12-Endrunde<\/a> <span class=\"comments-number\">(0)<\/span><\/li><\/ul><h2 class=\"month-year\"><a href=\"https:\/\/www.schachbezirk-mittelbaden.de\/wp\/?m=200903\">M\u00e4rz 2009<\/a><\/h2><ul><li><span class=\"day\">31:<\/span> <a href=\"https:\/\/www.schachbezirk-mittelbaden.de\/wp\/?p=1772\" rel=\"bookmark\">Ausrichter f&#252;r Miba Schnellschach gesucht<\/a> <span class=\"comments-number\">(0)<\/span><\/li><li><span class=\"day\">30:<\/span> <a href=\"https:\/\/www.schachbezirk-mittelbaden.de\/wp\/?p=1767\" rel=\"bookmark\">OSG Baden-Baden feiert vierten Triumph in Folge<\/a> <span class=\"comments-number\">(0)<\/span><\/li><li><span class=\"day\">26:<\/span> <a href=\"https:\/\/www.schachbezirk-mittelbaden.de\/wp\/?p=1761\" rel=\"bookmark\">U14 Qualifikation und Platzierungsrunde<\/a> <span class=\"comments-number\">(0)<\/span><\/li><li><span class=\"day\">25:<\/span> <a href=\"https:\/\/www.schachbezirk-mittelbaden.de\/wp\/?p=1758\" rel=\"bookmark\">Bundesligafinale 2008\/09<\/a> <span class=\"comments-number\">(0)<\/span><\/li><li><span class=\"day\">24:<\/span> <a href=\"https:\/\/www.schachbezirk-mittelbaden.de\/wp\/?p=1755\" rel=\"bookmark\">Kennen Sie Artikel 6.7 der FIDE-Regeln?<\/a> <span class=\"comments-number\">(0)<\/span><\/li><li><span class=\"day\">18:<\/span> <a href=\"https:\/\/www.schachbezirk-mittelbaden.de\/wp\/?p=1733\" rel=\"bookmark\">BSV-Ergebnisdienst: &quot;kleinere &#196;nderungen&quot;<\/a> <span class=\"comments-number\">(0)<\/span><\/li><li><span class=\"day\">15:<\/span> <a href=\"https:\/\/www.schachbezirk-mittelbaden.de\/wp\/?p=1722\" rel=\"bookmark\">FM Hartmut Metz erneut Mittelbadischer Pokalsieger<\/a> <span class=\"comments-number\">(0)<\/span><\/li><li><span class=\"day\">11:<\/span> <a href=\"https:\/\/www.schachbezirk-mittelbaden.de\/wp\/?p=1717\" rel=\"bookmark\">U14 Qualifikation und Platzierungsrunde<\/a> <span class=\"comments-number\">(3)<\/span><\/li><li><span class=\"day\">10:<\/span> <a href=\"https:\/\/www.schachbezirk-mittelbaden.de\/wp\/?p=1714\" rel=\"bookmark\">Chess Classic 2009 verspricht Hochspannung<\/a> <span class=\"comments-number\">(0)<\/span><\/li><\/ul><h2 class=\"month-year\"><a href=\"https:\/\/www.schachbezirk-mittelbaden.de\/wp\/?m=200902\">Februar 2009<\/a><\/h2><ul><li><span class=\"day\">28:<\/span> <a href=\"https:\/\/www.schachbezirk-mittelbaden.de\/wp\/?p=1692\" rel=\"bookmark\">SB Mittelbaden Bezirkspokal<\/a> <span class=\"comments-number\">(0)<\/span><\/li><li><span class=\"day\">26:<\/span> <a href=\"https:\/\/www.schachbezirk-mittelbaden.de\/wp\/?p=1686\" rel=\"bookmark\">Spieltermine 2009\/10<\/a> <span class=\"comments-number\">(0)<\/span><\/li><li class=\"day-duplicate\"><span class=\"day\">26:<\/span> <a href=\"https:\/\/www.schachbezirk-mittelbaden.de\/wp\/?p=1679\" rel=\"bookmark\">Schachbundesliga mit Premiere<\/a> <span class=\"comments-number\">(0)<\/span><\/li><li><span class=\"day\">25:<\/span> <a href=\"https:\/\/www.schachbezirk-mittelbaden.de\/wp\/?p=1675\" rel=\"bookmark\">U14-Endrunden<\/a> <span class=\"comments-number\">(0)<\/span><\/li><li class=\"day-duplicate\"><span class=\"day\">25:<\/span> <a href=\"https:\/\/www.schachbezirk-mittelbaden.de\/wp\/?p=1668\" rel=\"bookmark\">Einzelpokal &#8211; Finale und Spiel um Platz 3<\/a> <span class=\"comments-number\">(0)<\/span><\/li><li><span class=\"day\">19:<\/span> <a href=\"https:\/\/www.schachbezirk-mittelbaden.de\/wp\/?p=1666\" rel=\"bookmark\">Talentst&#252;tzpunkt Mittelbaden<\/a> <span class=\"comments-number\">(0)<\/span><\/li><li><span class=\"day\">18:<\/span> <a href=\"https:\/\/www.schachbezirk-mittelbaden.de\/wp\/?p=1642\" rel=\"bookmark\">Auslosung der Finalspiele des Mannschaftspokals<\/a> <span class=\"comments-number\">(0)<\/span><\/li><li><span class=\"day\">17:<\/span> <a href=\"https:\/\/www.schachbezirk-mittelbaden.de\/wp\/?p=1636\" rel=\"bookmark\">Badische Blitz-Mannschaftsmeisterschaft 2009<\/a> <span class=\"comments-number\">(0)<\/span><\/li><li><span class=\"day\">15:<\/span> <a href=\"https:\/\/www.schachbezirk-mittelbaden.de\/wp\/?p=1626\" rel=\"bookmark\">Hochdrahtseilakt triumphiert &#252;ber Vorsichtskalkulation<\/a> <span class=\"comments-number\">(0)<\/span><\/li><li class=\"day-duplicate\"><span class=\"day\">15:<\/span> <a href=\"https:\/\/www.schachbezirk-mittelbaden.de\/wp\/?p=1621\" rel=\"bookmark\">Mannschaftsk&#228;mpfe: teilweise Verlegung 9. Spieltag<\/a> <span class=\"comments-number\">(1)<\/span><\/li><li><span class=\"day\">14:<\/span> <a href=\"https:\/\/www.schachbezirk-mittelbaden.de\/wp\/?p=1611\" rel=\"bookmark\">SB Mittelbaden Bezirkspokal<\/a> <span class=\"comments-number\">(0)<\/span><\/li><li><span class=\"day\">11:<\/span> <a href=\"https:\/\/www.schachbezirk-mittelbaden.de\/wp\/?p=1607\" rel=\"bookmark\">81. Badischer Schachkongress in Badenweiler<\/a> <span class=\"comments-number\">(0)<\/span><\/li><li><span class=\"day\">07:<\/span> <a href=\"https:\/\/www.schachbezirk-mittelbaden.de\/wp\/?p=1601\" rel=\"bookmark\">Vorstandssitzung<\/a> <span class=\"comments-number\">(0)<\/span><\/li><li><span class=\"day\">04:<\/span> <a href=\"https:\/\/www.schachbezirk-mittelbaden.de\/wp\/?p=1597\" rel=\"bookmark\">Vorjahressieger Daniel Fridman f&#252;hrt Setzliste an<\/a> <span class=\"comments-number\">(0)<\/span><\/li><\/ul><h2 class=\"month-year\"><a href=\"https:\/\/www.schachbezirk-mittelbaden.de\/wp\/?m=200901\">Januar 2009<\/a><\/h2><ul><li><span class=\"day\">29:<\/span> <a href=\"https:\/\/www.schachbezirk-mittelbaden.de\/wp\/?p=1593\" rel=\"bookmark\">Bundesliga: Gro&#223;es Stelldichein in Berlin<\/a> <span class=\"comments-number\">(0)<\/span><\/li><li><span class=\"day\">28:<\/span> <a href=\"https:\/\/www.schachbezirk-mittelbaden.de\/wp\/?p=1590\" rel=\"bookmark\">Einzelpokal &#8211; Halbfinale<\/a> <span class=\"comments-number\">(0)<\/span><\/li><li><span class=\"day\">25:<\/span> <a href=\"https:\/\/www.schachbezirk-mittelbaden.de\/wp\/?p=1587\" rel=\"bookmark\">Endrunde U14 Mannschaftsmeisterschaften<\/a> <span class=\"comments-number\">(0)<\/span><\/li><li><span class=\"day\">24:<\/span> <a href=\"https:\/\/www.schachbezirk-mittelbaden.de\/wp\/?p=1582\" rel=\"bookmark\">3. Runde Einzelpokal<\/a> <span class=\"comments-number\">(0)<\/span><\/li><li><span class=\"day\">22:<\/span> <a href=\"https:\/\/www.schachbezirk-mittelbaden.de\/wp\/?p=1577\" rel=\"bookmark\">Endrunde U14 Mannschaftsmeisterschaften 2008\/2009<\/a> <span class=\"comments-number\">(0)<\/span><\/li><li><span class=\"day\">21:<\/span> <a href=\"https:\/\/www.schachbezirk-mittelbaden.de\/wp\/?p=1566\" rel=\"bookmark\">15. Achertalpokal-Turnier<\/a> <span class=\"comments-number\">(0)<\/span><\/li><li class=\"day-duplicate\"><span class=\"day\">21:<\/span> <a href=\"https:\/\/www.schachbezirk-mittelbaden.de\/wp\/?p=1558\" rel=\"bookmark\">Sigi Schie&#223;l gewinnt 1.Schach-Poker-Turnier<\/a> <span class=\"comments-number\">(0)<\/span><\/li><li class=\"day-duplicate\"><span class=\"day\">21:<\/span> <a href=\"https:\/\/www.schachbezirk-mittelbaden.de\/wp\/?p=1552\" rel=\"bookmark\">U12\/U14 Mannschaftsmeisterschaften 2008\/2009<\/a> <span class=\"comments-number\">(0)<\/span><\/li><li><span class=\"day\">19:<\/span> <a href=\"https:\/\/www.schachbezirk-mittelbaden.de\/wp\/?p=1533\" rel=\"bookmark\">Mannschaftspokal 3. Runde<\/a> <span class=\"comments-number\">(0)<\/span><\/li><li><span class=\"day\">16:<\/span> <a href=\"https:\/\/www.schachbezirk-mittelbaden.de\/wp\/?p=1522\" rel=\"bookmark\">Mitgliederstatistik BSV mit Stichtag 1.1.2009<\/a> <span class=\"comments-number\">(0)<\/span><\/li><li><span class=\"day\">15:<\/span> <a href=\"https:\/\/www.schachbezirk-mittelbaden.de\/wp\/?p=1508\" rel=\"bookmark\">Mittelbadischer Damen- Senioren- Junioren -Varitemp- Winterpokal<\/a> <span class=\"comments-number\">(0)<\/span><\/li><li class=\"day-duplicate\"><span class=\"day\">15:<\/span> <a href=\"https:\/\/www.schachbezirk-mittelbaden.de\/wp\/?p=1491\" rel=\"bookmark\">U12 und U14-Bezirksmeisterschaften an diesem Wochenende<\/a> <span class=\"comments-number\">(0)<\/span><\/li><li><span class=\"day\">14:<\/span> <a href=\"https:\/\/www.schachbezirk-mittelbaden.de\/wp\/?p=1487\" rel=\"bookmark\">Mittelbadische Seniorenmeisterschaft 2009<\/a> <span class=\"comments-number\">(0)<\/span><\/li><li><span class=\"day\">07:<\/span> <a href=\"https:\/\/www.schachbezirk-mittelbaden.de\/wp\/?p=1472\" rel=\"bookmark\">Partien online nachspielen<\/a> <span class=\"comments-number\">(0)<\/span><\/li><\/ul><h2 class=\"month-year\"><a href=\"https:\/\/www.schachbezirk-mittelbaden.de\/wp\/?m=200812\">Dezember 2008<\/a><\/h2><ul><li><span class=\"day\">30:<\/span> <a href=\"https:\/\/www.schachbezirk-mittelbaden.de\/wp\/?p=1394\" rel=\"bookmark\">Jahresr&#252;ckblick(e)<\/a> <span class=\"comments-number\">(0)<\/span><\/li><li><span class=\"day\">28:<\/span> <a href=\"https:\/\/www.schachbezirk-mittelbaden.de\/wp\/?p=1388\" rel=\"bookmark\">U12 und U14 Jugendmannschaftsmeisterschaften<\/a> <span class=\"comments-number\">(0)<\/span><\/li><li><span class=\"day\">21:<\/span> <a href=\"https:\/\/www.schachbezirk-mittelbaden.de\/wp\/?p=1385\" rel=\"bookmark\">OSG-Weihnachtsblitz: Christian Bossert siegt souver&#228;n<\/a> <span class=\"comments-number\">(0)<\/span><\/li><li><span class=\"day\">20:<\/span> <a href=\"https:\/\/www.schachbezirk-mittelbaden.de\/wp\/?p=1381\" rel=\"bookmark\">Auslosung 3. Runde Mittelbad. Einzelpokal<\/a> <span class=\"comments-number\">(0)<\/span><\/li><li><span class=\"day\">19:<\/span> <a href=\"https:\/\/www.schachbezirk-mittelbaden.de\/wp\/?p=1378\" rel=\"bookmark\">4. Runde U16-Mannschaftsmeisterschaften<\/a> <span class=\"comments-number\">(0)<\/span><\/li><li><span class=\"day\">16:<\/span> <a href=\"https:\/\/www.schachbezirk-mittelbaden.de\/wp\/?p=1371\" rel=\"bookmark\">Auslosung Mannschaftspokal 3. Runde<\/a> <span class=\"comments-number\">(0)<\/span><\/li><li><span class=\"day\">15:<\/span> <a href=\"https:\/\/www.schachbezirk-mittelbaden.de\/wp\/?p=1350\" rel=\"bookmark\">Badische Jugend-Einzel- Meisterschaft U14-U20<\/a> <span class=\"comments-number\">(0)<\/span><\/li><li class=\"day-duplicate\"><span class=\"day\">15:<\/span> <a href=\"https:\/\/www.schachbezirk-mittelbaden.de\/wp\/?p=1347\" rel=\"bookmark\">26. Open Untergrombach<\/a> <span class=\"comments-number\">(0)<\/span><\/li><li><span class=\"day\">13:<\/span> <a href=\"https:\/\/www.schachbezirk-mittelbaden.de\/wp\/?p=1336\" rel=\"bookmark\">Mannschaftspokal 2. Runde<\/a> <span class=\"comments-number\">(0)<\/span><\/li><li class=\"day-duplicate\"><span class=\"day\">13:<\/span> <a href=\"https:\/\/www.schachbezirk-mittelbaden.de\/wp\/?p=1331\" rel=\"bookmark\">Teilnahme an der Badischen Jugend-Einzel-Meisterschaft<\/a> <span class=\"comments-number\">(0)<\/span><\/li><li><span class=\"day\">11:<\/span> <a href=\"https:\/\/www.schachbezirk-mittelbaden.de\/wp\/?p=1329\" rel=\"bookmark\">Bundesliga: Vor der Winterpause<\/a> <span class=\"comments-number\">(0)<\/span><\/li><li><span class=\"day\">09:<\/span> <a href=\"https:\/\/www.schachbezirk-mittelbaden.de\/wp\/?p=1318\" rel=\"bookmark\">Mittelbadischer Schachkongress der Jugend 2008<\/a> <span class=\"comments-number\">(0)<\/span><\/li><li><span class=\"day\">08:<\/span> <a href=\"https:\/\/www.schachbezirk-mittelbaden.de\/wp\/?p=1315\" rel=\"bookmark\">Jugendmannschaften: 3. Runde U16<\/a> <span class=\"comments-number\">(0)<\/span><\/li><li><span class=\"day\">05:<\/span> <a href=\"https:\/\/www.schachbezirk-mittelbaden.de\/wp\/?p=1308\" rel=\"bookmark\">Schachgespr&#228;ch is coming home<\/a> <span class=\"comments-number\">(0)<\/span><\/li><li><span class=\"day\">03:<\/span> <a href=\"https:\/\/www.schachbezirk-mittelbaden.de\/wp\/?p=1304\" rel=\"bookmark\">Frauenbundesliga in Baden-Baden<\/a> <span class=\"comments-number\">(0)<\/span><\/li><li><span class=\"day\">02:<\/span> <a href=\"https:\/\/www.schachbezirk-mittelbaden.de\/wp\/?p=1302\" rel=\"bookmark\">SC Rastatt f&#252;hrt mittelbadische Jugendeinzelmeisterschaft durch<\/a> <span class=\"comments-number\">(0)<\/span><\/li><\/ul><h2 class=\"month-year\"><a href=\"https:\/\/www.schachbezirk-mittelbaden.de\/wp\/?m=200811\">November 2008<\/a><\/h2><ul><li><span class=\"day\">27:<\/span> <a href=\"https:\/\/www.schachbezirk-mittelbaden.de\/wp\/?p=1298\" rel=\"bookmark\">Bundesliga: Volles Programm am Wochenende<\/a> <span class=\"comments-number\">(0)<\/span><\/li><li><span class=\"day\">17:<\/span> <a href=\"https:\/\/www.schachbezirk-mittelbaden.de\/wp\/?p=1294\" rel=\"bookmark\">Live-Tagebuch von der Schacholympiade<\/a> <span class=\"comments-number\">(0)<\/span><\/li><li><span class=\"day\">12:<\/span> <a href=\"https:\/\/www.schachbezirk-mittelbaden.de\/wp\/?p=1290\" rel=\"bookmark\">Auslosung Mannschaftspokal 2. Runde<\/a> <span class=\"comments-number\">(0)<\/span><\/li><li><span class=\"day\">10:<\/span> <a href=\"https:\/\/www.schachbezirk-mittelbaden.de\/wp\/?p=1283\" rel=\"bookmark\">Olympiabrief &#8211; finale Ausgabe<\/a> <span class=\"comments-number\">(0)<\/span><\/li><li><span class=\"day\">09:<\/span> <a href=\"https:\/\/www.schachbezirk-mittelbaden.de\/wp\/?p=1276\" rel=\"bookmark\">Mannschaftspokal 1. Runde<\/a> <span class=\"comments-number\">(0)<\/span><\/li><\/ul><h2 class=\"month-year\"><a href=\"https:\/\/www.schachbezirk-mittelbaden.de\/wp\/?m=200810\">Oktober 2008<\/a><\/h2><ul><li><span class=\"day\">30:<\/span> <a href=\"https:\/\/www.schachbezirk-mittelbaden.de\/wp\/?p=1262\" rel=\"bookmark\">U14 Bezirksmannschaftsmeisterschaften<\/a> <span class=\"comments-number\">(0)<\/span><\/li><li><span class=\"day\">23:<\/span> <a href=\"https:\/\/www.schachbezirk-mittelbaden.de\/wp\/?p=1251\" rel=\"bookmark\">U16 &#8211; Mannschaftsmeisterschaften 2008\/09<\/a> <span class=\"comments-number\">(0)<\/span><\/li><li><span class=\"day\">22:<\/span> <a href=\"https:\/\/www.schachbezirk-mittelbaden.de\/wp\/?p=1249\" rel=\"bookmark\">Bundesliga: Mittendrin und live dabei<\/a> <span class=\"comments-number\">(0)<\/span><\/li><li><span class=\"day\">18:<\/span> <a href=\"https:\/\/www.schachbezirk-mittelbaden.de\/wp\/?p=1245\" rel=\"bookmark\">Einzelpokal &#8211; Ergebnisse und Hinweis<\/a> <span class=\"comments-number\">(0)<\/span><\/li><li><span class=\"day\">17:<\/span> <a href=\"https:\/\/www.schachbezirk-mittelbaden.de\/wp\/?p=1239\" rel=\"bookmark\">Ausschreibung Jugendeinzelmeisterschaft 2008<\/a> <span class=\"comments-number\">(0)<\/span><\/li><li><span class=\"day\">14:<\/span> <a href=\"https:\/\/www.schachbezirk-mittelbaden.de\/wp\/?p=1235\" rel=\"bookmark\">Mannschaftspokal 2008\/09 Auslosung 1. Runde<\/a> <span class=\"comments-number\">(0)<\/span><\/li><li><span class=\"day\">13:<\/span> <a href=\"https:\/\/www.schachbezirk-mittelbaden.de\/wp\/?p=1228\" rel=\"bookmark\">U20 Mannschaftsmeisterschaften 2008\/09<\/a> <span class=\"comments-number\">(0)<\/span><\/li><li><span class=\"day\">08:<\/span> <a href=\"https:\/\/www.schachbezirk-mittelbaden.de\/wp\/?p=1216\" rel=\"bookmark\">U16-Mannschaftsmeisterschaften 2008\/2009<\/a> <span class=\"comments-number\">(0)<\/span><\/li><li class=\"day-duplicate\"><span class=\"day\">08:<\/span> <a href=\"https:\/\/www.schachbezirk-mittelbaden.de\/wp\/?p=1213\" rel=\"bookmark\">BTL-Info: Terminhinweise<\/a> <span class=\"comments-number\">(0)<\/span><\/li><li><span class=\"day\">06:<\/span> <a href=\"https:\/\/www.schachbezirk-mittelbaden.de\/wp\/?p=1207\" rel=\"bookmark\">Spitzenteams legen vor<\/a> <span class=\"comments-number\">(0)<\/span><\/li><li><span class=\"day\">05:<\/span> <a href=\"https:\/\/www.schachbezirk-mittelbaden.de\/wp\/?p=1201\" rel=\"bookmark\">Ehrgeizige Ehefrau kostet Tammert Titel<\/a> <span class=\"comments-number\">(0)<\/span><\/li><li><span class=\"day\">04:<\/span> <a href=\"https:\/\/www.schachbezirk-mittelbaden.de\/wp\/?p=1185\" rel=\"bookmark\">Miba-Blitz: SCR Kuppenheim und FM Hartmut Metz erneut erfolgreich<\/a> <span class=\"comments-number\">(0)<\/span><\/li><li><span class=\"day\">01:<\/span> <a href=\"https:\/\/www.schachbezirk-mittelbaden.de\/wp\/?p=1177\" rel=\"bookmark\">Saisonauftakt Schachbundesliga 2008\/09<\/a> <span class=\"comments-number\">(0)<\/span><\/li><\/ul><h2 class=\"month-year\"><a href=\"https:\/\/www.schachbezirk-mittelbaden.de\/wp\/?m=200809\">September 2008<\/a><\/h2><ul><li><span class=\"day\">30:<\/span> <a href=\"https:\/\/www.schachbezirk-mittelbaden.de\/wp\/?p=1172\" rel=\"bookmark\">&quot;Dialog der Kulturen&quot; 2008 in Baden-W&#252;rttemberg<\/a> <span class=\"comments-number\">(0)<\/span><\/li><li><span class=\"day\">28:<\/span> <a href=\"https:\/\/www.schachbezirk-mittelbaden.de\/wp\/?p=1166\" rel=\"bookmark\">Mittelbadische Blitzmeisterschaften in Kuppenheim<\/a> <span class=\"comments-number\">(0)<\/span><\/li><li><span class=\"day\">26:<\/span> <a href=\"https:\/\/www.schachbezirk-mittelbaden.de\/wp\/?p=1145\" rel=\"bookmark\">Talentst&#252;tzpunkt Mittelbaden<\/a> <span class=\"comments-number\">(0)<\/span><\/li><li><span class=\"day\">25:<\/span> <a href=\"https:\/\/www.schachbezirk-mittelbaden.de\/wp\/?p=1137\" rel=\"bookmark\">152 Nationen bei der Schacholympiade 2008 in Dresden<\/a> <span class=\"comments-number\">(0)<\/span><\/li><li><span class=\"day\">23:<\/span> <a href=\"https:\/\/www.schachbezirk-mittelbaden.de\/wp\/?p=1131\" rel=\"bookmark\">Badischer Kantersieg<\/a> <span class=\"comments-number\">(0)<\/span><\/li><li><span class=\"day\">22:<\/span> <a href=\"https:\/\/www.schachbezirk-mittelbaden.de\/wp\/?p=1123\" rel=\"bookmark\">Mittelbadische Blitzmeisterschaften in Kuppenheim<\/a> <span class=\"comments-number\">(0)<\/span><\/li><li><span class=\"day\">21:<\/span> <a href=\"https:\/\/www.schachbezirk-mittelbaden.de\/wp\/?p=1119\" rel=\"bookmark\">Fromberg siegt durch fulminanten Schlussspurt<\/a> <span class=\"comments-number\">(0)<\/span><\/li><li><span class=\"day\">19:<\/span> <a href=\"https:\/\/www.schachbezirk-mittelbaden.de\/wp\/?p=1111\" rel=\"bookmark\">Badens 40. Duell mit dem Elsass<\/a> <span class=\"comments-number\">(0)<\/span><\/li><li><span class=\"day\">17:<\/span> <a href=\"https:\/\/www.schachbezirk-mittelbaden.de\/wp\/?p=1106\" rel=\"bookmark\">Olympiabrief September<\/a> <span class=\"comments-number\">(0)<\/span><\/li><li><span class=\"day\">15:<\/span> <a href=\"https:\/\/www.schachbezirk-mittelbaden.de\/wp\/?p=1087\" rel=\"bookmark\">Nikolaus Sentef neuer Mittelbadischer Meister<\/a> <span class=\"comments-number\">(0)<\/span><\/li><li><span class=\"day\">10:<\/span> <a href=\"https:\/\/www.schachbezirk-mittelbaden.de\/wp\/?p=1082\" rel=\"bookmark\">B&#252;hler Begegnungen<\/a> <span class=\"comments-number\">(0)<\/span><\/li><li><span class=\"day\">07:<\/span> <a href=\"https:\/\/www.schachbezirk-mittelbaden.de\/wp\/?p=1059\" rel=\"bookmark\">Mittelbadischer Schachkongress 2008 \u00e2\u20ac\u201c Hauptturnier<\/a> <span class=\"comments-number\">(0)<\/span><\/li><li class=\"day-duplicate\"><span class=\"day\">07:<\/span> <a href=\"https:\/\/www.schachbezirk-mittelbaden.de\/wp\/?p=1057\" rel=\"bookmark\">MBSK-Meisterturnier 13.+14.09.2008 in Sasbach<\/a> <span class=\"comments-number\">(0)<\/span><\/li><li><span class=\"day\">03:<\/span> <a href=\"https:\/\/www.schachbezirk-mittelbaden.de\/wp\/?p=1038\" rel=\"bookmark\">Deutsch-Franz&#246;sisches St&#228;dte-Schachtreffen in Baden-Baden<\/a> <span class=\"comments-number\">(0)<\/span><\/li><li><span class=\"day\">02:<\/span> <a href=\"https:\/\/www.schachbezirk-mittelbaden.de\/wp\/?p=1034\" rel=\"bookmark\">BTL-Rundschreiben 2-2008\/2009 u. a.<\/a> <span class=\"comments-number\">(0)<\/span><\/li><\/ul><h2 class=\"month-year\"><a href=\"https:\/\/www.schachbezirk-mittelbaden.de\/wp\/?m=200808\">August 2008<\/a><\/h2><ul><li><span class=\"day\">28:<\/span> <a href=\"https:\/\/www.schachbezirk-mittelbaden.de\/wp\/?p=1007\" rel=\"bookmark\">Open-Air-Schach mit Gro&#223;meister Philipp Schlosser<\/a> <span class=\"comments-number\">(0)<\/span><\/li><li><span class=\"day\">25:<\/span> <a href=\"https:\/\/www.schachbezirk-mittelbaden.de\/wp\/?p=995\" rel=\"bookmark\">Ranglistenabgabe online<\/a> <span class=\"comments-number\">(0)<\/span><\/li><li><span class=\"day\">24:<\/span> <a href=\"https:\/\/www.schachbezirk-mittelbaden.de\/wp\/?p=991\" rel=\"bookmark\">Olympiabrief August 2008<\/a> <span class=\"comments-number\">(0)<\/span><\/li><li><span class=\"day\">10:<\/span> <a href=\"https:\/\/www.schachbezirk-mittelbaden.de\/wp\/?p=986\" rel=\"bookmark\">Gru&#223;wort zum 40. L&#228;nderkampf zwischen dem Elsass und Baden<\/a> <span class=\"comments-number\">(0)<\/span><\/li><li><span class=\"day\">02:<\/span> <a href=\"https:\/\/www.schachbezirk-mittelbaden.de\/wp\/?p=950\" rel=\"bookmark\">Ausschreibung Jugendmannschaftsmeisterschaften 2008\/2009<\/a> <span class=\"comments-number\">(0)<\/span><\/li><\/ul><h2 class=\"month-year\"><a href=\"https:\/\/www.schachbezirk-mittelbaden.de\/wp\/?m=200807\">Juli 2008<\/a><\/h2><ul><li><span class=\"day\">26:<\/span> <a href=\"https:\/\/www.schachbezirk-mittelbaden.de\/wp\/?p=914\" rel=\"bookmark\">Bezirksversammlung vom 16.07.08 in B&#252;hlertal<\/a> <span class=\"comments-number\">(0)<\/span><\/li><li><span class=\"day\">22:<\/span> <a href=\"https:\/\/www.schachbezirk-mittelbaden.de\/wp\/?p=877\" rel=\"bookmark\">Ausschreibung des Miba-Einzel- und Mannschaftspokals<\/a> <span class=\"comments-number\">(1)<\/span><\/li><li><span class=\"day\">21:<\/span> <a href=\"https:\/\/www.schachbezirk-mittelbaden.de\/wp\/?p=871\" rel=\"bookmark\">Meldeschluss Mannschaftspokal 2008\/2009<\/a> <span class=\"comments-number\">(0)<\/span><\/li><li class=\"day-duplicate\"><span class=\"day\">21:<\/span> <a href=\"https:\/\/www.schachbezirk-mittelbaden.de\/wp\/?p=865\" rel=\"bookmark\">Terminvorschau 2008\/2009<\/a> <span class=\"comments-number\">(0)<\/span><\/li><li><span class=\"day\">19:<\/span> <a href=\"https:\/\/www.schachbezirk-mittelbaden.de\/wp\/?p=845\" rel=\"bookmark\">R&#246;ss\u00e2\u20ac\u2122l Muggensturm nimmt alle H&#252;rden<\/a> <span class=\"comments-number\">(1)<\/span><\/li><li><span class=\"day\">17:<\/span> <a href=\"https:\/\/www.schachbezirk-mittelbaden.de\/wp\/?p=838\" rel=\"bookmark\">9. Spieltag Verbandsliga S&#252;d<\/a> <span class=\"comments-number\">(0)<\/span><\/li><li class=\"day-duplicate\"><span class=\"day\">17:<\/span> <a href=\"https:\/\/www.schachbezirk-mittelbaden.de\/wp\/?p=829\" rel=\"bookmark\">9. Spieltag Bezirk Mittelbaden<\/a> <span class=\"comments-number\">(0)<\/span><\/li><li class=\"day-duplicate\"><span class=\"day\">17:<\/span> <a href=\"https:\/\/www.schachbezirk-mittelbaden.de\/wp\/?p=809\" rel=\"bookmark\">Spielpl&#228;ne Landesliga und Bereichsliga<\/a> <span class=\"comments-number\">(0)<\/span><\/li><li><span class=\"day\">15:<\/span> <a href=\"https:\/\/www.schachbezirk-mittelbaden.de\/wp\/?p=807\" rel=\"bookmark\">Spielpl&#228;ne Bezirksklasse bis Kreisklasse II<\/a> <span class=\"comments-number\">(0)<\/span><\/li><li><span class=\"day\">13:<\/span> <a href=\"https:\/\/www.schachbezirk-mittelbaden.de\/wp\/?p=802\" rel=\"bookmark\">Stichkampf um den Aufstieg in die Bereichsklasse<\/a> <span class=\"comments-number\">(0)<\/span><\/li><li><span class=\"day\">12:<\/span> <a href=\"https:\/\/www.schachbezirk-mittelbaden.de\/wp\/?p=801\" rel=\"bookmark\">Wechsel an der Spitze des SK Gernsbach 1949 e. V.<\/a> <span class=\"comments-number\">(0)<\/span><\/li><li><span class=\"day\">11:<\/span> <a href=\"https:\/\/www.schachbezirk-mittelbaden.de\/wp\/?p=797\" rel=\"bookmark\">Neues aus Dresden<\/a> <span class=\"comments-number\">(0)<\/span><\/li><li><span class=\"day\">08:<\/span> <a href=\"https:\/\/www.schachbezirk-mittelbaden.de\/wp\/?p=795\" rel=\"bookmark\">Stichkampf um den offenen Bereichsligaplatz<\/a> <span class=\"comments-number\">(0)<\/span><\/li><li class=\"day-duplicate\"><span class=\"day\">08:<\/span> <a href=\"https:\/\/www.schachbezirk-mittelbaden.de\/wp\/?p=793\" rel=\"bookmark\">Ooser Mannschaftssimultan: 150 Teilnehmer &#8211; 21 haben gewonnen<\/a> <span class=\"comments-number\">(0)<\/span><\/li><li><span class=\"day\">04:<\/span> <a href=\"https:\/\/www.schachbezirk-mittelbaden.de\/wp\/?p=792\" rel=\"bookmark\">Anand im TV-Talk<\/a> <span class=\"comments-number\">(0)<\/span><\/li><li><span class=\"day\">01:<\/span> <a href=\"https:\/\/www.schachbezirk-mittelbaden.de\/wp\/?p=789\" rel=\"bookmark\">Startrecht Bereichsliga Mittelbaden-Ortenau<\/a> <span class=\"comments-number\">(1)<\/span><\/li><\/ul><h2 class=\"month-year\"><a href=\"https:\/\/www.schachbezirk-mittelbaden.de\/wp\/?m=200806\">Juni 2008<\/a><\/h2><ul><li><span class=\"day\">30:<\/span> <a href=\"https:\/\/www.schachbezirk-mittelbaden.de\/wp\/?p=786\" rel=\"bookmark\">Schachsimultan in der Trinkhalle Baden-Baden<\/a> <span class=\"comments-number\">(0)<\/span><\/li><li><span class=\"day\">29:<\/span> <a href=\"https:\/\/www.schachbezirk-mittelbaden.de\/wp\/?p=783\" rel=\"bookmark\">Joachim Kick neuer Bezirks-Schnellschachmeister<\/a> <span class=\"comments-number\">(0)<\/span><\/li><li><span class=\"day\">24:<\/span> <a href=\"https:\/\/www.schachbezirk-mittelbaden.de\/wp\/?p=781\" rel=\"bookmark\">Der BTL informiert&#8230;<\/a> <span class=\"comments-number\">(0)<\/span><\/li><li><span class=\"day\">22:<\/span> <a href=\"https:\/\/www.schachbezirk-mittelbaden.de\/wp\/?p=766\" rel=\"bookmark\">Einladung zur Bezirksversammlung 2008<\/a> <span class=\"comments-number\">(0)<\/span><\/li><li class=\"day-duplicate\"><span class=\"day\">22:<\/span> <a href=\"https:\/\/www.schachbezirk-mittelbaden.de\/wp\/?p=764\" rel=\"bookmark\">OSC hei&#223;t nun OSG<\/a> <span class=\"comments-number\">(0)<\/span><\/li><li><span class=\"day\">18:<\/span> <a href=\"https:\/\/www.schachbezirk-mittelbaden.de\/wp\/?p=761\" rel=\"bookmark\">Jubil&#228;umsl&#228;nderkampf Baden gegen Elsass in B&#252;hl<\/a> <span class=\"comments-number\">(0)<\/span><\/li><li><span class=\"day\">16:<\/span> <a href=\"https:\/\/www.schachbezirk-mittelbaden.de\/wp\/?p=759\" rel=\"bookmark\">Endstand U14-Bezirksmannschaftsmeisterschaften<\/a> <span class=\"comments-number\">(0)<\/span><\/li><li><span class=\"day\">09:<\/span> <a href=\"https:\/\/www.schachbezirk-mittelbaden.de\/wp\/?p=732\" rel=\"bookmark\">Metz zum vierten Mal badischer Einzel-Pokalsieger<\/a> <span class=\"comments-number\">(0)<\/span><\/li><li><span class=\"day\">08:<\/span> <a href=\"https:\/\/www.schachbezirk-mittelbaden.de\/wp\/?p=729\" rel=\"bookmark\">Sasbacher U12-Mannschaft holt Badische Vizemeisterschaft<\/a> <span class=\"comments-number\">(0)<\/span><\/li><li><span class=\"day\">07:<\/span> <a href=\"https:\/\/www.schachbezirk-mittelbaden.de\/wp\/?p=720\" rel=\"bookmark\">\u00e2\u20ac\u017eNachhaltigkeit kommt nicht durch einzelne Events, sondern durch kontinuierliche Arbeit.\u00e2\u20ac\u0153<\/a> <span class=\"comments-number\">(0)<\/span><\/li><li class=\"day-duplicate\"><span class=\"day\">07:<\/span> <a href=\"https:\/\/www.schachbezirk-mittelbaden.de\/wp\/?p=715\" rel=\"bookmark\">Schnellschachmeisterschaft am 28.06.2008 in Sasbach<\/a> <span class=\"comments-number\">(0)<\/span><\/li><li><span class=\"day\">01:<\/span> <a href=\"https:\/\/www.schachbezirk-mittelbaden.de\/wp\/?p=712\" rel=\"bookmark\">Aktion&#228;r Bindlach Deutscher Blitzschachmeister<\/a> <span class=\"comments-number\">(0)<\/span><\/li><\/ul><h2 class=\"month-year\"><a href=\"https:\/\/www.schachbezirk-mittelbaden.de\/wp\/?m=200805\">Mai 2008<\/a><\/h2><ul><li><span class=\"day\">31:<\/span> <a href=\"https:\/\/www.schachbezirk-mittelbaden.de\/wp\/?p=709\" rel=\"bookmark\">U14 Bezirksmannschaftsmeisterschaften (1. Spieltag)<\/a> <span class=\"comments-number\">(0)<\/span><\/li><li><span class=\"day\">30:<\/span> <a href=\"https:\/\/www.schachbezirk-mittelbaden.de\/wp\/?p=705\" rel=\"bookmark\">25. Deutsche Schach-Mannschaftsmeisterschaft im Blitzschach<\/a> <span class=\"comments-number\">(0)<\/span><\/li><li><span class=\"day\">28:<\/span> <a href=\"https:\/\/www.schachbezirk-mittelbaden.de\/wp\/?p=700\" rel=\"bookmark\">Mittelbadener Trio qualifiziert sich f&#252;r Dresden<\/a> <span class=\"comments-number\">(0)<\/span><\/li><li><span class=\"day\">26:<\/span> <a href=\"https:\/\/www.schachbezirk-mittelbaden.de\/wp\/?p=697\" rel=\"bookmark\">Baden-Baden mit dem Triple<\/a> <span class=\"comments-number\">(0)<\/span><\/li><li><span class=\"day\">23:<\/span> <a href=\"https:\/\/www.schachbezirk-mittelbaden.de\/wp\/?p=696\" rel=\"bookmark\">Schachwoche Neuhausen<\/a> <span class=\"comments-number\">(0)<\/span><\/li><li><span class=\"day\">22:<\/span> <a href=\"https:\/\/www.schachbezirk-mittelbaden.de\/wp\/?p=695\" rel=\"bookmark\">Deutsche Jugendeinzelmeisterschaft 2008<\/a> <span class=\"comments-number\">(0)<\/span><\/li><li><span class=\"day\">20:<\/span> <a href=\"https:\/\/www.schachbezirk-mittelbaden.de\/wp\/?p=692\" rel=\"bookmark\">Olympiabrief Mai 2008<\/a> <span class=\"comments-number\">(0)<\/span><\/li><li><span class=\"day\">13:<\/span> <a href=\"https:\/\/www.schachbezirk-mittelbaden.de\/wp\/?p=684\" rel=\"bookmark\">U14 Mannschaftsmeisterschaften<\/a> <span class=\"comments-number\">(0)<\/span><\/li><li><span class=\"day\">11:<\/span> <a href=\"https:\/\/www.schachbezirk-mittelbaden.de\/wp\/?p=683\" rel=\"bookmark\">Wechsel Vorstand SC &#214;tigheim<\/a> <span class=\"comments-number\">(0)<\/span><\/li><li><span class=\"day\">08:<\/span> <a href=\"https:\/\/www.schachbezirk-mittelbaden.de\/wp\/?p=682\" rel=\"bookmark\">BTL-Rundschreiben<\/a> <span class=\"comments-number\">(0)<\/span><\/li><li><span class=\"day\">06:<\/span> <a href=\"https:\/\/www.schachbezirk-mittelbaden.de\/wp\/?p=679\" rel=\"bookmark\">Spielerwechselfrist innerhalb des BSV<\/a> <span class=\"comments-number\">(0)<\/span><\/li><li><span class=\"day\">05:<\/span> <a href=\"https:\/\/www.schachbezirk-mittelbaden.de\/wp\/?p=678\" rel=\"bookmark\">Bericht vom BSV-Verbandstag 2008<\/a> <span class=\"comments-number\">(0)<\/span><\/li><\/ul><h2 class=\"month-year\"><a href=\"https:\/\/www.schachbezirk-mittelbaden.de\/wp\/?m=200804\">April 2008<\/a><\/h2><ul><li><span class=\"day\">27:<\/span> <a href=\"https:\/\/www.schachbezirk-mittelbaden.de\/wp\/?p=671\" rel=\"bookmark\">Verbandsrunde 2007\/2008<\/a> <span class=\"comments-number\">(0)<\/span><\/li><li><span class=\"day\">25:<\/span> <a href=\"https:\/\/www.schachbezirk-mittelbaden.de\/wp\/?p=670\" rel=\"bookmark\">Informationsveranstaltung vom 18.04.2008<\/a> <span class=\"comments-number\">(0)<\/span><\/li><li><span class=\"day\">23:<\/span> <a href=\"https:\/\/www.schachbezirk-mittelbaden.de\/wp\/?p=668\" rel=\"bookmark\">Auf geht\u00e2\u20ac\u2122s nach Wasserburg!<\/a> <span class=\"comments-number\">(0)<\/span><\/li><li><span class=\"day\">21:<\/span> <a href=\"https:\/\/www.schachbezirk-mittelbaden.de\/wp\/?p=665\" rel=\"bookmark\">U20 Bezirksmannschaftsmeisterschaften<\/a> <span class=\"comments-number\">(0)<\/span><\/li><li><span class=\"day\">20:<\/span> <a href=\"https:\/\/www.schachbezirk-mittelbaden.de\/wp\/?p=661\" rel=\"bookmark\">Bundesliga: Spannender Saisonabschluss<\/a> <span class=\"comments-number\">(0)<\/span><\/li><li><span class=\"day\">19:<\/span> <a href=\"https:\/\/www.schachbezirk-mittelbaden.de\/wp\/?p=654\" rel=\"bookmark\">Die Chess Classic 2008 feiern 15-j&#228;hriges Jubil&#228;um<\/a> <span class=\"comments-number\">(0)<\/span><\/li><li><span class=\"day\">17:<\/span> <a href=\"https:\/\/www.schachbezirk-mittelbaden.de\/wp\/?p=652\" rel=\"bookmark\">Bundesliga: Abstiegsvermeider und Prestigej&#228;ger<\/a> <span class=\"comments-number\">(0)<\/span><\/li><li><span class=\"day\">16:<\/span> <a href=\"https:\/\/www.schachbezirk-mittelbaden.de\/wp\/?p=651\" rel=\"bookmark\">U14 Bezirksmannschaftsmeisterschaften<\/a> <span class=\"comments-number\">(0)<\/span><\/li><li><span class=\"day\">13:<\/span> <a href=\"https:\/\/www.schachbezirk-mittelbaden.de\/wp\/?p=650\" rel=\"bookmark\">Mannschaftsmeisterschaften U12-Endrunde<\/a> <span class=\"comments-number\">(0)<\/span><\/li><li><span class=\"day\">09:<\/span> <a href=\"https:\/\/www.schachbezirk-mittelbaden.de\/wp\/?p=648\" rel=\"bookmark\">F&#252;hrungskr&#228;fteseminar am 26.04. in Baden-Baden<\/a> <span class=\"comments-number\">(0)<\/span><\/li><li><span class=\"day\">08:<\/span> <a href=\"https:\/\/www.schachbezirk-mittelbaden.de\/wp\/?p=643\" rel=\"bookmark\">Olympiabrief April 2008<\/a> <span class=\"comments-number\">(0)<\/span><\/li><li><span class=\"day\">06:<\/span> <a href=\"https:\/\/www.schachbezirk-mittelbaden.de\/wp\/?p=642\" rel=\"bookmark\">OSC Baden-Baden Deutscher Meister<\/a> <span class=\"comments-number\">(0)<\/span><\/li><li><span class=\"day\">02:<\/span> <a href=\"https:\/\/www.schachbezirk-mittelbaden.de\/wp\/?p=632\" rel=\"bookmark\">Bundesliga: Auf der Zielgeraden<\/a> <span class=\"comments-number\">(0)<\/span><\/li><\/ul><h2 class=\"month-year\"><a href=\"https:\/\/www.schachbezirk-mittelbaden.de\/wp\/?m=200803\">M\u00e4rz 2008<\/a><\/h2><ul><li><span class=\"day\">31:<\/span> <a href=\"https:\/\/www.schachbezirk-mittelbaden.de\/wp\/?p=628\" rel=\"bookmark\">D-Cup: Vorqualifikationsturnier bis DWZ 999 und DWZ 1000-1099<\/a> <span class=\"comments-number\">(0)<\/span><\/li><li><span class=\"day\">28:<\/span> <a href=\"https:\/\/www.schachbezirk-mittelbaden.de\/wp\/?p=623\" rel=\"bookmark\">U20 Mannschaften 2. Wochenende<\/a> <span class=\"comments-number\">(0)<\/span><\/li><li><span class=\"day\">26:<\/span> <a href=\"https:\/\/www.schachbezirk-mittelbaden.de\/wp\/?p=620\" rel=\"bookmark\">D-Cup: Vorqualifikation 5 in Iffezheim<\/a> <span class=\"comments-number\">(0)<\/span><\/li><li><span class=\"day\">25:<\/span> <a href=\"https:\/\/www.schachbezirk-mittelbaden.de\/wp\/?p=617\" rel=\"bookmark\">D-Cup: Vorqualifikation in Iffezheim<\/a> <span class=\"comments-number\">(0)<\/span><\/li><li><span class=\"day\">19:<\/span> <a href=\"https:\/\/www.schachbezirk-mittelbaden.de\/wp\/?p=610\" rel=\"bookmark\">D-Cup: Vorqualifikation in Iffezheim<\/a> <span class=\"comments-number\">(0)<\/span><\/li><li><span class=\"day\">18:<\/span> <a href=\"https:\/\/www.schachbezirk-mittelbaden.de\/wp\/?p=609\" rel=\"bookmark\">Mannschaftspokal: Bezirkserfolge auf Maximum<\/a> <span class=\"comments-number\">(0)<\/span><\/li><li><span class=\"day\">16:<\/span> <a href=\"https:\/\/www.schachbezirk-mittelbaden.de\/wp\/?p=606\" rel=\"bookmark\">Informationsveranstaltung in Iffezheim<\/a> <span class=\"comments-number\">(0)<\/span><\/li><li><span class=\"day\">15:<\/span> <a href=\"https:\/\/www.schachbezirk-mittelbaden.de\/wp\/?p=604\" rel=\"bookmark\">Chronik-Update IV<\/a> <span class=\"comments-number\">(0)<\/span><\/li><li><span class=\"day\">12:<\/span> <a href=\"https:\/\/www.schachbezirk-mittelbaden.de\/wp\/?p=603\" rel=\"bookmark\">Frauen-Bundesliga in Baden-Baden<\/a> <span class=\"comments-number\">(0)<\/span><\/li><li><span class=\"day\">10:<\/span> <a href=\"https:\/\/www.schachbezirk-mittelbaden.de\/wp\/?p=599\" rel=\"bookmark\">D-Cup-Vorqualifikation in Iffezheim<\/a> <span class=\"comments-number\">(0)<\/span><\/li><li><span class=\"day\">09:<\/span> <a href=\"https:\/\/www.schachbezirk-mittelbaden.de\/wp\/?p=598\" rel=\"bookmark\">Spannende K&#228;mpfe in der Schachbundesliga<\/a> <span class=\"comments-number\">(0)<\/span><\/li><li class=\"day-duplicate\"><span class=\"day\">09:<\/span> <a href=\"https:\/\/www.schachbezirk-mittelbaden.de\/wp\/?p=597\" rel=\"bookmark\">Bezirksvorstandssitzung in Ottenau<\/a> <span class=\"comments-number\">(0)<\/span><\/li><li><span class=\"day\">07:<\/span> <a href=\"https:\/\/www.schachbezirk-mittelbaden.de\/wp\/?p=594\" rel=\"bookmark\">Olympiabrief M&#228;rz 2008<\/a> <span class=\"comments-number\">(0)<\/span><\/li><li><span class=\"day\">05:<\/span> <a href=\"https:\/\/www.schachbezirk-mittelbaden.de\/wp\/?p=593\" rel=\"bookmark\">Nach der Paella folgt das Dessert<\/a> <span class=\"comments-number\">(0)<\/span><\/li><li><span class=\"day\">04:<\/span> <a href=\"https:\/\/www.schachbezirk-mittelbaden.de\/wp\/?p=592\" rel=\"bookmark\">Vorqualifikationsturnier &#8211; DWZ 1400 &#8211; 1699<\/a> <span class=\"comments-number\">(0)<\/span><\/li><li><span class=\"day\">03:<\/span> <a href=\"https:\/\/www.schachbezirk-mittelbaden.de\/wp\/?p=590\" rel=\"bookmark\">Mittelbadischer Einzelpokal &#8211; Finale und 3. Platz<\/a> <span class=\"comments-number\">(0)<\/span><\/li><li><span class=\"day\">01:<\/span> <a href=\"https:\/\/www.schachbezirk-mittelbaden.de\/wp\/?p=588\" rel=\"bookmark\">Verbandsrunde 2007\/2008<\/a> <span class=\"comments-number\">(0)<\/span><\/li><\/ul><h2 class=\"month-year\"><a href=\"https:\/\/www.schachbezirk-mittelbaden.de\/wp\/?m=200802\">Februar 2008<\/a><\/h2><ul><li><span class=\"day\">28:<\/span> <a href=\"https:\/\/www.schachbezirk-mittelbaden.de\/wp\/?p=587\" rel=\"bookmark\">Baden bereitet sich auf Bodensee-Cup vor<\/a> <span class=\"comments-number\">(0)<\/span><\/li><li><span class=\"day\">26:<\/span> <a href=\"https:\/\/www.schachbezirk-mittelbaden.de\/wp\/?p=584\" rel=\"bookmark\">Zentrales Vorqualifikationsturnier in H&#246;rden<\/a> <span class=\"comments-number\">(0)<\/span><\/li><li><span class=\"day\">24:<\/span> <a href=\"https:\/\/www.schachbezirk-mittelbaden.de\/wp\/?p=583\" rel=\"bookmark\">U16 vorl&#228;ufiges Endergebnis<\/a> <span class=\"comments-number\">(0)<\/span><\/li><li><span class=\"day\">22:<\/span> <a href=\"https:\/\/www.schachbezirk-mittelbaden.de\/wp\/?p=581\" rel=\"bookmark\">Chronik-Update III<\/a> <span class=\"comments-number\">(0)<\/span><\/li><li><span class=\"day\">20:<\/span> <a href=\"https:\/\/www.schachbezirk-mittelbaden.de\/wp\/?p=577\" rel=\"bookmark\">SK Durmersheim: &#196;nderung des Spiellokals am 7. Spieltag<\/a> <span class=\"comments-number\">(0)<\/span><\/li><li><span class=\"day\">18:<\/span> <a href=\"https:\/\/www.schachbezirk-mittelbaden.de\/wp\/?p=574\" rel=\"bookmark\">D-Cup: Vorqualifikationsturnier in H&#246;rden<\/a> <span class=\"comments-number\">(0)<\/span><\/li><li><span class=\"day\">12:<\/span> <a href=\"https:\/\/www.schachbezirk-mittelbaden.de\/wp\/?p=570\" rel=\"bookmark\">14. Achertalpokal \u00e2\u20ac\u201c Vorqualifikationsturnier 1<\/a> <span class=\"comments-number\">(0)<\/span><\/li><li><span class=\"day\">11:<\/span> <a href=\"https:\/\/www.schachbezirk-mittelbaden.de\/wp\/?p=565\" rel=\"bookmark\">OSC Baden-Baden ist \u00e2\u20ac\u017eMannschaft des Jahres\u00e2\u20ac\u0153<\/a> <span class=\"comments-number\">(0)<\/span><\/li><li><span class=\"day\">09:<\/span> <a href=\"https:\/\/www.schachbezirk-mittelbaden.de\/wp\/?p=563\" rel=\"bookmark\">Olympiabrief: Ausgabe 2\/2008<\/a> <span class=\"comments-number\">(0)<\/span><\/li><li class=\"day-duplicate\"><span class=\"day\">09:<\/span> <a href=\"https:\/\/www.schachbezirk-mittelbaden.de\/wp\/?p=561\" rel=\"bookmark\">Bundesliga: Noch mehr Spannung im Abstiegskampf<\/a> <span class=\"comments-number\">(0)<\/span><\/li><li><span class=\"day\">07:<\/span> <a href=\"https:\/\/www.schachbezirk-mittelbaden.de\/wp\/?p=559\" rel=\"bookmark\">Endrunde Olympiavorqualifikation in Neuhausen<\/a> <span class=\"comments-number\">(0)<\/span><\/li><li><span class=\"day\">06:<\/span> <a href=\"https:\/\/www.schachbezirk-mittelbaden.de\/wp\/?p=557\" rel=\"bookmark\">Bundesliga: Abstiegskampf<\/a> <span class=\"comments-number\">(0)<\/span><\/li><li class=\"day-duplicate\"><span class=\"day\">06:<\/span> <a href=\"https:\/\/www.schachbezirk-mittelbaden.de\/wp\/?p=556\" rel=\"bookmark\">Mittelbadischer Einzelpokal &#8211; Finale und 3. Platz<\/a> <span class=\"comments-number\">(0)<\/span><\/li><li><span class=\"day\">05:<\/span> <a href=\"https:\/\/www.schachbezirk-mittelbaden.de\/wp\/?p=554\" rel=\"bookmark\">BSV-Ergebnisdienst reloaded<\/a> <span class=\"comments-number\">(0)<\/span><\/li><li><span class=\"day\">04:<\/span> <a href=\"https:\/\/www.schachbezirk-mittelbaden.de\/wp\/?p=553\" rel=\"bookmark\">Anmeldungsstand Vorqualifikationsturnier 1<\/a> <span class=\"comments-number\">(0)<\/span><\/li><\/ul><h2 class=\"month-year\"><a href=\"https:\/\/www.schachbezirk-mittelbaden.de\/wp\/?m=200801\">Januar 2008<\/a><\/h2><ul><li><span class=\"day\">29:<\/span> <a href=\"https:\/\/www.schachbezirk-mittelbaden.de\/wp\/?p=552\" rel=\"bookmark\">Auswertung der Mitgliederstatistik vom 1.1.2008<\/a> <span class=\"comments-number\">(0)<\/span><\/li><li class=\"day-duplicate\"><span class=\"day\">29:<\/span> <a href=\"https:\/\/www.schachbezirk-mittelbaden.de\/wp\/?p=547\" rel=\"bookmark\">Termine Talentst&#252;tzpunkt<\/a> <span class=\"comments-number\">(0)<\/span><\/li><li><span class=\"day\">28:<\/span> <a href=\"https:\/\/www.schachbezirk-mittelbaden.de\/wp\/?p=546\" rel=\"bookmark\">U16 Jugendmannschaftsmeisterschaften Ergebnisse Runde 4 und Auslosung Runde 5<\/a> <span class=\"comments-number\">(0)<\/span><\/li><li><span class=\"day\">25:<\/span> <a href=\"https:\/\/www.schachbezirk-mittelbaden.de\/wp\/?p=545\" rel=\"bookmark\">U20 Ergebnisse vom 20.01.08\/ge&#228;nderter Spielplan<\/a> <span class=\"comments-number\">(0)<\/span><\/li><li><span class=\"day\">23:<\/span> <a href=\"https:\/\/www.schachbezirk-mittelbaden.de\/wp\/?p=541\" rel=\"bookmark\">Mittelbadischer Mannschaftspokal &#8211; Halbfinale\/Auslosung Finale<\/a> <span class=\"comments-number\">(0)<\/span><\/li><li><span class=\"day\">21:<\/span> <a href=\"https:\/\/www.schachbezirk-mittelbaden.de\/wp\/?p=540\" rel=\"bookmark\">OLYMPIABRIEF &#8211; Ausgabe 1\/2008<\/a> <span class=\"comments-number\">(0)<\/span><\/li><li><span class=\"day\">20:<\/span> <a href=\"https:\/\/www.schachbezirk-mittelbaden.de\/wp\/?p=538\" rel=\"bookmark\">U12-Mannschaftsmeisterschaften (Vorrunde)<\/a> <span class=\"comments-number\">(0)<\/span><\/li><li><span class=\"day\">18:<\/span> <a href=\"https:\/\/www.schachbezirk-mittelbaden.de\/wp\/?p=537\" rel=\"bookmark\">U20 Jugendmannschafts- meisterschaften 2007\/2008<\/a> <span class=\"comments-number\">(0)<\/span><\/li><li class=\"day-duplicate\"><span class=\"day\">18:<\/span> <a href=\"https:\/\/www.schachbezirk-mittelbaden.de\/wp\/?p=533\" rel=\"bookmark\">U20 Jugendmannschaftsmeisterschaften 2007\/2008<\/a> <span class=\"comments-number\">(0)<\/span><\/li><li><span class=\"day\">16:<\/span> <a href=\"https:\/\/www.schachbezirk-mittelbaden.de\/wp\/?p=530\" rel=\"bookmark\">Vorturniere zum DeutschlandCup &#8211; schnell registrieren!<\/a> <span class=\"comments-number\">(0)<\/span><\/li><li><span class=\"day\">15:<\/span> <a href=\"https:\/\/www.schachbezirk-mittelbaden.de\/wp\/?p=529\" rel=\"bookmark\">Chronik-Update II<\/a> <span class=\"comments-number\">(0)<\/span><\/li><li><span class=\"day\">11:<\/span> <a href=\"https:\/\/www.schachbezirk-mittelbaden.de\/wp\/?p=526\" rel=\"bookmark\">Einladung U12-Jugendmannschaftsmeisterschaften 2007\/2008<\/a> <span class=\"comments-number\">(0)<\/span><\/li><li><span class=\"day\">09:<\/span> <a href=\"https:\/\/www.schachbezirk-mittelbaden.de\/wp\/?p=523\" rel=\"bookmark\">Mittelbadischer Einzelpokal &#8211; Halbfinalpaarungen<\/a> <span class=\"comments-number\">(0)<\/span><\/li><li><span class=\"day\">08:<\/span> <a href=\"https:\/\/www.schachbezirk-mittelbaden.de\/wp\/?p=522\" rel=\"bookmark\">Deutsch-Franz&#246;sisches Jugend-St&#228;dteturnier<\/a> <span class=\"comments-number\">(0)<\/span><\/li><li class=\"day-duplicate\"><span class=\"day\">08:<\/span> <a href=\"https:\/\/www.schachbezirk-mittelbaden.de\/wp\/?p=520\" rel=\"bookmark\">Ehrennadel des Landes Baden-W&#252;rttemberg an Karl Eberle verliehen<\/a> <span class=\"comments-number\">(0)<\/span><\/li><li><span class=\"day\">04:<\/span> <a href=\"https:\/\/www.schachbezirk-mittelbaden.de\/wp\/?p=515\" rel=\"bookmark\">Trauer um Robert Sutterer<\/a> <span class=\"comments-number\">(0)<\/span><\/li><li><span class=\"day\">01:<\/span> <a href=\"https:\/\/www.schachbezirk-mittelbaden.de\/wp\/?p=513\" rel=\"bookmark\">ELO-Auswertung Miba-Schachkongress 2007<\/a> <span class=\"comments-number\">(0)<\/span><\/li><\/ul><h2 class=\"month-year\"><a href=\"https:\/\/www.schachbezirk-mittelbaden.de\/wp\/?m=200712\">Dezember 2007<\/a><\/h2><ul><li><span class=\"day\">31:<\/span> <a href=\"https:\/\/www.schachbezirk-mittelbaden.de\/wp\/?p=512\" rel=\"bookmark\">Achertalpokal-Turnier 2008\/Deutschland-Cup 2008<\/a> <span class=\"comments-number\">(0)<\/span><\/li><li><span class=\"day\">30:<\/span> <a href=\"https:\/\/www.schachbezirk-mittelbaden.de\/wp\/?p=509\" rel=\"bookmark\">Chronik-Update<\/a> <span class=\"comments-number\">(0)<\/span><\/li><li><span class=\"day\">27:<\/span> <a href=\"https:\/\/www.schachbezirk-mittelbaden.de\/wp\/?p=503\" rel=\"bookmark\">Schachfreunde Lichtental feierten Weihnachten<\/a> <span class=\"comments-number\">(0)<\/span><\/li><li><span class=\"day\">26:<\/span> <a href=\"https:\/\/www.schachbezirk-mittelbaden.de\/wp\/?p=501\" rel=\"bookmark\">Ausschreibungen Olympiavorqualifikation<\/a> <span class=\"comments-number\">(0)<\/span><\/li><li><span class=\"day\">20:<\/span> <a href=\"https:\/\/www.schachbezirk-mittelbaden.de\/wp\/?p=495\" rel=\"bookmark\">U16 Jugendmannschaftsmeisterschaften Ergebnisse Runde 3 und Auslosung Runde 4<\/a> <span class=\"comments-number\">(0)<\/span><\/li><li><span class=\"day\">17:<\/span> <a href=\"https:\/\/www.schachbezirk-mittelbaden.de\/wp\/?p=494\" rel=\"bookmark\">OSC Baden-Baden souver&#228;n \u00e2\u20ac\u017eHerbstmeister\u00e2\u20ac\u0153<\/a> <span class=\"comments-number\">(0)<\/span><\/li><li><span class=\"day\">14:<\/span> <a href=\"https:\/\/www.schachbezirk-mittelbaden.de\/wp\/?p=492\" rel=\"bookmark\">Nachholspiele in der Schachbundesliga<\/a> <span class=\"comments-number\">(0)<\/span><\/li><li class=\"day-duplicate\"><span class=\"day\">14:<\/span> <a href=\"https:\/\/www.schachbezirk-mittelbaden.de\/wp\/?p=491\" rel=\"bookmark\">U12 Jugendmannschaftsmeisterschaften Vorrunde<\/a> <span class=\"comments-number\">(0)<\/span><\/li><li><span class=\"day\">11:<\/span> <a href=\"https:\/\/www.schachbezirk-mittelbaden.de\/wp\/?p=489\" rel=\"bookmark\">Bundesligawochenende in Baden-Baden<\/a> <span class=\"comments-number\">(0)<\/span><\/li><li><span class=\"day\">10:<\/span> <a href=\"https:\/\/www.schachbezirk-mittelbaden.de\/wp\/?p=488\" rel=\"bookmark\">Bundesliga: Keine &#220;berraschungen<\/a> <span class=\"comments-number\">(0)<\/span><\/li><li><span class=\"day\">06:<\/span> <a href=\"https:\/\/www.schachbezirk-mittelbaden.de\/wp\/?p=487\" rel=\"bookmark\">Baden spielt Schach!  &#8211;   Baden sucht Spieler aller Altersklassen und Spielst&#228;rken..<\/a> <span class=\"comments-number\">(0)<\/span><\/li><li><span class=\"day\">04:<\/span> <a href=\"https:\/\/www.schachbezirk-mittelbaden.de\/wp\/?p=486\" rel=\"bookmark\">Bundesliga total<\/a> <span class=\"comments-number\">(0)<\/span><\/li><li><span class=\"day\">02:<\/span> <a href=\"https:\/\/www.schachbezirk-mittelbaden.de\/wp\/?p=463\" rel=\"bookmark\">Mittelbadische Jugendeinzelmeisterschaften 2007<\/a> <span class=\"comments-number\">(0)<\/span><\/li><\/ul><h2 class=\"month-year\"><a href=\"https:\/\/www.schachbezirk-mittelbaden.de\/wp\/?m=200711\">November 2007<\/a><\/h2><ul><li><span class=\"day\">27:<\/span> <a href=\"https:\/\/www.schachbezirk-mittelbaden.de\/wp\/?p=461\" rel=\"bookmark\">Mittelbadische Jugendeinzelmeisterschaften 2007<\/a> <span class=\"comments-number\">(0)<\/span><\/li><li><span class=\"day\">26:<\/span> <a href=\"https:\/\/www.schachbezirk-mittelbaden.de\/wp\/?p=458\" rel=\"bookmark\">Einzelpokal-Auslosung 3. Runde<\/a> <span class=\"comments-number\">(0)<\/span><\/li><li><span class=\"day\">23:<\/span> <a href=\"https:\/\/www.schachbezirk-mittelbaden.de\/wp\/?p=455\" rel=\"bookmark\">Talkrunde im \u00e2\u20ac\u02dcViktoriagarten\u00e2\u20ac\u2122 in Karlsruhe\/Motto \u00e2\u20ac\u02dcRunden- auftakt\u00e2\u20ac\u2122<\/a> <span class=\"comments-number\">(0)<\/span><\/li><li><span class=\"day\">21:<\/span> <a href=\"https:\/\/www.schachbezirk-mittelbaden.de\/wp\/?p=453\" rel=\"bookmark\">Jugendeinzelmeisterschaften in H&#246;rden<\/a> <span class=\"comments-number\">(0)<\/span><\/li><li class=\"day-duplicate\"><span class=\"day\">21:<\/span> <a href=\"https:\/\/www.schachbezirk-mittelbaden.de\/wp\/?p=452\" rel=\"bookmark\">Qualifikationsvorturniere &#8211; Deutschland-Cup 2008 &#8211; Schacholympiade in Dresden<\/a> <span class=\"comments-number\">(0)<\/span><\/li><li><span class=\"day\">18:<\/span> <a href=\"https:\/\/www.schachbezirk-mittelbaden.de\/wp\/?p=449\" rel=\"bookmark\">Zweites Bundesligawochenende wegen Weltcupstart unvollst&#228;ndig<\/a> <span class=\"comments-number\">(0)<\/span><\/li><li><span class=\"day\">16:<\/span> <a href=\"https:\/\/www.schachbezirk-mittelbaden.de\/wp\/?p=448\" rel=\"bookmark\">U16 Ergebnisse 2. Runde und Auslosung 3. Runde<\/a> <span class=\"comments-number\">(0)<\/span><\/li><li><span class=\"day\">13:<\/span> <a href=\"https:\/\/www.schachbezirk-mittelbaden.de\/wp\/?p=447\" rel=\"bookmark\">Mittelbadischer Mannschaftspokal 3. Runde<\/a> <span class=\"comments-number\">(0)<\/span><\/li><li><span class=\"day\">04:<\/span> <a href=\"https:\/\/www.schachbezirk-mittelbaden.de\/wp\/?p=444\" rel=\"bookmark\">U20 Jugendmannschaftsmeisterschaften 2007\/2008<\/a> <span class=\"comments-number\">(0)<\/span><\/li><li class=\"day-duplicate\"><span class=\"day\">04:<\/span> <a href=\"https:\/\/www.schachbezirk-mittelbaden.de\/wp\/?p=442\" rel=\"bookmark\">Zwischenrunde des Einzelpokals 2007\/2008<\/a> <span class=\"comments-number\">(0)<\/span><\/li><\/ul><h2 class=\"month-year\"><a href=\"https:\/\/www.schachbezirk-mittelbaden.de\/wp\/?m=200710\">Oktober 2007<\/a><\/h2><ul><li><span class=\"day\">25:<\/span> <a href=\"https:\/\/www.schachbezirk-mittelbaden.de\/wp\/?p=438\" rel=\"bookmark\">Ausschreibung Mittelbadische Jugend Einzelmeisterschaften in H&#246;rden<\/a> <span class=\"comments-number\">(0)<\/span><\/li><li><span class=\"day\">24:<\/span> <a href=\"https:\/\/www.schachbezirk-mittelbaden.de\/wp\/?p=437\" rel=\"bookmark\">1. Spieltag U16-Mannschaften<\/a> <span class=\"comments-number\">(0)<\/span><\/li><li><span class=\"day\">23:<\/span> <a href=\"https:\/\/www.schachbezirk-mittelbaden.de\/wp\/?p=436\" rel=\"bookmark\">Mittelbadischer Mannschaftspokal 2. Runde<\/a> <span class=\"comments-number\">(0)<\/span><\/li><li><span class=\"day\">21:<\/span> <a href=\"https:\/\/www.schachbezirk-mittelbaden.de\/wp\/?p=433\" rel=\"bookmark\">Nur noch Baden-Baden und Werder mit wei&#223;er Weste<\/a> <span class=\"comments-number\">(0)<\/span><\/li><li class=\"day-duplicate\"><span class=\"day\">21:<\/span> <a href=\"https:\/\/www.schachbezirk-mittelbaden.de\/wp\/?p=432\" rel=\"bookmark\">1. Runde Mittelbadischer Mannschaftspokal 2007\/2008<\/a> <span class=\"comments-number\">(0)<\/span><\/li><li><span class=\"day\">19:<\/span> <a href=\"https:\/\/www.schachbezirk-mittelbaden.de\/wp\/?p=431\" rel=\"bookmark\">BSV installiert neuen Ergebnisdienst<\/a> <span class=\"comments-number\">(0)<\/span><\/li><li><span class=\"day\">15:<\/span> <a href=\"https:\/\/www.schachbezirk-mittelbaden.de\/wp\/?p=428\" rel=\"bookmark\">U16 Auslosung 1. Runde<\/a> <span class=\"comments-number\">(0)<\/span><\/li><li><span class=\"day\">14:<\/span> <a href=\"https:\/\/www.schachbezirk-mittelbaden.de\/wp\/?p=426\" rel=\"bookmark\">Start frei f&#252;r die Bundesliga<\/a> <span class=\"comments-number\">(0)<\/span><\/li><li><span class=\"day\">11:<\/span> <a href=\"https:\/\/www.schachbezirk-mittelbaden.de\/wp\/?p=424\" rel=\"bookmark\">Schachstrategie-Seminar mit IM und A-Trainer Srokovskiy<\/a> <span class=\"comments-number\">(0)<\/span><\/li><li><span class=\"day\">09:<\/span> <a href=\"https:\/\/www.schachbezirk-mittelbaden.de\/wp\/?p=422\" rel=\"bookmark\">Verbandsrunde 2007\/2008 gestartet<\/a> <span class=\"comments-number\">(0)<\/span><\/li><li><span class=\"day\">06:<\/span> <a href=\"https:\/\/www.schachbezirk-mittelbaden.de\/wp\/?p=420\" rel=\"bookmark\">Mittelbadischer Einzelpokal: Auslosung Zwischenrunde + 2. Runde<\/a> <span class=\"comments-number\">(0)<\/span><\/li><li><span class=\"day\">05:<\/span> <a href=\"https:\/\/www.schachbezirk-mittelbaden.de\/wp\/?p=416\" rel=\"bookmark\">SCR Kuppenheim und FM Hartmut Metz dominieren bei Miba-Blitz<\/a> <span class=\"comments-number\">(0)<\/span><\/li><li><span class=\"day\">04:<\/span> <a href=\"https:\/\/www.schachbezirk-mittelbaden.de\/wp\/?p=414\" rel=\"bookmark\">Informationen zum Spielbetrieb 2007\/2008<\/a> <span class=\"comments-number\">(0)<\/span><\/li><li class=\"day-duplicate\"><span class=\"day\">04:<\/span> <a href=\"https:\/\/www.schachbezirk-mittelbaden.de\/wp\/?p=412\" rel=\"bookmark\">Auslosung der 1. Runde im Mittelbadischen Mannschaftspokal 2007\/2008<\/a> <span class=\"comments-number\">(0)<\/span><\/li><li><span class=\"day\">01:<\/span> <a href=\"https:\/\/www.schachbezirk-mittelbaden.de\/wp\/?p=409\" rel=\"bookmark\">Titeltr&#228;ger trainieren im Bundesst&#252;tzpunkt Schachzentrum Baden-Baden<\/a> <span class=\"comments-number\">(0)<\/span><\/li><\/ul><h2 class=\"month-year\"><a href=\"https:\/\/www.schachbezirk-mittelbaden.de\/wp\/?m=200709\">September 2007<\/a><\/h2><ul><li><span class=\"day\">30:<\/span> <a href=\"https:\/\/www.schachbezirk-mittelbaden.de\/wp\/?p=407\" rel=\"bookmark\">Mittelbadischer Senioren- und Jungseniorenschnellschachmeister ermittelt<\/a> <span class=\"comments-number\">(0)<\/span><\/li><li><span class=\"day\">29:<\/span> <a href=\"https:\/\/www.schachbezirk-mittelbaden.de\/wp\/?p=405\" rel=\"bookmark\">Mittelbadischer Einzelpokal ist gestartet!<\/a> <span class=\"comments-number\">(0)<\/span><\/li><li><span class=\"day\">26:<\/span> <a href=\"https:\/\/www.schachbezirk-mittelbaden.de\/wp\/?p=2710\" rel=\"bookmark\">Anton Graf neuer mittelbadischer Einzelmeister<\/a> <span class=\"comments-number\">(0)<\/span><\/li><li><span class=\"day\">25:<\/span> <a href=\"https:\/\/www.schachbezirk-mittelbaden.de\/wp\/?p=2709\" rel=\"bookmark\">Schnellschach-Einzel-Open f&#252;r Senioren und Jungsenioren<\/a> <span class=\"comments-number\">(0)<\/span><\/li><li class=\"day-duplicate\"><span class=\"day\">25:<\/span> <a href=\"https:\/\/www.schachbezirk-mittelbaden.de\/wp\/?p=2708\" rel=\"bookmark\">Einladung zu den Bezirksmannschafts- und Einzelblitzmeisterschaften 2007\/2008<\/a> <span class=\"comments-number\">(0)<\/span><\/li><li><span class=\"day\">21:<\/span> <a href=\"https:\/\/www.schachbezirk-mittelbaden.de\/wp\/?p=2707\" rel=\"bookmark\">Baden gewinnt 39.Vergleichskampf<\/a> <span class=\"comments-number\">(0)<\/span><\/li><li class=\"day-duplicate\"><span class=\"day\">21:<\/span> <a href=\"https:\/\/www.schachbezirk-mittelbaden.de\/wp\/?p=2706\" rel=\"bookmark\">Schach-Talkrunde mit Walzer-Melodien<\/a> <span class=\"comments-number\">(0)<\/span><\/li><li><span class=\"day\">18:<\/span> <a href=\"https:\/\/www.schachbezirk-mittelbaden.de\/wp\/?p=2704\" rel=\"bookmark\">Anmeldeschluss Olympia-Vorqualifikation<\/a> <span class=\"comments-number\">(0)<\/span><\/li><li class=\"day-duplicate\"><span class=\"day\">18:<\/span> <a href=\"https:\/\/www.schachbezirk-mittelbaden.de\/wp\/?p=2703\" rel=\"bookmark\">Olympia-Vorqualifikationsturniere Februar \/ M&#228;rz 2008<\/a> <span class=\"comments-number\">(0)<\/span><\/li><li><span class=\"day\">15:<\/span> <a href=\"https:\/\/www.schachbezirk-mittelbaden.de\/wp\/?p=2702\" rel=\"bookmark\">Favoriten haben es nicht leicht &#8230;<\/a> <span class=\"comments-number\">(2)<\/span><\/li><li><span class=\"day\">14:<\/span> <a href=\"https:\/\/www.schachbezirk-mittelbaden.de\/wp\/?p=2701\" rel=\"bookmark\">Informationen zum Spielbetrieb 2007\/2008<\/a> <span class=\"comments-number\">(0)<\/span><\/li><li><span class=\"day\">10:<\/span> <a href=\"https:\/\/www.schachbezirk-mittelbaden.de\/wp\/?p=2698\" rel=\"bookmark\">Mannschaftsmeldungen f&#252;r die Jugendmannschaftsmeisterschaften 2007\/2008<\/a> <span class=\"comments-number\">(0)<\/span><\/li><li><span class=\"day\">08:<\/span> <a href=\"https:\/\/www.schachbezirk-mittelbaden.de\/wp\/?p=2690\" rel=\"bookmark\">Neue Kurse im Schachzentrum Baden-Baden<\/a> <span class=\"comments-number\">(0)<\/span><\/li><li><span class=\"day\">06:<\/span> <a href=\"https:\/\/www.schachbezirk-mittelbaden.de\/wp\/?p=2688\" rel=\"bookmark\">Einzelpokal 2007\/2008<\/a> <span class=\"comments-number\">(0)<\/span><\/li><li><span class=\"day\">03:<\/span> <a href=\"https:\/\/www.schachbezirk-mittelbaden.de\/wp\/?p=2685\" rel=\"bookmark\">Mittelbadischer Schachkongress 2007<\/a> <span class=\"comments-number\">(0)<\/span><\/li><li><span class=\"day\">02:<\/span> <a href=\"https:\/\/www.schachbezirk-mittelbaden.de\/wp\/?p=2683\" rel=\"bookmark\">Regelkundeseminar am 18.09.2007 in Iffezheim<\/a> <span class=\"comments-number\">(0)<\/span><\/li><\/ul><h2 class=\"month-year\"><a href=\"https:\/\/www.schachbezirk-mittelbaden.de\/wp\/?m=200708\">August 2007<\/a><\/h2><ul><li><span class=\"day\">29:<\/span> <a href=\"https:\/\/www.schachbezirk-mittelbaden.de\/wp\/?p=364\" rel=\"bookmark\">Gehirnjogging durch Schach<\/a> <span class=\"comments-number\">(0)<\/span><\/li><li><span class=\"day\">26:<\/span> <a href=\"https:\/\/www.schachbezirk-mittelbaden.de\/wp\/?p=362\" rel=\"bookmark\">Schachgespr&#228;ch im 3\/4-Takt<\/a> <span class=\"comments-number\">(0)<\/span><\/li><li><span class=\"day\">16:<\/span> <a href=\"https:\/\/www.schachbezirk-mittelbaden.de\/wp\/?p=361\" rel=\"bookmark\">Elektronische Ranglistenabgabe 01.09.2007!<\/a> <span class=\"comments-number\">(0)<\/span><\/li><li><span class=\"day\">14:<\/span> <a href=\"https:\/\/www.schachbezirk-mittelbaden.de\/wp\/?p=359\" rel=\"bookmark\">Schachtalk in der Trinkhalle Baden-Baden<\/a> <span class=\"comments-number\">(0)<\/span><\/li><li><span class=\"day\">09:<\/span> <a href=\"https:\/\/www.schachbezirk-mittelbaden.de\/wp\/?p=356\" rel=\"bookmark\">39.L&#228;nderkampf zwischen Baden und dem Elsass<\/a> <span class=\"comments-number\">(0)<\/span><\/li><\/ul><h2 class=\"month-year\"><a href=\"https:\/\/www.schachbezirk-mittelbaden.de\/wp\/?m=200707\">Juli 2007<\/a><\/h2><ul><li><span class=\"day\">31:<\/span> <a href=\"https:\/\/www.schachbezirk-mittelbaden.de\/wp\/?p=333\" rel=\"bookmark\">Informationen zum Spielbetrieb 2007\/2008<\/a> <span class=\"comments-number\">(0)<\/span><\/li><li><span class=\"day\">28:<\/span> <a href=\"https:\/\/www.schachbezirk-mittelbaden.de\/wp\/?p=326\" rel=\"bookmark\">Bezirksversammlung 2007<\/a> <span class=\"comments-number\">(0)<\/span><\/li><li><span class=\"day\">16:<\/span> <a href=\"https:\/\/www.schachbezirk-mittelbaden.de\/wp\/?p=271\" rel=\"bookmark\">Bezirksversammlung 2007<\/a> <span class=\"comments-number\">(0)<\/span><\/li><li><span class=\"day\">10:<\/span> <a href=\"https:\/\/www.schachbezirk-mittelbaden.de\/wp\/?p=323\" rel=\"bookmark\">Mannschaftssimultan Nr. 5 an 150 Brettern<\/a> <span class=\"comments-number\">(0)<\/span><\/li><li><span class=\"day\">09:<\/span> <a href=\"https:\/\/www.schachbezirk-mittelbaden.de\/wp\/?p=320\" rel=\"bookmark\">Badischer Schachverband trauert um Karl Weinspach<\/a> <span class=\"comments-number\">(0)<\/span><\/li><li><span class=\"day\">04:<\/span> <a href=\"https:\/\/www.schachbezirk-mittelbaden.de\/wp\/?p=188\" rel=\"bookmark\">60-j&#228;hriges Bestehen des SWR-Sportclubs<\/a> <span class=\"comments-number\">(0)<\/span><\/li><\/ul><h2 class=\"month-year\"><a href=\"https:\/\/www.schachbezirk-mittelbaden.de\/wp\/?m=200706\">Juni 2007<\/a><\/h2><ul><li><span class=\"day\">30:<\/span> <a href=\"https:\/\/www.schachbezirk-mittelbaden.de\/wp\/?p=289\" rel=\"bookmark\">Schnellschachpokal 2007<\/a> <span class=\"comments-number\">(0)<\/span><\/li><li><span class=\"day\">27:<\/span> <a href=\"https:\/\/www.schachbezirk-mittelbaden.de\/wp\/?p=284\" rel=\"bookmark\">U14 &#8211; Mannschaftsmeisterschaft 2007<\/a> <span class=\"comments-number\">(0)<\/span><\/li><li class=\"day-duplicate\"><span class=\"day\">27:<\/span> <a href=\"https:\/\/www.schachbezirk-mittelbaden.de\/wp\/?p=180\" rel=\"bookmark\">Mittelbadische Schnellschachmeisterschaft 2007<\/a> <span class=\"comments-number\">(0)<\/span><\/li><li><span class=\"day\">25:<\/span> <a href=\"https:\/\/www.schachbezirk-mittelbaden.de\/wp\/?p=281\" rel=\"bookmark\">OSC Baden-Baden ist Deutscher Blitzmannschaftsmeister 2007<\/a> <span class=\"comments-number\">(0)<\/span><\/li><li><span class=\"day\">23:<\/span> <a href=\"https:\/\/www.schachbezirk-mittelbaden.de\/wp\/?p=2665\" rel=\"bookmark\">Stefan Niessen wurde Sommerblitz-Pokalsieger der Schachakademie Baden-Baden, Sch&#252;ler Lukas Fiderer Vizemeister<\/a> <span class=\"comments-number\">(0)<\/span><\/li><li><span class=\"day\">19:<\/span> <a href=\"https:\/\/www.schachbezirk-mittelbaden.de\/wp\/?p=269\" rel=\"bookmark\">Unvergesslicher Abend mit Dr. Helmut Pfleger<\/a> <span class=\"comments-number\">(0)<\/span><\/li><li><span class=\"day\">18:<\/span> <a href=\"https:\/\/www.schachbezirk-mittelbaden.de\/wp\/?p=263\" rel=\"bookmark\">Dvoretzky und Jussupow im Bundesst&#252;tzpunkt Schachzentrum Baden-Baden<\/a> <span class=\"comments-number\">(0)<\/span><\/li><li><span class=\"day\">14:<\/span> <a href=\"https:\/\/www.schachbezirk-mittelbaden.de\/wp\/?p=228\" rel=\"bookmark\">Helmut Pfleger zu Gast beim \u00e2\u20ac\u02dcSchachgespr&#228;ch\u00e2\u20ac\u2122<\/a> <span class=\"comments-number\">(0)<\/span><\/li><li><span class=\"day\">13:<\/span> <a href=\"https:\/\/www.schachbezirk-mittelbaden.de\/wp\/?p=247\" rel=\"bookmark\">Talentst&#252;tzpunkt: Einladung zum 3. Training<\/a> <span class=\"comments-number\">(0)<\/span><\/li><li><span class=\"day\">11:<\/span> <a href=\"https:\/\/www.schachbezirk-mittelbaden.de\/wp\/?p=246\" rel=\"bookmark\">Stellengesuch<\/a> <span class=\"comments-number\">(0)<\/span><\/li><li><span class=\"day\">10:<\/span> <a href=\"https:\/\/www.schachbezirk-mittelbaden.de\/wp\/?p=244\" rel=\"bookmark\">Rochade verpasst Hattrick im badischen Pokal<\/a> <span class=\"comments-number\">(0)<\/span><\/li><li><span class=\"day\">05:<\/span> <a href=\"https:\/\/www.schachbezirk-mittelbaden.de\/wp\/?p=2662\" rel=\"bookmark\">Deutsche Jugendmeisterschaften 2007<\/a> <span class=\"comments-number\">(0)<\/span><\/li><li><span class=\"day\">03:<\/span> <a href=\"https:\/\/www.schachbezirk-mittelbaden.de\/wp\/?p=2661\" rel=\"bookmark\">Deutsch-Franz&#246;sische Open-Air-Schachveranstaltung am Paradies Baden-Baden<\/a> <span class=\"comments-number\">(0)<\/span><\/li><\/ul><h2 class=\"month-year\"><a href=\"https:\/\/www.schachbezirk-mittelbaden.de\/wp\/?m=200705\">Mai 2007<\/a><\/h2><ul><li><span class=\"day\">31:<\/span> <a href=\"https:\/\/www.schachbezirk-mittelbaden.de\/wp\/?p=233\" rel=\"bookmark\">Ausstellung Mensch-[in der]-Maschine im ZKM Karlsruhe<\/a> <span class=\"comments-number\">(0)<\/span><\/li><li><span class=\"day\">30:<\/span> <a href=\"https:\/\/www.schachbezirk-mittelbaden.de\/wp\/?p=232\" rel=\"bookmark\">Eine Rumpelkammer auf zweimal 32 Feldern<\/a> <span class=\"comments-number\">(0)<\/span><\/li><li><span class=\"day\">21:<\/span> <a href=\"https:\/\/www.schachbezirk-mittelbaden.de\/wp\/?p=227\" rel=\"bookmark\">Wechsel beim Vorstand des SC &#214;tigheim e.V.<\/a> <span class=\"comments-number\">(0)<\/span><\/li><li><span class=\"day\">20:<\/span> <a href=\"https:\/\/www.schachbezirk-mittelbaden.de\/wp\/?p=226\" rel=\"bookmark\">Weltklasseschach mit Viswanathan Anand<\/a> <span class=\"comments-number\">(0)<\/span><\/li><li class=\"day-duplicate\"><span class=\"day\">20:<\/span> <a href=\"https:\/\/www.schachbezirk-mittelbaden.de\/wp\/?p=223\" rel=\"bookmark\">Srokovskiy &#8211; Durch Stellungsbeurteilung zur Probleml&#246;sung<\/a> <span class=\"comments-number\">(0)<\/span><\/li><li class=\"day-duplicate\"><span class=\"day\">20:<\/span> <a href=\"https:\/\/www.schachbezirk-mittelbaden.de\/wp\/?p=2659\" rel=\"bookmark\">Dvoretzky und Jussupov &#8211; Weltklassetraining<\/a> <span class=\"comments-number\">(0)<\/span><\/li><li class=\"day-duplicate\"><span class=\"day\">20:<\/span> <a href=\"https:\/\/www.schachbezirk-mittelbaden.de\/wp\/?p=219\" rel=\"bookmark\">Deutsch-Franz&#246;sische Open-Air- Schach-Veranstaltung<\/a> <span class=\"comments-number\">(0)<\/span><\/li><li><span class=\"day\">19:<\/span> <a href=\"https:\/\/www.schachbezirk-mittelbaden.de\/wp\/?p=212\" rel=\"bookmark\">An- und Abmeldungen von Mannschaften<\/a> <span class=\"comments-number\">(0)<\/span><\/li><li class=\"day-duplicate\"><span class=\"day\">19:<\/span> <a href=\"https:\/\/www.schachbezirk-mittelbaden.de\/wp\/?p=211\" rel=\"bookmark\">Mannschaftsmeldungen 1. und 2. Bundesliga<\/a> <span class=\"comments-number\">(0)<\/span><\/li><li class=\"day-duplicate\"><span class=\"day\">19:<\/span> <a href=\"https:\/\/www.schachbezirk-mittelbaden.de\/wp\/?p=210\" rel=\"bookmark\">Ranglistenabgabe 1. und 2. Bundesliga<\/a> <span class=\"comments-number\">(0)<\/span><\/li><li><span class=\"day\">17:<\/span> <a href=\"https:\/\/www.schachbezirk-mittelbaden.de\/wp\/?p=2656\" rel=\"bookmark\">Vorstandssitzung des Schachbezirks Mittelbaden<\/a> <span class=\"comments-number\">(0)<\/span><\/li><li class=\"day-duplicate\"><span class=\"day\">17:<\/span> <a href=\"https:\/\/www.schachbezirk-mittelbaden.de\/wp\/?p=195\" rel=\"bookmark\">Rundschreiben 2-2006\/2007<\/a> <span class=\"comments-number\">(0)<\/span><\/li><li><span class=\"day\">14:<\/span> <a href=\"https:\/\/www.schachbezirk-mittelbaden.de\/wp\/?p=193\" rel=\"bookmark\">Gofshtein gewinnt letztes Kuppenheimer Marathon-Blitz<\/a> <span class=\"comments-number\">(0)<\/span><\/li><li><span class=\"day\">13:<\/span> <a href=\"https:\/\/www.schachbezirk-mittelbaden.de\/wp\/?p=2655\" rel=\"bookmark\">U14 Mannschaftsmeisterschaften 2006\/2007<\/a> <span class=\"comments-number\">(0)<\/span><\/li><li><span class=\"day\">11:<\/span> <a href=\"https:\/\/www.schachbezirk-mittelbaden.de\/wp\/?p=186\" rel=\"bookmark\">Schlosser &#8211; Selbsttraining mit ChessBase<\/a> <span class=\"comments-number\">(0)<\/span><\/li><li><span class=\"day\">10:<\/span> <a href=\"https:\/\/www.schachbezirk-mittelbaden.de\/wp\/?p=183\" rel=\"bookmark\">Bodenseecup 2007: Nachklapp<\/a> <span class=\"comments-number\">(0)<\/span><\/li><li class=\"day-duplicate\"><span class=\"day\">10:<\/span> <a href=\"https:\/\/www.schachbezirk-mittelbaden.de\/wp\/?p=182\" rel=\"bookmark\">Die 8 j&#228;hrige Olga Weis gewinnt Schach-Pokalturnier<\/a> <span class=\"comments-number\">(0)<\/span><\/li><li><span class=\"day\">09:<\/span> <a href=\"https:\/\/www.schachbezirk-mittelbaden.de\/wp\/?p=181\" rel=\"bookmark\">Talentst&#252;tzpunkt Baden-Baden<\/a> <span class=\"comments-number\">(0)<\/span><\/li><li class=\"day-duplicate\"><span class=\"day\">09:<\/span> <a href=\"https:\/\/www.schachbezirk-mittelbaden.de\/wp\/?p=179\" rel=\"bookmark\">Mittelbadische Schnellschachmeisterschaft 2007<\/a> <span class=\"comments-number\">(0)<\/span><\/li><li><span class=\"day\">07:<\/span> <a href=\"https:\/\/www.schachbezirk-mittelbaden.de\/wp\/?p=174\" rel=\"bookmark\">Loek van Wely spielt diesmal von Baku aus mit<\/a> <span class=\"comments-number\">(0)<\/span><\/li><li><span class=\"day\">02:<\/span> <a href=\"https:\/\/www.schachbezirk-mittelbaden.de\/wp\/?p=171\" rel=\"bookmark\">Bodenseecup 2007<\/a> <span class=\"comments-number\">(0)<\/span><\/li><li class=\"day-duplicate\"><span class=\"day\">02:<\/span> <a href=\"https:\/\/www.schachbezirk-mittelbaden.de\/wp\/?p=170\" rel=\"bookmark\">U14-Mannschaftsmeisterschaft 2007<\/a> <span class=\"comments-number\">(0)<\/span><\/li><\/ul><h2 class=\"month-year\"><a href=\"https:\/\/www.schachbezirk-mittelbaden.de\/wp\/?m=200704\">April 2007<\/a><\/h2><ul><li><span class=\"day\">25:<\/span> <a href=\"https:\/\/www.schachbezirk-mittelbaden.de\/wp\/?p=166\" rel=\"bookmark\">OSC Baden-Baden Vize-Meister in der Frauen-Bundesliga<\/a> <span class=\"comments-number\">(0)<\/span><\/li><li><span class=\"day\">23:<\/span> <a href=\"https:\/\/www.schachbezirk-mittelbaden.de\/wp\/?p=2649\" rel=\"bookmark\">Seminarreihe des Schachzentrum Baden-Baden<\/a> <span class=\"comments-number\">(0)<\/span><\/li><li><span class=\"day\">21:<\/span> <a href=\"https:\/\/www.schachbezirk-mittelbaden.de\/wp\/?p=159\" rel=\"bookmark\">Seminarreihe des Schachzentrum Baden-Baden<\/a> <span class=\"comments-number\">(0)<\/span><\/li><li class=\"day-duplicate\"><span class=\"day\">21:<\/span> <a href=\"https:\/\/www.schachbezirk-mittelbaden.de\/wp\/?p=2648\" rel=\"bookmark\">Wochenende der Entscheidungen<\/a> <span class=\"comments-number\">(0)<\/span><\/li><li><span class=\"day\">15:<\/span> <a href=\"https:\/\/www.schachbezirk-mittelbaden.de\/wp\/?p=157\" rel=\"bookmark\">Pr\u00c3\u00bcfungslehrgang zum \u00c3\u0153L\/C-Trainer<\/a> <span class=\"comments-number\">(0)<\/span><\/li><li class=\"day-duplicate\"><span class=\"day\">15:<\/span> <a href=\"https:\/\/www.schachbezirk-mittelbaden.de\/wp\/?p=2647\" rel=\"bookmark\">Aufbaulehrgang zum &#220;L\/C-Trainer<\/a> <span class=\"comments-number\">(0)<\/span><\/li><li class=\"day-duplicate\"><span class=\"day\">15:<\/span> <a href=\"https:\/\/www.schachbezirk-mittelbaden.de\/wp\/?p=2646\" rel=\"bookmark\">Grundlehrgang zum &#220;L\/C-Trainer<\/a> <span class=\"comments-number\">(0)<\/span><\/li><li><span class=\"day\">14:<\/span> <a href=\"https:\/\/www.schachbezirk-mittelbaden.de\/wp\/?p=153\" rel=\"bookmark\">Training Talentst\u00c3\u00bctzpunkt<\/a> <span class=\"comments-number\">(0)<\/span><\/li><li class=\"day-duplicate\"><span class=\"day\">14:<\/span> <a href=\"https:\/\/www.schachbezirk-mittelbaden.de\/wp\/?p=151\" rel=\"bookmark\">Training Talentst\u00c3\u00bctzpunkt<\/a> <span class=\"comments-number\">(0)<\/span><\/li><li><span class=\"day\">06:<\/span> <a href=\"https:\/\/www.schachbezirk-mittelbaden.de\/wp\/?p=143\" rel=\"bookmark\">Der Kongress spielt<\/a> <span class=\"comments-number\">(0)<\/span><\/li><li><span class=\"day\">03:<\/span> <a href=\"https:\/\/www.schachbezirk-mittelbaden.de\/wp\/?p=137\" rel=\"bookmark\">3. Talkrunde setzt Akzente<\/a> <span class=\"comments-number\">(0)<\/span><\/li><li><span class=\"day\">01:<\/span> <a href=\"https:\/\/www.schachbezirk-mittelbaden.de\/wp\/?p=135\" rel=\"bookmark\">OSC Baden-Baden ist Deutscher Meister 2007<\/a> <span class=\"comments-number\">(0)<\/span><\/li><li class=\"day-duplicate\"><span class=\"day\">01:<\/span> <a href=\"https:\/\/www.schachbezirk-mittelbaden.de\/wp\/?p=133\" rel=\"bookmark\">Spieltermine Verbandsrunden 2007\/2008<\/a> <span class=\"comments-number\">(0)<\/span><\/li><li class=\"day-duplicate\"><span class=\"day\">01:<\/span> <a href=\"https:\/\/www.schachbezirk-mittelbaden.de\/wp\/?p=131\" rel=\"bookmark\">OSC Baden-Baden ist neuer Mittelbadischer Pokalsieger<\/a> <span class=\"comments-number\">(0)<\/span><\/li><\/ul><h2 class=\"month-year\"><a href=\"https:\/\/www.schachbezirk-mittelbaden.de\/wp\/?m=200703\">M\u00e4rz 2007<\/a><\/h2><ul><li><span class=\"day\">31:<\/span> <a href=\"https:\/\/www.schachbezirk-mittelbaden.de\/wp\/?p=129\" rel=\"bookmark\">U12-Mannschaftsmeisterschaften 2006\/2007<\/a> <span class=\"comments-number\">(0)<\/span><\/li><li><span class=\"day\">30:<\/span> <a href=\"https:\/\/www.schachbezirk-mittelbaden.de\/wp\/?p=2641\" rel=\"bookmark\">Anand und Carlsen beim Bundesligafinale in Baden-Baden<\/a> <span class=\"comments-number\">(0)<\/span><\/li><li><span class=\"day\">29:<\/span> <a href=\"https:\/\/www.schachbezirk-mittelbaden.de\/wp\/?p=122\" rel=\"bookmark\">Schachmusical &quot;Chess&quot; in Ettlingen<\/a> <span class=\"comments-number\">(0)<\/span><\/li><li><span class=\"day\">27:<\/span> <a href=\"https:\/\/www.schachbezirk-mittelbaden.de\/wp\/?p=121\" rel=\"bookmark\">Gro&#223;es Bundesligafinale steht bevor<\/a> <span class=\"comments-number\">(0)<\/span><\/li><li><span class=\"day\">25:<\/span> <a href=\"https:\/\/www.schachbezirk-mittelbaden.de\/wp\/?p=119\" rel=\"bookmark\">Verbandsrunde 2006\/2007<\/a> <span class=\"comments-number\">(0)<\/span><\/li><li><span class=\"day\">23:<\/span> <a href=\"https:\/\/www.schachbezirk-mittelbaden.de\/wp\/?p=116\" rel=\"bookmark\">&quot;SCHACH MUSS LAUTER WERDEN&quot;<\/a> <span class=\"comments-number\">(0)<\/span><\/li><li class=\"day-duplicate\"><span class=\"day\">23:<\/span> <a href=\"https:\/\/www.schachbezirk-mittelbaden.de\/wp\/?p=114\" rel=\"bookmark\">Vorstandsitzung am 14.03.2007 in B&#252;hl<\/a> <span class=\"comments-number\">(0)<\/span><\/li><li><span class=\"day\">21:<\/span> <a href=\"https:\/\/www.schachbezirk-mittelbaden.de\/wp\/?p=108\" rel=\"bookmark\">U16 Mannschaften &#8211; letzter Spieltag &#8211; 2006\/07<\/a> <span class=\"comments-number\">(0)<\/span><\/li><li class=\"day-duplicate\"><span class=\"day\">21:<\/span> <a href=\"https:\/\/www.schachbezirk-mittelbaden.de\/wp\/?p=2640\" rel=\"bookmark\">Bodenseecup 2007<\/a> <span class=\"comments-number\">(0)<\/span><\/li><li><span class=\"day\">20:<\/span> <a href=\"https:\/\/www.schachbezirk-mittelbaden.de\/wp\/?p=2639\" rel=\"bookmark\">80. offener Badischer Schachkongress<\/a> <span class=\"comments-number\">(0)<\/span><\/li><li><span class=\"day\">19:<\/span> <a href=\"https:\/\/www.schachbezirk-mittelbaden.de\/wp\/?p=102\" rel=\"bookmark\">Finale Mannschaftspokal 2006\/07<\/a> <span class=\"comments-number\">(0)<\/span><\/li><li><span class=\"day\">18:<\/span> <a href=\"https:\/\/www.schachbezirk-mittelbaden.de\/wp\/?p=101\" rel=\"bookmark\">Finale Einzelpokal 2006\/2007<\/a> <span class=\"comments-number\">(0)<\/span><\/li><li><span class=\"day\">12:<\/span> <a href=\"https:\/\/www.schachbezirk-mittelbaden.de\/wp\/?p=2638\" rel=\"bookmark\">U12-Mannschaften &#8211; Endrunde<\/a> <span class=\"comments-number\">(0)<\/span><\/li><li class=\"day-duplicate\"><span class=\"day\">12:<\/span> <a href=\"https:\/\/www.schachbezirk-mittelbaden.de\/wp\/?p=99\" rel=\"bookmark\">U12-Mannschaften &#8211; Endrunde<\/a> <span class=\"comments-number\">(0)<\/span><\/li><li class=\"day-duplicate\"><span class=\"day\">12:<\/span> <a href=\"https:\/\/www.schachbezirk-mittelbaden.de\/wp\/?p=31\" rel=\"bookmark\">Was w&#228;re wenn&#8230;<\/a> <span class=\"comments-number\">(0)<\/span><\/li><li><span class=\"day\">11:<\/span> <a href=\"https:\/\/www.schachbezirk-mittelbaden.de\/wp\/?p=87\" rel=\"bookmark\">OSC ist Deutscher Pokalsieger 2007<\/a> <span class=\"comments-number\">(0)<\/span><\/li><li><span class=\"day\">09:<\/span> <a href=\"https:\/\/www.schachbezirk-mittelbaden.de\/wp\/?p=83\" rel=\"bookmark\">Mannschaftssimultan des OSC Baden-Baden<\/a> <span class=\"comments-number\">(0)<\/span><\/li><li class=\"day-duplicate\"><span class=\"day\">09:<\/span> <a href=\"https:\/\/www.schachbezirk-mittelbaden.de\/wp\/?p=2633\" rel=\"bookmark\">Deutsche Pokal Endrunde in Baden-Baden 09.-11. M&#228;rz 2007<\/a> <span class=\"comments-number\">(0)<\/span><\/li><li><span class=\"day\">08:<\/span> <a href=\"https:\/\/www.schachbezirk-mittelbaden.de\/wp\/?p=74\" rel=\"bookmark\">Spielerwechselfrist innerhalb des BSV<\/a> <span class=\"comments-number\">(0)<\/span><\/li><li><span class=\"day\">07:<\/span> <a href=\"https:\/\/www.schachbezirk-mittelbaden.de\/wp\/?p=72\" rel=\"bookmark\">U16 Ergebnisse der Runde 4  und Auslosung Runde 5<\/a> <span class=\"comments-number\">(0)<\/span><\/li><li class=\"day-duplicate\"><span class=\"day\">07:<\/span> <a href=\"https:\/\/www.schachbezirk-mittelbaden.de\/wp\/?p=70\" rel=\"bookmark\">Endrunde Deutsche Pokalmeisterschaft<\/a> <span class=\"comments-number\">(0)<\/span><\/li><li><span class=\"day\">06:<\/span> <a href=\"https:\/\/www.schachbezirk-mittelbaden.de\/wp\/?p=2628\" rel=\"bookmark\">Homepage Schachclub Rastatt<\/a> <span class=\"comments-number\">(0)<\/span><\/li><li><span class=\"day\">05:<\/span> <a href=\"https:\/\/www.schachbezirk-mittelbaden.de\/wp\/?p=2627\" rel=\"bookmark\">Veranstaltungsreihe \u00e2\u20ac\u02dcDas Schachgespr&#228;ch\u00e2\u20ac\u2122 etabliert sich<\/a> <span class=\"comments-number\">(0)<\/span><\/li><\/ul><h2 class=\"month-year\"><a href=\"https:\/\/www.schachbezirk-mittelbaden.de\/wp\/?m=200702\">Februar 2007<\/a><\/h2><ul><li><span class=\"day\">26:<\/span> <a href=\"https:\/\/www.schachbezirk-mittelbaden.de\/wp\/?p=62\" rel=\"bookmark\">Schach und Musik<\/a> <span class=\"comments-number\">(0)<\/span><\/li><li><span class=\"day\">25:<\/span> <a href=\"https:\/\/www.schachbezirk-mittelbaden.de\/wp\/?p=60\" rel=\"bookmark\">Endtabelle U12 &#8211; Vorrunde<\/a> <span class=\"comments-number\">(0)<\/span><\/li><li><span class=\"day\">23:<\/span> <a href=\"https:\/\/www.schachbezirk-mittelbaden.de\/wp\/?p=2625\" rel=\"bookmark\">Talentst&#252;tzpunkt Baden-Baden<\/a> <span class=\"comments-number\">(0)<\/span><\/li><li><span class=\"day\">20:<\/span> <a href=\"https:\/\/www.schachbezirk-mittelbaden.de\/wp\/?p=58\" rel=\"bookmark\">Mannschaftspokal 2006\/2007<\/a> <span class=\"comments-number\">(0)<\/span><\/li><li><span class=\"day\">17:<\/span> <a href=\"https:\/\/www.schachbezirk-mittelbaden.de\/wp\/?p=2624\" rel=\"bookmark\">Mannschaftspokal 2006\/2007<\/a> <span class=\"comments-number\">(0)<\/span><\/li><li><span class=\"day\">12:<\/span> <a href=\"https:\/\/www.schachbezirk-mittelbaden.de\/wp\/?p=56\" rel=\"bookmark\">U20 Mannschaften Endstand<\/a> <span class=\"comments-number\">(0)<\/span><\/li><li><span class=\"day\">11:<\/span> <a href=\"https:\/\/www.schachbezirk-mittelbaden.de\/wp\/?p=2623\" rel=\"bookmark\">Verbandsrunde 2006\/2007<\/a> <span class=\"comments-number\">(0)<\/span><\/li><li><span class=\"day\">03:<\/span> <a href=\"https:\/\/www.schachbezirk-mittelbaden.de\/wp\/?p=54\" rel=\"bookmark\">Gelungene Premiere des \u00e2\u20ac\u02dcSchachgespr&#228;ches\u00e2\u20ac\u2122<\/a> <span class=\"comments-number\">(0)<\/span><\/li><\/ul><h2 class=\"month-year\"><a href=\"https:\/\/www.schachbezirk-mittelbaden.de\/wp\/?m=200701\">Januar 2007<\/a><\/h2><ul><li><span class=\"day\">31:<\/span> <a href=\"https:\/\/www.schachbezirk-mittelbaden.de\/wp\/?p=2621\" rel=\"bookmark\">Einzelpokal 2006\/2007<\/a> <span class=\"comments-number\">(0)<\/span><\/li><li><span class=\"day\">30:<\/span> <a href=\"https:\/\/www.schachbezirk-mittelbaden.de\/wp\/?p=2620\" rel=\"bookmark\">Schach und Mozart<\/a> <span class=\"comments-number\">(0)<\/span><\/li><li><span class=\"day\">26:<\/span> <a href=\"https:\/\/www.schachbezirk-mittelbaden.de\/wp\/?p=35\" rel=\"bookmark\">Neues Vereinsheim SK Gernsbach 1949 e. V.<\/a> <span class=\"comments-number\">(0)<\/span><\/li><li><span class=\"day\">24:<\/span> <a href=\"https:\/\/www.schachbezirk-mittelbaden.de\/wp\/?p=2616\" rel=\"bookmark\">Mannschaftspokal 2006\/2007<\/a> <span class=\"comments-number\">(0)<\/span><\/li><li><span class=\"day\">20:<\/span> <a href=\"https:\/\/www.schachbezirk-mittelbaden.de\/wp\/?p=33\" rel=\"bookmark\">Mannschaftspokal 2006\/2007<\/a> <span class=\"comments-number\">(0)<\/span><\/li><li><span class=\"day\">15:<\/span> <a href=\"https:\/\/www.schachbezirk-mittelbaden.de\/wp\/?p=30\" rel=\"bookmark\">Talentst&#252;tzpunkt Baden-Baden<\/a> <span class=\"comments-number\">(0)<\/span><\/li><li><span class=\"day\">13:<\/span> <a href=\"https:\/\/www.schachbezirk-mittelbaden.de\/wp\/?p=27\" rel=\"bookmark\">Einzelpokal 2006\/2007<\/a> <span class=\"comments-number\">(1)<\/span><\/li><li><span class=\"day\">11:<\/span> <a href=\"https:\/\/www.schachbezirk-mittelbaden.de\/wp\/?p=25\" rel=\"bookmark\">U20 Ergebnisse der 1. Runde und Auslosung U16  3. Runde<\/a> <span class=\"comments-number\">(0)<\/span><\/li><li><span class=\"day\">02:<\/span> <a href=\"https:\/\/www.schachbezirk-mittelbaden.de\/wp\/?p=19\" rel=\"bookmark\">Releasewechsel zum Zweiten<\/a> <span class=\"comments-number\">(0)<\/span><\/li><\/ul><h2 class=\"month-year\"><a href=\"https:\/\/www.schachbezirk-mittelbaden.de\/wp\/?m=200612\">Dezember 2006<\/a><\/h2><ul><li><span class=\"day\">26:<\/span> <a href=\"https:\/\/www.schachbezirk-mittelbaden.de\/wp\/?p=17\" rel=\"bookmark\">ELO-Auswertung Miba-Schachkongress 2006<\/a> <span class=\"comments-number\">(0)<\/span><\/li><li><span class=\"day\">15:<\/span> <a href=\"https:\/\/www.schachbezirk-mittelbaden.de\/wp\/?p=15\" rel=\"bookmark\">Einzelpokal 2006\/2007<\/a> <span class=\"comments-number\">(0)<\/span><\/li><li><span class=\"day\">06:<\/span> <a href=\"https:\/\/www.schachbezirk-mittelbaden.de\/wp\/?p=2614\" rel=\"bookmark\">Mittelbadischer Mannschaftspokal 2006\/2007<\/a> <span class=\"comments-number\">(0)<\/span><\/li><li><span class=\"day\">02:<\/span> <a href=\"https:\/\/www.schachbezirk-mittelbaden.de\/wp\/?p=2613\" rel=\"bookmark\">\u00e2\u20ac\u02dcSchachgespr&#228;ch\u00e2\u20ac\u2122 ist online<\/a> <span class=\"comments-number\">(0)<\/span><\/li><\/ul><h2 class=\"month-year\"><a href=\"https:\/\/www.schachbezirk-mittelbaden.de\/wp\/?m=200611\">November 2006<\/a><\/h2><ul><li><span class=\"day\">29:<\/span> <a href=\"https:\/\/www.schachbezirk-mittelbaden.de\/wp\/?p=13\" rel=\"bookmark\">MiBase reloaded<\/a> <span class=\"comments-number\">(2)<\/span><\/li><li><span class=\"day\">21:<\/span> <a href=\"https:\/\/www.schachbezirk-mittelbaden.de\/wp\/?p=11\" rel=\"bookmark\">Mittelbadische Jugendeinzelmeisterschaften 2006<\/a> <span class=\"comments-number\">(0)<\/span><\/li><\/ul><\/div>\n<h3>Related Images:<\/h3>","protected":false},"excerpt":{"rendered":"<p>Related Images:<\/p>\n","protected":false},"author":1,"featured_media":0,"parent":0,"menu_order":2,"comment_status":"open","ping_status":"open","template":"","meta":{"ngg_post_thumbnail":0,"footnotes":""},"class_list":["post-9885","page","type-page","status-publish","hentry"],"aioseo_notices":[],"_links":{"self":[{"href":"https:\/\/www.schachbezirk-mittelbaden.de\/wp\/index.php?rest_route=\/wp\/v2\/pages\/9885","targetHints":{"allow":["GET"]}}],"collection":[{"href":"https:\/\/www.schachbezirk-mittelbaden.de\/wp\/index.php?rest_route=\/wp\/v2\/pages"}],"about":[{"href":"https:\/\/www.schachbezirk-mittelbaden.de\/wp\/index.php?rest_route=\/wp\/v2\/types\/page"}],"author":[{"embeddable":true,"href":"https:\/\/www.schachbezirk-mittelbaden.de\/wp\/index.php?rest_route=\/wp\/v2\/users\/1"}],"replies":[{"embeddable":true,"href":"https:\/\/www.schachbezirk-mittelbaden.de\/wp\/index.php?rest_route=%2Fwp%2Fv2%2Fcomments&post=9885"}],"version-history":[{"count":0,"href":"https:\/\/www.schachbezirk-mittelbaden.de\/wp\/index.php?rest_route=\/wp\/v2\/pages\/9885\/revisions"}],"wp:attachment":[{"href":"https:\/\/www.schachbezirk-mittelbaden.de\/wp\/index.php?rest_route=%2Fwp%2Fv2%2Fmedia&parent=9885"}],"curies":[{"name":"wp","href":"https:\/\/api.w.org\/{rel}","templated":true}]}}